{"id":1377,"date":"2022-06-08T21:51:07","date_gmt":"2022-06-08T21:51:07","guid":{"rendered":"http:\/\/www.javeriana.edu.co\/detodoelmundo\/?page_id=1377"},"modified":"2022-10-14T20:10:35","modified_gmt":"2022-10-14T20:10:35","slug":"conferencias","status":"publish","type":"page","link":"http:\/\/www.javeriana.edu.co\/detodoelmundo\/conferencias\/","title":{"rendered":"Conferencias"},"content":{"rendered":"<p>[et_pb_section fb_built=&#8221;1&#8243; fullwidth=&#8221;on&#8221; _builder_version=&#8221;3.0.47&#8243; custom_padding=&#8221;0px|0px|0px|0px&#8221;][et_pb_fullwidth_slider _builder_version=&#8221;3.0.91&#8243;][et_pb_slide use_bg_overlay=&#8221;off&#8221; use_text_overlay=&#8221;off&#8221; _builder_version=&#8221;3.0.91&#8243; background_image=&#8221;https:\/\/www.javeriana.edu.co\/detodoelmundo\/wp-content\/uploads\/2022\/06\/Dise\u00f1o-sin-t\u00edtulo-6.jpg&#8221; custom_padding=&#8221;500px|||&#8221; custom_padding_tablet=&#8221;500px|||&#8221; custom_padding_phone=&#8221;500px|||&#8221;][\/et_pb_slide][et_pb_slide use_bg_overlay=&#8221;off&#8221; use_text_overlay=&#8221;off&#8221; _builder_version=&#8221;3.0.91&#8243; background_image=&#8221;https:\/\/www.javeriana.edu.co\/detodoelmundo\/wp-content\/uploads\/2022\/06\/Dise\u00f1o-sin-t\u00edtulo-5.jpg&#8221; custom_padding=&#8221;500px|||&#8221;][\/et_pb_slide][et_pb_slide use_bg_overlay=&#8221;off&#8221; use_text_overlay=&#8221;off&#8221; _builder_version=&#8221;3.0.91&#8243; background_image=&#8221;https:\/\/www.javeriana.edu.co\/detodoelmundo\/wp-content\/uploads\/2022\/06\/Dise\u00f1o-sin-t\u00edtulo-7.jpg&#8221; custom_padding=&#8221;500px|||&#8221;][\/et_pb_slide][\/et_pb_fullwidth_slider][\/et_pb_section][et_pb_section fb_built=&#8221;1&#8243; _builder_version=&#8221;3.0.47&#8243; custom_padding=&#8221;0px|0px|0px|0px&#8221;][et_pb_row make_fullwidth=&#8221;on&#8221; use_custom_gutter=&#8221;on&#8221; gutter_width=&#8221;1&#8243; custom_padding=&#8221;0px||0px|&#8221; custom_margin=&#8221;0px|||&#8221; padding_top_1=&#8221;0px&#8221; padding_bottom_1=&#8221;0px&#8221; _builder_version=&#8221;3.0.91&#8243;][et_pb_column type=&#8221;4_4&#8243; _builder_version=&#8221;3.0.47&#8243; padding_bottom=&#8221;0px&#8221; padding_top=&#8221;0px&#8221; parallax=&#8221;off&#8221; parallax_method=&#8221;on&#8221;][et_pb_divider color=&#8221;#e36b30&#8243; show_divider=&#8221;on&#8221; divider_weight=&#8221;15px&#8221; admin_label=&#8221;Divider_TOP&#8221; _builder_version=&#8221;3.0.91&#8243; custom_margin=&#8221;0px||-8px|&#8221; custom_padding=&#8221;0px||0px|&#8221; custom_css_after=&#8221;content: %22%22;||width: 92px!important;||height: 62px;||background-color: transparent;||position: relative;||display: block;||padding: 0px;||margin-left: auto;||margin-right: auto;||margin-top: -28px;||background-image: url(\/detodoelmundo\/wp-content\/uploads\/2017\/10\/triangulillo.png);&#8221;][\/et_pb_divider][\/et_pb_column][\/et_pb_row][\/et_pb_section][et_pb_section fb_built=&#8221;1&#8243; background_color=&#8221;#e6e6e6&#8243; _builder_version=&#8221;3.0.91&#8243; custom_padding=&#8221;100px||104px|&#8221; custom_css_before=&#8221;content:%22%22;||width:493px;||height:482px;||position:absolute;||display: block;||right:-265px;||top:-190px;||background-image:url(%22\/detodoelmundo\/wp-content\/uploads\/2017\/10\/back_dis1.png%22);||background-repeat: no-repeat;||background-size: 80%;&#8221; custom_css_main_element=&#8221;overflow:hidden;&#8221;][et_pb_row background_color=&#8221;#e6e6e6&#8243; _builder_version=&#8221;3.0.91&#8243; background_size=&#8221;initial&#8221; background_position=&#8221;top_left&#8221; background_repeat=&#8221;repeat&#8221;][et_pb_column type=&#8221;4_4&#8243; _builder_version=&#8221;3.0.47&#8243; parallax=&#8221;off&#8221; parallax_method=&#8221;on&#8221;][et_pb_text admin_label=&#8221;Titulo Conferencias&#8221; _builder_version=&#8221;3.0.91&#8243;]<\/p>\n<h4><span style=\"font-size: xx-large;\"><strong>Conferencias<\/strong><\/span><\/h4>\n<p>[\/et_pb_text][et_pb_text _builder_version=&#8221;3.0.91&#8243;]En este espacio podr\u00e1s acceder a las conferencias de la Maestr\u00eda de Estudios Cr\u00edticos de las Migraciones Contempor\u00e1neas con nuestros docentes y panelistas invitados.<br \/>\n[\/et_pb_text][\/et_pb_column][\/et_pb_row][\/et_pb_section][et_pb_section fb_built=&#8221;1&#8243; _builder_version=&#8221;3.0.91&#8243; custom_padding=&#8221;0px|0px|3px|0px&#8221;][et_pb_row make_fullwidth=&#8221;on&#8221; use_custom_gutter=&#8221;on&#8221; gutter_width=&#8221;1&#8243; custom_padding=&#8221;0px||0px|&#8221; custom_margin=&#8221;0px||0px|&#8221; padding_top_1=&#8221;0px&#8221; padding_bottom_1=&#8221;0px&#8221; _builder_version=&#8221;3.0.91&#8243; background_size=&#8221;initial&#8221; background_position=&#8221;top_left&#8221; background_repeat=&#8221;repeat&#8221;][et_pb_column type=&#8221;4_4&#8243; _builder_version=&#8221;3.0.47&#8243; padding_bottom=&#8221;0px&#8221; padding_top=&#8221;0px&#8221; parallax=&#8221;off&#8221; parallax_method=&#8221;on&#8221;][et_pb_divider color=&#8221;#e36b30&#8243; show_divider=&#8221;on&#8221; divider_weight=&#8221;15px&#8221; _builder_version=&#8221;3.0.91&#8243; custom_margin=&#8221;0px||-8px|&#8221; custom_padding=&#8221;0px||0px|&#8221; custom_css_after=&#8221;content: %22%22;||width: 92px!important;||height: 62px;||background-color: transparent;||position: relative;||display: block;||padding: 0px;||margin-left: auto;||margin-right: auto;||margin-top: -28px;||background-image: url(\/detodoelmundo\/wp-content\/uploads\/2017\/10\/triangulillo.png);&#8221;][\/et_pb_divider][\/et_pb_column][\/et_pb_row][\/et_pb_section][et_pb_section fb_built=&#8221;1&#8243; background_color=&#8221;#262626&#8243; _builder_version=&#8221;3.0.91&#8243; custom_padding=&#8221;60px|0px|0px|0px&#8221;][et_pb_row _builder_version=&#8221;3.0.47&#8243; background_size=&#8221;initial&#8221; background_position=&#8221;top_left&#8221; background_repeat=&#8221;repeat&#8221;][et_pb_column type=&#8221;4_4&#8243; _builder_version=&#8221;3.0.47&#8243; parallax=&#8221;off&#8221; parallax_method=&#8221;on&#8221;][et_pb_text admin_label=&#8221;Titulo Calendario de eventos &#8221; _builder_version=&#8221;3.0.91&#8243;]<\/p>\n<h4><strong>\u00a0 \u00a0 \u00a0 \u00a0 \u00a0 \u00a0 \u00a0 \u00a0 \u00a0 \u00a0 \u00a0 \u00a0 \u00a0 \u00a0 \u00a0 \u00a0 \u00a0 \u00a0 \u00a0 \u00a0 \u00a0 \u00a0 \u00a0 \u00a0 \u00a0 \u00a0 \u00a0 <\/strong>\u00a0<span style=\"color: #e36b30; font-size: xx-large;\"><strong><span style=\"font-size: xx-large;\">Calendario<\/span> de eventos<\/strong><\/span><\/h4>\n<p>[\/et_pb_text][\/et_pb_column][\/et_pb_row][\/et_pb_section][et_pb_section fb_built=&#8221;1&#8243; background_color=&#8221;#262626&#8243; _builder_version=&#8221;3.0.91&#8243;][et_pb_row _builder_version=&#8221;3.0.47&#8243; background_size=&#8221;initial&#8221; background_position=&#8221;top_left&#8221; background_repeat=&#8221;repeat&#8221;][et_pb_column type=&#8221;1_2&#8243; _builder_version=&#8221;3.0.47&#8243; parallax=&#8221;off&#8221; parallax_method=&#8221;on&#8221;][et_pb_text _builder_version=&#8221;3.0.91&#8243;]<\/p>\n<p><span style=\"font-size: large; color: #ffffff;\"><strong>Fecha: 4 de octubre <\/strong><\/span><\/p>\n<p><span style=\"font-size: large; color: #ffffff;\"><strong>Hora: 11:00 AM<\/strong><\/span><\/p>\n<p><span style=\"font-size: large; color: #ffffff;\"><strong>Link de la charla pulsando la imagen<\/strong><\/span><\/p>\n<p>[\/et_pb_text][et_pb_image src=&#8221;https:\/\/www.javeriana.edu.co\/detodoelmundo\/wp-content\/uploads\/2022\/06\/Catedra-abierta.jpg&#8221; url=&#8221;https:\/\/www.facebook.com\/InstitutoPensarPUJ\/videos\/420400810136753&#8243; _builder_version=&#8221;3.0.91&#8243;][\/et_pb_image][\/et_pb_column][et_pb_column type=&#8221;1_2&#8243; _builder_version=&#8221;3.0.47&#8243; parallax=&#8221;off&#8221; parallax_method=&#8221;on&#8221;][et_pb_text _builder_version=&#8221;3.0.91&#8243;]<\/p>\n<h4><span style=\"font-size: large; color: #ffffff;\"><strong>Fecha: 18 de Octubre<\/strong><\/span><\/p>\n<p><span style=\"font-size: large; color: #ffffff;\"><strong> Hora: 4:00 PM<\/strong><\/span><\/p>\n<p><span style=\"font-size: large; color: #ffffff;\"><strong> Link de la charla pulsando la imagen<\/strong><\/span><\/h4>\n<p>[\/et_pb_text][et_pb_image src=&#8221;https:\/\/www.javeriana.edu.co\/detodoelmundo\/wp-content\/uploads\/2022\/06\/Maestria-octubre-.jpg&#8221; _builder_version=&#8221;3.0.91&#8243;][\/et_pb_image][\/et_pb_column][\/et_pb_row][\/et_pb_section][et_pb_section fb_built=&#8221;1&#8243; background_color=&#8221;#262626&#8243; _builder_version=&#8221;3.0.91&#8243;][et_pb_row _builder_version=&#8221;3.0.47&#8243; background_size=&#8221;initial&#8221; background_position=&#8221;top_left&#8221; background_repeat=&#8221;repeat&#8221;][et_pb_column type=&#8221;1_2&#8243; _builder_version=&#8221;3.0.47&#8243; parallax=&#8221;off&#8221; parallax_method=&#8221;on&#8221;][et_pb_text _builder_version=&#8221;3.0.91&#8243;]<\/p>\n<p><span style=\"font-size: large; color: #ffffff;\"><strong>Fecha: 21 de Septiembre<\/strong><\/span><\/p>\n<p><span style=\"color: #ffffff; font-size: large;\"><strong>Hora: 3:00 PM<\/strong><\/span><\/p>\n<h4><span style=\"font-size: large; color: #ffffff;\"><strong> Lugar: Carrera 7\u00aa N\u00b0 40-62 Ed. Pablo VI, piso 1<\/strong><\/span><\/h4>\n<p><span style=\"font-size: large; color: #ffffff;\"><strong> Sala de pasantes<\/strong><\/span><\/p>\n<p>[\/et_pb_text][et_pb_image src=&#8221;https:\/\/www.javeriana.edu.co\/detodoelmundo\/wp-content\/uploads\/2022\/06\/2.jpg&#8221; url=&#8221;https:\/\/www.facebook.com\/InstitutoPensarPUJ\/videos\/420400810136753\/&#8221; _builder_version=&#8221;3.0.91&#8243;][\/et_pb_image][\/et_pb_column][et_pb_column type=&#8221;1_2&#8243; _builder_version=&#8221;3.0.47&#8243; parallax=&#8221;off&#8221; parallax_method=&#8221;on&#8221;][et_pb_text _builder_version=&#8221;3.0.91&#8243;]<\/p>\n<h1><span style=\"color: #ffffff; font-size: large;\"><strong>Fecha: 26 de agosto<\/strong><\/span><br \/><span style=\"color: #ffffff; font-size: large;\"><strong>Hora: 8:00 AM\u00a0 \u00a0 \u00a0 \u00a0 \u00a0 \u00a0 \u00a0 \u00a0 \u00a0 \u00a0 \u00a0 \u00a0 \u00a0 \u00a0 \u00a0 \u00a0 \u00a0 \u00a0 \u00a0 \u00a0 \u00a0 \u00a0 \u00a0 \u00a0 \u00a0 \u00a0 \u00a0 \u00a0 \u00a0 Link de la charla pulsando la imagen<\/strong><\/span><\/h1>\n<p><span style=\"font-size: large; color: #ffffff;\"><strong><\/strong><\/span><\/p>\n<p>[\/et_pb_text][et_pb_image src=&#8221;https:\/\/www.javeriana.edu.co\/detodoelmundo\/wp-content\/uploads\/2022\/06\/1.jpg&#8221; url=&#8221;https:\/\/www.facebook.com\/InstitutoPensarPUJ\/videos\/1006398210031814\/&#8221; _builder_version=&#8221;3.0.91&#8243;][\/et_pb_image][\/et_pb_column][\/et_pb_row][\/et_pb_section][et_pb_section fb_built=&#8221;1&#8243; background_color=&#8221;#262626&#8243; _builder_version=&#8221;3.0.91&#8243;][et_pb_row _builder_version=&#8221;3.0.47&#8243; background_size=&#8221;initial&#8221; background_position=&#8221;top_left&#8221; background_repeat=&#8221;repeat&#8221;][et_pb_column type=&#8221;1_2&#8243; _builder_version=&#8221;3.0.47&#8243; parallax=&#8221;off&#8221; parallax_method=&#8221;on&#8221;][et_pb_text _builder_version=&#8221;3.0.91&#8243;]<\/p>\n<h2><span style=\"font-size: large;\"><strong>\u00a0<span style=\"color: #ffffff; font-size: large;\">Fecha: 16 de julio\u00a0 \u00a0 \u00a0 \u00a0 \u00a0 \u00a0 \u00a0 \u00a0 \u00a0 \u00a0 \u00a0 \u00a0 \u00a0 \u00a0 \u00a0 \u00a0 \u00a0 \u00a0 \u00a0 \u00a0 \u00a0 \u00a0 \u00a0<\/span><\/strong><\/span><span style=\"font-size: large; color: #ffffff;\"><strong>Hora: 2:00 PM\u00a0 \u00a0 \u00a0 \u00a0 \u00a0 \u00a0 \u00a0 \u00a0 \u00a0 \u00a0 \u00a0 \u00a0 \u00a0 \u00a0 \u00a0 \u00a0 \u00a0 \u00a0 \u00a0 \u00a0 \u00a0 \u00a0 \u00a0 \u00a0 \u00a0 \u00a0 \u00a0<\/strong><\/span><br \/><span style=\"font-size: large; color: #ffffff;\"><strong><span style=\"font-size: large;\">\u00a0Link de la charla pulsando la imagen\u00a0 \u00a0 \u00a0<\/span> \u00a0 \u00a0 \u00a0 \u00a0 \u00a0 \u00a0 \u00a0 \u00a0<\/strong><\/span><\/h2>\n<p>[\/et_pb_text][et_pb_image src=&#8221;https:\/\/www.javeriana.edu.co\/detodoelmundo\/wp-content\/uploads\/2022\/06\/Post-Migraciones.png&#8221; url=&#8221;https:\/\/www.facebook.com\/InstitutoPensarPUJ\/videos\/436699678508389\/&#8221; _builder_version=&#8221;3.0.91&#8243;][\/et_pb_image][\/et_pb_column][et_pb_column type=&#8221;1_2&#8243; _builder_version=&#8221;3.0.47&#8243; parallax=&#8221;off&#8221; parallax_method=&#8221;on&#8221;][et_pb_text _builder_version=&#8221;3.0.91&#8243;]<\/p>\n<h4><span style=\"color: #ffffff;\"><strong><\/strong><\/span><\/h4>\n<h4><span style=\"color: #ffffff;\"><strong>Fecha: 15 de Julio<\/strong><\/span><br \/><span style=\"color: #ffffff;\"><strong><\/strong><\/span><\/h4>\n<h4><span style=\"color: #ffffff;\"><strong>Hora: 4:00 PM a 5:00 PM<\/strong><\/span><br \/><span style=\"color: #ffffff;\"><strong><\/strong><\/span><\/h4>\n<h4><span style=\"color: #ffffff;\"><strong>Link de la charla pulsando la imagen<\/strong><\/span><\/h4>\n<p>[\/et_pb_text][et_pb_image src=&#8221;https:\/\/www.javeriana.edu.co\/detodoelmundo\/wp-content\/uploads\/2022\/06\/MIGRACION-IDENTIDAD-Y-HOSPITALIDAD-INSTITUTO-PENSAR.jpg&#8221; url=&#8221;https:\/\/www.youtube.com\/watch?v=hen73E90t8A&#8221; _builder_version=&#8221;3.0.91&#8243;][\/et_pb_image][\/et_pb_column][\/et_pb_row][\/et_pb_section][et_pb_section fb_built=&#8221;1&#8243; background_color=&#8221;#262626&#8243; _builder_version=&#8221;3.0.91&#8243;][et_pb_row _builder_version=&#8221;3.0.47&#8243; background_size=&#8221;initial&#8221; background_position=&#8221;top_left&#8221; background_repeat=&#8221;repeat&#8221;][et_pb_column type=&#8221;1_2&#8243; _builder_version=&#8221;3.0.47&#8243; parallax=&#8221;off&#8221; parallax_method=&#8221;on&#8221;][et_pb_text _builder_version=&#8221;3.0.91&#8243;]<\/p>\n<h4><strong><span style=\"color: #ffffff;\">Fecha: 7 de Julio de 2022<\/span><\/strong><\/p>\n<p><strong><span style=\"color: #ffffff;\"> Hora: 9:00 AM a 1:00 PM<\/span><\/strong><\/p>\n<p><strong><span style=\"color: #ffffff;\"> Link de la charla pulsando la imagen<\/span><\/strong><\/h4>\n<p>[\/et_pb_text][et_pb_image src=&#8221;https:\/\/www.javeriana.edu.co\/detodoelmundo\/wp-content\/uploads\/2022\/06\/SEMINARIO-INTERNACIONAL.jpg&#8221; url=&#8221;https:\/\/www.youtube.com\/watch?v=Z2vNEU8CggU&#038;t=9680s&#8221; _builder_version=&#8221;3.0.91&#8243;][\/et_pb_image][et_pb_button button_url=&#8221;https:\/\/www.javeriana.edu.co\/detodoelmundo\/2022\/07\/13\/galeria-de-fotos-seminario-internacional-dia-2\/?et_fb=1&#8243; button_text=&#8221;Galer\u00eda de im\u00e1genes Seminario Internacional&#8221; _builder_version=&#8221;3.0.91&#8243;][\/et_pb_button][\/et_pb_column][et_pb_column type=&#8221;1_2&#8243; _builder_version=&#8221;3.0.47&#8243; parallax=&#8221;off&#8221; parallax_method=&#8221;on&#8221;][et_pb_text _builder_version=&#8221;3.0.91&#8243;]<\/p>\n<h3><span style=\"color: #ffffff; font-size: large;\"><strong>Fecha: 6 de Julio de 2022<\/strong><\/span><\/h3>\n<h3><span style=\"color: #ffffff; font-size: large;\"><strong> Hora: 8:00 AM a 6:00 PM<\/strong><\/span><\/h3>\n<h3><span style=\"color: #ffffff; font-size: large;\"><strong> Link de la charla pulsando la imagen<\/strong><\/span><\/h3>\n<p>[\/et_pb_text][et_pb_image src=&#8221;https:\/\/www.javeriana.edu.co\/detodoelmundo\/wp-content\/uploads\/2022\/06\/SEMINARIO-INTERNACIONAL.jpg&#8221; url=&#8221;https:\/\/www.youtube.com\/watch?v=6LyWdpJwigs&#038;t=15906s&#8221; _builder_version=&#8221;3.0.91&#8243;][\/et_pb_image][et_pb_button button_url=&#8221;https:\/\/www.javeriana.edu.co\/detodoelmundo\/2022\/07\/12\/galeria-de-fotos-seminario-internacional-dia-1\/&#8221; button_text=&#8221;Galer\u00eda de im\u00e1genes Seminario Internacional&#8221; _builder_version=&#8221;3.0.91&#8243;][\/et_pb_button][\/et_pb_column][\/et_pb_row][\/et_pb_section][et_pb_section fb_built=&#8221;1&#8243; background_color=&#8221;#262626&#8243; _builder_version=&#8221;3.0.91&#8243;][et_pb_row _builder_version=&#8221;3.0.47&#8243; background_size=&#8221;initial&#8221; background_position=&#8221;top_left&#8221; background_repeat=&#8221;repeat&#8221;][et_pb_column type=&#8221;1_2&#8243; _builder_version=&#8221;3.0.47&#8243; parallax=&#8221;off&#8221; parallax_method=&#8221;on&#8221;][et_pb_text _builder_version=&#8221;3.0.91&#8243;]<\/p>\n<p>\u00a0<\/p>\n<h4><strong><span style=\"color: #ffffff;\">Fecha: 1 de Julio de 2022<\/span><\/strong><br \/><strong><span style=\"color: #ffffff;\"><\/span><\/strong><\/h4>\n<h4><strong><span style=\"color: #ffffff;\">Hora: 12:00 PM<\/span><\/strong><br \/><strong><span style=\"color: #ffffff;\"><\/span><\/strong><\/h4>\n<h4><strong><span style=\"color: #ffffff;\">Link de la charla pulsando la imagen<\/span><\/strong><\/h4>\n<p>[\/et_pb_text][et_pb_image src=&#8221;https:\/\/www.javeriana.edu.co\/detodoelmundo\/wp-content\/uploads\/2022\/06\/290768182_502908384968307_4252419466923870279_n.jpg&#8221; url=&#8221;https:\/\/www.facebook.com\/InstitutoPensarPUJ\/videos\/3341370466086412\/&#8221; _builder_version=&#8221;3.0.91&#8243;][\/et_pb_image][\/et_pb_column][et_pb_column type=&#8221;1_2&#8243; _builder_version=&#8221;3.0.47&#8243; parallax=&#8221;off&#8221; parallax_method=&#8221;on&#8221;][et_pb_text _builder_version=&#8221;3.0.91&#8243;]<\/p>\n<p>\u00a0<\/p>\n<h4><strong><span style=\"color: #ffffff;\"><\/span><\/strong><\/h4>\n<h4><strong><span style=\"color: #ffffff;\">Fecha: 14 de Junio de 2022<\/span><\/strong><\/h4>\n<h4><strong><span style=\"color: #ffffff;\">Hora: 2:00 PM<\/span><\/strong><\/h4>\n<h4><strong><span style=\"color: #ffffff;\">Link de la charla pulsando la imagen<\/span><\/strong><\/h4>\n<p>[\/et_pb_text][et_pb_image src=&#8221;https:\/\/www.javeriana.edu.co\/detodoelmundo\/wp-content\/uploads\/2022\/06\/charla-3_c1-3.jpg&#8221; url=&#8221;https:\/\/www.facebook.com\/InstitutoPensarPUJ\/videos\/1039342480343637\/&#8221; _builder_version=&#8221;3.0.91&#8243;][\/et_pb_image][\/et_pb_column][\/et_pb_row][\/et_pb_section][et_pb_section fb_built=&#8221;1&#8243; background_color=&#8221;#262626&#8243; _builder_version=&#8221;3.0.91&#8243;][et_pb_row _builder_version=&#8221;3.0.47&#8243; background_size=&#8221;initial&#8221; background_position=&#8221;top_left&#8221; background_repeat=&#8221;repeat&#8221;][et_pb_column type=&#8221;1_2&#8243; _builder_version=&#8221;3.0.47&#8243; parallax=&#8221;off&#8221; parallax_method=&#8221;on&#8221;][et_pb_text _builder_version=&#8221;3.0.91&#8243;]<\/p>\n<p><span style=\"font-size: large; color: #ffffff;\"><strong>Fecha: 20 de Mayo de 2022<\/strong><\/span><\/p>\n<p><span style=\"font-size: large; color: #ffffff;\"><strong>Hora: 10:00 AM a 11:00 AM<\/strong><\/span><\/p>\n<p><span style=\"font-size: large; color: #ffffff;\"><strong>V\u00eda Zoom &#8211; Sala pasantes del Instituto Pensar<\/strong><\/span><\/p>\n<p>[\/et_pb_text][et_pb_image src=&#8221;https:\/\/www.javeriana.edu.co\/detodoelmundo\/wp-content\/uploads\/2022\/06\/G\u00e9nero-y-vulnerabilidad-social.-Migrantes-en-tr\u00e1nsito-por-M\u00e9xico-en-situaci\u00f3n-de-viole.jpg&#8221; url=&#8221;https:\/\/www.youtube.com\/watch?v=aSOYH4u3Ypo&#038;t=1s&#8221; _builder_version=&#8221;3.0.91&#8243; max_width=&#8221;73%&#8221;][\/et_pb_image][\/et_pb_column][et_pb_column type=&#8221;1_2&#8243; _builder_version=&#8221;3.0.47&#8243; parallax=&#8221;off&#8221; parallax_method=&#8221;on&#8221;][et_pb_text _builder_version=&#8221;3.0.91&#8243;]<\/p>\n<p><strong style=\"color: #ffffff; font-size: large;\">Fecha: 28 y 29 de Abril<\/strong><\/p>\n<p><span style=\"font-size: large; color: #ffffff;\"><strong>Tercer foro internacional de la migraci\u00f3n haitiana en las am\u00e9ricas.<\/strong><\/span><\/p>\n<p>[\/et_pb_text][et_pb_image src=&#8221;https:\/\/www.javeriana.edu.co\/detodoelmundo\/wp-content\/uploads\/2022\/06\/Tercer-foro-internacional-de-la-migraci\u00f3n-Hitiana-en-las-am\u00e9ricas.png&#8221; _builder_version=&#8221;3.0.91&#8243;][\/et_pb_image][\/et_pb_column][\/et_pb_row][\/et_pb_section][et_pb_section fb_built=&#8221;1&#8243; background_color=&#8221;#262626&#8243; _builder_version=&#8221;3.0.91&#8243;][et_pb_row _builder_version=&#8221;3.0.47&#8243; background_size=&#8221;initial&#8221; background_position=&#8221;top_left&#8221; background_repeat=&#8221;repeat&#8221;][et_pb_column type=&#8221;1_2&#8243; _builder_version=&#8221;3.0.47&#8243; parallax=&#8221;off&#8221; parallax_method=&#8221;on&#8221;][et_pb_text _builder_version=&#8221;3.0.91&#8243;]<\/p>\n<p><span style=\"color: #ffffff; font-size: large;\"><strong>Fecha: 11 de Marzo de 2022<\/strong><\/span><\/p>\n<p><span style=\"color: #ffffff; font-size: large;\"><strong>Hora: 3:00 PM a 4:00 PM<\/strong><\/span><\/p>\n<p><span style=\"color: #ffffff; font-size: large;\"><strong>V\u00eda Zoom y YouTube<\/strong><\/span><\/p>\n<p><span style=\"color: #ffffff; font-size: large;\"><strong>Link de la charla pulsando en la imagen<\/strong><\/span><\/p>\n<p>[\/et_pb_text][et_pb_image src=&#8221;https:\/\/www.javeriana.edu.co\/detodoelmundo\/wp-content\/uploads\/2022\/06\/Migrantes-en-tr\u00e1nsito-por-Centroam\u00e9rica-y-Colombia-entre-pol\u00edticas-de-control-y-resistencias-11-de-marzo-.jpg&#8221; url=&#8221;https:\/\/www.youtube.com\/watch?v=VZJd-wXgpDI&#038;t=364s&#8221; _builder_version=&#8221;3.0.91&#8243; max_width=&#8221;52%&#8221;][\/et_pb_image][\/et_pb_column][et_pb_column type=&#8221;1_2&#8243; _builder_version=&#8221;3.0.47&#8243; parallax=&#8221;off&#8221; parallax_method=&#8221;on&#8221;][et_pb_text _builder_version=&#8221;3.0.91&#8243;]<\/p>\n<p><span style=\"color: #ffffff; font-size: large;\"><strong>Fecha: 4 de Febrero de 2022<\/strong><\/span><\/p>\n<p><span style=\"color: #ffffff; font-size: large;\"><strong>Hora: 2:00 PM a 4:00 PM<\/strong><\/span><\/p>\n<p><span style=\"color: #ffffff; font-size: large;\"><strong>V\u00eda Zoom &#8211; Sala Maestr\u00eda Migraciones<\/strong><\/span><\/p>\n<p><span style=\"color: #ffffff; font-size: large;\"><strong>Link de la charla pulsando en la imagen<\/strong><\/span><\/p>\n<p>[\/et_pb_text][et_pb_image src=&#8221;https:\/\/www.javeriana.edu.co\/detodoelmundo\/wp-content\/uploads\/2022\/06\/Narrativas-del-exilio-en-la-Comisi\u00f3n-de-la-verdad-voces-memorias-y-construcci\u00f3n-de-paz-4-febrero.png&#8221; url=&#8221;https:\/\/www.youtube.com\/watch?v=3JV-tUDwfTo&#038;t=26s&#8221; _builder_version=&#8221;3.0.91&#8243;][\/et_pb_image][\/et_pb_column][\/et_pb_row][\/et_pb_section][et_pb_section fb_built=&#8221;1&#8243; _builder_version=&#8221;3.0.91&#8243; custom_padding=&#8221;0px|0px|0px|0px&#8221;][et_pb_row make_fullwidth=&#8221;on&#8221; use_custom_gutter=&#8221;on&#8221; gutter_width=&#8221;1&#8243; custom_padding=&#8221;0px||0px|&#8221; custom_margin=&#8221;0px||0px|&#8221; padding_top_1=&#8221;0px&#8221; padding_bottom_1=&#8221;0px&#8221; _builder_version=&#8221;3.0.91&#8243;][et_pb_column type=&#8221;4_4&#8243; _builder_version=&#8221;3.0.47&#8243; padding_bottom=&#8221;0px&#8221; padding_top=&#8221;0px&#8221; parallax=&#8221;off&#8221; parallax_method=&#8221;on&#8221;][et_pb_divider color=&#8221;#e36b30&#8243; show_divider=&#8221;on&#8221; divider_weight=&#8221;15px&#8221; admin_label=&#8221;Divider_BOTTOM&#8221; _builder_version=&#8221;3.0.91&#8243; custom_margin=&#8221;0px||-8px|&#8221; custom_padding=&#8221;0px||0px|&#8221; custom_css_after=&#8221;content: %22%22;||width: 92px!important;||height: 62px;||background-color: transparent;||position: relative;||display: block;||padding: 0px;||margin-left: auto;||margin-right: auto;||margin-top: -66px;||background-image: url(\/detodoelmundo\/wp-content\/uploads\/2017\/10\/triangulillo.png);||-ms-transform: rotate(180deg); \/* IE 9 *\/|| -webkit-transform: rotate(180deg); \/* Chrome, Safari, Opera *\/|| transform: rotate(180deg);&#8221;][\/et_pb_divider][\/et_pb_column][\/et_pb_row][\/et_pb_section][et_pb_section fb_built=&#8221;1&#8243; _builder_version=&#8221;3.0.47&#8243; custom_padding=&#8221;54px|0px|1px|0px&#8221;][et_pb_row _builder_version=&#8221;3.0.91&#8243; background_size=&#8221;initial&#8221; background_position=&#8221;top_left&#8221; background_repeat=&#8221;repeat&#8221;][et_pb_column type=&#8221;1_2&#8243; _builder_version=&#8221;3.0.47&#8243; parallax=&#8221;off&#8221; parallax_method=&#8221;on&#8221;][et_pb_image src=&#8221;https:\/\/www.javeriana.edu.co\/detodoelmundo\/wp-content\/uploads\/2017\/10\/jave_logo.png&#8221; align=&#8221;center&#8221; admin_label=&#8221;Logo Javeriana&#8221; _builder_version=&#8221;3.0.91&#8243;][\/et_pb_image][\/et_pb_column][et_pb_column type=&#8221;1_2&#8243; _builder_version=&#8221;3.0.47&#8243; parallax=&#8221;off&#8221; parallax_method=&#8221;on&#8221;][et_pb_image src=&#8221;https:\/\/www.javeriana.edu.co\/detodoelmundo\/wp-content\/uploads\/2022\/06\/logo-pensar-vectorizado.png&#8221; align=&#8221;center&#8221; admin_label=&#8221;Logo Instituto&#8221; _builder_version=&#8221;3.0.91&#8243; max_width=&#8221;52%&#8221;][\/et_pb_image][\/et_pb_column][\/et_pb_row][et_pb_row use_custom_width=&#8221;on&#8221; width_unit=&#8221;off&#8221; custom_width_percent=&#8221;100%&#8221; custom_padding=&#8221;0px|0px|30px|0px&#8221; background_color=&#8221;#e6e6e6&#8243; _builder_version=&#8221;3.0.91&#8243;][et_pb_column type=&#8221;1_4&#8243; _builder_version=&#8221;3.0.47&#8243; parallax=&#8221;off&#8221; parallax_method=&#8221;on&#8221;][\/et_pb_column][et_pb_column type=&#8221;1_4&#8243; _builder_version=&#8221;3.0.47&#8243; parallax=&#8221;off&#8221; parallax_method=&#8221;on&#8221;][\/et_pb_column][et_pb_column type=&#8221;1_4&#8243; _builder_version=&#8221;3.0.47&#8243; parallax=&#8221;off&#8221; parallax_method=&#8221;on&#8221;][\/et_pb_column][et_pb_column type=&#8221;1_4&#8243; _builder_version=&#8221;3.0.47&#8243; parallax=&#8221;off&#8221; parallax_method=&#8221;on&#8221;][et_pb_social_media_follow url_new_window=&#8221;off&#8221; admin_label=&#8221;Redes Sociales&#8221; _builder_version=&#8221;3.0.91&#8243; border_radii=&#8221;on|100%|100%|100%|100%&#8221; custom_margin=&#8221;15px|||&#8221;][et_pb_social_media_follow_network social_network=&#8221;facebook&#8221; url=&#8221;https:\/\/www.facebook.com\/InstitutoPensarPUJ&#8221; _builder_version=&#8221;3.0.91&#8243; background_color=&#8221;#3b5998&#8243; follow_button=&#8221;off&#8221; url_new_window=&#8221;off&#8221;]Facebook[\/et_pb_social_media_follow_network][et_pb_social_media_follow_network social_network=&#8221;youtube&#8221; url=&#8221;https:\/\/www.youtube.com\/channel\/UCAnSwEOstyJBx2MfNTXjlLw&#8221; _builder_version=&#8221;3.0.91&#8243; background_color=&#8221;#a82400&#8243; follow_button=&#8221;off&#8221; url_new_window=&#8221;off&#8221;]Youtube[\/et_pb_social_media_follow_network][\/et_pb_social_media_follow][\/et_pb_column][\/et_pb_row][\/et_pb_section]<\/p>\n","protected":false},"excerpt":{"rendered":"<p>[et_pb_section fb_built=&#8221;1&#8243; fullwidth=&#8221;on&#8221; _builder_version=&#8221;3.0.47&#8243; custom_padding=&#8221;0px|0px|0px|0px&#8221;][et_pb_fullwidth_slider _builder_version=&#8221;3.0.91&#8243;][et_pb_slide use_bg_overlay=&#8221;off&#8221; use_text_overlay=&#8221;off&#8221; _builder_version=&#8221;3.0.91&#8243; background_image=&#8221;https:\/\/www.javeriana.edu.co\/detodoelmundo\/wp-content\/uploads\/2022\/06\/Dise\u00f1o-sin-t\u00edtulo-6.jpg&#8221; custom_padding=&#8221;500px|||&#8221; custom_padding_tablet=&#8221;500px|||&#8221; custom_padding_phone=&#8221;500px|||&#8221;][\/et_pb_slide][et_pb_slide use_bg_overlay=&#8221;off&#8221; use_text_overlay=&#8221;off&#8221; _builder_version=&#8221;3.0.91&#8243; background_image=&#8221;https:\/\/www.javeriana.edu.co\/detodoelmundo\/wp-content\/uploads\/2022\/06\/Dise\u00f1o-sin-t\u00edtulo-5.jpg&#8221; custom_padding=&#8221;500px|||&#8221;][\/et_pb_slide][et_pb_slide use_bg_overlay=&#8221;off&#8221; use_text_overlay=&#8221;off&#8221; _builder_version=&#8221;3.0.91&#8243; background_image=&#8221;https:\/\/www.javeriana.edu.co\/detodoelmundo\/wp-content\/uploads\/2022\/06\/Dise\u00f1o-sin-t\u00edtulo-7.jpg&#8221; custom_padding=&#8221;500px|||&#8221;][\/et_pb_slide][\/et_pb_fullwidth_slider][\/et_pb_section][et_pb_section fb_built=&#8221;1&#8243; _builder_version=&#8221;3.0.47&#8243; custom_padding=&#8221;0px|0px|0px|0px&#8221;][et_pb_row make_fullwidth=&#8221;on&#8221; use_custom_gutter=&#8221;on&#8221; gutter_width=&#8221;1&#8243; custom_padding=&#8221;0px||0px|&#8221; custom_margin=&#8221;0px|||&#8221; padding_top_1=&#8221;0px&#8221; padding_bottom_1=&#8221;0px&#8221; _builder_version=&#8221;3.0.91&#8243;][et_pb_column type=&#8221;4_4&#8243; _builder_version=&#8221;3.0.47&#8243; padding_bottom=&#8221;0px&#8221; padding_top=&#8221;0px&#8221; parallax=&#8221;off&#8221; parallax_method=&#8221;on&#8221;][et_pb_divider color=&#8221;#e36b30&#8243; show_divider=&#8221;on&#8221; divider_weight=&#8221;15px&#8221; admin_label=&#8221;Divider_TOP&#8221; _builder_version=&#8221;3.0.91&#8243; custom_margin=&#8221;0px||-8px|&#8221; custom_padding=&#8221;0px||0px|&#8221; custom_css_after=&#8221;content: %22%22;||width: 92px!important;||height: 62px;||background-color: transparent;||position: relative;||display: block;||padding: 0px;||margin-left: [&hellip;]<\/p>\n","protected":false},"author":1,"featured_media":0,"parent":0,"menu_order":0,"comment_status":"closed","ping_status":"closed","template":"","meta":{"_et_pb_use_builder":"on","_et_pb_old_content":"","_et_gb_content_width":"","footnotes":""},"_links":{"self":[{"href":"http:\/\/www.javeriana.edu.co\/detodoelmundo\/wp-json\/wp\/v2\/pages\/1377"}],"collection":[{"href":"http:\/\/www.javeriana.edu.co\/detodoelmundo\/wp-json\/wp\/v2\/pages"}],"about":[{"href":"http:\/\/www.javeriana.edu.co\/detodoelmundo\/wp-json\/wp\/v2\/types\/page"}],"author":[{"embeddable":true,"href":"http:\/\/www.javeriana.edu.co\/detodoelmundo\/wp-json\/wp\/v2\/users\/1"}],"replies":[{"embeddable":true,"href":"http:\/\/www.javeriana.edu.co\/detodoelmundo\/wp-json\/wp\/v2\/comments?post=1377"}],"version-history":[{"count":107,"href":"http:\/\/www.javeriana.edu.co\/detodoelmundo\/wp-json\/wp\/v2\/pages\/1377\/revisions"}],"predecessor-version":[{"id":2511,"href":"http:\/\/www.javeriana.edu.co\/detodoelmundo\/wp-json\/wp\/v2\/pages\/1377\/revisions\/2511"}],"wp:attachment":[{"href":"http:\/\/www.javeriana.edu.co\/detodoelmundo\/wp-json\/wp\/v2\/media?parent=1377"}],"curies":[{"name":"wp","href":"https:\/\/api.w.org\/{rel}","templated":true}]}}