{"id":58,"date":"2017-10-10T15:52:19","date_gmt":"2017-10-10T15:52:19","guid":{"rendered":"http:\/\/www.javeriana.edu.co\/detodoelmundo\/?page_id=58"},"modified":"2023-10-27T15:04:09","modified_gmt":"2023-10-27T15:04:09","slug":"inicio","status":"publish","type":"page","link":"http:\/\/www.javeriana.edu.co\/detodoelmundo\/","title":{"rendered":"Inicio"},"content":{"rendered":"<p>[et_pb_section fb_built=&#8221;1&#8243; _builder_version=&#8221;3.22&#8243; custom_padding=&#8221;3px|0px|54px|0px&#8221;][et_pb_row _builder_version=&#8221;3.25&#8243; background_size=&#8221;initial&#8221; background_position=&#8221;top_left&#8221; background_repeat=&#8221;repeat&#8221; custom_padding=&#8221;53px|0px|27px|0px&#8221; column_structure=&#8221;1_2,1_2&#8243;][et_pb_column type=&#8221;1_2&#8243; _builder_version=&#8221;3.25&#8243; custom_padding=&#8221;|||&#8221; custom_padding__hover=&#8221;|||&#8221;][et_pb_text _builder_version=&#8221;3.27.4&#8243;]<\/p>\n<h1><span style=\"font-size: x-large;\">La Embajadora de Colombia en Bolivia, Elizabeth Garc\u00eda Carrillo, invita a conocer la<strong> Maestr\u00eda en Estudios Cr\u00edticos de las Migraciones Contempor\u00e1neas, <\/strong>desde su experiencia como ind\u00edgena arhuaca exiliada.<\/span><\/h1>\n<p><span style=\"font-size: small;\">Enlace del video en la imagen<\/span><\/p>\n<p><span style=\"font-size: x-large;\"><strong><\/strong><\/span><\/p>\n<p>[\/et_pb_text][\/et_pb_column][et_pb_column type=&#8221;1_2&#8243; _builder_version=&#8221;3.25&#8243; custom_padding=&#8221;|||&#8221; custom_padding__hover=&#8221;|||&#8221;][et_pb_image src=&#8221;https:\/\/www.javeriana.edu.co\/detodoelmundo\/wp-content\/uploads\/2017\/10\/Screenshot_54.png&#8221; url=&#8221;https:\/\/www.facebook.com\/InstitutoPensarPUJ\/videos\/1258392851625398&#8243; align_tablet=&#8221;center&#8221; align_last_edited=&#8221;on|desktop&#8221; _builder_version=&#8221;3.23&#8243;][\/et_pb_image][\/et_pb_column][\/et_pb_row][\/et_pb_section][et_pb_section fb_built=&#8221;1&#8243; _builder_version=&#8221;3.22&#8243; custom_margin=&#8221;0px|0px|0px|0px&#8221; custom_padding=&#8221;0px|0px|0px|0px&#8221;][et_pb_row use_custom_gutter=&#8221;on&#8221; gutter_width=&#8221;2&#8243; module_class=&#8221; et_pb_row_fullwidth&#8221; _builder_version=&#8221;3.25&#8243; width=&#8221;94%&#8221; width_tablet=&#8221;80%&#8221; width_last_edited=&#8221;on|desktop&#8221; max_width=&#8221;94%&#8221; max_width_tablet=&#8221;80%&#8221; max_width_last_edited=&#8221;on|desktop&#8221; custom_margin=&#8221;0px||0px|&#8221; custom_padding=&#8221;0px||0px|&#8221; make_fullwidth=&#8221;on&#8221;][et_pb_column type=&#8221;4_4&#8243; _builder_version=&#8221;3.25&#8243; custom_padding=&#8221;0px||0px|&#8221; custom_padding__hover=&#8221;|||&#8221;][et_pb_video src=&#8221;https:\/\/player.vimeo.com\/video\/251231269&#8243; image_src=&#8221;https:\/\/www.javeriana.edu.co\/detodoelmundo\/wp-content\/uploads\/2017\/10\/migraciones_portada1.jpg&#8221; disabled_on=&#8221;off|off|off&#8221; _builder_version=&#8221;3.0.91&#8243; max_width_tablet=&#8221;&#8221; max_width_phone=&#8221;&#8221; max_width_last_edited=&#8221;on|desktop&#8221; module_alignment=&#8221;center&#8221; custom_margin=&#8221;0px|0px|0px|0px&#8221; custom_padding=&#8221;600px|0px|0px|0px&#8221;][\/et_pb_video][\/et_pb_column][\/et_pb_row][\/et_pb_section][et_pb_section fb_built=&#8221;1&#8243; _builder_version=&#8221;3.22&#8243; custom_margin=&#8221;0px||0px|&#8221; custom_padding=&#8221;0px||0px|&#8221; custom_css_main_element=&#8221;z-index:9999;&#8221;][et_pb_row use_custom_gutter=&#8221;on&#8221; gutter_width=&#8221;1&#8243; module_class=&#8221; et_pb_row_fullwidth&#8221; _builder_version=&#8221;3.25&#8243; background_size=&#8221;initial&#8221; background_position=&#8221;top_left&#8221; background_repeat=&#8221;repeat&#8221; width=&#8221;100%&#8221; width_tablet=&#8221;100%&#8221; width_last_edited=&#8221;on|desktop&#8221; max_width=&#8221;100%&#8221; max_width_tablet=&#8221;100%&#8221; max_width_last_edited=&#8221;on|desktop&#8221; custom_margin=&#8221;0px||0px|&#8221; custom_padding=&#8221;0px||0px|&#8221; make_fullwidth=&#8221;on&#8221;][et_pb_column type=&#8221;4_4&#8243; _builder_version=&#8221;3.25&#8243; custom_padding=&#8221;0px||0px|&#8221; custom_padding__hover=&#8221;|||&#8221;][et_pb_divider divider_weight=&#8221;15px&#8221; admin_label=&#8221;Divisor_TOP&#8221; _builder_version=&#8221;3.0.91&#8243; custom_margin=&#8221;0px||-8px|&#8221; custom_padding=&#8221;0px||0px|&#8221; custom_css_after=&#8221;content: %22%22;||width: 92px!important;||height: 62px;||background-color: transparent;||position: relative;||display: block;||padding: 0px;||margin-left: auto;||margin-right: auto;||margin-top: -28px;||background-image: url(\/detodoelmundo\/wp-content\/uploads\/2017\/10\/triangulillo.png);&#8221;][\/et_pb_divider][\/et_pb_column][\/et_pb_row][\/et_pb_section][et_pb_section fb_built=&#8221;1&#8243; _builder_version=&#8221;3.22&#8243; background_color=&#8221;#e6e6e6&#8243; background_image=&#8221;https:\/\/www.javeriana.edu.co\/detodoelmundo\/wp-content\/uploads\/2017\/10\/circulo_central_6.png&#8221; parallax=&#8221;on&#8221; custom_padding=&#8221;0px|0px|54px|0px&#8221;][et_pb_row _builder_version=&#8221;3.25&#8243; background_size=&#8221;initial&#8221; background_position=&#8221;top_left&#8221; background_repeat=&#8221;repeat&#8221;][et_pb_column type=&#8221;4_4&#8243; _builder_version=&#8221;3.25&#8243; custom_padding=&#8221;|||&#8221; custom_padding__hover=&#8221;|||&#8221;][et_pb_image src=&#8221;https:\/\/www.javeriana.edu.co\/detodoelmundo\/wp-content\/uploads\/2017\/10\/logo_migraciones_anim_ini.gif&#8221; align=&#8221;center&#8221; align_tablet=&#8221;center&#8221; align_last_edited=&#8221;on|desktop&#8221; admin_label=&#8221;Imagen Gif DE TODO EL MUNDO&#8221; _builder_version=&#8221;3.23&#8243; animation_style=&#8221;fade&#8221; animation_direction=&#8221;left&#8221;][\/et_pb_image][\/et_pb_column][\/et_pb_row][\/et_pb_section][et_pb_section fb_built=&#8221;1&#8243; _builder_version=&#8221;3.22&#8243; custom_margin=&#8221;0px||0px|&#8221; custom_padding=&#8221;0px||0px|&#8221;][et_pb_row use_custom_gutter=&#8221;on&#8221; gutter_width=&#8221;1&#8243; module_class=&#8221; et_pb_row_fullwidth&#8221; _builder_version=&#8221;3.25&#8243; background_color=&#8221;rgba(0,0,0,0)&#8221; background_size=&#8221;initial&#8221; background_position=&#8221;top_left&#8221; background_repeat=&#8221;repeat&#8221; width=&#8221;100%&#8221; width_tablet=&#8221;100%&#8221; width_last_edited=&#8221;on|desktop&#8221; max_width=&#8221;100%&#8221; max_width_tablet=&#8221;100%&#8221; max_width_last_edited=&#8221;on|desktop&#8221; custom_margin=&#8221;0px||0px|&#8221; custom_padding=&#8221;0px||0px|&#8221; make_fullwidth=&#8221;on&#8221;][et_pb_column type=&#8221;4_4&#8243; _builder_version=&#8221;3.25&#8243; custom_padding=&#8221;0px||0px|&#8221; custom_padding__hover=&#8221;|||&#8221;][et_pb_divider divider_weight=&#8221;15px&#8221; admin_label=&#8221;Divisor_BOTTOM&#8221; _builder_version=&#8221;3.0.86&#8243; custom_margin=&#8221;0px||-8px|&#8221; custom_padding=&#8221;0px||0px|&#8221; custom_css_after=&#8221;content: %22%22;||width: 92px!important;||height: 62px;||background-color: transparent;||position: relative;||display: block;||padding: 0px;||margin-left: auto;||margin-right: auto;||margin-top: -66px;||background-image: url(\/detodoelmundo\/wp-content\/uploads\/2017\/10\/triangulillo.png);||-ms-transform: rotate(180deg); \/* IE 9 *\/|| -webkit-transform: rotate(180deg); \/* Chrome, Safari, Opera *\/|| transform: rotate(180deg);&#8221;][\/et_pb_divider][\/et_pb_column][\/et_pb_row][\/et_pb_section][et_pb_section fb_built=&#8221;1&#8243; fullwidth=&#8221;on&#8221; _builder_version=&#8221;3.22&#8243;][et_pb_fullwidth_slider admin_label=&#8221;Slider Destacados&#8221; _builder_version=&#8221;3.16&#8243; custom_button=&#8221;on&#8221; button_bg_color=&#8221;rgba(227,107,48,0.82)&#8221; button_border_color=&#8221;rgba(227,107,48,0.89)&#8221; button_rel=&#8221;off|off|off|off|off&#8221; auto=&#8221;on&#8221; box_shadow_style=&#8221;preset6&#8243; box_shadow_blur=&#8221;10px&#8221; box_shadow_color=&#8221;rgba(0,0,0,0.1)&#8221; button_bg_color_hover=&#8221;#e36b30&#8243; button_text_size__hover_enabled=&#8221;off&#8221; button_one_text_size__hover_enabled=&#8221;off&#8221; button_two_text_size__hover_enabled=&#8221;off&#8221; button_text_color__hover_enabled=&#8221;off&#8221; button_one_text_color__hover_enabled=&#8221;off&#8221; button_two_text_color__hover_enabled=&#8221;off&#8221; button_border_width__hover_enabled=&#8221;off&#8221; button_one_border_width__hover_enabled=&#8221;off&#8221; button_two_border_width__hover_enabled=&#8221;off&#8221; button_border_color__hover_enabled=&#8221;off&#8221; button_one_border_color__hover_enabled=&#8221;off&#8221; button_two_border_color__hover_enabled=&#8221;off&#8221; button_border_radius__hover_enabled=&#8221;off&#8221; button_one_border_radius__hover_enabled=&#8221;off&#8221; button_two_border_radius__hover_enabled=&#8221;off&#8221; button_letter_spacing__hover_enabled=&#8221;off&#8221; button_one_letter_spacing__hover_enabled=&#8221;off&#8221; button_two_letter_spacing__hover_enabled=&#8221;off&#8221; button_bg_color__hover_enabled=&#8221;on&#8221; button_bg_color__hover=&#8221;#e36b30&#8243; button_one_bg_color__hover_enabled=&#8221;off&#8221; button_two_bg_color__hover_enabled=&#8221;off&#8221;][et_pb_slide heading=&#8221;Hait\u00ed en movimiento&#8221; button_text=&#8221;Leer M\u00e1s&#8221; button_link=&#8221;https:\/\/www.javeriana.edu.co\/detodoelmundo\/contextos\/&#8221; use_bg_overlay=&#8221;off&#8221; use_text_overlay=&#8221;off&#8221; admin_title=&#8221;Hait\u00ed en movimiento&#8221; _builder_version=&#8221;3.16&#8243; header_font=&#8221;||||&#8221; body_font=&#8221;||||&#8221; background_color=&#8221;#ffffff&#8221; background_image=&#8221;https:\/\/www.javeriana.edu.co\/detodoelmundo\/wp-content\/uploads\/2017\/10\/las_migraciones_1.jpg&#8221; button_text_size__hover_enabled=&#8221;off&#8221; button_one_text_size__hover_enabled=&#8221;off&#8221; button_two_text_size__hover_enabled=&#8221;off&#8221; button_text_color__hover_enabled=&#8221;off&#8221; button_one_text_color__hover_enabled=&#8221;off&#8221; button_two_text_color__hover_enabled=&#8221;off&#8221; button_border_width__hover_enabled=&#8221;off&#8221; button_one_border_width__hover_enabled=&#8221;off&#8221; button_two_border_width__hover_enabled=&#8221;off&#8221; button_border_color__hover_enabled=&#8221;off&#8221; button_one_border_color__hover_enabled=&#8221;off&#8221; button_two_border_color__hover_enabled=&#8221;off&#8221; button_border_radius__hover_enabled=&#8221;off&#8221; button_one_border_radius__hover_enabled=&#8221;off&#8221; button_two_border_radius__hover_enabled=&#8221;off&#8221; button_letter_spacing__hover_enabled=&#8221;off&#8221; button_one_letter_spacing__hover_enabled=&#8221;off&#8221; button_two_letter_spacing__hover_enabled=&#8221;off&#8221; button_bg_color__hover_enabled=&#8221;off&#8221; button_one_bg_color__hover_enabled=&#8221;off&#8221; button_two_bg_color__hover_enabled=&#8221;off&#8221;]<\/p>\n<p style=\"text-align: center;\">Recorrido hist\u00f3rico entre 1913 y 2017 para comprender los antecedentes sociales y pol\u00edticos que explican parte de las din\u00e1micas de la migraci\u00f3n haitiana a partir de tres olas migratorias.<\/p>\n<p>[\/et_pb_slide][et_pb_slide heading=&#8221;La migraci\u00f3n en cifras&#8221; button_text=&#8221;Leer M\u00e1s&#8221; button_link=&#8221;https:\/\/www.javeriana.edu.co\/detodoelmundo\/flujos-y-datos\/&#8221; use_bg_overlay=&#8221;off&#8221; use_text_overlay=&#8221;off&#8221; admin_title=&#8221;La migraci\u00f3n en cifras&#8221; _builder_version=&#8221;3.16&#8243; header_font=&#8221;||||&#8221; body_font=&#8221;||||&#8221; background_color=&#8221;#ffffff&#8221; background_image=&#8221;https:\/\/www.javeriana.edu.co\/detodoelmundo\/wp-content\/uploads\/2017\/10\/las_migraciones_2.jpg&#8221; button_text_size__hover_enabled=&#8221;off&#8221; button_one_text_size__hover_enabled=&#8221;off&#8221; button_two_text_size__hover_enabled=&#8221;off&#8221; button_text_color__hover_enabled=&#8221;off&#8221; button_one_text_color__hover_enabled=&#8221;off&#8221; button_two_text_color__hover_enabled=&#8221;off&#8221; button_border_width__hover_enabled=&#8221;off&#8221; button_one_border_width__hover_enabled=&#8221;off&#8221; button_two_border_width__hover_enabled=&#8221;off&#8221; button_border_color__hover_enabled=&#8221;off&#8221; button_one_border_color__hover_enabled=&#8221;off&#8221; button_two_border_color__hover_enabled=&#8221;off&#8221; button_border_radius__hover_enabled=&#8221;off&#8221; button_one_border_radius__hover_enabled=&#8221;off&#8221; button_two_border_radius__hover_enabled=&#8221;off&#8221; button_letter_spacing__hover_enabled=&#8221;off&#8221; button_one_letter_spacing__hover_enabled=&#8221;off&#8221; button_two_letter_spacing__hover_enabled=&#8221;off&#8221; button_bg_color__hover_enabled=&#8221;off&#8221; button_one_bg_color__hover_enabled=&#8221;off&#8221; button_two_bg_color__hover_enabled=&#8221;off&#8221;]<\/p>\n<p style=\"text-align: center;\"><span style=\"font-weight: 400;\">Sistematizaci\u00f3n de datos que hacen posible monitorear las migraciones en Am\u00e9rica Latina y el Caribe y visualizar los flujos migratorios de colombianos, venezolanos y haitianos alrededor del mundo<\/span><span style=\"font-weight: 400;\">. <\/span><\/p>\n<p>[\/et_pb_slide][et_pb_slide heading=&#8221;Tierra f\u00e9rtil&#8221; button_text=&#8221;Leer M\u00e1s&#8221; button_link=&#8221;https:\/\/www.javeriana.edu.co\/detodoelmundo\/analisis-de-especialistas\/&#8221; use_bg_overlay=&#8221;off&#8221; use_text_overlay=&#8221;off&#8221; admin_title=&#8221;Tierra f\u00e9rtil&#8221; _builder_version=&#8221;3.16&#8243; header_font=&#8221;||||&#8221; body_font=&#8221;||||&#8221; background_color=&#8221;#ffffff&#8221; background_image=&#8221;https:\/\/www.javeriana.edu.co\/detodoelmundo\/wp-content\/uploads\/2018\/08\/awa-2.jpg&#8221; background_position=&#8221;top_left&#8221; button_text_size__hover_enabled=&#8221;off&#8221; button_one_text_size__hover_enabled=&#8221;off&#8221; button_two_text_size__hover_enabled=&#8221;off&#8221; button_text_color__hover_enabled=&#8221;off&#8221; button_one_text_color__hover_enabled=&#8221;off&#8221; button_two_text_color__hover_enabled=&#8221;off&#8221; button_border_width__hover_enabled=&#8221;off&#8221; button_one_border_width__hover_enabled=&#8221;off&#8221; button_two_border_width__hover_enabled=&#8221;off&#8221; button_border_color__hover_enabled=&#8221;off&#8221; button_one_border_color__hover_enabled=&#8221;off&#8221; button_two_border_color__hover_enabled=&#8221;off&#8221; button_border_radius__hover_enabled=&#8221;off&#8221; button_one_border_radius__hover_enabled=&#8221;off&#8221; button_two_border_radius__hover_enabled=&#8221;off&#8221; button_letter_spacing__hover_enabled=&#8221;off&#8221; button_one_letter_spacing__hover_enabled=&#8221;off&#8221; button_two_letter_spacing__hover_enabled=&#8221;off&#8221; button_bg_color__hover_enabled=&#8221;off&#8221; button_one_bg_color__hover_enabled=&#8221;off&#8221; button_two_bg_color__hover_enabled=&#8221;off&#8221;]<\/p>\n<p style=\"text-align: center;\"><span style=\"font-weight: 400;\">Foto reportaje sobre colombianos refugiados en Ecuador.<\/span><\/p>\n<p>[\/et_pb_slide][et_pb_slide heading=&#8221;\u00bfPor qu\u00e9 los haitianos migran hacia Chile? &#8221; button_text=&#8221;Leer M\u00e1s&#8221; button_link=&#8221;https:\/\/www.javeriana.edu.co\/detodoelmundo\/analisis-de-especialistas\/#capsula_chile&#8221; use_bg_overlay=&#8221;off&#8221; use_text_overlay=&#8221;off&#8221; admin_title=&#8221;\u00bfPor qu\u00e9 los haitianos migran hacia Chile? &#8221; _builder_version=&#8221;3.16&#8243; header_font=&#8221;||||&#8221; body_font=&#8221;||||&#8221; background_color=&#8221;#ffffff&#8221; background_image=&#8221;https:\/\/www.javeriana.edu.co\/detodoelmundo\/wp-content\/uploads\/2017\/10\/narrativas_4.jpg&#8221; background_position=&#8221;top_left&#8221; button_text_size__hover_enabled=&#8221;off&#8221; button_one_text_size__hover_enabled=&#8221;off&#8221; button_two_text_size__hover_enabled=&#8221;off&#8221; button_text_color__hover_enabled=&#8221;off&#8221; button_one_text_color__hover_enabled=&#8221;off&#8221; button_two_text_color__hover_enabled=&#8221;off&#8221; button_border_width__hover_enabled=&#8221;off&#8221; button_one_border_width__hover_enabled=&#8221;off&#8221; button_two_border_width__hover_enabled=&#8221;off&#8221; button_border_color__hover_enabled=&#8221;off&#8221; button_one_border_color__hover_enabled=&#8221;off&#8221; button_two_border_color__hover_enabled=&#8221;off&#8221; button_border_radius__hover_enabled=&#8221;off&#8221; button_one_border_radius__hover_enabled=&#8221;off&#8221; button_two_border_radius__hover_enabled=&#8221;off&#8221; button_letter_spacing__hover_enabled=&#8221;off&#8221; button_one_letter_spacing__hover_enabled=&#8221;off&#8221; button_two_letter_spacing__hover_enabled=&#8221;off&#8221; button_bg_color__hover_enabled=&#8221;off&#8221; button_one_bg_color__hover_enabled=&#8221;off&#8221; button_two_bg_color__hover_enabled=&#8221;off&#8221;]<\/p>\n<p style=\"text-align: center;\"><span style=\"font-weight: 400;\">An\u00e1lisis del Soci\u00f3logo Nicol\u00e1s Rojas Pedemonte sobre las m\u00faltiples motivaciones de la migraci\u00f3n haitiana hacia el sur andino.<\/span><\/p>\n<p>[\/et_pb_slide][et_pb_slide heading=&#8221;Las tres caras de la frontera&#8221; button_text=&#8221;Leer M\u00e1s&#8221; button_link=&#8221;https:\/\/www.javeriana.edu.co\/detodoelmundo\/analisis-de-especialistas\/&#8221; use_bg_overlay=&#8221;off&#8221; use_text_overlay=&#8221;off&#8221; admin_title=&#8221;Las tres caras de la frontera&#8221; _builder_version=&#8221;3.16&#8243; header_font=&#8221;||||&#8221; body_font=&#8221;||||&#8221; background_color=&#8221;#ffffff&#8221; background_image=&#8221;https:\/\/www.javeriana.edu.co\/detodoelmundo\/wp-content\/uploads\/2017\/10\/servicios_2.jpg&#8221; background_position=&#8221;top_left&#8221; button_text_size__hover_enabled=&#8221;off&#8221; button_one_text_size__hover_enabled=&#8221;off&#8221; button_two_text_size__hover_enabled=&#8221;off&#8221; button_text_color__hover_enabled=&#8221;off&#8221; button_one_text_color__hover_enabled=&#8221;off&#8221; button_two_text_color__hover_enabled=&#8221;off&#8221; button_border_width__hover_enabled=&#8221;off&#8221; button_one_border_width__hover_enabled=&#8221;off&#8221; button_two_border_width__hover_enabled=&#8221;off&#8221; button_border_color__hover_enabled=&#8221;off&#8221; button_one_border_color__hover_enabled=&#8221;off&#8221; button_two_border_color__hover_enabled=&#8221;off&#8221; button_border_radius__hover_enabled=&#8221;off&#8221; button_one_border_radius__hover_enabled=&#8221;off&#8221; button_two_border_radius__hover_enabled=&#8221;off&#8221; button_letter_spacing__hover_enabled=&#8221;off&#8221; button_one_letter_spacing__hover_enabled=&#8221;off&#8221; button_two_letter_spacing__hover_enabled=&#8221;off&#8221; button_bg_color__hover_enabled=&#8221;off&#8221; button_one_bg_color__hover_enabled=&#8221;off&#8221; button_two_bg_color__hover_enabled=&#8221;off&#8221;]<\/p>\n<p style=\"text-align: center;\"><span style=\"font-weight: 400;\">\u00bfQu\u00e9 es una frontera? Aqu\u00ed se exponen tres interpretaciones: frontis, puente y zona de no derecho.<\/span><\/p>\n<p>[\/et_pb_slide][et_pb_slide heading=&#8221;Migraciones en un mundo globalizado&#8221; button_text=&#8221;Leer M\u00e1s&#8221; use_bg_overlay=&#8221;off&#8221; use_text_overlay=&#8221;off&#8221; admin_title=&#8221;Migraciones en un mundo globalizado&#8221; _builder_version=&#8221;3.16&#8243; header_font=&#8221;||||&#8221; body_font=&#8221;||||&#8221; background_color=&#8221;#ffffff&#8221; background_image=&#8221;https:\/\/www.javeriana.edu.co\/detodoelmundo\/wp-content\/uploads\/2017\/10\/narrativas_2.jpg&#8221; background_position=&#8221;top_left&#8221; button_text_size__hover_enabled=&#8221;off&#8221; button_one_text_size__hover_enabled=&#8221;off&#8221; button_two_text_size__hover_enabled=&#8221;off&#8221; button_text_color__hover_enabled=&#8221;off&#8221; button_one_text_color__hover_enabled=&#8221;off&#8221; button_two_text_color__hover_enabled=&#8221;off&#8221; button_border_width__hover_enabled=&#8221;off&#8221; button_one_border_width__hover_enabled=&#8221;off&#8221; button_two_border_width__hover_enabled=&#8221;off&#8221; button_border_color__hover_enabled=&#8221;off&#8221; button_one_border_color__hover_enabled=&#8221;off&#8221; button_two_border_color__hover_enabled=&#8221;off&#8221; button_border_radius__hover_enabled=&#8221;off&#8221; button_one_border_radius__hover_enabled=&#8221;off&#8221; button_two_border_radius__hover_enabled=&#8221;off&#8221; button_letter_spacing__hover_enabled=&#8221;off&#8221; button_one_letter_spacing__hover_enabled=&#8221;off&#8221; button_two_letter_spacing__hover_enabled=&#8221;off&#8221; button_bg_color__hover_enabled=&#8221;off&#8221; button_one_bg_color__hover_enabled=&#8221;off&#8221; button_two_bg_color__hover_enabled=&#8221;off&#8221;]<\/p>\n<p style=\"text-align: center;\"><span style=\"font-weight: 400;\">El fen\u00f3meno de la di\u00e1spora, que antes era parte de algunas culturas o pueblos, en el mundo actual, cada vez m\u00e1s globalizado, se ha convertido en un hecho com\u00fan para todas las naciones.<\/span><\/p>\n<p>[\/et_pb_slide][et_pb_slide heading=&#8221;Naturaleza y Migraci\u00f3n&#8221; button_text=&#8221;Leer M\u00e1s&#8221; use_bg_overlay=&#8221;off&#8221; use_text_overlay=&#8221;off&#8221; admin_title=&#8221;Naturaleza y Migraci\u00f3n&#8221; _builder_version=&#8221;3.16&#8243; header_font=&#8221;||||&#8221; body_font=&#8221;||||&#8221; background_color=&#8221;#ffffff&#8221; background_image=&#8221;https:\/\/www.javeriana.edu.co\/detodoelmundo\/wp-content\/uploads\/2017\/10\/narrativas_6.jpg&#8221; background_position=&#8221;top_left&#8221; button_text_size__hover_enabled=&#8221;off&#8221; button_one_text_size__hover_enabled=&#8221;off&#8221; button_two_text_size__hover_enabled=&#8221;off&#8221; button_text_color__hover_enabled=&#8221;off&#8221; button_one_text_color__hover_enabled=&#8221;off&#8221; button_two_text_color__hover_enabled=&#8221;off&#8221; button_border_width__hover_enabled=&#8221;off&#8221; button_one_border_width__hover_enabled=&#8221;off&#8221; button_two_border_width__hover_enabled=&#8221;off&#8221; button_border_color__hover_enabled=&#8221;off&#8221; button_one_border_color__hover_enabled=&#8221;off&#8221; button_two_border_color__hover_enabled=&#8221;off&#8221; button_border_radius__hover_enabled=&#8221;off&#8221; button_one_border_radius__hover_enabled=&#8221;off&#8221; button_two_border_radius__hover_enabled=&#8221;off&#8221; button_letter_spacing__hover_enabled=&#8221;off&#8221; button_one_letter_spacing__hover_enabled=&#8221;off&#8221; button_two_letter_spacing__hover_enabled=&#8221;off&#8221; button_bg_color__hover_enabled=&#8221;off&#8221; button_one_bg_color__hover_enabled=&#8221;off&#8221; button_two_bg_color__hover_enabled=&#8221;off&#8221;]<\/p>\n<p style=\"text-align: center;\"><span style=\"font-weight: 400;\">Las cat\u00e1strofes naturales que ocurren frecuentemente en el mundo, con los impactos que nos atemorizan, evidencian que la humanidad se enfrenta cada vez m\u00e1s a migraciones o desplazamientos forzados por factores medioambientales. <\/span><\/p>\n<p>[\/et_pb_slide][et_pb_slide heading=&#8221;Derechos de los migrantes&#8221; button_text=&#8221;Con\u00f3celas aqu\u00ed&#8221; button_link=&#8221;https:\/\/www.javeriana.edu.co\/detodoelmundo\/derechos-y-deberes-del-migrante\/&#8221; use_bg_overlay=&#8221;off&#8221; use_text_overlay=&#8221;off&#8221; admin_title=&#8221;Derechos de los migrantes&#8221; _builder_version=&#8221;3.16&#8243; header_font=&#8221;||||&#8221; body_font=&#8221;||||&#8221; background_color=&#8221;#ffffff&#8221; background_image=&#8221;https:\/\/www.javeriana.edu.co\/detodoelmundo\/wp-content\/uploads\/2017\/11\/derechosydeberes_3.jpg&#8221; background_position=&#8221;top_left&#8221; button_text_size__hover_enabled=&#8221;off&#8221; button_one_text_size__hover_enabled=&#8221;off&#8221; button_two_text_size__hover_enabled=&#8221;off&#8221; button_text_color__hover_enabled=&#8221;off&#8221; button_one_text_color__hover_enabled=&#8221;off&#8221; button_two_text_color__hover_enabled=&#8221;off&#8221; button_border_width__hover_enabled=&#8221;off&#8221; button_one_border_width__hover_enabled=&#8221;off&#8221; button_two_border_width__hover_enabled=&#8221;off&#8221; button_border_color__hover_enabled=&#8221;off&#8221; button_one_border_color__hover_enabled=&#8221;off&#8221; button_two_border_color__hover_enabled=&#8221;off&#8221; button_border_radius__hover_enabled=&#8221;off&#8221; button_one_border_radius__hover_enabled=&#8221;off&#8221; button_two_border_radius__hover_enabled=&#8221;off&#8221; button_letter_spacing__hover_enabled=&#8221;off&#8221; button_one_letter_spacing__hover_enabled=&#8221;off&#8221; button_two_letter_spacing__hover_enabled=&#8221;off&#8221; button_bg_color__hover_enabled=&#8221;off&#8221; button_one_bg_color__hover_enabled=&#8221;off&#8221; button_two_bg_color__hover_enabled=&#8221;off&#8221;]<\/p>\n<p style=\"text-align: center;\"><span style=\"font-weight: 400;\">\u00bfSabe cu\u00e1les son las normativas que garantizan tu derecho a migrar?<\/span><\/p>\n<p>[\/et_pb_slide][et_pb_slide heading=&#8221;Derechos de los migrantes&#8221; button_text=&#8221;Con\u00f3celas aqu\u00ed&#8221; button_link=&#8221;https:\/\/www.javeriana.edu.co\/detodoelmundo\/publicaciones\/&#8221; use_bg_overlay=&#8221;off&#8221; use_text_overlay=&#8221;off&#8221; admin_title=&#8221;PUBLICACIONES&#8221; _builder_version=&#8221;3.16&#8243; header_font=&#8221;||||&#8221; body_font=&#8221;||||&#8221; background_color=&#8221;#ffffff&#8221; background_image=&#8221;https:\/\/www.javeriana.edu.co\/detodoelmundo\/wp-content\/uploads\/2017\/11\/derechosydeberes_3.jpg&#8221; background_position=&#8221;top_left&#8221; button_text_size__hover_enabled=&#8221;off&#8221; button_one_text_size__hover_enabled=&#8221;off&#8221; button_two_text_size__hover_enabled=&#8221;off&#8221; button_text_color__hover_enabled=&#8221;off&#8221; button_one_text_color__hover_enabled=&#8221;off&#8221; button_two_text_color__hover_enabled=&#8221;off&#8221; button_border_width__hover_enabled=&#8221;off&#8221; button_one_border_width__hover_enabled=&#8221;off&#8221; button_two_border_width__hover_enabled=&#8221;off&#8221; button_border_color__hover_enabled=&#8221;off&#8221; button_one_border_color__hover_enabled=&#8221;off&#8221; button_two_border_color__hover_enabled=&#8221;off&#8221; button_border_radius__hover_enabled=&#8221;off&#8221; button_one_border_radius__hover_enabled=&#8221;off&#8221; button_two_border_radius__hover_enabled=&#8221;off&#8221; button_letter_spacing__hover_enabled=&#8221;off&#8221; button_one_letter_spacing__hover_enabled=&#8221;off&#8221; button_two_letter_spacing__hover_enabled=&#8221;off&#8221; button_bg_color__hover_enabled=&#8221;off&#8221; button_one_bg_color__hover_enabled=&#8221;off&#8221; button_two_bg_color__hover_enabled=&#8221;off&#8221;]<\/p>\n<p style=\"text-align: center;\"><span style=\"font-weight: 400;\">\u00bfSabe cu\u00e1les son las normativas que garantizan tu derecho a migrar?<\/span><\/p>\n<p>[\/et_pb_slide][et_pb_slide heading=&#8221;Pueblo de migrantes&#8221; button_text=&#8221;Leer m\u00e1s&#8221; button_link=&#8221;https:\/\/www.javeriana.edu.co\/detodoelmundo\/narrativas\/&#8221; _builder_version=&#8221;3.16&#8243; background_color=&#8221;#ffffff&#8221; background_image=&#8221;https:\/\/www.javeriana.edu.co\/detodoelmundo\/wp-content\/uploads\/2018\/08\/pueblo-de-2.jpg&#8221; button_text_size__hover_enabled=&#8221;off&#8221; button_one_text_size__hover_enabled=&#8221;off&#8221; button_two_text_size__hover_enabled=&#8221;off&#8221; button_text_color__hover_enabled=&#8221;off&#8221; button_one_text_color__hover_enabled=&#8221;off&#8221; button_two_text_color__hover_enabled=&#8221;off&#8221; button_border_width__hover_enabled=&#8221;off&#8221; button_one_border_width__hover_enabled=&#8221;off&#8221; button_two_border_width__hover_enabled=&#8221;off&#8221; button_border_color__hover_enabled=&#8221;off&#8221; button_one_border_color__hover_enabled=&#8221;off&#8221; button_two_border_color__hover_enabled=&#8221;off&#8221; button_border_radius__hover_enabled=&#8221;off&#8221; button_one_border_radius__hover_enabled=&#8221;off&#8221; button_two_border_radius__hover_enabled=&#8221;off&#8221; button_letter_spacing__hover_enabled=&#8221;off&#8221; button_one_letter_spacing__hover_enabled=&#8221;off&#8221; button_two_letter_spacing__hover_enabled=&#8221;off&#8221; button_bg_color__hover_enabled=&#8221;off&#8221; button_one_bg_color__hover_enabled=&#8221;off&#8221; button_two_bg_color__hover_enabled=&#8221;off&#8221;]<\/p>\n<p style=\"text-align: justify;\">El Eje cafetero se ha caracterizado hist\u00f3ricamente por ser una regi\u00f3n con altos \u00edndices de emigraci\u00f3n. A la vez que Risaralda se ha configurado como el departamento colombiano con la tasa relativa m\u00e1s alta de emigraci\u00f3n a nivel nacional (29,8%). En este reportaje se explora el caso puntual de Santuario por tratarse del segundo municipio risaraldense con los \u00edndices m\u00e1s altos de emigraci\u00f3n pero tambi\u00e9n porque la historia de este pueblo permite conocer\u00a0la compleja diversidad de la realidad migratoria que se presenta en Colombia.<\/p>\n<p>[\/et_pb_slide][\/et_pb_fullwidth_slider][\/et_pb_section][et_pb_section fb_built=&#8221;1&#8243; _builder_version=&#8221;3.22&#8243; custom_margin=&#8221;0px||0px|&#8221; custom_padding=&#8221;0px||0px|&#8221;][et_pb_row use_custom_gutter=&#8221;on&#8221; gutter_width=&#8221;1&#8243; module_class=&#8221; et_pb_row_fullwidth&#8221; _builder_version=&#8221;3.25&#8243; background_color=&#8221;rgba(0,0,0,0)&#8221; background_size=&#8221;initial&#8221; background_position=&#8221;top_left&#8221; background_repeat=&#8221;repeat&#8221; width=&#8221;100%&#8221; width_tablet=&#8221;100%&#8221; width_last_edited=&#8221;on|desktop&#8221; max_width=&#8221;100%&#8221; max_width_tablet=&#8221;100%&#8221; max_width_last_edited=&#8221;on|desktop&#8221; custom_margin=&#8221;0px||0px|&#8221; custom_padding=&#8221;0px||0px|&#8221; make_fullwidth=&#8221;on&#8221;][et_pb_column type=&#8221;4_4&#8243; _builder_version=&#8221;3.25&#8243; custom_padding=&#8221;0px||0px|&#8221; custom_padding__hover=&#8221;|||&#8221;][et_pb_divider divider_weight=&#8221;15px&#8221; admin_label=&#8221;Divisor_BOTTOM&#8221; _builder_version=&#8221;3.0.86&#8243; custom_margin=&#8221;0px||-8px|&#8221; custom_padding=&#8221;0px||0px|&#8221; custom_css_after=&#8221;content: %22%22;||width: 92px!important;||height: 62px;||background-color: transparent;||position: relative;||display: block;||padding: 0px;||margin-left: auto;||margin-right: auto;||margin-top: -66px;||background-image: url(\/detodoelmundo\/wp-content\/uploads\/2017\/10\/triangulillo.png);||-ms-transform: rotate(180deg); \/* IE 9 *\/|| -webkit-transform: rotate(180deg); \/* Chrome, Safari, Opera *\/|| transform: rotate(180deg);&#8221;][\/et_pb_divider][\/et_pb_column][\/et_pb_row][\/et_pb_section][et_pb_section fb_built=&#8221;1&#8243; _builder_version=&#8221;3.22&#8243; background_color=&#8221;#e6e6e6&#8243; custom_padding=&#8221;48.4375px|1px|48.4375px|0px&#8221; custom_css_before=&#8221;content:%22%22;||width:493px;||height:482px;||position:absolute;||display: block;||right:-265px;||top:-190px;||background-image:url(%22\/detodoelmundo\/wp-content\/uploads\/2017\/10\/back_dis1.png%22);||background-repeat: no-repeat;||background-size: 80%;&#8221; custom_css_main_element=&#8221;overflow:hidden;&#8221;][et_pb_row _builder_version=&#8221;3.25&#8243; background_size=&#8221;initial&#8221; background_position=&#8221;top_left&#8221; background_repeat=&#8221;repeat&#8221;][et_pb_column type=&#8221;4_4&#8243; _builder_version=&#8221;3.25&#8243; custom_padding=&#8221;|||&#8221; custom_padding__hover=&#8221;|||&#8221;][et_pb_text admin_label=&#8221;T\u00edtulo encuesta para maestr\u00eda &#8221; _builder_version=&#8221;3.27.4&#8243; custom_margin=&#8221;||0px|&#8221; custom_padding=&#8221;|||&#8221;]<\/p>\n<h1 class=\"titulo_general\">Pensando en el futuro<\/h1>\n<p>[\/et_pb_text][\/et_pb_column][\/et_pb_row][et_pb_row _builder_version=&#8221;3.25&#8243; background_size=&#8221;initial&#8221; background_position=&#8221;top_left&#8221; background_repeat=&#8221;repeat&#8221;][et_pb_column type=&#8221;4_4&#8243; _builder_version=&#8221;3.25&#8243; custom_padding=&#8221;|||&#8221; custom_padding__hover=&#8221;|||&#8221;][et_pb_text admin_label=&#8221;Texto encuesta para maestr\u00eda&#8221; _builder_version=&#8221;3.27.4&#8243;]<\/p>\n<p><span style=\"vertical-align: inherit;\"><span style=\"vertical-align: inherit;\">Para el Instituto de Estudios Sociales y Culturales Pensar, adscrito a la Pontificia Universidad Javeriana, es muy valiosa la opini\u00f3n de todos y todas; pues es all\u00ed d\u00f3nde se encuentra la oportunidad de cambio, de mejora y, por ende, de crecimiento en todos los sentidos. En esta ocasi\u00f3n, queremos hacerte una peque\u00f1a consulta, no te tomar\u00e1 m\u00e1s de 10 minutos y nos ayudar\u00e1 a pensar en propuestas para el futuro.\u00a0<\/span><\/span><\/p>\n<p>Haz parte de esto haciendo clic en el siguiente enlace:\u00a0<a href=\"https:\/\/goo.gl\/forms\/3Dl55tfgjuCb81Ay1\">https:\/\/goo.gl\/forms\/3Dl55tfgjuCb81Ay1<\/a><\/p>\n<p>[\/et_pb_text][\/et_pb_column][\/et_pb_row][\/et_pb_section][et_pb_section fb_built=&#8221;1&#8243; _builder_version=&#8221;3.22&#8243; custom_margin=&#8221;0px||0px|&#8221; custom_padding=&#8221;0px||0px|&#8221;][et_pb_row use_custom_gutter=&#8221;on&#8221; gutter_width=&#8221;1&#8243; module_class=&#8221; et_pb_row_fullwidth&#8221; _builder_version=&#8221;3.25&#8243; background_color=&#8221;rgba(0,0,0,0)&#8221; background_size=&#8221;initial&#8221; background_position=&#8221;top_left&#8221; background_repeat=&#8221;repeat&#8221; width=&#8221;100%&#8221; width_tablet=&#8221;100%&#8221; width_last_edited=&#8221;on|desktop&#8221; max_width=&#8221;100%&#8221; max_width_tablet=&#8221;100%&#8221; max_width_last_edited=&#8221;on|desktop&#8221; custom_margin=&#8221;0px||0px|&#8221; custom_padding=&#8221;0px||0px|&#8221; make_fullwidth=&#8221;on&#8221;][et_pb_column type=&#8221;4_4&#8243; _builder_version=&#8221;3.25&#8243; custom_padding=&#8221;0px||0px|&#8221; custom_padding__hover=&#8221;|||&#8221;][et_pb_divider divider_weight=&#8221;15px&#8221; admin_label=&#8221;Divisor_BOTTOM&#8221; _builder_version=&#8221;3.0.86&#8243; custom_margin=&#8221;0px||-8px|&#8221; custom_padding=&#8221;0px||0px|&#8221; custom_css_after=&#8221;content: %22%22;||width: 92px!important;||height: 62px;||background-color: transparent;||position: relative;||display: block;||padding: 0px;||margin-left: auto;||margin-right: auto;||margin-top: -66px;||background-image: url(\/detodoelmundo\/wp-content\/uploads\/2017\/10\/triangulillo.png);||-ms-transform: rotate(180deg); \/* IE 9 *\/|| -webkit-transform: rotate(180deg); \/* Chrome, Safari, Opera *\/|| transform: rotate(180deg);&#8221;][\/et_pb_divider][\/et_pb_column][\/et_pb_row][\/et_pb_section][et_pb_section fb_built=&#8221;1&#8243; _builder_version=&#8221;3.0.91&#8243; custom_margin=&#8221;|||&#8221; custom_padding=&#8221;20px||0px|&#8221; global_module=&#8221;467&#8243;][et_pb_row _builder_version=&#8221;3.25&#8243; background_size=&#8221;initial&#8221; background_position=&#8221;top_left&#8221; background_repeat=&#8221;repeat&#8221; custom_padding=&#8221;27px|0px|36px|0px&#8221; column_structure=&#8221;1_2,1_2&#8243;][et_pb_column type=&#8221;1_2&#8243; _builder_version=&#8221;3.25&#8243; custom_padding=&#8221;|||&#8221; custom_padding__hover=&#8221;|||&#8221;][et_pb_image src=&#8221;http:\/\/www.javeriana.edu.co\/detodoelmundo\/wp-content\/uploads\/2017\/10\/jave_logo.png&#8221; align=&#8221;center&#8221; align_tablet=&#8221;center&#8221; align_last_edited=&#8221;on|desktop&#8221; admin_label=&#8221;Logo Javeriana&#8221; _builder_version=&#8221;3.23&#8243; always_center_on_mobile=&#8221;on&#8221;][\/et_pb_image][\/et_pb_column][et_pb_column type=&#8221;1_2&#8243; _builder_version=&#8221;3.25&#8243; custom_padding=&#8221;|||&#8221; custom_padding__hover=&#8221;|||&#8221;][et_pb_image src=&#8221;https:\/\/www.javeriana.edu.co\/detodoelmundo\/wp-content\/uploads\/2022\/06\/logo-pensar-vectorizado.png&#8221; align=&#8221;center&#8221; align_tablet=&#8221;center&#8221; align_last_edited=&#8221;on|desktop&#8221; admin_label=&#8221;Logo Instituto&#8221; _builder_version=&#8221;3.23&#8243; max_width=&#8221;53%&#8221; animation_style=&#8221;fade&#8221;][\/et_pb_image][\/et_pb_column][\/et_pb_row][et_pb_row use_custom_gutter=&#8221;on&#8221; gutter_width=&#8221;1&#8243; _builder_version=&#8221;3.25&#8243; background_color=&#8221;#e6e6e6&#8243; background_size=&#8221;initial&#8221; background_position=&#8221;top_left&#8221; background_repeat=&#8221;repeat&#8221; width=&#8221;100%&#8221; max_width=&#8221;100%&#8221; custom_margin=&#8221;0px||0px|&#8221; custom_padding=&#8221;0px||0px|&#8221; use_custom_width=&#8221;on&#8221; width_unit=&#8221;off&#8221; custom_width_percent=&#8221;100%&#8221; column_structure=&#8221;1_4,1_4,1_4,1_4&#8243;][et_pb_column type=&#8221;1_4&#8243; _builder_version=&#8221;3.25&#8243; custom_padding=&#8221;0px||0px|&#8221; custom_padding__hover=&#8221;|||&#8221;][\/et_pb_column][et_pb_column type=&#8221;1_4&#8243; _builder_version=&#8221;3.25&#8243; custom_padding=&#8221;0px||0px|&#8221; custom_padding__hover=&#8221;|||&#8221;][\/et_pb_column][et_pb_column type=&#8221;1_4&#8243; _builder_version=&#8221;3.25&#8243; custom_padding=&#8221;0px||0px|&#8221; custom_padding__hover=&#8221;|||&#8221;][\/et_pb_column][et_pb_column type=&#8221;1_4&#8243; _builder_version=&#8221;3.25&#8243; custom_padding=&#8221;0px||0px|&#8221; custom_padding__hover=&#8221;|||&#8221;][et_pb_social_media_follow url_new_window=&#8221;off&#8221; admin_label=&#8221;Redes Sociales&#8221; _builder_version=&#8221;3.0.91&#8243; custom_margin=&#8221;15px||10px|&#8221; custom_padding=&#8221;|||&#8221; border_radii=&#8221;on|100%|100%|100%|100%&#8221;][et_pb_social_media_follow_network social_network=&#8221;facebook&#8221; url=&#8221;https:\/\/www.facebook.com\/InstitutoPensarPUJ&#8221; _builder_version=&#8221;3.0.91&#8243; background_color=&#8221;#3b5998&#8243; follow_button=&#8221;off&#8221; url_new_window=&#8221;off&#8221;]<\/p>\n<p>Facebook<\/p>\n<p>[\/et_pb_social_media_follow_network][et_pb_social_media_follow_network social_network=&#8221;youtube&#8221; url=&#8221;https:\/\/www.youtube.com\/channel\/UCAnSwEOstyJBx2MfNTXjlLw&#8221; _builder_version=&#8221;3.0.91&#8243; background_color=&#8221;#a82400&#8243; follow_button=&#8221;off&#8221; url_new_window=&#8221;off&#8221;]<\/p>\n<p>Youtube<\/p>\n<p>[\/et_pb_social_media_follow_network][\/et_pb_social_media_follow][\/et_pb_column][\/et_pb_row][\/et_pb_section]<\/p>\n","protected":false},"excerpt":{"rendered":"<p>[et_pb_section fb_built=&#8221;1&#8243; _builder_version=&#8221;3.22&#8243; custom_padding=&#8221;3px|0px|54px|0px&#8221;][et_pb_row _builder_version=&#8221;3.25&#8243; background_size=&#8221;initial&#8221; background_position=&#8221;top_left&#8221; background_repeat=&#8221;repeat&#8221; custom_padding=&#8221;53px|0px|27px|0px&#8221; column_structure=&#8221;1_2,1_2&#8243;][et_pb_column type=&#8221;1_2&#8243; _builder_version=&#8221;3.25&#8243; custom_padding=&#8221;|||&#8221; custom_padding__hover=&#8221;|||&#8221;][et_pb_text _builder_version=&#8221;3.27.4&#8243;] La Embajadora de Colombia en Bolivia, Elizabeth Garc\u00eda Carrillo, invita a conocer la Maestr\u00eda en Estudios Cr\u00edticos de las Migraciones Contempor\u00e1neas, desde su experiencia como ind\u00edgena arhuaca exiliada. Enlace del video en la imagen [\/et_pb_text][\/et_pb_column][et_pb_column type=&#8221;1_2&#8243; _builder_version=&#8221;3.25&#8243; custom_padding=&#8221;|||&#8221; custom_padding__hover=&#8221;|||&#8221;][et_pb_image src=&#8221;https:\/\/www.javeriana.edu.co\/detodoelmundo\/wp-content\/uploads\/2017\/10\/Screenshot_54.png&#8221; [&hellip;]<\/p>\n","protected":false},"author":1,"featured_media":0,"parent":0,"menu_order":0,"comment_status":"closed","ping_status":"closed","template":"","meta":{"_et_pb_use_builder":"on","_et_pb_old_content":"","_et_gb_content_width":"","footnotes":""},"_links":{"self":[{"href":"http:\/\/www.javeriana.edu.co\/detodoelmundo\/wp-json\/wp\/v2\/pages\/58"}],"collection":[{"href":"http:\/\/www.javeriana.edu.co\/detodoelmundo\/wp-json\/wp\/v2\/pages"}],"about":[{"href":"http:\/\/www.javeriana.edu.co\/detodoelmundo\/wp-json\/wp\/v2\/types\/page"}],"author":[{"embeddable":true,"href":"http:\/\/www.javeriana.edu.co\/detodoelmundo\/wp-json\/wp\/v2\/users\/1"}],"replies":[{"embeddable":true,"href":"http:\/\/www.javeriana.edu.co\/detodoelmundo\/wp-json\/wp\/v2\/comments?post=58"}],"version-history":[{"count":185,"href":"http:\/\/www.javeriana.edu.co\/detodoelmundo\/wp-json\/wp\/v2\/pages\/58\/revisions"}],"predecessor-version":[{"id":2582,"href":"http:\/\/www.javeriana.edu.co\/detodoelmundo\/wp-json\/wp\/v2\/pages\/58\/revisions\/2582"}],"wp:attachment":[{"href":"http:\/\/www.javeriana.edu.co\/detodoelmundo\/wp-json\/wp\/v2\/media?parent=58"}],"curies":[{"name":"wp","href":"https:\/\/api.w.org\/{rel}","templated":true}]}}