{"id":7369,"date":"2024-10-05T02:12:33","date_gmt":"2024-10-05T07:12:33","guid":{"rendered":"http:\/\/www.javeriana.edu.co\/enmental\/?post_type=recursos&#038;p=7369"},"modified":"2024-11-26T17:06:55","modified_gmt":"2024-11-26T22:06:55","slug":"entre-dos-orillas-episodio-2-la-espera-de-la-vida","status":"publish","type":"recursos","link":"https:\/\/www.javeriana.edu.co\/enmental\/recursos\/entre-dos-orillas-episodio-2-la-espera-de-la-vida\/","title":{"rendered":"Entre dos orillas. Episodio 2: La espera de la vida"},"content":{"rendered":"\t\t<div data-elementor-type=\"wp-post\" data-elementor-id=\"7369\" class=\"elementor elementor-7369\" data-elementor-post-type=\"recursos\">\n\t\t\t\t<div class=\"elementor-element elementor-element-2650f8f6 e-flex e-con-boxed e-con e-parent\" data-id=\"2650f8f6\" data-element_type=\"container\" data-settings=\"{&quot;_ha_eqh_enable&quot;:false}\">\n\t\t\t\t\t<div class=\"e-con-inner\">\n\t\t<div class=\"elementor-element elementor-element-5766a3f e-con-full e-flex e-con e-child\" data-id=\"5766a3f\" data-element_type=\"container\" data-settings=\"{&quot;_ha_eqh_enable&quot;:false}\">\n\t\t\t\t<div class=\"elementor-element elementor-element-17f837d7 exad-glass-effect-no elementor-widget elementor-widget-template\" data-id=\"17f837d7\" data-element_type=\"widget\" data-widget_type=\"template.default\">\n\t\t\t\t<div class=\"elementor-widget-container\">\n\t\t\t\t\t<div class=\"elementor-template\">\n\t\t\t\t\t<div data-elementor-type=\"section\" data-elementor-id=\"6362\" class=\"elementor elementor-6362\" data-elementor-post-type=\"elementor_library\">\n\t\t\t<div class=\"elementor-element elementor-element-7f7a6ad e-con-full media-type-icons e-flex e-con e-parent\" data-id=\"7f7a6ad\" data-element_type=\"container\" data-settings=\"{&quot;_ha_eqh_enable&quot;:false}\">\n\t\t\t\t<div class=\"elementor-element elementor-element-d300956 elementor-view-stacked media-type-video elementor-shape-circle exad-glass-effect-no elementor-widget elementor-widget-icon\" data-id=\"d300956\" data-element_type=\"widget\" data-widget_type=\"icon.default\">\n\t\t\t\t<div class=\"elementor-widget-container\">\n\t\t\t\t\t<div class=\"elementor-icon-wrapper\">\n\t\t\t<div class=\"elementor-icon\">\n\t\t\t<i aria-hidden=\"true\" class=\"remixicon ri-play-circle-line\"><\/i>\t\t\t<\/div>\n\t\t<\/div>\n\t\t\t\t<\/div>\n\t\t\t\t<\/div>\n\t\t\t\t<div class=\"elementor-element elementor-element-166dd91 elementor-view-stacked media-type-audio elementor-shape-circle exad-glass-effect-no elementor-widget elementor-widget-icon\" data-id=\"166dd91\" data-element_type=\"widget\" data-widget_type=\"icon.default\">\n\t\t\t\t<div class=\"elementor-widget-container\">\n\t\t\t\t\t<div class=\"elementor-icon-wrapper\">\n\t\t\t<div class=\"elementor-icon\">\n\t\t\t<i aria-hidden=\"true\" class=\"remixicon ri-volume-up-line\"><\/i>\t\t\t<\/div>\n\t\t<\/div>\n\t\t\t\t<\/div>\n\t\t\t\t<\/div>\n\t\t\t\t<div class=\"elementor-element elementor-element-1d70d66 elementor-view-stacked media-type-link elementor-shape-circle exad-glass-effect-no elementor-widget elementor-widget-icon\" data-id=\"1d70d66\" data-element_type=\"widget\" data-widget_type=\"icon.default\">\n\t\t\t\t<div class=\"elementor-widget-container\">\n\t\t\t\t\t<div class=\"elementor-icon-wrapper\">\n\t\t\t<div class=\"elementor-icon\">\n\t\t\t<i aria-hidden=\"true\" class=\"remixicon ri-link-m\"><\/i>\t\t\t<\/div>\n\t\t<\/div>\n\t\t\t\t<\/div>\n\t\t\t\t<\/div>\n\t\t\t\t<div class=\"elementor-element elementor-element-88888ed elementor-view-stacked media-type-text elementor-shape-circle exad-glass-effect-no elementor-widget elementor-widget-icon\" data-id=\"88888ed\" data-element_type=\"widget\" data-widget_type=\"icon.default\">\n\t\t\t\t<div class=\"elementor-widget-container\">\n\t\t\t\t\t<div class=\"elementor-icon-wrapper\">\n\t\t\t<div class=\"elementor-icon\">\n\t\t\t<i aria-hidden=\"true\" class=\"remixicon ri-book-read-line\"><\/i>\t\t\t<\/div>\n\t\t<\/div>\n\t\t\t\t<\/div>\n\t\t\t\t<\/div>\n\t\t\t\t<div class=\"elementor-element elementor-element-06779f5 elementor-view-stacked media-type-document elementor-shape-circle exad-glass-effect-no elementor-widget elementor-widget-icon\" data-id=\"06779f5\" data-element_type=\"widget\" data-widget_type=\"icon.default\">\n\t\t\t\t<div class=\"elementor-widget-container\">\n\t\t\t\t\t<div class=\"elementor-icon-wrapper\">\n\t\t\t<div class=\"elementor-icon\">\n\t\t\t<i aria-hidden=\"true\" class=\"remixicon ri-profile-line\"><\/i>\t\t\t<\/div>\n\t\t<\/div>\n\t\t\t\t<\/div>\n\t\t\t\t<\/div>\n\t\t\t\t<\/div>\n\t\t\t\t<\/div>\n\t\t\t\t<\/div>\n\t\t\t\t<\/div>\n\t\t\t\t<\/div>\n\t\t\t\t<div class=\"elementor-element elementor-element-58d3f720 exad-glass-effect-no elementor-widget elementor-widget-exad-exclusive-heading\" data-id=\"58d3f720\" data-element_type=\"widget\" data-widget_type=\"exad-exclusive-heading.default\">\n\t\t\t\t<div class=\"elementor-widget-container\">\n\t\t\t\r\n        <div class=\"exad-exclusive-heading\">\r\n            <div class=\"exad-exclusive-heading-wrapper exad-heading-left exad-heading-image-gradient\">\r\n\t\t\t\r\n                <h1 data-content=\"Entre dos orillas. Episodio 2: La espera de la vida\" class=\"exad-exclusive-heading-title\">\r\n\t\t\t\t\tEntre dos orillas. Episodio 2: La espera de la vida\t\t\t\t<\/h1>\r\n\t\r\n                \r\n            <\/div>\r\n        <\/div>\r\n\t\t\t<\/div>\n\t\t\t\t<\/div>\n\t\t\t\t<div class=\"elementor-element elementor-element-4cc5a36f premium-mouse-detect-yes exad-glass-effect-no elementor-widget elementor-widget-premium-addon-button\" data-id=\"4cc5a36f\" data-element_type=\"widget\" data-widget_type=\"premium-addon-button.default\">\n\t\t\t\t<div class=\"elementor-widget-container\">\n\t\t\t\n\n\t\t<a class=\"premium-button premium-button-style6 premium-btn-lg premium-button-style6\" href=\"#elementor-action%3Aaction%3Dlightbox%26settings%3DeyJ0eXBlIjoidmlkZW8iLCJ2aWRlb1R5cGUiOiJ5b3V0dWJlIiwidXJsIjoiaHR0cHM6XC9cL3d3dy55b3V0dWJlLmNvbVwvZW1iZWRcL1VDaUlWeHBSM3JrP2ZlYXR1cmU9b2VtYmVkIn0%3D\">\n\t\t\t<div class=\"premium-button-text-icon-wrapper\">\n\t\t\t\t\n\t\t\t\t\t<!-- Before Icon -->\n\t\t\t\t\t\t\t\t\t\t\t\t\t\t\t\t\t\t<i class=\"premium-svg-nodraw premium-drawable-icon remixicon ri-volume-up-line\" aria-hidden=\"true\"><\/i>\t\t\t\t\t\t\t\t\t\t\t\t\t\t\t\n\t\t\t\t\t\t\t\t\t<span >\n\t\t\t\t\t\tReproducir audio\t\t\t\t\t<\/span>\n\t\t\t\t\n\t\t\t\t<!-- After Icon -->\n\t\t\t\t\t\t\t\t\t\t\t\t\t\t\t\t<\/div>\n\n\t\t\t\n\t\t\t\t\t\t\t<span class=\"premium-button-style6-bg\"><\/span>\n\t\t\t\n\t\t\t\n\t\t<\/a>\n\n\n\t\t\t\t<\/div>\n\t\t\t\t<\/div>\n\t\t\t\t<div class=\"elementor-element elementor-element-29ec4080 exad-glass-effect-no elementor-widget elementor-widget-text-editor\" data-id=\"29ec4080\" data-element_type=\"widget\" data-widget_type=\"text-editor.default\">\n\t\t\t\t<div class=\"elementor-widget-container\">\n\t\t\t\t\t\t\t<p>Te invitamos a conocer esta experiencia de di\u00e1logo intercultural centrado en la espera, el recibimiento y el inicio de la vida. En los di\u00e1logos participaron la Escuela S\u00e9 Qui\u00e9n Soy bajo el liderazgo de Francisca Castro Cuen\u00fa, y la Pontifica Universidad Javeriana con implicaci\u00f3n de Irene Victoria, docente de antropolog\u00eda de Cali, Martha Jord\u00e1n, directora del programa de Psiquiatr\u00eda Infantil de Bogot\u00e1 y Laura Sierra psiquiatra infantil egresada de dicho programa.<\/p><p>La Escuela S\u00e9 Qui\u00e9n Soy es una escuela itinerante de identidad cultural conformada en su mayor\u00eda por mujeres del pacifico colombiano que ejercen un liderazgo maternante para su comunidad. Construimos en colectivo un lugar de encuentro para los afectos, la historia, la memoria y el reconocimiento, acercando dos orillas hist\u00f3ricamente distanciadas. Como ventana a este territorio compartido emergente hemos creado una serie de podcast que encontrar\u00e1s a continuaci\u00f3n.<\/p>\t\t\t\t\t\t<\/div>\n\t\t\t\t<\/div>\n\t\t\t\t<div class=\"elementor-element elementor-element-31cf78dd elementor-widget-divider--view-line exad-glass-effect-no elementor-widget elementor-widget-divider\" data-id=\"31cf78dd\" data-element_type=\"widget\" data-widget_type=\"divider.default\">\n\t\t\t\t<div class=\"elementor-widget-container\">\n\t\t\t\t\t<div class=\"elementor-divider\">\n\t\t\t<span class=\"elementor-divider-separator\">\n\t\t\t\t\t\t<\/span>\n\t\t<\/div>\n\t\t\t\t<\/div>\n\t\t\t\t<\/div>\n\t\t\t\t<\/div>\n\t\t<div class=\"elementor-element elementor-element-3108c6a1 e-con-full e-flex e-con e-child\" data-id=\"3108c6a1\" data-element_type=\"container\" data-settings=\"{&quot;_ha_eqh_enable&quot;:false}\">\n\t\t\t\t<div class=\"elementor-element elementor-element-1bd26398 exad-glass-effect-no elementor-widget elementor-widget-image\" data-id=\"1bd26398\" data-element_type=\"widget\" data-settings=\"{&quot;_animation&quot;:&quot;none&quot;}\" data-widget_type=\"image.default\">\n\t\t\t\t<div class=\"elementor-widget-container\">\n\t\t\t\t\t\t\t\t\t\t\t\t\t<img fetchpriority=\"high\" decoding=\"async\" width=\"1024\" height=\"640\" src=\"https:\/\/www.javeriana.edu.co\/enmental\/wp-content\/uploads\/2024\/10\/entre-dos-orillas-espera-vida-2-1024x640.jpg\" class=\"attachment-large size-large wp-image-9081\" alt=\"\" srcset=\"https:\/\/www.javeriana.edu.co\/enmental\/wp-content\/uploads\/2024\/10\/entre-dos-orillas-espera-vida-2-1024x640.jpg 1024w, https:\/\/www.javeriana.edu.co\/enmental\/wp-content\/uploads\/2024\/10\/entre-dos-orillas-espera-vida-2-300x187.jpg 300w, https:\/\/www.javeriana.edu.co\/enmental\/wp-content\/uploads\/2024\/10\/entre-dos-orillas-espera-vida-2-768x480.jpg 768w, https:\/\/www.javeriana.edu.co\/enmental\/wp-content\/uploads\/2024\/10\/entre-dos-orillas-espera-vida-2.jpg 1500w\" sizes=\"(max-width: 1024px) 100vw, 1024px\" \/>\t\t\t\t\t\t\t\t\t\t\t\t\t<\/div>\n\t\t\t\t<\/div>\n\t\t\t\t<div class=\"elementor-element elementor-element-22d9b22a exad-glass-effect-no elementor-widget elementor-widget-template\" data-id=\"22d9b22a\" data-element_type=\"widget\" data-widget_type=\"template.default\">\n\t\t\t\t<div class=\"elementor-widget-container\">\n\t\t\t\t\t<div class=\"elementor-template\">\n\t\t\t\t\t<div data-elementor-type=\"section\" data-elementor-id=\"6409\" class=\"elementor elementor-6409\" data-elementor-post-type=\"elementor_library\">\n\t\t\t<div class=\"elementor-element elementor-element-eda4d6c e-con-full e-flex e-con e-parent\" data-id=\"eda4d6c\" data-element_type=\"container\" data-settings=\"{&quot;_ha_eqh_enable&quot;:false}\">\n\t\t\t\t<div class=\"elementor-element elementor-element-3466d79 exad-glass-effect-no elementor-widget elementor-widget-heading\" data-id=\"3466d79\" data-element_type=\"widget\" data-widget_type=\"heading.default\">\n\t\t\t\t<div class=\"elementor-widget-container\">\n\t\t\t<p class=\"elementor-heading-title elementor-size-default\">\u00bfTe gust\u00f3 este contenido?<\/p>\t\t<\/div>\n\t\t\t\t<\/div>\n\t\t\t\t<div class=\"elementor-element elementor-element-5ce5e23 exad-glass-effect-no elementor-widget elementor-widget-heading\" data-id=\"5ce5e23\" data-element_type=\"widget\" data-widget_type=\"heading.default\">\n\t\t\t\t<div class=\"elementor-widget-container\">\n\t\t\t<p class=\"elementor-heading-title elementor-size-default\">puedes compartirlo<\/p>\t\t<\/div>\n\t\t\t\t<\/div>\n\t\t\t\t<div class=\"elementor-element elementor-element-6b0c6e9 elementor-share-buttons--skin-flat elementor-share-buttons--shape-circle elementor-share-buttons--color-custom elementor-share-buttons--view-icon elementor-share-buttons--align-center elementor-grid-0 exad-glass-effect-no elementor-widget elementor-widget-share-buttons\" data-id=\"6b0c6e9\" data-element_type=\"widget\" data-widget_type=\"share-buttons.default\">\n\t\t\t\t<div class=\"elementor-widget-container\">\n\t\t\t\t\t<div class=\"elementor-grid\">\n\t\t\t\t\t\t\t\t<div class=\"elementor-grid-item\">\n\t\t\t\t\t\t<div\n\t\t\t\t\t\t\tclass=\"elementor-share-btn elementor-share-btn_facebook\"\n\t\t\t\t\t\t\trole=\"button\"\n\t\t\t\t\t\t\ttabindex=\"0\"\n\t\t\t\t\t\t\taria-label=\"Compartir en facebook\"\n\t\t\t\t\t\t>\n\t\t\t\t\t\t\t\t\t\t\t\t\t\t\t<span class=\"elementor-share-btn__icon\">\n\t\t\t\t\t\t\t\t<i class=\"fab fa-facebook\" aria-hidden=\"true\"><\/i>\t\t\t\t\t\t\t<\/span>\n\t\t\t\t\t\t\t\t\t\t\t\t\t\t\t\t\t\t\t\t<\/div>\n\t\t\t\t\t<\/div>\n\t\t\t\t\t\t\t\t\t<div class=\"elementor-grid-item\">\n\t\t\t\t\t\t<div\n\t\t\t\t\t\t\tclass=\"elementor-share-btn elementor-share-btn_whatsapp\"\n\t\t\t\t\t\t\trole=\"button\"\n\t\t\t\t\t\t\ttabindex=\"0\"\n\t\t\t\t\t\t\taria-label=\"Compartir en whatsapp\"\n\t\t\t\t\t\t>\n\t\t\t\t\t\t\t\t\t\t\t\t\t\t\t<span class=\"elementor-share-btn__icon\">\n\t\t\t\t\t\t\t\t<i class=\"fab fa-whatsapp\" aria-hidden=\"true\"><\/i>\t\t\t\t\t\t\t<\/span>\n\t\t\t\t\t\t\t\t\t\t\t\t\t\t\t\t\t\t\t\t<\/div>\n\t\t\t\t\t<\/div>\n\t\t\t\t\t\t\t\t\t<div class=\"elementor-grid-item\">\n\t\t\t\t\t\t<div\n\t\t\t\t\t\t\tclass=\"elementor-share-btn elementor-share-btn_email\"\n\t\t\t\t\t\t\trole=\"button\"\n\t\t\t\t\t\t\ttabindex=\"0\"\n\t\t\t\t\t\t\taria-label=\"Compartir en email\"\n\t\t\t\t\t\t>\n\t\t\t\t\t\t\t\t\t\t\t\t\t\t\t<span class=\"elementor-share-btn__icon\">\n\t\t\t\t\t\t\t\t<i class=\"fas fa-envelope\" aria-hidden=\"true\"><\/i>\t\t\t\t\t\t\t<\/span>\n\t\t\t\t\t\t\t\t\t\t\t\t\t\t\t\t\t\t\t\t<\/div>\n\t\t\t\t\t<\/div>\n\t\t\t\t\t\t<\/div>\n\t\t\t\t<\/div>\n\t\t\t\t<\/div>\n\t\t\t\t<\/div>\n\t\t\t\t<\/div>\n\t\t\t\t<\/div>\n\t\t\t\t<\/div>\n\t\t\t\t<\/div>\n\t\t\t\t<\/div>\n\t\t\t\t\t<\/div>\n\t\t\t\t<\/div>\n\t\t<div class=\"elementor-element elementor-element-62f4e186 e-flex e-con-boxed e-con e-parent\" data-id=\"62f4e186\" data-element_type=\"container\" data-settings=\"{&quot;_ha_eqh_enable&quot;:false}\">\n\t\t\t\t\t<div class=\"e-con-inner\">\n\t\t\t\t<div class=\"elementor-element elementor-element-7efb7633 exad-glass-effect-no elementor-widget elementor-widget-template\" data-id=\"7efb7633\" data-element_type=\"widget\" data-widget_type=\"template.default\">\n\t\t\t\t<div class=\"elementor-widget-container\">\n\t\t\t\t\t<div class=\"elementor-template\">\n\t\t\t\t\t<div data-elementor-type=\"section\" data-elementor-id=\"6433\" class=\"elementor elementor-6433\" data-elementor-post-type=\"elementor_library\">\n\t\t\t<div class=\"elementor-element elementor-element-ba165ba e-con-full e-flex e-con e-parent\" data-id=\"ba165ba\" data-element_type=\"container\" data-settings=\"{&quot;_ha_eqh_enable&quot;:false}\">\n\t\t\t\t<div class=\"elementor-element elementor-element-5cc581d exad-glass-effect-no elementor-widget elementor-widget-exad-exclusive-heading\" data-id=\"5cc581d\" data-element_type=\"widget\" data-widget_type=\"exad-exclusive-heading.default\">\n\t\t\t\t<div class=\"elementor-widget-container\">\n\t\t\t\r\n        <div class=\"exad-exclusive-heading\">\r\n            <div class=\"exad-exclusive-heading-wrapper exad-heading-left exad-heading-image-gradient\">\r\n\t\t\t\r\n                <div data-content=\"Otros temas que te pueden interesar\" class=\"exad-exclusive-heading-title\">\r\n\t\t\t\t\tOtros temas que te pueden interesar\t\t\t\t<\/div>\r\n\t\r\n                \r\n            <\/div>\r\n        <\/div>\r\n\t\t\t<\/div>\n\t\t\t\t<\/div>\n\t\t\t\t<div class=\"elementor-element elementor-element-39e394e elementor-pagination-type-bullets elementor-pagination-position-outside exad-glass-effect-no elementor-widget elementor-widget-loop-carousel\" data-id=\"39e394e\" data-element_type=\"widget\" data-settings=\"{&quot;template_id&quot;:1720,&quot;image_spacing_custom&quot;:{&quot;unit&quot;:&quot;px&quot;,&quot;size&quot;:30,&quot;sizes&quot;:[]},&quot;motion_fx_motion_fx_scrolling&quot;:&quot;yes&quot;,&quot;_skin&quot;:&quot;post&quot;,&quot;slides_to_show&quot;:&quot;3&quot;,&quot;slides_to_show_tablet&quot;:&quot;2&quot;,&quot;slides_to_show_mobile&quot;:&quot;1&quot;,&quot;slides_to_scroll&quot;:&quot;1&quot;,&quot;edit_handle_selector&quot;:&quot;.elementor-widget-container&quot;,&quot;autoplay&quot;:&quot;yes&quot;,&quot;autoplay_speed&quot;:5000,&quot;pause_on_hover&quot;:&quot;yes&quot;,&quot;pause_on_interaction&quot;:&quot;yes&quot;,&quot;speed&quot;:500,&quot;pagination&quot;:&quot;bullets&quot;,&quot;image_spacing_custom_tablet&quot;:{&quot;unit&quot;:&quot;px&quot;,&quot;size&quot;:&quot;&quot;,&quot;sizes&quot;:[]},&quot;image_spacing_custom_mobile&quot;:{&quot;unit&quot;:&quot;px&quot;,&quot;size&quot;:&quot;&quot;,&quot;sizes&quot;:[]},&quot;motion_fx_devices&quot;:[&quot;desktop&quot;,&quot;tablet&quot;,&quot;mobile&quot;]}\" data-widget_type=\"loop-carousel.post\">\n\t\t\t\t<div class=\"elementor-widget-container\">\n\t\t\t\t\t<div class=\"e-loop-nothing-found-message\">\n\t\t<\/div>\n\t\t\t\t<\/div>\n\t\t\t\t<\/div>\n\t\t\t\t<\/div>\n\t\t\t\t<\/div>\n\t\t\t\t<\/div>\n\t\t\t\t<\/div>\n\t\t\t\t<\/div>\n\t\t\t\t\t<\/div>\n\t\t\t\t<\/div>\n\t\t\t\t<\/div>\n\t\t","protected":false},"excerpt":{"rendered":"<p>Reproducir audio Te invitamos a conocer esta experiencia de di\u00e1logo intercultural centrado en la espera, el recibimiento y el inicio de la vida. En los di\u00e1logos participaron la Escuela S\u00e9 Qui\u00e9n Soy bajo el liderazgo de Francisca Castro Cuen\u00fa, y la Pontifica Universidad Javeriana con implicaci\u00f3n de Irene Victoria, docente de antropolog\u00eda de Cali, Martha [&hellip;]<\/p>\n","protected":false},"featured_media":9081,"parent":0,"menu_order":0,"template":"","meta":{"_acf_changed":false},"categories":[5],"tema":[127,155,117],"class_list":["post-7369","recursos","type-recursos","status-publish","has-post-thumbnail","hentry","category-recursos-padres","tema-familiares","tema-hijos-y-crianza","tema-relaciones-interpersonales-rupturas-y-duelo"],"acf":[],"yoast_head":"<!-- This site is optimized with the Yoast SEO plugin v23.6 - https:\/\/yoast.com\/wordpress\/plugins\/seo\/ -->\n<title>Entre dos orillas. Episodio 2: La espera de la vida<\/title>\n<meta name=\"description\" content=\"Reproducir audio Te invitamos a conocer esta experiencia de di\u00e1logo intercultural centrado en la espera, el recibimiento y el inicio de la vida. En los\" \/>\n<meta name=\"robots\" content=\"index, follow, max-snippet:-1, max-image-preview:large, max-video-preview:-1\" \/>\n<link rel=\"canonical\" href=\"https:\/\/www.javeriana.edu.co\/enmental\/recursos\/entre-dos-orillas-episodio-2-la-espera-de-la-vida\/\" \/>\n<meta property=\"og:locale\" content=\"es_ES\" \/>\n<meta property=\"og:type\" content=\"article\" \/>\n<meta property=\"og:title\" content=\"Entre dos orillas. Episodio 2: La espera de la vida\" \/>\n<meta property=\"og:description\" content=\"Reproducir audio Te invitamos a conocer esta experiencia de di\u00e1logo intercultural centrado en la espera, el recibimiento y el inicio de la vida. En los\" \/>\n<meta property=\"og:url\" content=\"https:\/\/www.javeriana.edu.co\/enmental\/recursos\/entre-dos-orillas-episodio-2-la-espera-de-la-vida\/\" \/>\n<meta property=\"og:site_name\" content=\"ENMENTAL\" \/>\n<meta property=\"article:publisher\" content=\"https:\/\/www.facebook.com\/mentescolectivaspuj\" \/>\n<meta property=\"article:modified_time\" content=\"2024-11-26T22:06:55+00:00\" \/>\n<meta property=\"og:image\" content=\"https:\/\/www.javeriana.edu.co\/enmental\/wp-content\/uploads\/2024\/10\/entre-dos-orillas-espera-vida-2.jpg\" \/>\n\t<meta property=\"og:image:width\" content=\"1500\" \/>\n\t<meta property=\"og:image:height\" content=\"937\" \/>\n\t<meta property=\"og:image:type\" content=\"image\/jpeg\" \/>\n<meta name=\"twitter:card\" content=\"summary_large_image\" \/>\n<meta name=\"twitter:label1\" content=\"Tiempo de lectura\" \/>\n\t<meta name=\"twitter:data1\" content=\"4 minutos\" \/>\n<script type=\"application\/ld+json\" class=\"yoast-schema-graph\">{\"@context\":\"https:\/\/schema.org\",\"@graph\":[{\"@type\":\"WebPage\",\"@id\":\"https:\/\/www.javeriana.edu.co\/enmental\/recursos\/entre-dos-orillas-episodio-2-la-espera-de-la-vida\/\",\"url\":\"https:\/\/www.javeriana.edu.co\/enmental\/recursos\/entre-dos-orillas-episodio-2-la-espera-de-la-vida\/\",\"name\":\"Entre dos orillas. Episodio 2: La espera de la vida\",\"isPartOf\":{\"@id\":\"https:\/\/www.javeriana.edu.co\/enmental\/#website\"},\"primaryImageOfPage\":{\"@id\":\"https:\/\/www.javeriana.edu.co\/enmental\/recursos\/entre-dos-orillas-episodio-2-la-espera-de-la-vida\/#primaryimage\"},\"image\":{\"@id\":\"https:\/\/www.javeriana.edu.co\/enmental\/recursos\/entre-dos-orillas-episodio-2-la-espera-de-la-vida\/#primaryimage\"},\"thumbnailUrl\":\"https:\/\/www.javeriana.edu.co\/enmental\/wp-content\/uploads\/2024\/10\/entre-dos-orillas-espera-vida-2.jpg\",\"datePublished\":\"2024-10-05T07:12:33+00:00\",\"dateModified\":\"2024-11-26T22:06:55+00:00\",\"description\":\"Reproducir audio Te invitamos a conocer esta experiencia de di\u00e1logo intercultural centrado en la espera, el recibimiento y el inicio de la vida. En los\",\"breadcrumb\":{\"@id\":\"https:\/\/www.javeriana.edu.co\/enmental\/recursos\/entre-dos-orillas-episodio-2-la-espera-de-la-vida\/#breadcrumb\"},\"inLanguage\":\"es\",\"potentialAction\":[{\"@type\":\"ReadAction\",\"target\":[\"https:\/\/www.javeriana.edu.co\/enmental\/recursos\/entre-dos-orillas-episodio-2-la-espera-de-la-vida\/\"]}]},{\"@type\":\"ImageObject\",\"inLanguage\":\"es\",\"@id\":\"https:\/\/www.javeriana.edu.co\/enmental\/recursos\/entre-dos-orillas-episodio-2-la-espera-de-la-vida\/#primaryimage\",\"url\":\"https:\/\/www.javeriana.edu.co\/enmental\/wp-content\/uploads\/2024\/10\/entre-dos-orillas-espera-vida-2.jpg\",\"contentUrl\":\"https:\/\/www.javeriana.edu.co\/enmental\/wp-content\/uploads\/2024\/10\/entre-dos-orillas-espera-vida-2.jpg\",\"width\":1500,\"height\":937},{\"@type\":\"BreadcrumbList\",\"@id\":\"https:\/\/www.javeriana.edu.co\/enmental\/recursos\/entre-dos-orillas-episodio-2-la-espera-de-la-vida\/#breadcrumb\",\"itemListElement\":[{\"@type\":\"ListItem\",\"position\":1,\"name\":\"Inicio\",\"item\":\"https:\/\/www.javeriana.edu.co\/enmental\/\"},{\"@type\":\"ListItem\",\"position\":2,\"name\":\"Recursos\",\"item\":\"https:\/\/www.javeriana.edu.co\/enmental\/recursos\/\"},{\"@type\":\"ListItem\",\"position\":3,\"name\":\"Entre dos orillas. Episodio 2: La espera de la vida\"}]},{\"@type\":\"WebSite\",\"@id\":\"https:\/\/www.javeriana.edu.co\/enmental\/#website\",\"url\":\"https:\/\/www.javeriana.edu.co\/enmental\/\",\"name\":\"ENMENTAL\",\"description\":\"Informaci\u00f3n y orientaci\u00f3n sobre la salud mental de ni\u00f1os y ni\u00f1as, adolescentes y j\u00f3venes.\",\"publisher\":{\"@id\":\"https:\/\/www.javeriana.edu.co\/enmental\/#organization\"},\"potentialAction\":[{\"@type\":\"SearchAction\",\"target\":{\"@type\":\"EntryPoint\",\"urlTemplate\":\"https:\/\/www.javeriana.edu.co\/enmental\/?s={search_term_string}\"},\"query-input\":{\"@type\":\"PropertyValueSpecification\",\"valueRequired\":true,\"valueName\":\"search_term_string\"}}],\"inLanguage\":\"es\"},{\"@type\":\"Organization\",\"@id\":\"https:\/\/www.javeriana.edu.co\/enmental\/#organization\",\"name\":\"ENMENTAL\",\"url\":\"https:\/\/www.javeriana.edu.co\/enmental\/\",\"logo\":{\"@type\":\"ImageObject\",\"inLanguage\":\"es\",\"@id\":\"https:\/\/www.javeriana.edu.co\/enmental\/#\/schema\/logo\/image\/\",\"url\":\"http:\/\/www.javeriana.edu.co\/enmental\/wp-content\/uploads\/2024\/10\/icono.png\",\"contentUrl\":\"http:\/\/www.javeriana.edu.co\/enmental\/wp-content\/uploads\/2024\/10\/icono.png\",\"width\":513,\"height\":513,\"caption\":\"ENMENTAL\"},\"image\":{\"@id\":\"https:\/\/www.javeriana.edu.co\/enmental\/#\/schema\/logo\/image\/\"},\"sameAs\":[\"https:\/\/www.facebook.com\/mentescolectivaspuj\",\"https:\/\/www.instagram.com\/mentescolectivas_enmental_puj\/\",\"https:\/\/www.tiktok.com\/@mentescolectivasenmental\",\"https:\/\/www.youtube.com\/@mentescolectivas_enmental_puj\"]}]}<\/script>\n<!-- \/ Yoast SEO plugin. -->","yoast_head_json":{"title":"Entre dos orillas. Episodio 2: La espera de la vida","description":"Reproducir audio Te invitamos a conocer esta experiencia de di\u00e1logo intercultural centrado en la espera, el recibimiento y el inicio de la vida. En los","robots":{"index":"index","follow":"follow","max-snippet":"max-snippet:-1","max-image-preview":"max-image-preview:large","max-video-preview":"max-video-preview:-1"},"canonical":"https:\/\/www.javeriana.edu.co\/enmental\/recursos\/entre-dos-orillas-episodio-2-la-espera-de-la-vida\/","og_locale":"es_ES","og_type":"article","og_title":"Entre dos orillas. Episodio 2: La espera de la vida","og_description":"Reproducir audio Te invitamos a conocer esta experiencia de di\u00e1logo intercultural centrado en la espera, el recibimiento y el inicio de la vida. En los","og_url":"https:\/\/www.javeriana.edu.co\/enmental\/recursos\/entre-dos-orillas-episodio-2-la-espera-de-la-vida\/","og_site_name":"ENMENTAL","article_publisher":"https:\/\/www.facebook.com\/mentescolectivaspuj","article_modified_time":"2024-11-26T22:06:55+00:00","og_image":[{"width":1500,"height":937,"url":"https:\/\/www.javeriana.edu.co\/enmental\/wp-content\/uploads\/2024\/10\/entre-dos-orillas-espera-vida-2.jpg","type":"image\/jpeg"}],"twitter_card":"summary_large_image","twitter_misc":{"Tiempo de lectura":"4 minutos"},"schema":{"@context":"https:\/\/schema.org","@graph":[{"@type":"WebPage","@id":"https:\/\/www.javeriana.edu.co\/enmental\/recursos\/entre-dos-orillas-episodio-2-la-espera-de-la-vida\/","url":"https:\/\/www.javeriana.edu.co\/enmental\/recursos\/entre-dos-orillas-episodio-2-la-espera-de-la-vida\/","name":"Entre dos orillas. Episodio 2: La espera de la vida","isPartOf":{"@id":"https:\/\/www.javeriana.edu.co\/enmental\/#website"},"primaryImageOfPage":{"@id":"https:\/\/www.javeriana.edu.co\/enmental\/recursos\/entre-dos-orillas-episodio-2-la-espera-de-la-vida\/#primaryimage"},"image":{"@id":"https:\/\/www.javeriana.edu.co\/enmental\/recursos\/entre-dos-orillas-episodio-2-la-espera-de-la-vida\/#primaryimage"},"thumbnailUrl":"https:\/\/www.javeriana.edu.co\/enmental\/wp-content\/uploads\/2024\/10\/entre-dos-orillas-espera-vida-2.jpg","datePublished":"2024-10-05T07:12:33+00:00","dateModified":"2024-11-26T22:06:55+00:00","description":"Reproducir audio Te invitamos a conocer esta experiencia de di\u00e1logo intercultural centrado en la espera, el recibimiento y el inicio de la vida. En los","breadcrumb":{"@id":"https:\/\/www.javeriana.edu.co\/enmental\/recursos\/entre-dos-orillas-episodio-2-la-espera-de-la-vida\/#breadcrumb"},"inLanguage":"es","potentialAction":[{"@type":"ReadAction","target":["https:\/\/www.javeriana.edu.co\/enmental\/recursos\/entre-dos-orillas-episodio-2-la-espera-de-la-vida\/"]}]},{"@type":"ImageObject","inLanguage":"es","@id":"https:\/\/www.javeriana.edu.co\/enmental\/recursos\/entre-dos-orillas-episodio-2-la-espera-de-la-vida\/#primaryimage","url":"https:\/\/www.javeriana.edu.co\/enmental\/wp-content\/uploads\/2024\/10\/entre-dos-orillas-espera-vida-2.jpg","contentUrl":"https:\/\/www.javeriana.edu.co\/enmental\/wp-content\/uploads\/2024\/10\/entre-dos-orillas-espera-vida-2.jpg","width":1500,"height":937},{"@type":"BreadcrumbList","@id":"https:\/\/www.javeriana.edu.co\/enmental\/recursos\/entre-dos-orillas-episodio-2-la-espera-de-la-vida\/#breadcrumb","itemListElement":[{"@type":"ListItem","position":1,"name":"Inicio","item":"https:\/\/www.javeriana.edu.co\/enmental\/"},{"@type":"ListItem","position":2,"name":"Recursos","item":"https:\/\/www.javeriana.edu.co\/enmental\/recursos\/"},{"@type":"ListItem","position":3,"name":"Entre dos orillas. Episodio 2: La espera de la vida"}]},{"@type":"WebSite","@id":"https:\/\/www.javeriana.edu.co\/enmental\/#website","url":"https:\/\/www.javeriana.edu.co\/enmental\/","name":"ENMENTAL","description":"Informaci\u00f3n y orientaci\u00f3n sobre la salud mental de ni\u00f1os y ni\u00f1as, adolescentes y j\u00f3venes.","publisher":{"@id":"https:\/\/www.javeriana.edu.co\/enmental\/#organization"},"potentialAction":[{"@type":"SearchAction","target":{"@type":"EntryPoint","urlTemplate":"https:\/\/www.javeriana.edu.co\/enmental\/?s={search_term_string}"},"query-input":{"@type":"PropertyValueSpecification","valueRequired":true,"valueName":"search_term_string"}}],"inLanguage":"es"},{"@type":"Organization","@id":"https:\/\/www.javeriana.edu.co\/enmental\/#organization","name":"ENMENTAL","url":"https:\/\/www.javeriana.edu.co\/enmental\/","logo":{"@type":"ImageObject","inLanguage":"es","@id":"https:\/\/www.javeriana.edu.co\/enmental\/#\/schema\/logo\/image\/","url":"http:\/\/www.javeriana.edu.co\/enmental\/wp-content\/uploads\/2024\/10\/icono.png","contentUrl":"http:\/\/www.javeriana.edu.co\/enmental\/wp-content\/uploads\/2024\/10\/icono.png","width":513,"height":513,"caption":"ENMENTAL"},"image":{"@id":"https:\/\/www.javeriana.edu.co\/enmental\/#\/schema\/logo\/image\/"},"sameAs":["https:\/\/www.facebook.com\/mentescolectivaspuj","https:\/\/www.instagram.com\/mentescolectivas_enmental_puj\/","https:\/\/www.tiktok.com\/@mentescolectivasenmental","https:\/\/www.youtube.com\/@mentescolectivas_enmental_puj"]}]}},"_links":{"self":[{"href":"https:\/\/www.javeriana.edu.co\/enmental\/wp-json\/wp\/v2\/recursos\/7369"}],"collection":[{"href":"https:\/\/www.javeriana.edu.co\/enmental\/wp-json\/wp\/v2\/recursos"}],"about":[{"href":"https:\/\/www.javeriana.edu.co\/enmental\/wp-json\/wp\/v2\/types\/recursos"}],"version-history":[{"count":11,"href":"https:\/\/www.javeriana.edu.co\/enmental\/wp-json\/wp\/v2\/recursos\/7369\/revisions"}],"predecessor-version":[{"id":10383,"href":"https:\/\/www.javeriana.edu.co\/enmental\/wp-json\/wp\/v2\/recursos\/7369\/revisions\/10383"}],"wp:featuredmedia":[{"embeddable":true,"href":"https:\/\/www.javeriana.edu.co\/enmental\/wp-json\/wp\/v2\/media\/9081"}],"wp:attachment":[{"href":"https:\/\/www.javeriana.edu.co\/enmental\/wp-json\/wp\/v2\/media?parent=7369"}],"wp:term":[{"taxonomy":"category","embeddable":true,"href":"https:\/\/www.javeriana.edu.co\/enmental\/wp-json\/wp\/v2\/categories?post=7369"},{"taxonomy":"tema","embeddable":true,"href":"https:\/\/www.javeriana.edu.co\/enmental\/wp-json\/wp\/v2\/tema?post=7369"}],"curies":[{"name":"wp","href":"https:\/\/api.w.org\/{rel}","templated":true}]}}