{"id":7459,"date":"2024-10-05T17:47:19","date_gmt":"2024-10-05T22:47:19","guid":{"rendered":"http:\/\/www.javeriana.edu.co\/enmental\/?post_type=recursos&#038;p=7459"},"modified":"2024-11-26T17:09:19","modified_gmt":"2024-11-26T22:09:19","slug":"hablemos-de-suicidio","status":"publish","type":"recursos","link":"https:\/\/www.javeriana.edu.co\/enmental\/recursos\/hablemos-de-suicidio\/","title":{"rendered":"Hablemos de Suicidio"},"content":{"rendered":"\t\t<div data-elementor-type=\"wp-post\" data-elementor-id=\"7459\" class=\"elementor elementor-7459\" data-elementor-post-type=\"recursos\">\n\t\t\t\t<div class=\"elementor-element elementor-element-640e86c9 e-flex e-con-boxed e-con e-parent\" data-id=\"640e86c9\" data-element_type=\"container\" data-settings=\"{&quot;_ha_eqh_enable&quot;:false}\">\n\t\t\t\t\t<div class=\"e-con-inner\">\n\t\t<div class=\"elementor-element elementor-element-1f4e5ddf e-con-full e-flex e-con e-child\" data-id=\"1f4e5ddf\" data-element_type=\"container\" data-settings=\"{&quot;_ha_eqh_enable&quot;:false}\">\n\t\t\t\t<div class=\"elementor-element elementor-element-6fa65fc8 exad-glass-effect-no elementor-widget elementor-widget-template\" data-id=\"6fa65fc8\" data-element_type=\"widget\" data-widget_type=\"template.default\">\n\t\t\t\t<div class=\"elementor-widget-container\">\n\t\t\t\t\t<div class=\"elementor-template\">\n\t\t\t\t\t<div data-elementor-type=\"section\" data-elementor-id=\"6362\" class=\"elementor elementor-6362\" data-elementor-post-type=\"elementor_library\">\n\t\t\t<div class=\"elementor-element elementor-element-7f7a6ad e-con-full media-type-icons e-flex e-con e-parent\" data-id=\"7f7a6ad\" data-element_type=\"container\" data-settings=\"{&quot;_ha_eqh_enable&quot;:false}\">\n\t\t\t\t<div class=\"elementor-element elementor-element-d300956 elementor-view-stacked media-type-video elementor-shape-circle exad-glass-effect-no elementor-widget elementor-widget-icon\" data-id=\"d300956\" data-element_type=\"widget\" data-widget_type=\"icon.default\">\n\t\t\t\t<div class=\"elementor-widget-container\">\n\t\t\t\t\t<div class=\"elementor-icon-wrapper\">\n\t\t\t<div class=\"elementor-icon\">\n\t\t\t<i aria-hidden=\"true\" class=\"remixicon ri-play-circle-line\"><\/i>\t\t\t<\/div>\n\t\t<\/div>\n\t\t\t\t<\/div>\n\t\t\t\t<\/div>\n\t\t\t\t<div class=\"elementor-element elementor-element-166dd91 elementor-view-stacked media-type-audio elementor-shape-circle exad-glass-effect-no elementor-widget elementor-widget-icon\" data-id=\"166dd91\" data-element_type=\"widget\" data-widget_type=\"icon.default\">\n\t\t\t\t<div class=\"elementor-widget-container\">\n\t\t\t\t\t<div class=\"elementor-icon-wrapper\">\n\t\t\t<div class=\"elementor-icon\">\n\t\t\t<i aria-hidden=\"true\" class=\"remixicon ri-volume-up-line\"><\/i>\t\t\t<\/div>\n\t\t<\/div>\n\t\t\t\t<\/div>\n\t\t\t\t<\/div>\n\t\t\t\t<div class=\"elementor-element elementor-element-1d70d66 elementor-view-stacked media-type-link elementor-shape-circle exad-glass-effect-no elementor-widget elementor-widget-icon\" data-id=\"1d70d66\" data-element_type=\"widget\" data-widget_type=\"icon.default\">\n\t\t\t\t<div class=\"elementor-widget-container\">\n\t\t\t\t\t<div class=\"elementor-icon-wrapper\">\n\t\t\t<div class=\"elementor-icon\">\n\t\t\t<i aria-hidden=\"true\" class=\"remixicon ri-link-m\"><\/i>\t\t\t<\/div>\n\t\t<\/div>\n\t\t\t\t<\/div>\n\t\t\t\t<\/div>\n\t\t\t\t<div class=\"elementor-element elementor-element-88888ed elementor-view-stacked media-type-text elementor-shape-circle exad-glass-effect-no elementor-widget elementor-widget-icon\" data-id=\"88888ed\" data-element_type=\"widget\" data-widget_type=\"icon.default\">\n\t\t\t\t<div class=\"elementor-widget-container\">\n\t\t\t\t\t<div class=\"elementor-icon-wrapper\">\n\t\t\t<div class=\"elementor-icon\">\n\t\t\t<i aria-hidden=\"true\" class=\"remixicon ri-book-read-line\"><\/i>\t\t\t<\/div>\n\t\t<\/div>\n\t\t\t\t<\/div>\n\t\t\t\t<\/div>\n\t\t\t\t<div class=\"elementor-element elementor-element-06779f5 elementor-view-stacked media-type-document elementor-shape-circle exad-glass-effect-no elementor-widget elementor-widget-icon\" data-id=\"06779f5\" data-element_type=\"widget\" data-widget_type=\"icon.default\">\n\t\t\t\t<div class=\"elementor-widget-container\">\n\t\t\t\t\t<div class=\"elementor-icon-wrapper\">\n\t\t\t<div class=\"elementor-icon\">\n\t\t\t<i aria-hidden=\"true\" class=\"remixicon ri-profile-line\"><\/i>\t\t\t<\/div>\n\t\t<\/div>\n\t\t\t\t<\/div>\n\t\t\t\t<\/div>\n\t\t\t\t<\/div>\n\t\t\t\t<\/div>\n\t\t\t\t<\/div>\n\t\t\t\t<\/div>\n\t\t\t\t<\/div>\n\t\t\t\t<div class=\"elementor-element elementor-element-2fce1023 exad-glass-effect-no elementor-widget elementor-widget-exad-exclusive-heading\" data-id=\"2fce1023\" data-element_type=\"widget\" data-widget_type=\"exad-exclusive-heading.default\">\n\t\t\t\t<div class=\"elementor-widget-container\">\n\t\t\t\r\n        <div class=\"exad-exclusive-heading\">\r\n            <div class=\"exad-exclusive-heading-wrapper exad-heading-left exad-heading-image-gradient\">\r\n\t\t\t\r\n                <h1 data-content=\"Hablemos de Suicidio\" class=\"exad-exclusive-heading-title\">\r\n\t\t\t\t\tHablemos de Suicidio\t\t\t\t<\/h1>\r\n\t\r\n                \r\n            <\/div>\r\n        <\/div>\r\n\t\t\t<\/div>\n\t\t\t\t<\/div>\n\t\t\t\t<div class=\"elementor-element elementor-element-134e055c premium-mouse-detect-yes exad-glass-effect-no elementor-widget elementor-widget-premium-addon-button\" data-id=\"134e055c\" data-element_type=\"widget\" data-widget_type=\"premium-addon-button.default\">\n\t\t\t\t<div class=\"elementor-widget-container\">\n\t\t\t\n\n\t\t<a class=\"premium-button premium-button-style6 premium-btn-lg premium-button-style6\" href=\"#elementor-action%3Aaction%3Dlightbox%26settings%3DeyJ0eXBlIjoidmlkZW8iLCJ2aWRlb1R5cGUiOiJ5b3V0dWJlIiwidXJsIjoiaHR0cHM6XC9cL3d3dy55b3V0dWJlLmNvbVwvZW1iZWRcL0VRUmNUUTV4cmZnP2ZlYXR1cmU9b2VtYmVkIn0%3D\">\n\t\t\t<div class=\"premium-button-text-icon-wrapper\">\n\t\t\t\t\n\t\t\t\t\t<!-- Before Icon -->\n\t\t\t\t\t\t\t\t\t\t\t\t\t\t\t\t\t\t<i class=\"premium-svg-nodraw premium-drawable-icon remixicon ri-play-circle-line\" aria-hidden=\"true\"><\/i>\t\t\t\t\t\t\t\t\t\t\t\t\t\t\t\n\t\t\t\t\t\t\t\t\t<span >\n\t\t\t\t\t\tReproducir video\t\t\t\t\t<\/span>\n\t\t\t\t\n\t\t\t\t<!-- After Icon -->\n\t\t\t\t\t\t\t\t\t\t\t\t\t\t\t\t<\/div>\n\n\t\t\t\n\t\t\t\t\t\t\t<span class=\"premium-button-style6-bg\"><\/span>\n\t\t\t\n\t\t\t\n\t\t<\/a>\n\n\n\t\t\t\t<\/div>\n\t\t\t\t<\/div>\n\t\t\t\t<div class=\"elementor-element elementor-element-2faa1506 exad-glass-effect-no elementor-widget elementor-widget-text-editor\" data-id=\"2faa1506\" data-element_type=\"widget\" data-widget_type=\"text-editor.default\">\n\t\t\t\t<div class=\"elementor-widget-container\">\n\t\t\t\t\t\t\t<p>Este video aborda un tema crucial para j\u00f3venes y adolescentes: la prevenci\u00f3n del suicidio. El Dr. Juan David, m\u00e9dico especialista en psiquiatr\u00eda, explica c\u00f3mo el suicidio es una de las principales causas de muerte en j\u00f3venes a nivel mundial.<\/p><p>A trav\u00e9s de este video, aprender\u00e1s a identificar las se\u00f1ales de alerta, c\u00f3mo abordar a alguien que podr\u00eda estar pensando en suicidarse, y qu\u00e9 hacer en situaciones de riesgo. Tambi\u00e9n se destaca la importancia de buscar ayuda profesional y tener a mano recursos y l\u00edneas de atenci\u00f3n. No te pierdas este valioso contenido que podr\u00eda marcar la diferencia en la vida de alguien cercano. Dale play y ent\u00e9rate m\u00e1s.<\/p>\t\t\t\t\t\t<\/div>\n\t\t\t\t<\/div>\n\t\t\t\t<div class=\"elementor-element elementor-element-11b4011 exad-glass-effect-no elementor-widget elementor-widget-text-editor\" data-id=\"11b4011\" data-element_type=\"widget\" data-widget_type=\"text-editor.default\">\n\t\t\t\t<div class=\"elementor-widget-container\">\n\t\t\t\t\t\t\t<p>L\u00edneas de atenci\u00f3n<\/p>\t\t\t\t\t\t<\/div>\n\t\t\t\t<\/div>\n\t\t\t\t<div class=\"elementor-element elementor-element-b584a58 elementor-icon-list--layout-traditional elementor-list-item-link-full_width exad-glass-effect-no elementor-widget elementor-widget-icon-list\" data-id=\"b584a58\" data-element_type=\"widget\" data-widget_type=\"icon-list.default\">\n\t\t\t\t<div class=\"elementor-widget-container\">\n\t\t\t\t\t<ul class=\"elementor-icon-list-items\">\n\t\t\t\t\t\t\t<li class=\"elementor-icon-list-item\">\n\t\t\t\t\t\t\t\t\t\t\t<a href=\"tel:123\" target=\"_blank\">\n\n\t\t\t\t\t\t\t\t\t\t\t\t<span class=\"elementor-icon-list-icon\">\n\t\t\t\t\t\t\t<i aria-hidden=\"true\" class=\"remixicon ri-phone-fill\"><\/i>\t\t\t\t\t\t<\/span>\n\t\t\t\t\t\t\t\t\t\t<span class=\"elementor-icon-list-text\">123 - L\u00ednea de emergencias nacional  <\/span>\n\t\t\t\t\t\t\t\t\t\t\t<\/a>\n\t\t\t\t\t\t\t\t\t<\/li>\n\t\t\t\t\t\t\t\t<li class=\"elementor-icon-list-item\">\n\t\t\t\t\t\t\t\t\t\t\t<a href=\"tel:106\" target=\"_blank\">\n\n\t\t\t\t\t\t\t\t\t\t\t\t<span class=\"elementor-icon-list-icon\">\n\t\t\t\t\t\t\t<i aria-hidden=\"true\" class=\"remixicon ri-phone-fill\"><\/i>\t\t\t\t\t\t<\/span>\n\t\t\t\t\t\t\t\t\t\t<span class=\"elementor-icon-list-text\">106 - El poder de ser escuchado (Secretar\u00eda distrital de Bogot\u00e1) <\/span>\n\t\t\t\t\t\t\t\t\t\t\t<\/a>\n\t\t\t\t\t\t\t\t\t<\/li>\n\t\t\t\t\t\t\t\t<li class=\"elementor-icon-list-item\">\n\t\t\t\t\t\t\t\t\t\t\t<a href=\"tel:018000112137\" target=\"_blank\">\n\n\t\t\t\t\t\t\t\t\t\t\t\t<span class=\"elementor-icon-list-icon\">\n\t\t\t\t\t\t\t<i aria-hidden=\"true\" class=\"remixicon ri-phone-fill\"><\/i>\t\t\t\t\t\t<\/span>\n\t\t\t\t\t\t\t\t\t\t<span class=\"elementor-icon-list-text\">018000112137<\/span>\n\t\t\t\t\t\t\t\t\t\t\t<\/a>\n\t\t\t\t\t\t\t\t\t<\/li>\n\t\t\t\t\t\t\t\t<li class=\"elementor-icon-list-item\">\n\t\t\t\t\t\t\t\t\t\t\t<a href=\"tel:018000112137\" target=\"_blank\">\n\n\t\t\t\t\t\t\t\t\t\t\t\t<span class=\"elementor-icon-list-icon\">\n\t\t\t\t\t\t\t<i aria-hidden=\"true\" class=\"remixicon ri-whatsapp-line\"><\/i>\t\t\t\t\t\t<\/span>\n\t\t\t\t\t\t\t\t\t\t<span class=\"elementor-icon-list-text\">WhatsApp 3007551846 - L\u00ednea p\u00farpura<\/span>\n\t\t\t\t\t\t\t\t\t\t\t<\/a>\n\t\t\t\t\t\t\t\t\t<\/li>\n\t\t\t\t\t\t<\/ul>\n\t\t\t\t<\/div>\n\t\t\t\t<\/div>\n\t\t\t\t<div class=\"elementor-element elementor-element-ebd10e4 exad-glass-effect-no elementor-widget elementor-widget-text-editor\" data-id=\"ebd10e4\" data-element_type=\"widget\" data-widget_type=\"text-editor.default\">\n\t\t\t\t<div class=\"elementor-widget-container\">\n\t\t\t\t\t\t\t<p>Consulta las l\u00edneas disponibles en tu ciudad en el siguiente enlace:<\/p>\t\t\t\t\t\t<\/div>\n\t\t\t\t<\/div>\n\t\t\t\t<div class=\"elementor-element elementor-element-1a56ec6 elementor-icon-list--layout-traditional elementor-list-item-link-full_width exad-glass-effect-no elementor-widget elementor-widget-icon-list\" data-id=\"1a56ec6\" data-element_type=\"widget\" data-widget_type=\"icon-list.default\">\n\t\t\t\t<div class=\"elementor-widget-container\">\n\t\t\t\t\t<ul class=\"elementor-icon-list-items\">\n\t\t\t\t\t\t\t<li class=\"elementor-icon-list-item\">\n\t\t\t\t\t\t\t\t\t\t\t<a href=\"https:\/\/www.minsalud.gov.co\/sites\/rid\/Lists\/BibliotecaDigital\/RIDE\/SG\/GT\/lineas-atencion-territorial-salud-mental.pdf\" target=\"_blank\">\n\n\t\t\t\t\t\t\t\t\t\t\t\t<span class=\"elementor-icon-list-icon\">\n\t\t\t\t\t\t\t<i aria-hidden=\"true\" class=\"remixicon ri-link-m\"><\/i>\t\t\t\t\t\t<\/span>\n\t\t\t\t\t\t\t\t\t\t<span class=\"elementor-icon-list-text\">https:\/\/www.minsalud.gov.co\/sites\/rid\/Lists\/BibliotecaDigital\/RIDE\/SG\/GT\/lineas-atencion-territorial-salud-mental.pdf <\/span>\n\t\t\t\t\t\t\t\t\t\t\t<\/a>\n\t\t\t\t\t\t\t\t\t<\/li>\n\t\t\t\t\t\t<\/ul>\n\t\t\t\t<\/div>\n\t\t\t\t<\/div>\n\t\t\t\t<div class=\"elementor-element elementor-element-9d62f18 exad-glass-effect-no elementor-widget elementor-widget-text-editor\" data-id=\"9d62f18\" data-element_type=\"widget\" data-widget_type=\"text-editor.default\">\n\t\t\t\t<div class=\"elementor-widget-container\">\n\t\t\t\t\t\t\t<p>Recursos<\/p>\t\t\t\t\t\t<\/div>\n\t\t\t\t<\/div>\n\t\t\t\t<div class=\"elementor-element elementor-element-5ee334f elementor-icon-list--layout-traditional elementor-list-item-link-full_width exad-glass-effect-no elementor-widget elementor-widget-icon-list\" data-id=\"5ee334f\" data-element_type=\"widget\" data-widget_type=\"icon-list.default\">\n\t\t\t\t<div class=\"elementor-widget-container\">\n\t\t\t\t\t<ul class=\"elementor-icon-list-items\">\n\t\t\t\t\t\t\t<li class=\"elementor-icon-list-item\">\n\t\t\t\t\t\t\t\t\t\t\t<a href=\"https:\/\/www.minsalud.gov.co\/salud\/publica\/SMental\/Paginas\/suicidio.aspx\" target=\"_blank\">\n\n\t\t\t\t\t\t\t\t\t\t\t\t<span class=\"elementor-icon-list-icon\">\n\t\t\t\t\t\t\t<i aria-hidden=\"true\" class=\"remixicon ri-link-m\"><\/i>\t\t\t\t\t\t<\/span>\n\t\t\t\t\t\t\t\t\t\t<span class=\"elementor-icon-list-text\">https:\/\/www.minsalud.gov.co\/salud\/publica\/SMental\/Paginas\/suicidio.aspx<\/span>\n\t\t\t\t\t\t\t\t\t\t\t<\/a>\n\t\t\t\t\t\t\t\t\t<\/li>\n\t\t\t\t\t\t\t\t<li class=\"elementor-icon-list-item\">\n\t\t\t\t\t\t\t\t\t\t\t<a href=\"https:\/\/www.who.int\/es\/news-room\/fact-sheets\/detail\/adolescent-mental-health%20%20\" target=\"_blank\">\n\n\t\t\t\t\t\t\t\t\t\t\t\t<span class=\"elementor-icon-list-icon\">\n\t\t\t\t\t\t\t<i aria-hidden=\"true\" class=\"remixicon ri-link-m\"><\/i>\t\t\t\t\t\t<\/span>\n\t\t\t\t\t\t\t\t\t\t<span class=\"elementor-icon-list-text\">https:\/\/www.who.int\/es\/news-room\/fact-sheets\/detail\/adolescent-mental-health  <\/span>\n\t\t\t\t\t\t\t\t\t\t\t<\/a>\n\t\t\t\t\t\t\t\t\t<\/li>\n\t\t\t\t\t\t<\/ul>\n\t\t\t\t<\/div>\n\t\t\t\t<\/div>\n\t\t\t\t<div class=\"elementor-element elementor-element-4e06d956 elementor-widget-divider--view-line exad-glass-effect-no elementor-widget elementor-widget-divider\" data-id=\"4e06d956\" data-element_type=\"widget\" data-widget_type=\"divider.default\">\n\t\t\t\t<div class=\"elementor-widget-container\">\n\t\t\t\t\t<div class=\"elementor-divider\">\n\t\t\t<span class=\"elementor-divider-separator\">\n\t\t\t\t\t\t<\/span>\n\t\t<\/div>\n\t\t\t\t<\/div>\n\t\t\t\t<\/div>\n\t\t\t\t<div class=\"elementor-element elementor-element-22151a3a exad-glass-effect-no elementor-widget elementor-widget-text-editor\" data-id=\"22151a3a\" data-element_type=\"widget\" data-widget_type=\"text-editor.default\">\n\t\t\t\t<div class=\"elementor-widget-container\">\n\t\t\t\t\t\t\t<p>Cr\u00e9ditos <br \/>En c\u00e1mara: Juan David Filizzola Berm\u00fadez, MD Esp. psiquiatr\u00eda general <br \/>Direcci\u00f3n y guion: Juan David Filizzola Berm\u00fadez, MD Esp. psiquiatr\u00eda general <br \/>Producci\u00f3n: Laura Ospina Pinillos MD, PhD, Esp. Psiquiatr\u00eda de ni\u00f1os, adolescentes y familia <br \/>Coordinaci\u00f3n general: Andrea Carolina Bello-Tocancip\u00e1, BSc. Psicolog\u00eda <br \/>Realizaci\u00f3n audiovisual y animaci\u00f3n: N\u00e9stor Serrano Amaya, Jos\u00e9 David Correa <br \/>Edici\u00f3n de guion: Laura Ospina Pinillos <br \/>Agradecimientos: Dr. Miguel Urib<\/p>\t\t\t\t\t\t<\/div>\n\t\t\t\t<\/div>\n\t\t\t\t<\/div>\n\t\t<div class=\"elementor-element elementor-element-784ff47e e-con-full e-flex e-con e-child\" data-id=\"784ff47e\" data-element_type=\"container\" data-settings=\"{&quot;_ha_eqh_enable&quot;:false}\">\n\t\t\t\t<div class=\"elementor-element elementor-element-58eef5ef exad-glass-effect-no elementor-widget elementor-widget-image\" data-id=\"58eef5ef\" data-element_type=\"widget\" data-settings=\"{&quot;_animation&quot;:&quot;none&quot;}\" data-widget_type=\"image.default\">\n\t\t\t\t<div class=\"elementor-widget-container\">\n\t\t\t\t\t\t\t\t\t\t\t\t\t<img fetchpriority=\"high\" decoding=\"async\" width=\"1024\" height=\"576\" src=\"https:\/\/www.javeriana.edu.co\/enmental\/wp-content\/uploads\/2024\/10\/hablemos-suicidio-1024x576.jpg\" class=\"attachment-large size-large wp-image-7792\" alt=\"\" srcset=\"https:\/\/www.javeriana.edu.co\/enmental\/wp-content\/uploads\/2024\/10\/hablemos-suicidio-1024x576.jpg 1024w, https:\/\/www.javeriana.edu.co\/enmental\/wp-content\/uploads\/2024\/10\/hablemos-suicidio-300x169.jpg 300w, https:\/\/www.javeriana.edu.co\/enmental\/wp-content\/uploads\/2024\/10\/hablemos-suicidio-768x432.jpg 768w, https:\/\/www.javeriana.edu.co\/enmental\/wp-content\/uploads\/2024\/10\/hablemos-suicidio.jpg 1280w\" sizes=\"(max-width: 1024px) 100vw, 1024px\" \/>\t\t\t\t\t\t\t\t\t\t\t\t\t<\/div>\n\t\t\t\t<\/div>\n\t\t\t\t<div class=\"elementor-element elementor-element-7c4e70b9 exad-glass-effect-no elementor-widget elementor-widget-template\" data-id=\"7c4e70b9\" data-element_type=\"widget\" data-widget_type=\"template.default\">\n\t\t\t\t<div class=\"elementor-widget-container\">\n\t\t\t\t\t<div class=\"elementor-template\">\n\t\t\t\t\t<div data-elementor-type=\"section\" data-elementor-id=\"6409\" class=\"elementor elementor-6409\" data-elementor-post-type=\"elementor_library\">\n\t\t\t<div class=\"elementor-element elementor-element-eda4d6c e-con-full e-flex e-con e-parent\" data-id=\"eda4d6c\" data-element_type=\"container\" data-settings=\"{&quot;_ha_eqh_enable&quot;:false}\">\n\t\t\t\t<div class=\"elementor-element elementor-element-3466d79 exad-glass-effect-no elementor-widget elementor-widget-heading\" data-id=\"3466d79\" data-element_type=\"widget\" data-widget_type=\"heading.default\">\n\t\t\t\t<div class=\"elementor-widget-container\">\n\t\t\t<p class=\"elementor-heading-title elementor-size-default\">\u00bfTe gust\u00f3 este contenido?<\/p>\t\t<\/div>\n\t\t\t\t<\/div>\n\t\t\t\t<div class=\"elementor-element elementor-element-5ce5e23 exad-glass-effect-no elementor-widget elementor-widget-heading\" data-id=\"5ce5e23\" data-element_type=\"widget\" data-widget_type=\"heading.default\">\n\t\t\t\t<div class=\"elementor-widget-container\">\n\t\t\t<p class=\"elementor-heading-title elementor-size-default\">puedes compartirlo<\/p>\t\t<\/div>\n\t\t\t\t<\/div>\n\t\t\t\t<div class=\"elementor-element elementor-element-6b0c6e9 elementor-share-buttons--skin-flat elementor-share-buttons--shape-circle elementor-share-buttons--color-custom elementor-share-buttons--view-icon elementor-share-buttons--align-center elementor-grid-0 exad-glass-effect-no elementor-widget elementor-widget-share-buttons\" data-id=\"6b0c6e9\" data-element_type=\"widget\" data-widget_type=\"share-buttons.default\">\n\t\t\t\t<div class=\"elementor-widget-container\">\n\t\t\t\t\t<div class=\"elementor-grid\">\n\t\t\t\t\t\t\t\t<div class=\"elementor-grid-item\">\n\t\t\t\t\t\t<div\n\t\t\t\t\t\t\tclass=\"elementor-share-btn elementor-share-btn_facebook\"\n\t\t\t\t\t\t\trole=\"button\"\n\t\t\t\t\t\t\ttabindex=\"0\"\n\t\t\t\t\t\t\taria-label=\"Compartir en facebook\"\n\t\t\t\t\t\t>\n\t\t\t\t\t\t\t\t\t\t\t\t\t\t\t<span class=\"elementor-share-btn__icon\">\n\t\t\t\t\t\t\t\t<i class=\"fab fa-facebook\" aria-hidden=\"true\"><\/i>\t\t\t\t\t\t\t<\/span>\n\t\t\t\t\t\t\t\t\t\t\t\t\t\t\t\t\t\t\t\t<\/div>\n\t\t\t\t\t<\/div>\n\t\t\t\t\t\t\t\t\t<div class=\"elementor-grid-item\">\n\t\t\t\t\t\t<div\n\t\t\t\t\t\t\tclass=\"elementor-share-btn elementor-share-btn_whatsapp\"\n\t\t\t\t\t\t\trole=\"button\"\n\t\t\t\t\t\t\ttabindex=\"0\"\n\t\t\t\t\t\t\taria-label=\"Compartir en whatsapp\"\n\t\t\t\t\t\t>\n\t\t\t\t\t\t\t\t\t\t\t\t\t\t\t<span class=\"elementor-share-btn__icon\">\n\t\t\t\t\t\t\t\t<i class=\"fab fa-whatsapp\" aria-hidden=\"true\"><\/i>\t\t\t\t\t\t\t<\/span>\n\t\t\t\t\t\t\t\t\t\t\t\t\t\t\t\t\t\t\t\t<\/div>\n\t\t\t\t\t<\/div>\n\t\t\t\t\t\t\t\t\t<div class=\"elementor-grid-item\">\n\t\t\t\t\t\t<div\n\t\t\t\t\t\t\tclass=\"elementor-share-btn elementor-share-btn_email\"\n\t\t\t\t\t\t\trole=\"button\"\n\t\t\t\t\t\t\ttabindex=\"0\"\n\t\t\t\t\t\t\taria-label=\"Compartir en email\"\n\t\t\t\t\t\t>\n\t\t\t\t\t\t\t\t\t\t\t\t\t\t\t<span class=\"elementor-share-btn__icon\">\n\t\t\t\t\t\t\t\t<i class=\"fas fa-envelope\" aria-hidden=\"true\"><\/i>\t\t\t\t\t\t\t<\/span>\n\t\t\t\t\t\t\t\t\t\t\t\t\t\t\t\t\t\t\t\t<\/div>\n\t\t\t\t\t<\/div>\n\t\t\t\t\t\t<\/div>\n\t\t\t\t<\/div>\n\t\t\t\t<\/div>\n\t\t\t\t<\/div>\n\t\t\t\t<\/div>\n\t\t\t\t<\/div>\n\t\t\t\t<\/div>\n\t\t\t\t<\/div>\n\t\t\t\t<\/div>\n\t\t\t\t\t<\/div>\n\t\t\t\t<\/div>\n\t\t<div class=\"elementor-element elementor-element-61463d25 e-flex e-con-boxed e-con e-parent\" data-id=\"61463d25\" data-element_type=\"container\" data-settings=\"{&quot;_ha_eqh_enable&quot;:false}\">\n\t\t\t\t\t<div class=\"e-con-inner\">\n\t\t\t\t<div class=\"elementor-element elementor-element-2e591ef7 exad-glass-effect-no elementor-widget elementor-widget-template\" data-id=\"2e591ef7\" data-element_type=\"widget\" data-widget_type=\"template.default\">\n\t\t\t\t<div class=\"elementor-widget-container\">\n\t\t\t\t\t<div class=\"elementor-template\">\n\t\t\t\t\t<div data-elementor-type=\"section\" data-elementor-id=\"6433\" class=\"elementor elementor-6433\" data-elementor-post-type=\"elementor_library\">\n\t\t\t<div class=\"elementor-element elementor-element-ba165ba e-con-full e-flex e-con e-parent\" data-id=\"ba165ba\" data-element_type=\"container\" data-settings=\"{&quot;_ha_eqh_enable&quot;:false}\">\n\t\t\t\t<div class=\"elementor-element elementor-element-5cc581d exad-glass-effect-no elementor-widget elementor-widget-exad-exclusive-heading\" data-id=\"5cc581d\" data-element_type=\"widget\" data-widget_type=\"exad-exclusive-heading.default\">\n\t\t\t\t<div class=\"elementor-widget-container\">\n\t\t\t\r\n        <div class=\"exad-exclusive-heading\">\r\n            <div class=\"exad-exclusive-heading-wrapper exad-heading-left exad-heading-image-gradient\">\r\n\t\t\t\r\n                <div data-content=\"Otros temas que te pueden interesar\" class=\"exad-exclusive-heading-title\">\r\n\t\t\t\t\tOtros temas que te pueden interesar\t\t\t\t<\/div>\r\n\t\r\n                \r\n            <\/div>\r\n        <\/div>\r\n\t\t\t<\/div>\n\t\t\t\t<\/div>\n\t\t\t\t<div class=\"elementor-element elementor-element-39e394e elementor-pagination-type-bullets elementor-pagination-position-outside exad-glass-effect-no elementor-widget elementor-widget-loop-carousel\" data-id=\"39e394e\" data-element_type=\"widget\" data-settings=\"{&quot;template_id&quot;:1720,&quot;image_spacing_custom&quot;:{&quot;unit&quot;:&quot;px&quot;,&quot;size&quot;:30,&quot;sizes&quot;:[]},&quot;motion_fx_motion_fx_scrolling&quot;:&quot;yes&quot;,&quot;_skin&quot;:&quot;post&quot;,&quot;slides_to_show&quot;:&quot;3&quot;,&quot;slides_to_show_tablet&quot;:&quot;2&quot;,&quot;slides_to_show_mobile&quot;:&quot;1&quot;,&quot;slides_to_scroll&quot;:&quot;1&quot;,&quot;edit_handle_selector&quot;:&quot;.elementor-widget-container&quot;,&quot;autoplay&quot;:&quot;yes&quot;,&quot;autoplay_speed&quot;:5000,&quot;pause_on_hover&quot;:&quot;yes&quot;,&quot;pause_on_interaction&quot;:&quot;yes&quot;,&quot;speed&quot;:500,&quot;pagination&quot;:&quot;bullets&quot;,&quot;image_spacing_custom_tablet&quot;:{&quot;unit&quot;:&quot;px&quot;,&quot;size&quot;:&quot;&quot;,&quot;sizes&quot;:[]},&quot;image_spacing_custom_mobile&quot;:{&quot;unit&quot;:&quot;px&quot;,&quot;size&quot;:&quot;&quot;,&quot;sizes&quot;:[]},&quot;motion_fx_devices&quot;:[&quot;desktop&quot;,&quot;tablet&quot;,&quot;mobile&quot;]}\" data-widget_type=\"loop-carousel.post\">\n\t\t\t\t<div class=\"elementor-widget-container\">\n\t\t\t\t\t<div class=\"e-loop-nothing-found-message\">\n\t\t<\/div>\n\t\t\t\t<\/div>\n\t\t\t\t<\/div>\n\t\t\t\t<\/div>\n\t\t\t\t<\/div>\n\t\t\t\t<\/div>\n\t\t\t\t<\/div>\n\t\t\t\t<\/div>\n\t\t\t\t\t<\/div>\n\t\t\t\t<\/div>\n\t\t\t\t<\/div>\n\t\t","protected":false},"excerpt":{"rendered":"<p>Reproducir video Este video aborda un tema crucial para j\u00f3venes y adolescentes: la prevenci\u00f3n del suicidio. El Dr. Juan David, m\u00e9dico especialista en psiquiatr\u00eda, explica c\u00f3mo el suicidio es una de las principales causas de muerte en j\u00f3venes a nivel mundial. A trav\u00e9s de este video, aprender\u00e1s a identificar las se\u00f1ales de alerta, c\u00f3mo abordar [&hellip;]<\/p>\n","protected":false},"featured_media":7792,"parent":0,"menu_order":0,"template":"","meta":{"_acf_changed":false},"categories":[4,6,5],"tema":[144,129],"class_list":["post-7459","recursos","type-recursos","status-publish","has-post-thumbnail","hentry","category-recursos-adolescentes","category-recursos-docentes","category-recursos-padres","tema-depresion","tema-trastornos-y-problemas-de-salud-mental"],"acf":[],"yoast_head":"<!-- This site is optimized with the Yoast SEO plugin v23.6 - https:\/\/yoast.com\/wordpress\/plugins\/seo\/ -->\n<title>Hablemos de Suicidio<\/title>\n<meta name=\"description\" content=\"Reproducir video Este video aborda un tema crucial para j\u00f3venes y adolescentes: la prevenci\u00f3n del suicidio. El Dr. Juan David, m\u00e9dico especialista en\" \/>\n<meta name=\"robots\" content=\"index, follow, max-snippet:-1, max-image-preview:large, max-video-preview:-1\" \/>\n<link rel=\"canonical\" href=\"https:\/\/www.javeriana.edu.co\/enmental\/recursos\/hablemos-de-suicidio\/\" \/>\n<meta property=\"og:locale\" content=\"es_ES\" \/>\n<meta property=\"og:type\" content=\"article\" \/>\n<meta property=\"og:title\" content=\"Hablemos de Suicidio\" \/>\n<meta property=\"og:description\" content=\"Reproducir video Este video aborda un tema crucial para j\u00f3venes y adolescentes: la prevenci\u00f3n del suicidio. El Dr. Juan David, m\u00e9dico especialista en\" \/>\n<meta property=\"og:url\" content=\"https:\/\/www.javeriana.edu.co\/enmental\/recursos\/hablemos-de-suicidio\/\" \/>\n<meta property=\"og:site_name\" content=\"ENMENTAL\" \/>\n<meta property=\"article:publisher\" content=\"https:\/\/www.facebook.com\/mentescolectivaspuj\" \/>\n<meta property=\"article:modified_time\" content=\"2024-11-26T22:09:19+00:00\" \/>\n<meta property=\"og:image\" content=\"https:\/\/www.javeriana.edu.co\/enmental\/wp-content\/uploads\/2024\/10\/hablemos-suicidio.jpg\" \/>\n\t<meta property=\"og:image:width\" content=\"1280\" \/>\n\t<meta property=\"og:image:height\" content=\"720\" \/>\n\t<meta property=\"og:image:type\" content=\"image\/jpeg\" \/>\n<meta name=\"twitter:card\" content=\"summary_large_image\" \/>\n<meta name=\"twitter:label1\" content=\"Tiempo de lectura\" \/>\n\t<meta name=\"twitter:data1\" content=\"5 minutos\" \/>\n<script type=\"application\/ld+json\" class=\"yoast-schema-graph\">{\"@context\":\"https:\/\/schema.org\",\"@graph\":[{\"@type\":\"WebPage\",\"@id\":\"https:\/\/www.javeriana.edu.co\/enmental\/recursos\/hablemos-de-suicidio\/\",\"url\":\"https:\/\/www.javeriana.edu.co\/enmental\/recursos\/hablemos-de-suicidio\/\",\"name\":\"Hablemos de Suicidio\",\"isPartOf\":{\"@id\":\"https:\/\/www.javeriana.edu.co\/enmental\/#website\"},\"primaryImageOfPage\":{\"@id\":\"https:\/\/www.javeriana.edu.co\/enmental\/recursos\/hablemos-de-suicidio\/#primaryimage\"},\"image\":{\"@id\":\"https:\/\/www.javeriana.edu.co\/enmental\/recursos\/hablemos-de-suicidio\/#primaryimage\"},\"thumbnailUrl\":\"https:\/\/www.javeriana.edu.co\/enmental\/wp-content\/uploads\/2024\/10\/hablemos-suicidio.jpg\",\"datePublished\":\"2024-10-05T22:47:19+00:00\",\"dateModified\":\"2024-11-26T22:09:19+00:00\",\"description\":\"Reproducir video Este video aborda un tema crucial para j\u00f3venes y adolescentes: la prevenci\u00f3n del suicidio. El Dr. Juan David, m\u00e9dico especialista en\",\"breadcrumb\":{\"@id\":\"https:\/\/www.javeriana.edu.co\/enmental\/recursos\/hablemos-de-suicidio\/#breadcrumb\"},\"inLanguage\":\"es\",\"potentialAction\":[{\"@type\":\"ReadAction\",\"target\":[\"https:\/\/www.javeriana.edu.co\/enmental\/recursos\/hablemos-de-suicidio\/\"]}]},{\"@type\":\"ImageObject\",\"inLanguage\":\"es\",\"@id\":\"https:\/\/www.javeriana.edu.co\/enmental\/recursos\/hablemos-de-suicidio\/#primaryimage\",\"url\":\"https:\/\/www.javeriana.edu.co\/enmental\/wp-content\/uploads\/2024\/10\/hablemos-suicidio.jpg\",\"contentUrl\":\"https:\/\/www.javeriana.edu.co\/enmental\/wp-content\/uploads\/2024\/10\/hablemos-suicidio.jpg\",\"width\":1280,\"height\":720},{\"@type\":\"BreadcrumbList\",\"@id\":\"https:\/\/www.javeriana.edu.co\/enmental\/recursos\/hablemos-de-suicidio\/#breadcrumb\",\"itemListElement\":[{\"@type\":\"ListItem\",\"position\":1,\"name\":\"Inicio\",\"item\":\"https:\/\/www.javeriana.edu.co\/enmental\/\"},{\"@type\":\"ListItem\",\"position\":2,\"name\":\"Recursos\",\"item\":\"https:\/\/www.javeriana.edu.co\/enmental\/recursos\/\"},{\"@type\":\"ListItem\",\"position\":3,\"name\":\"Hablemos de Suicidio\"}]},{\"@type\":\"WebSite\",\"@id\":\"https:\/\/www.javeriana.edu.co\/enmental\/#website\",\"url\":\"https:\/\/www.javeriana.edu.co\/enmental\/\",\"name\":\"ENMENTAL\",\"description\":\"Informaci\u00f3n y orientaci\u00f3n sobre la salud mental de ni\u00f1os y ni\u00f1as, adolescentes y j\u00f3venes.\",\"publisher\":{\"@id\":\"https:\/\/www.javeriana.edu.co\/enmental\/#organization\"},\"potentialAction\":[{\"@type\":\"SearchAction\",\"target\":{\"@type\":\"EntryPoint\",\"urlTemplate\":\"https:\/\/www.javeriana.edu.co\/enmental\/?s={search_term_string}\"},\"query-input\":{\"@type\":\"PropertyValueSpecification\",\"valueRequired\":true,\"valueName\":\"search_term_string\"}}],\"inLanguage\":\"es\"},{\"@type\":\"Organization\",\"@id\":\"https:\/\/www.javeriana.edu.co\/enmental\/#organization\",\"name\":\"ENMENTAL\",\"url\":\"https:\/\/www.javeriana.edu.co\/enmental\/\",\"logo\":{\"@type\":\"ImageObject\",\"inLanguage\":\"es\",\"@id\":\"https:\/\/www.javeriana.edu.co\/enmental\/#\/schema\/logo\/image\/\",\"url\":\"http:\/\/www.javeriana.edu.co\/enmental\/wp-content\/uploads\/2024\/10\/icono.png\",\"contentUrl\":\"http:\/\/www.javeriana.edu.co\/enmental\/wp-content\/uploads\/2024\/10\/icono.png\",\"width\":513,\"height\":513,\"caption\":\"ENMENTAL\"},\"image\":{\"@id\":\"https:\/\/www.javeriana.edu.co\/enmental\/#\/schema\/logo\/image\/\"},\"sameAs\":[\"https:\/\/www.facebook.com\/mentescolectivaspuj\",\"https:\/\/www.instagram.com\/mentescolectivas_enmental_puj\/\",\"https:\/\/www.tiktok.com\/@mentescolectivasenmental\",\"https:\/\/www.youtube.com\/@mentescolectivas_enmental_puj\"]}]}<\/script>\n<!-- \/ Yoast SEO plugin. -->","yoast_head_json":{"title":"Hablemos de Suicidio","description":"Reproducir video Este video aborda un tema crucial para j\u00f3venes y adolescentes: la prevenci\u00f3n del suicidio. El Dr. Juan David, m\u00e9dico especialista en","robots":{"index":"index","follow":"follow","max-snippet":"max-snippet:-1","max-image-preview":"max-image-preview:large","max-video-preview":"max-video-preview:-1"},"canonical":"https:\/\/www.javeriana.edu.co\/enmental\/recursos\/hablemos-de-suicidio\/","og_locale":"es_ES","og_type":"article","og_title":"Hablemos de Suicidio","og_description":"Reproducir video Este video aborda un tema crucial para j\u00f3venes y adolescentes: la prevenci\u00f3n del suicidio. El Dr. Juan David, m\u00e9dico especialista en","og_url":"https:\/\/www.javeriana.edu.co\/enmental\/recursos\/hablemos-de-suicidio\/","og_site_name":"ENMENTAL","article_publisher":"https:\/\/www.facebook.com\/mentescolectivaspuj","article_modified_time":"2024-11-26T22:09:19+00:00","og_image":[{"width":1280,"height":720,"url":"https:\/\/www.javeriana.edu.co\/enmental\/wp-content\/uploads\/2024\/10\/hablemos-suicidio.jpg","type":"image\/jpeg"}],"twitter_card":"summary_large_image","twitter_misc":{"Tiempo de lectura":"5 minutos"},"schema":{"@context":"https:\/\/schema.org","@graph":[{"@type":"WebPage","@id":"https:\/\/www.javeriana.edu.co\/enmental\/recursos\/hablemos-de-suicidio\/","url":"https:\/\/www.javeriana.edu.co\/enmental\/recursos\/hablemos-de-suicidio\/","name":"Hablemos de Suicidio","isPartOf":{"@id":"https:\/\/www.javeriana.edu.co\/enmental\/#website"},"primaryImageOfPage":{"@id":"https:\/\/www.javeriana.edu.co\/enmental\/recursos\/hablemos-de-suicidio\/#primaryimage"},"image":{"@id":"https:\/\/www.javeriana.edu.co\/enmental\/recursos\/hablemos-de-suicidio\/#primaryimage"},"thumbnailUrl":"https:\/\/www.javeriana.edu.co\/enmental\/wp-content\/uploads\/2024\/10\/hablemos-suicidio.jpg","datePublished":"2024-10-05T22:47:19+00:00","dateModified":"2024-11-26T22:09:19+00:00","description":"Reproducir video Este video aborda un tema crucial para j\u00f3venes y adolescentes: la prevenci\u00f3n del suicidio. El Dr. Juan David, m\u00e9dico especialista en","breadcrumb":{"@id":"https:\/\/www.javeriana.edu.co\/enmental\/recursos\/hablemos-de-suicidio\/#breadcrumb"},"inLanguage":"es","potentialAction":[{"@type":"ReadAction","target":["https:\/\/www.javeriana.edu.co\/enmental\/recursos\/hablemos-de-suicidio\/"]}]},{"@type":"ImageObject","inLanguage":"es","@id":"https:\/\/www.javeriana.edu.co\/enmental\/recursos\/hablemos-de-suicidio\/#primaryimage","url":"https:\/\/www.javeriana.edu.co\/enmental\/wp-content\/uploads\/2024\/10\/hablemos-suicidio.jpg","contentUrl":"https:\/\/www.javeriana.edu.co\/enmental\/wp-content\/uploads\/2024\/10\/hablemos-suicidio.jpg","width":1280,"height":720},{"@type":"BreadcrumbList","@id":"https:\/\/www.javeriana.edu.co\/enmental\/recursos\/hablemos-de-suicidio\/#breadcrumb","itemListElement":[{"@type":"ListItem","position":1,"name":"Inicio","item":"https:\/\/www.javeriana.edu.co\/enmental\/"},{"@type":"ListItem","position":2,"name":"Recursos","item":"https:\/\/www.javeriana.edu.co\/enmental\/recursos\/"},{"@type":"ListItem","position":3,"name":"Hablemos de Suicidio"}]},{"@type":"WebSite","@id":"https:\/\/www.javeriana.edu.co\/enmental\/#website","url":"https:\/\/www.javeriana.edu.co\/enmental\/","name":"ENMENTAL","description":"Informaci\u00f3n y orientaci\u00f3n sobre la salud mental de ni\u00f1os y ni\u00f1as, adolescentes y j\u00f3venes.","publisher":{"@id":"https:\/\/www.javeriana.edu.co\/enmental\/#organization"},"potentialAction":[{"@type":"SearchAction","target":{"@type":"EntryPoint","urlTemplate":"https:\/\/www.javeriana.edu.co\/enmental\/?s={search_term_string}"},"query-input":{"@type":"PropertyValueSpecification","valueRequired":true,"valueName":"search_term_string"}}],"inLanguage":"es"},{"@type":"Organization","@id":"https:\/\/www.javeriana.edu.co\/enmental\/#organization","name":"ENMENTAL","url":"https:\/\/www.javeriana.edu.co\/enmental\/","logo":{"@type":"ImageObject","inLanguage":"es","@id":"https:\/\/www.javeriana.edu.co\/enmental\/#\/schema\/logo\/image\/","url":"http:\/\/www.javeriana.edu.co\/enmental\/wp-content\/uploads\/2024\/10\/icono.png","contentUrl":"http:\/\/www.javeriana.edu.co\/enmental\/wp-content\/uploads\/2024\/10\/icono.png","width":513,"height":513,"caption":"ENMENTAL"},"image":{"@id":"https:\/\/www.javeriana.edu.co\/enmental\/#\/schema\/logo\/image\/"},"sameAs":["https:\/\/www.facebook.com\/mentescolectivaspuj","https:\/\/www.instagram.com\/mentescolectivas_enmental_puj\/","https:\/\/www.tiktok.com\/@mentescolectivasenmental","https:\/\/www.youtube.com\/@mentescolectivas_enmental_puj"]}]}},"_links":{"self":[{"href":"https:\/\/www.javeriana.edu.co\/enmental\/wp-json\/wp\/v2\/recursos\/7459"}],"collection":[{"href":"https:\/\/www.javeriana.edu.co\/enmental\/wp-json\/wp\/v2\/recursos"}],"about":[{"href":"https:\/\/www.javeriana.edu.co\/enmental\/wp-json\/wp\/v2\/types\/recursos"}],"version-history":[{"count":11,"href":"https:\/\/www.javeriana.edu.co\/enmental\/wp-json\/wp\/v2\/recursos\/7459\/revisions"}],"predecessor-version":[{"id":10416,"href":"https:\/\/www.javeriana.edu.co\/enmental\/wp-json\/wp\/v2\/recursos\/7459\/revisions\/10416"}],"wp:featuredmedia":[{"embeddable":true,"href":"https:\/\/www.javeriana.edu.co\/enmental\/wp-json\/wp\/v2\/media\/7792"}],"wp:attachment":[{"href":"https:\/\/www.javeriana.edu.co\/enmental\/wp-json\/wp\/v2\/media?parent=7459"}],"wp:term":[{"taxonomy":"category","embeddable":true,"href":"https:\/\/www.javeriana.edu.co\/enmental\/wp-json\/wp\/v2\/categories?post=7459"},{"taxonomy":"tema","embeddable":true,"href":"https:\/\/www.javeriana.edu.co\/enmental\/wp-json\/wp\/v2\/tema?post=7459"}],"curies":[{"name":"wp","href":"https:\/\/api.w.org\/{rel}","templated":true}]}}