{"id":324,"date":"2017-10-25T08:54:40","date_gmt":"2017-10-25T08:54:40","guid":{"rendered":"http:\/\/www.javeriana.edu.co\/mentalpuntodeapoyo\/?page_id=324"},"modified":"2026-04-28T08:18:37","modified_gmt":"2026-04-28T13:18:37","slug":"boletines-y-noticias","status":"publish","type":"page","link":"http:\/\/www.javeriana.edu.co\/mentalpuntodeapoyo\/?page_id=324","title":{"rendered":"Boletines y Noticias"},"content":{"rendered":"<div id=\"pl-324\"  class=\"panel-layout\" ><div id=\"pg-324-0\"  class=\"panel-grid panel-no-style\" ><div id=\"pgc-324-0-0\"  class=\"panel-grid-cell\" ><div id=\"panel-324-0-0-0\" class=\"so-panel widget widget_sow-headline panel-first-child panel-last-child\" data-index=\"0\" ><div\n\t\t\t\n\t\t\tclass=\"so-widget-sow-headline so-widget-sow-headline-default-ea0af4cf39ae-324\"\n\t\t\t\n\t\t><div class=\"sow-headline-container \">\n\t<h1 class='sow-headline'>BOLETINES Y NOTICIAS<\/h1>\t\t\t\t\t<div class=\"decoration\">\n\t\t\t\t\t\t<div class=\"decoration-inside\"><\/div>\n\t\t\t\t\t<\/div>\n\t\t\t\t\t<\/div><\/div><\/div><\/div><\/div><div id=\"pg-324-1\"  class=\"panel-grid panel-no-style\" ><div id=\"pgc-324-1-0\"  class=\"panel-grid-cell\" ><div id=\"panel-324-1-0-0\" class=\"so-panel widget widget_ink-blog panel-first-child panel-last-child\" data-index=\"1\" ><div\n\t\t\t\n\t\t\tclass=\"so-widget-ink-blog so-widget-ink-blog-thumb-above-575e1f6c3e44-324\"\n\t\t\t\n\t\t>\n\n\n\t<div class=\"iw-so-blog\">\n\n\t\t<div id=\"my-ajax-blog-widget\">\n\n\t\t\t<div class=\"iw-so-blog-container iw-so-blog-equal-height\">\n\n\t\t\t\t\n\t\t\t\t\t<div class=\"iw-so-article iw-so-thumb-above iw-so-blog-two-column iw-so-first-col\">\n\n\t\t\t\t\t\t\n\t\t\t\t\t\t\t<div class=\"iw-so-article-thumb\">\n\n\t\t\t\t\t\t\t\t\n\t\t\t\t\t\t\t\t\t<a href=\"http:\/\/www.javeriana.edu.co\/mentalpuntodeapoyo\/?p=2292\">\n\t\t\t\t\t\t\t\t\t\t<img loading=\"lazy\" decoding=\"async\" width=\"953\" height=\"296\" src=\"http:\/\/www.javeriana.edu.co\/mentalpuntodeapoyo\/wp-content\/uploads\/2020\/10\/Regresandoaclase.jpg\" class=\"attachment-full size-full wp-post-image\" alt=\"\" srcset=\"http:\/\/www.javeriana.edu.co\/mentalpuntodeapoyo\/wp-content\/uploads\/2020\/10\/Regresandoaclase.jpg 953w, http:\/\/www.javeriana.edu.co\/mentalpuntodeapoyo\/wp-content\/uploads\/2020\/10\/Regresandoaclase-300x93.jpg 300w, http:\/\/www.javeriana.edu.co\/mentalpuntodeapoyo\/wp-content\/uploads\/2020\/10\/Regresandoaclase-768x239.jpg 768w, http:\/\/www.javeriana.edu.co\/mentalpuntodeapoyo\/wp-content\/uploads\/2020\/10\/Regresandoaclase-360x112.jpg 360w\" sizes=\"(max-width: 953px) 100vw, 953px\" \/>\t\t\t\t\t\t\t\t\t\t\t\t\t\t\t\t\t\t\t<\/a>\n\n\t\t\t\t\t\t\t\t\n\t\t\t\t\t\t\t<\/div>\n\n\t\t\t\t\t\t\n\t\t\t\t\t\t<div class=\"iw-so-article-content\">\n\n\t\t\t\t\t\t\t\n\t\t\t\t\t\t\t<h2 class=\"iw-so-article-title iw-text-left\">\n\t\t\t\t\t\t\t\t<a href=\"http:\/\/www.javeriana.edu.co\/mentalpuntodeapoyo\/?p=2292\">\t\t\t\t\t\t\t\t\tClases presenciales en pandemia. Gu\u00eda para padres.\t\t\t\t\t\t\t\t<\/a>\t\t\t\t\t\t\t<\/h2>\n\n\t\t\t\t\t\t\t\n\t\t\t\t\t\t\t\n\t\t\t\t\t\t\t\t<p class=\"iw-so-article-excerpt iw-text-left\">\n\t\t\t\t\t\t\t\t\t\t\t\t\t\t\t\t\t\t\t<a href=\"http:\/\/www.javeriana.edu.co\/mentalpuntodeapoyo\/?p=2292\">\n\t\t\t\t\t\t\t\t\t\t\t\u00bfClases presenciales en pandemia? Seguro tienen muchas preguntas. En nuestra gu\u00eda encontrar\u00e1n: \u00bfQu\u00e9 es importante verificar sobre el regreso...\t\t\t\t\t\t\t\t\t\t<\/a>\n\t\t\t\t\t\t\t\t\t\t\t\t\t\t\t\t\t<\/p>\n\n\t\t\t\t\t\t\t\n\t\t\t\t\t\t\t\n\t\t\t\t\t\t\t\n\t\t\t\t\t\t<\/div>\n\n\t\t\t\t\t<\/div>\n\n\t\t\t\t\t\n\t\t\t\t\n\t\t\t\t\t<div class=\"iw-so-article iw-so-thumb-above iw-so-blog-two-column iw-so-last-col\">\n\n\t\t\t\t\t\t\n\t\t\t\t\t\t\t<div class=\"iw-so-article-thumb\">\n\n\t\t\t\t\t\t\t\t\n\t\t\t\t\t\t\t\t\t<a href=\"http:\/\/www.javeriana.edu.co\/mentalpuntodeapoyo\/?p=1891\">\n\t\t\t\t\t\t\t\t\t\t<img loading=\"lazy\" decoding=\"async\" width=\"1140\" height=\"350\" src=\"http:\/\/www.javeriana.edu.co\/mentalpuntodeapoyo\/wp-content\/uploads\/2018\/04\/El-buen-vivir-Recuperar-la-magia-de-la-vida-bolet\u00edn-salud-mental-min.jpg\" class=\"attachment-full size-full wp-post-image\" alt=\"\" srcset=\"http:\/\/www.javeriana.edu.co\/mentalpuntodeapoyo\/wp-content\/uploads\/2018\/04\/El-buen-vivir-Recuperar-la-magia-de-la-vida-bolet\u00edn-salud-mental-min.jpg 1140w, http:\/\/www.javeriana.edu.co\/mentalpuntodeapoyo\/wp-content\/uploads\/2018\/04\/El-buen-vivir-Recuperar-la-magia-de-la-vida-bolet\u00edn-salud-mental-min-300x92.jpg 300w, http:\/\/www.javeriana.edu.co\/mentalpuntodeapoyo\/wp-content\/uploads\/2018\/04\/El-buen-vivir-Recuperar-la-magia-de-la-vida-bolet\u00edn-salud-mental-min-768x236.jpg 768w, http:\/\/www.javeriana.edu.co\/mentalpuntodeapoyo\/wp-content\/uploads\/2018\/04\/El-buen-vivir-Recuperar-la-magia-de-la-vida-bolet\u00edn-salud-mental-min-1024x314.jpg 1024w, http:\/\/www.javeriana.edu.co\/mentalpuntodeapoyo\/wp-content\/uploads\/2018\/04\/El-buen-vivir-Recuperar-la-magia-de-la-vida-bolet\u00edn-salud-mental-min-360x111.jpg 360w\" sizes=\"(max-width: 1140px) 100vw, 1140px\" \/>\t\t\t\t\t\t\t\t\t\t<span class=\"sow-icon-fontawesome sow-fas\" data-sow-icon=\"&#xf09e;\"\n\t\tstyle=\"color: #ffffff\" \n\t\taria-hidden=\"true\"><\/span>\t\t\t\t\t\t\t\t\t<\/a>\n\n\t\t\t\t\t\t\t\t\n\t\t\t\t\t\t\t<\/div>\n\n\t\t\t\t\t\t\n\t\t\t\t\t\t<div class=\"iw-so-article-content\">\n\n\t\t\t\t\t\t\t\n\t\t\t\t\t\t\t<h2 class=\"iw-so-article-title iw-text-left\">\n\t\t\t\t\t\t\t\t<a href=\"http:\/\/www.javeriana.edu.co\/mentalpuntodeapoyo\/?p=1891\">\t\t\t\t\t\t\t\t\tBolet\u00edn #15: El buen vivir: Recuperar la magia de la vida\t\t\t\t\t\t\t\t<\/a>\t\t\t\t\t\t\t<\/h2>\n\n\t\t\t\t\t\t\t\n\t\t\t\t\t\t\t\n\t\t\t\t\t\t\t\t<p class=\"iw-so-article-excerpt iw-text-left\">\n\t\t\t\t\t\t\t\t\t\t\t\t\t\t\t\t\t\t\t<a href=\"http:\/\/www.javeriana.edu.co\/mentalpuntodeapoyo\/?p=1891\">\n\t\t\t\t\t\t\t\t\t\t\t\"Los antepasados nos han ense\u00f1ado que todo momento vital es valioso, todo pensamiento contiene creatividad, toda la decisi\u00f3n dirige...\t\t\t\t\t\t\t\t\t\t<\/a>\n\t\t\t\t\t\t\t\t\t\t\t\t\t\t\t\t\t<\/p>\n\n\t\t\t\t\t\t\t\n\t\t\t\t\t\t\t\n\t\t\t\t\t\t\t\n\t\t\t\t\t\t<\/div>\n\n\t\t\t\t\t<\/div>\n\n\t\t\t\t\t\n\t\t\t\t\n\t\t\t\t\t<div class=\"iw-so-article iw-so-thumb-above iw-so-blog-two-column iw-so-first-col\">\n\n\t\t\t\t\t\t\n\t\t\t\t\t\t\t<div class=\"iw-so-article-thumb\">\n\n\t\t\t\t\t\t\t\t\n\t\t\t\t\t\t\t\t\t<a href=\"http:\/\/www.javeriana.edu.co\/mentalpuntodeapoyo\/?p=1878\">\n\t\t\t\t\t\t\t\t\t\t<img loading=\"lazy\" decoding=\"async\" width=\"1140\" height=\"350\" src=\"http:\/\/www.javeriana.edu.co\/mentalpuntodeapoyo\/wp-content\/uploads\/2018\/04\/Capital-social-y-salud-mental-bolet\u00edn-salud-mental-aps-min.jpg\" class=\"attachment-full size-full wp-post-image\" alt=\"\" srcset=\"http:\/\/www.javeriana.edu.co\/mentalpuntodeapoyo\/wp-content\/uploads\/2018\/04\/Capital-social-y-salud-mental-bolet\u00edn-salud-mental-aps-min.jpg 1140w, http:\/\/www.javeriana.edu.co\/mentalpuntodeapoyo\/wp-content\/uploads\/2018\/04\/Capital-social-y-salud-mental-bolet\u00edn-salud-mental-aps-min-300x92.jpg 300w, http:\/\/www.javeriana.edu.co\/mentalpuntodeapoyo\/wp-content\/uploads\/2018\/04\/Capital-social-y-salud-mental-bolet\u00edn-salud-mental-aps-min-768x236.jpg 768w, http:\/\/www.javeriana.edu.co\/mentalpuntodeapoyo\/wp-content\/uploads\/2018\/04\/Capital-social-y-salud-mental-bolet\u00edn-salud-mental-aps-min-1024x314.jpg 1024w, http:\/\/www.javeriana.edu.co\/mentalpuntodeapoyo\/wp-content\/uploads\/2018\/04\/Capital-social-y-salud-mental-bolet\u00edn-salud-mental-aps-min-360x111.jpg 360w\" sizes=\"(max-width: 1140px) 100vw, 1140px\" \/>\t\t\t\t\t\t\t\t\t\t<span class=\"sow-icon-fontawesome sow-fas\" data-sow-icon=\"&#xf09e;\"\n\t\tstyle=\"color: #ffffff\" \n\t\taria-hidden=\"true\"><\/span>\t\t\t\t\t\t\t\t\t<\/a>\n\n\t\t\t\t\t\t\t\t\n\t\t\t\t\t\t\t<\/div>\n\n\t\t\t\t\t\t\n\t\t\t\t\t\t<div class=\"iw-so-article-content\">\n\n\t\t\t\t\t\t\t\n\t\t\t\t\t\t\t<h2 class=\"iw-so-article-title iw-text-left\">\n\t\t\t\t\t\t\t\t<a href=\"http:\/\/www.javeriana.edu.co\/mentalpuntodeapoyo\/?p=1878\">\t\t\t\t\t\t\t\t\tBolet\u00edn #14: Capital social y Salud mental\t\t\t\t\t\t\t\t<\/a>\t\t\t\t\t\t\t<\/h2>\n\n\t\t\t\t\t\t\t\n\t\t\t\t\t\t\t\n\t\t\t\t\t\t\t\t<p class=\"iw-so-article-excerpt iw-text-left\">\n\t\t\t\t\t\t\t\t\t\t\t\t\t\t\t\t\t\t\t<a href=\"http:\/\/www.javeriana.edu.co\/mentalpuntodeapoyo\/?p=1878\">\n\t\t\t\t\t\t\t\t\t\t\tGeneralmente cuando o\u00edmos la palabra \u00abcapital\u00bb se nos viene a la cabeza la idea de dinero o de bienes...\t\t\t\t\t\t\t\t\t\t<\/a>\n\t\t\t\t\t\t\t\t\t\t\t\t\t\t\t\t\t<\/p>\n\n\t\t\t\t\t\t\t\n\t\t\t\t\t\t\t\n\t\t\t\t\t\t\t\n\t\t\t\t\t\t<\/div>\n\n\t\t\t\t\t<\/div>\n\n\t\t\t\t\t\n\t\t\t\t\n\t\t\t\t\t<div class=\"iw-so-article iw-so-thumb-above iw-so-blog-two-column iw-so-last-col\">\n\n\t\t\t\t\t\t\n\t\t\t\t\t\t\t<div class=\"iw-so-article-thumb\">\n\n\t\t\t\t\t\t\t\t\n\t\t\t\t\t\t\t\t\t<a href=\"http:\/\/www.javeriana.edu.co\/mentalpuntodeapoyo\/?p=1883\">\n\t\t\t\t\t\t\t\t\t\t<img loading=\"lazy\" decoding=\"async\" width=\"1140\" height=\"350\" src=\"http:\/\/www.javeriana.edu.co\/mentalpuntodeapoyo\/wp-content\/uploads\/2018\/04\/Bolet\u00edn-Salud-Mental-Salud-mental-y-desastres-aps-min.jpg\" class=\"attachment-full size-full wp-post-image\" alt=\"\" srcset=\"http:\/\/www.javeriana.edu.co\/mentalpuntodeapoyo\/wp-content\/uploads\/2018\/04\/Bolet\u00edn-Salud-Mental-Salud-mental-y-desastres-aps-min.jpg 1140w, http:\/\/www.javeriana.edu.co\/mentalpuntodeapoyo\/wp-content\/uploads\/2018\/04\/Bolet\u00edn-Salud-Mental-Salud-mental-y-desastres-aps-min-300x92.jpg 300w, http:\/\/www.javeriana.edu.co\/mentalpuntodeapoyo\/wp-content\/uploads\/2018\/04\/Bolet\u00edn-Salud-Mental-Salud-mental-y-desastres-aps-min-768x236.jpg 768w, http:\/\/www.javeriana.edu.co\/mentalpuntodeapoyo\/wp-content\/uploads\/2018\/04\/Bolet\u00edn-Salud-Mental-Salud-mental-y-desastres-aps-min-1024x314.jpg 1024w, http:\/\/www.javeriana.edu.co\/mentalpuntodeapoyo\/wp-content\/uploads\/2018\/04\/Bolet\u00edn-Salud-Mental-Salud-mental-y-desastres-aps-min-360x111.jpg 360w\" sizes=\"(max-width: 1140px) 100vw, 1140px\" \/>\t\t\t\t\t\t\t\t\t\t<span class=\"sow-icon-fontawesome sow-fas\" data-sow-icon=\"&#xf09e;\"\n\t\tstyle=\"color: #ffffff\" \n\t\taria-hidden=\"true\"><\/span>\t\t\t\t\t\t\t\t\t<\/a>\n\n\t\t\t\t\t\t\t\t\n\t\t\t\t\t\t\t<\/div>\n\n\t\t\t\t\t\t\n\t\t\t\t\t\t<div class=\"iw-so-article-content\">\n\n\t\t\t\t\t\t\t\n\t\t\t\t\t\t\t<h2 class=\"iw-so-article-title iw-text-left\">\n\t\t\t\t\t\t\t\t<a href=\"http:\/\/www.javeriana.edu.co\/mentalpuntodeapoyo\/?p=1883\">\t\t\t\t\t\t\t\t\tBolet\u00edn #13: Salud mental y desastres\t\t\t\t\t\t\t\t<\/a>\t\t\t\t\t\t\t<\/h2>\n\n\t\t\t\t\t\t\t\n\t\t\t\t\t\t\t\n\t\t\t\t\t\t\t\t<p class=\"iw-so-article-excerpt iw-text-left\">\n\t\t\t\t\t\t\t\t\t\t\t\t\t\t\t\t\t\t\t<a href=\"http:\/\/www.javeriana.edu.co\/mentalpuntodeapoyo\/?p=1883\">\n\t\t\t\t\t\t\t\t\t\t\tPa\u00edses como Colombia sufren con frecuencia desastres de gran magnitud que dejan un significativo n\u00famero de damnificados. Adem\u00e1s de...\t\t\t\t\t\t\t\t\t\t<\/a>\n\t\t\t\t\t\t\t\t\t\t\t\t\t\t\t\t\t<\/p>\n\n\t\t\t\t\t\t\t\n\t\t\t\t\t\t\t\n\t\t\t\t\t\t\t\n\t\t\t\t\t\t<\/div>\n\n\t\t\t\t\t<\/div>\n\n\t\t\t\t\t\n\t\t\t\t\n\t\t\t\t\t<div class=\"iw-so-article iw-so-thumb-above iw-so-blog-two-column iw-so-first-col\">\n\n\t\t\t\t\t\t\n\t\t\t\t\t\t\t<div class=\"iw-so-article-thumb\">\n\n\t\t\t\t\t\t\t\t\n\t\t\t\t\t\t\t\t\t<a href=\"http:\/\/www.javeriana.edu.co\/mentalpuntodeapoyo\/?p=1874\">\n\t\t\t\t\t\t\t\t\t\t<img loading=\"lazy\" decoding=\"async\" width=\"1140\" height=\"350\" src=\"http:\/\/www.javeriana.edu.co\/mentalpuntodeapoyo\/wp-content\/uploads\/2018\/04\/Alimentaci\u00f3n-y-Salud-Mental-Mental-Punto-de-Apoyo-Bolet\u00edn-min.jpg\" class=\"attachment-full size-full wp-post-image\" alt=\"\" srcset=\"http:\/\/www.javeriana.edu.co\/mentalpuntodeapoyo\/wp-content\/uploads\/2018\/04\/Alimentaci\u00f3n-y-Salud-Mental-Mental-Punto-de-Apoyo-Bolet\u00edn-min.jpg 1140w, http:\/\/www.javeriana.edu.co\/mentalpuntodeapoyo\/wp-content\/uploads\/2018\/04\/Alimentaci\u00f3n-y-Salud-Mental-Mental-Punto-de-Apoyo-Bolet\u00edn-min-300x92.jpg 300w, http:\/\/www.javeriana.edu.co\/mentalpuntodeapoyo\/wp-content\/uploads\/2018\/04\/Alimentaci\u00f3n-y-Salud-Mental-Mental-Punto-de-Apoyo-Bolet\u00edn-min-768x236.jpg 768w, http:\/\/www.javeriana.edu.co\/mentalpuntodeapoyo\/wp-content\/uploads\/2018\/04\/Alimentaci\u00f3n-y-Salud-Mental-Mental-Punto-de-Apoyo-Bolet\u00edn-min-1024x314.jpg 1024w, http:\/\/www.javeriana.edu.co\/mentalpuntodeapoyo\/wp-content\/uploads\/2018\/04\/Alimentaci\u00f3n-y-Salud-Mental-Mental-Punto-de-Apoyo-Bolet\u00edn-min-360x111.jpg 360w\" sizes=\"(max-width: 1140px) 100vw, 1140px\" \/>\t\t\t\t\t\t\t\t\t\t<span class=\"sow-icon-fontawesome sow-fas\" data-sow-icon=\"&#xf09e;\"\n\t\tstyle=\"color: #ffffff\" \n\t\taria-hidden=\"true\"><\/span>\t\t\t\t\t\t\t\t\t<\/a>\n\n\t\t\t\t\t\t\t\t\n\t\t\t\t\t\t\t<\/div>\n\n\t\t\t\t\t\t\n\t\t\t\t\t\t<div class=\"iw-so-article-content\">\n\n\t\t\t\t\t\t\t\n\t\t\t\t\t\t\t<h2 class=\"iw-so-article-title iw-text-left\">\n\t\t\t\t\t\t\t\t<a href=\"http:\/\/www.javeriana.edu.co\/mentalpuntodeapoyo\/?p=1874\">\t\t\t\t\t\t\t\t\tBolet\u00edn #12: Alimentaci\u00f3n y Salud Mental\t\t\t\t\t\t\t\t<\/a>\t\t\t\t\t\t\t<\/h2>\n\n\t\t\t\t\t\t\t\n\t\t\t\t\t\t\t\n\t\t\t\t\t\t\t\t<p class=\"iw-so-article-excerpt iw-text-left\">\n\t\t\t\t\t\t\t\t\t\t\t\t\t\t\t\t\t\t\t<a href=\"http:\/\/www.javeriana.edu.co\/mentalpuntodeapoyo\/?p=1874\">\n\t\t\t\t\t\t\t\t\t\t\tEn la alimentaci\u00f3n, adem\u00e1s de ser una necesidad fisiol\u00f3gica, se identifican las caracter\u00edsticas de los alimentos consumidos y la...\t\t\t\t\t\t\t\t\t\t<\/a>\n\t\t\t\t\t\t\t\t\t\t\t\t\t\t\t\t\t<\/p>\n\n\t\t\t\t\t\t\t\n\t\t\t\t\t\t\t\n\t\t\t\t\t\t\t\n\t\t\t\t\t\t<\/div>\n\n\t\t\t\t\t<\/div>\n\n\t\t\t\t\t\n\t\t\t\t\n\t\t\t\t\t<div class=\"iw-so-article iw-so-thumb-above iw-so-blog-two-column iw-so-last-col\">\n\n\t\t\t\t\t\t\n\t\t\t\t\t\t\t<div class=\"iw-so-article-thumb\">\n\n\t\t\t\t\t\t\t\t\n\t\t\t\t\t\t\t\t\t<a href=\"http:\/\/www.javeriana.edu.co\/mentalpuntodeapoyo\/?p=1887\">\n\t\t\t\t\t\t\t\t\t\t<img loading=\"lazy\" decoding=\"async\" width=\"1140\" height=\"350\" src=\"http:\/\/www.javeriana.edu.co\/mentalpuntodeapoyo\/wp-content\/uploads\/2018\/04\/Infancia-y-salud-mental-salud-menta-bolet\u00edn-min.jpg\" class=\"attachment-full size-full wp-post-image\" alt=\"\" srcset=\"http:\/\/www.javeriana.edu.co\/mentalpuntodeapoyo\/wp-content\/uploads\/2018\/04\/Infancia-y-salud-mental-salud-menta-bolet\u00edn-min.jpg 1140w, http:\/\/www.javeriana.edu.co\/mentalpuntodeapoyo\/wp-content\/uploads\/2018\/04\/Infancia-y-salud-mental-salud-menta-bolet\u00edn-min-300x92.jpg 300w, http:\/\/www.javeriana.edu.co\/mentalpuntodeapoyo\/wp-content\/uploads\/2018\/04\/Infancia-y-salud-mental-salud-menta-bolet\u00edn-min-768x236.jpg 768w, http:\/\/www.javeriana.edu.co\/mentalpuntodeapoyo\/wp-content\/uploads\/2018\/04\/Infancia-y-salud-mental-salud-menta-bolet\u00edn-min-1024x314.jpg 1024w, http:\/\/www.javeriana.edu.co\/mentalpuntodeapoyo\/wp-content\/uploads\/2018\/04\/Infancia-y-salud-mental-salud-menta-bolet\u00edn-min-360x111.jpg 360w\" sizes=\"(max-width: 1140px) 100vw, 1140px\" \/>\t\t\t\t\t\t\t\t\t\t<span class=\"sow-icon-fontawesome sow-fas\" data-sow-icon=\"&#xf09e;\"\n\t\tstyle=\"color: #ffffff\" \n\t\taria-hidden=\"true\"><\/span>\t\t\t\t\t\t\t\t\t<\/a>\n\n\t\t\t\t\t\t\t\t\n\t\t\t\t\t\t\t<\/div>\n\n\t\t\t\t\t\t\n\t\t\t\t\t\t<div class=\"iw-so-article-content\">\n\n\t\t\t\t\t\t\t\n\t\t\t\t\t\t\t<h2 class=\"iw-so-article-title iw-text-left\">\n\t\t\t\t\t\t\t\t<a href=\"http:\/\/www.javeriana.edu.co\/mentalpuntodeapoyo\/?p=1887\">\t\t\t\t\t\t\t\t\tBolet\u00edn #11: Infancia y salud mental\t\t\t\t\t\t\t\t<\/a>\t\t\t\t\t\t\t<\/h2>\n\n\t\t\t\t\t\t\t\n\t\t\t\t\t\t\t\n\t\t\t\t\t\t\t\t<p class=\"iw-so-article-excerpt iw-text-left\">\n\t\t\t\t\t\t\t\t\t\t\t\t\t\t\t\t\t\t\t<a href=\"http:\/\/www.javeriana.edu.co\/mentalpuntodeapoyo\/?p=1887\">\n\t\t\t\t\t\t\t\t\t\t\tLa \"infancia plena\" no es una condici\u00f3n que se d\u00e9 naturalmente. sino un desaf\u00edo que parece dif\u00edcil de cumplir....\t\t\t\t\t\t\t\t\t\t<\/a>\n\t\t\t\t\t\t\t\t\t\t\t\t\t\t\t\t\t<\/p>\n\n\t\t\t\t\t\t\t\n\t\t\t\t\t\t\t\n\t\t\t\t\t\t\t\n\t\t\t\t\t\t<\/div>\n\n\t\t\t\t\t<\/div>\n\n\t\t\t\t\t\n\t\t\t\t\n\t\t\t\t\t<div class=\"iw-so-article iw-so-thumb-above iw-so-blog-two-column iw-so-first-col\">\n\n\t\t\t\t\t\t\n\t\t\t\t\t\t\t<div class=\"iw-so-article-thumb\">\n\n\t\t\t\t\t\t\t\t\n\t\t\t\t\t\t\t\t\t<a href=\"http:\/\/www.javeriana.edu.co\/mentalpuntodeapoyo\/?p=1895\">\n\t\t\t\t\t\t\t\t\t\t<img loading=\"lazy\" decoding=\"async\" width=\"1140\" height=\"350\" src=\"http:\/\/www.javeriana.edu.co\/mentalpuntodeapoyo\/wp-content\/uploads\/2018\/04\/Atenci\u00f3n-centrada-en-la-persona-un-nuevo-modelo-bolet\u00edn-salud-mental-mental-aps-min.jpg\" class=\"attachment-full size-full wp-post-image\" alt=\"\" srcset=\"http:\/\/www.javeriana.edu.co\/mentalpuntodeapoyo\/wp-content\/uploads\/2018\/04\/Atenci\u00f3n-centrada-en-la-persona-un-nuevo-modelo-bolet\u00edn-salud-mental-mental-aps-min.jpg 1140w, http:\/\/www.javeriana.edu.co\/mentalpuntodeapoyo\/wp-content\/uploads\/2018\/04\/Atenci\u00f3n-centrada-en-la-persona-un-nuevo-modelo-bolet\u00edn-salud-mental-mental-aps-min-300x92.jpg 300w, http:\/\/www.javeriana.edu.co\/mentalpuntodeapoyo\/wp-content\/uploads\/2018\/04\/Atenci\u00f3n-centrada-en-la-persona-un-nuevo-modelo-bolet\u00edn-salud-mental-mental-aps-min-768x236.jpg 768w, http:\/\/www.javeriana.edu.co\/mentalpuntodeapoyo\/wp-content\/uploads\/2018\/04\/Atenci\u00f3n-centrada-en-la-persona-un-nuevo-modelo-bolet\u00edn-salud-mental-mental-aps-min-1024x314.jpg 1024w, http:\/\/www.javeriana.edu.co\/mentalpuntodeapoyo\/wp-content\/uploads\/2018\/04\/Atenci\u00f3n-centrada-en-la-persona-un-nuevo-modelo-bolet\u00edn-salud-mental-mental-aps-min-360x111.jpg 360w\" sizes=\"(max-width: 1140px) 100vw, 1140px\" \/>\t\t\t\t\t\t\t\t\t\t<span class=\"sow-icon-fontawesome sow-fas\" data-sow-icon=\"&#xf09e;\"\n\t\tstyle=\"color: #ffffff\" \n\t\taria-hidden=\"true\"><\/span>\t\t\t\t\t\t\t\t\t<\/a>\n\n\t\t\t\t\t\t\t\t\n\t\t\t\t\t\t\t<\/div>\n\n\t\t\t\t\t\t\n\t\t\t\t\t\t<div class=\"iw-so-article-content\">\n\n\t\t\t\t\t\t\t\n\t\t\t\t\t\t\t<h2 class=\"iw-so-article-title iw-text-left\">\n\t\t\t\t\t\t\t\t<a href=\"http:\/\/www.javeriana.edu.co\/mentalpuntodeapoyo\/?p=1895\">\t\t\t\t\t\t\t\t\tBolet\u00edn #10: Atenci\u00f3n centrada en la persona, un nuevo modelo\t\t\t\t\t\t\t\t<\/a>\t\t\t\t\t\t\t<\/h2>\n\n\t\t\t\t\t\t\t\n\t\t\t\t\t\t\t\n\t\t\t\t\t\t\t\t<p class=\"iw-so-article-excerpt iw-text-left\">\n\t\t\t\t\t\t\t\t\t\t\t\t\t\t\t\t\t\t\t<a href=\"http:\/\/www.javeriana.edu.co\/mentalpuntodeapoyo\/?p=1895\">\n\t\t\t\t\t\t\t\t\t\t\tLos desaf\u00edos a los que se enfrentan los servicios de salud que atienden personas mayores apuntan a lograr el...\t\t\t\t\t\t\t\t\t\t<\/a>\n\t\t\t\t\t\t\t\t\t\t\t\t\t\t\t\t\t<\/p>\n\n\t\t\t\t\t\t\t\n\t\t\t\t\t\t\t\n\t\t\t\t\t\t\t\n\t\t\t\t\t\t<\/div>\n\n\t\t\t\t\t<\/div>\n\n\t\t\t\t\t\n\t\t\t\t\n\t\t\t\t\t<div class=\"iw-so-article iw-so-thumb-above iw-so-blog-two-column iw-so-last-col\">\n\n\t\t\t\t\t\t\n\t\t\t\t\t\t\t<div class=\"iw-so-article-thumb\">\n\n\t\t\t\t\t\t\t\t\n\t\t\t\t\t\t\t\t\t<a href=\"http:\/\/www.javeriana.edu.co\/mentalpuntodeapoyo\/?p=1721\">\n\t\t\t\t\t\t\t\t\t\t<img loading=\"lazy\" decoding=\"async\" width=\"1140\" height=\"350\" src=\"http:\/\/www.javeriana.edu.co\/mentalpuntodeapoyo\/wp-content\/uploads\/2017\/12\/ausencia-de-enfermedad-min.jpg\" class=\"attachment-full size-full wp-post-image\" alt=\"\" srcset=\"http:\/\/www.javeriana.edu.co\/mentalpuntodeapoyo\/wp-content\/uploads\/2017\/12\/ausencia-de-enfermedad-min.jpg 1140w, http:\/\/www.javeriana.edu.co\/mentalpuntodeapoyo\/wp-content\/uploads\/2017\/12\/ausencia-de-enfermedad-min-300x92.jpg 300w, http:\/\/www.javeriana.edu.co\/mentalpuntodeapoyo\/wp-content\/uploads\/2017\/12\/ausencia-de-enfermedad-min-768x236.jpg 768w, http:\/\/www.javeriana.edu.co\/mentalpuntodeapoyo\/wp-content\/uploads\/2017\/12\/ausencia-de-enfermedad-min-1024x314.jpg 1024w, http:\/\/www.javeriana.edu.co\/mentalpuntodeapoyo\/wp-content\/uploads\/2017\/12\/ausencia-de-enfermedad-min-360x111.jpg 360w\" sizes=\"(max-width: 1140px) 100vw, 1140px\" \/>\t\t\t\t\t\t\t\t\t\t<span class=\"sow-icon-fontawesome sow-fas\" data-sow-icon=\"&#xf09e;\"\n\t\tstyle=\"color: #ffffff\" \n\t\taria-hidden=\"true\"><\/span>\t\t\t\t\t\t\t\t\t<\/a>\n\n\t\t\t\t\t\t\t\t\n\t\t\t\t\t\t\t<\/div>\n\n\t\t\t\t\t\t\n\t\t\t\t\t\t<div class=\"iw-so-article-content\">\n\n\t\t\t\t\t\t\t\n\t\t\t\t\t\t\t<h2 class=\"iw-so-article-title iw-text-left\">\n\t\t\t\t\t\t\t\t<a href=\"http:\/\/www.javeriana.edu.co\/mentalpuntodeapoyo\/?p=1721\">\t\t\t\t\t\t\t\t\tBolet\u00edn #09: La Salud Mental: mucho m\u00e1s que la ausencia de enfermedad\t\t\t\t\t\t\t\t<\/a>\t\t\t\t\t\t\t<\/h2>\n\n\t\t\t\t\t\t\t\n\t\t\t\t\t\t\t\n\t\t\t\t\t\t\t\t<p class=\"iw-so-article-excerpt iw-text-left\">\n\t\t\t\t\t\t\t\t\t\t\t\t\t\t\t\t\t\t\t<a href=\"http:\/\/www.javeriana.edu.co\/mentalpuntodeapoyo\/?p=1721\">\n\t\t\t\t\t\t\t\t\t\t\tEl t\u00edtulo de este texto puede resultar para muchos lectores\u00a0una sorpresa, dado que la palabra salud mental se ha...\t\t\t\t\t\t\t\t\t\t<\/a>\n\t\t\t\t\t\t\t\t\t\t\t\t\t\t\t\t\t<\/p>\n\n\t\t\t\t\t\t\t\n\t\t\t\t\t\t\t\n\t\t\t\t\t\t\t\n\t\t\t\t\t\t<\/div>\n\n\t\t\t\t\t<\/div>\n\n\t\t\t\t\t\n\t\t\t\t\n\t\t\t\t\t<div class=\"iw-so-article iw-so-thumb-above iw-so-blog-two-column iw-so-first-col\">\n\n\t\t\t\t\t\t\n\t\t\t\t\t\t\t<div class=\"iw-so-article-thumb\">\n\n\t\t\t\t\t\t\t\t\n\t\t\t\t\t\t\t\t\t<a href=\"http:\/\/www.javeriana.edu.co\/mentalpuntodeapoyo\/?p=1717\">\n\t\t\t\t\t\t\t\t\t\t<img loading=\"lazy\" decoding=\"async\" width=\"1140\" height=\"350\" src=\"http:\/\/www.javeriana.edu.co\/mentalpuntodeapoyo\/wp-content\/uploads\/2017\/12\/Confieso-que-he-vivido-min.jpg\" class=\"attachment-full size-full wp-post-image\" alt=\"\" srcset=\"http:\/\/www.javeriana.edu.co\/mentalpuntodeapoyo\/wp-content\/uploads\/2017\/12\/Confieso-que-he-vivido-min.jpg 1140w, http:\/\/www.javeriana.edu.co\/mentalpuntodeapoyo\/wp-content\/uploads\/2017\/12\/Confieso-que-he-vivido-min-300x92.jpg 300w, http:\/\/www.javeriana.edu.co\/mentalpuntodeapoyo\/wp-content\/uploads\/2017\/12\/Confieso-que-he-vivido-min-768x236.jpg 768w, http:\/\/www.javeriana.edu.co\/mentalpuntodeapoyo\/wp-content\/uploads\/2017\/12\/Confieso-que-he-vivido-min-1024x314.jpg 1024w, http:\/\/www.javeriana.edu.co\/mentalpuntodeapoyo\/wp-content\/uploads\/2017\/12\/Confieso-que-he-vivido-min-360x111.jpg 360w\" sizes=\"(max-width: 1140px) 100vw, 1140px\" \/>\t\t\t\t\t\t\t\t\t\t<span class=\"sow-icon-fontawesome sow-fas\" data-sow-icon=\"&#xf09e;\"\n\t\tstyle=\"color: #ffffff\" \n\t\taria-hidden=\"true\"><\/span>\t\t\t\t\t\t\t\t\t<\/a>\n\n\t\t\t\t\t\t\t\t\n\t\t\t\t\t\t\t<\/div>\n\n\t\t\t\t\t\t\n\t\t\t\t\t\t<div class=\"iw-so-article-content\">\n\n\t\t\t\t\t\t\t\n\t\t\t\t\t\t\t<h2 class=\"iw-so-article-title iw-text-left\">\n\t\t\t\t\t\t\t\t<a href=\"http:\/\/www.javeriana.edu.co\/mentalpuntodeapoyo\/?p=1717\">\t\t\t\t\t\t\t\t\tBolet\u00edn #08: Confieso que he vivido\t\t\t\t\t\t\t\t<\/a>\t\t\t\t\t\t\t<\/h2>\n\n\t\t\t\t\t\t\t\n\t\t\t\t\t\t\t\n\t\t\t\t\t\t\t\t<p class=\"iw-so-article-excerpt iw-text-left\">\n\t\t\t\t\t\t\t\t\t\t\t\t\t\t\t\t\t\t\t<a href=\"http:\/\/www.javeriana.edu.co\/mentalpuntodeapoyo\/?p=1717\">\n\t\t\t\t\t\t\t\t\t\t\tAs\u00ed titul\u00f3 sus apasionantes memorias el poeta chileno Pablo Neruda. Su tr\u00e1nsito por la vida, lleno de descubrimientos, asombros,...\t\t\t\t\t\t\t\t\t\t<\/a>\n\t\t\t\t\t\t\t\t\t\t\t\t\t\t\t\t\t<\/p>\n\n\t\t\t\t\t\t\t\n\t\t\t\t\t\t\t\n\t\t\t\t\t\t\t\n\t\t\t\t\t\t<\/div>\n\n\t\t\t\t\t<\/div>\n\n\t\t\t\t\t\n\t\t\t\t\n\t\t\t\t\t<div class=\"iw-so-article iw-so-thumb-above iw-so-blog-two-column iw-so-last-col\">\n\n\t\t\t\t\t\t\n\t\t\t\t\t\t\t<div class=\"iw-so-article-thumb\">\n\n\t\t\t\t\t\t\t\t\n\t\t\t\t\t\t\t\t\t<a href=\"http:\/\/www.javeriana.edu.co\/mentalpuntodeapoyo\/?p=1712\">\n\t\t\t\t\t\t\t\t\t\t<img loading=\"lazy\" decoding=\"async\" width=\"1140\" height=\"350\" src=\"http:\/\/www.javeriana.edu.co\/mentalpuntodeapoyo\/wp-content\/uploads\/2017\/12\/Redes-Sociales-min.jpg\" class=\"attachment-full size-full wp-post-image\" alt=\"\" srcset=\"http:\/\/www.javeriana.edu.co\/mentalpuntodeapoyo\/wp-content\/uploads\/2017\/12\/Redes-Sociales-min.jpg 1140w, http:\/\/www.javeriana.edu.co\/mentalpuntodeapoyo\/wp-content\/uploads\/2017\/12\/Redes-Sociales-min-300x92.jpg 300w, http:\/\/www.javeriana.edu.co\/mentalpuntodeapoyo\/wp-content\/uploads\/2017\/12\/Redes-Sociales-min-768x236.jpg 768w, http:\/\/www.javeriana.edu.co\/mentalpuntodeapoyo\/wp-content\/uploads\/2017\/12\/Redes-Sociales-min-1024x314.jpg 1024w, http:\/\/www.javeriana.edu.co\/mentalpuntodeapoyo\/wp-content\/uploads\/2017\/12\/Redes-Sociales-min-360x111.jpg 360w\" sizes=\"(max-width: 1140px) 100vw, 1140px\" \/>\t\t\t\t\t\t\t\t\t\t<span class=\"sow-icon-fontawesome sow-fas\" data-sow-icon=\"&#xf09e;\"\n\t\tstyle=\"color: #ffffff\" \n\t\taria-hidden=\"true\"><\/span>\t\t\t\t\t\t\t\t\t<\/a>\n\n\t\t\t\t\t\t\t\t\n\t\t\t\t\t\t\t<\/div>\n\n\t\t\t\t\t\t\n\t\t\t\t\t\t<div class=\"iw-so-article-content\">\n\n\t\t\t\t\t\t\t\n\t\t\t\t\t\t\t<h2 class=\"iw-so-article-title iw-text-left\">\n\t\t\t\t\t\t\t\t<a href=\"http:\/\/www.javeriana.edu.co\/mentalpuntodeapoyo\/?p=1712\">\t\t\t\t\t\t\t\t\tBolet\u00edn #07: Las redes sociales y su influencia\t\t\t\t\t\t\t\t<\/a>\t\t\t\t\t\t\t<\/h2>\n\n\t\t\t\t\t\t\t\n\t\t\t\t\t\t\t\n\t\t\t\t\t\t\t\t<p class=\"iw-so-article-excerpt iw-text-left\">\n\t\t\t\t\t\t\t\t\t\t\t\t\t\t\t\t\t\t\t<a href=\"http:\/\/www.javeriana.edu.co\/mentalpuntodeapoyo\/?p=1712\">\n\t\t\t\t\t\t\t\t\t\t\tEn la vida cotidiana una red es un tejido con un patr\u00f3n caracter\u00edstico, como una red de pesca. Para...\t\t\t\t\t\t\t\t\t\t<\/a>\n\t\t\t\t\t\t\t\t\t\t\t\t\t\t\t\t\t<\/p>\n\n\t\t\t\t\t\t\t\n\t\t\t\t\t\t\t\n\t\t\t\t\t\t\t\n\t\t\t\t\t\t<\/div>\n\n\t\t\t\t\t<\/div>\n\n\t\t\t\t\t\n\t\t\t\t\n\t\t\t<\/div>\n\n\t\t\t\n\t\t\n\t\t\t\t\t<nav id='iw-so-blog-pagination' class=\"iw-so-blog-pagination iw-so-blog-paginate iw-so-navi-btn iw-so-navi-btn-hover iw-so-navi-btn-click\" role=\"navigation\">\n\t\t\t\t<h3 class=\"screen-reader-text\">Posts Navigation<\/h3>\n\t\t\t\t<div class=\"iw-so-nav-links\">\n\t\t\t\t\t\t\t\t\t\t<span aria-current=\"page\" class=\"page-numbers current\">1<\/span>\n<a class=\"page-numbers\" href=\"http:\/\/www.javeriana.edu.co\/mentalpuntodeapoyo\/index.php?rest_route=%2Fwp%2Fv2%2Fpages%2F324&#038;paged=2\">2<\/a>\n<a class=\"next page-numbers\" href=\"http:\/\/www.javeriana.edu.co\/mentalpuntodeapoyo\/index.php?rest_route=%2Fwp%2Fv2%2Fpages%2F324&#038;paged=2\">Noticias m\u00e1s antiguas <\/a>\n\t\t\t\t<\/div>\n\t\t\t<\/nav>\n\t\t\n\t\n\t\t<\/div>\n\n\t<\/div>\n\n\n<\/div><\/div><\/div><div id=\"pgc-324-1-1\"  class=\"panel-grid-cell\" ><div id=\"panel-324-1-1-0\" class=\"so-panel widget widget_sow-headline panel-first-child\" data-index=\"2\" ><div\n\t\t\t\n\t\t\tclass=\"so-widget-sow-headline so-widget-sow-headline-default-98dc6fff397f-1712\"\n\t\t\t\n\t\t><div class=\"sow-headline-container \">\n\t<h3 class='sow-headline'>NOTICIAS SOBRE SALUD MENTAL<\/h3>\t\t\t\t\t<div class=\"decoration\">\n\t\t\t\t\t\t<div class=\"decoration-inside\"><\/div>\n\t\t\t\t\t<\/div>\n\t\t\t\t\t<\/div><\/div><\/div><style>\n.rpwe-block ul{list-style:none!important;margin-left:0!important;padding-left:0!important;}.rpwe-block li{border-bottom:1px solid #eee;margin-bottom:10px;padding-bottom:10px;list-style-type: none;}.rpwe-block a{display:inline!important;text-decoration:none;}.rpwe-block h3{background:none!important;clear:none;margin-bottom:0!important;margin-top:0!important;font-weight:400;font-size:12px!important;line-height:1.5em;}.rpwe-thumb{border:1px solid #EEE!important;box-shadow:none!important;margin:2px 10px 2px 0;padding:3px!important;}.rpwe-summary{font-size:12px;}.rpwe-time{color:#bbb;font-size:11px;}.rpwe-comment{color:#bbb;font-size:11px;padding-left:5px;}.rpwe-alignleft{display:inline;float:left;}.rpwe-alignright{display:inline;float:right;}.rpwe-aligncenter{display:block;margin-left: auto;margin-right: auto;}.rpwe-clearfix:before,.rpwe-clearfix:after{content:\"\";display:table !important;}.rpwe-clearfix:after{clear:both;}.rpwe-clearfix{zoom:1;}\n<\/style>\n\t<div id=\"panel-324-1-1-1\" class=\"so-panel widget widget_rpwe_widget rpwe_widget recent-posts-extended panel-last-child\" data-index=\"3\" ><div  class=\"rpwe-block \"><ul class=\"rpwe-ul\"><li class=\"rpwe-li rpwe-clearfix\"><h3 class=\"rpwe-title\"><a href=\"http:\/\/www.javeriana.edu.co\/mentalpuntodeapoyo\/?p=1867\" title=\"Enlace permanente a A\u00d1O NUEVO, VIDA BUENA\" rel=\"bookmark\">A\u00d1O NUEVO, VIDA BUENA<\/a><\/h3><time class=\"rpwe-time published\" datetime=\"2018-03-21T19:21:17-05:00\">21 marzo, 2018<\/time><\/li><li class=\"rpwe-li rpwe-clearfix\"><h3 class=\"rpwe-title\"><a href=\"http:\/\/www.javeriana.edu.co\/mentalpuntodeapoyo\/?p=815\" title=\"Enlace permanente a Lactancia y Trabajo\" rel=\"bookmark\">Lactancia y Trabajo<\/a><\/h3><time class=\"rpwe-time published\" datetime=\"2017-11-02T15:40:10-05:00\">2 noviembre, 2017<\/time><\/li><li class=\"rpwe-li rpwe-clearfix\"><h3 class=\"rpwe-title\"><a href=\"http:\/\/www.javeriana.edu.co\/mentalpuntodeapoyo\/?p=812\" title=\"Enlace permanente a As\u00ed funciona la nueva licencia de maternidad en Colombia\" rel=\"bookmark\">As\u00ed funciona la nueva licencia de maternidad en Colombia<\/a><\/h3><time class=\"rpwe-time published\" datetime=\"2017-11-02T15:36:48-05:00\">2 noviembre, 2017<\/time><\/li><li class=\"rpwe-li rpwe-clearfix\"><h3 class=\"rpwe-title\"><a href=\"http:\/\/www.javeriana.edu.co\/mentalpuntodeapoyo\/?p=804\" title=\"Enlace permanente a Cuidar no es m\u00e1s natural para las mujeres, lo hacen por el privilegio de los hombres\" rel=\"bookmark\">Cuidar no es m\u00e1s natural para las mujeres, lo hacen por el privilegio de los hombres<\/a><\/h3><time class=\"rpwe-time published\" datetime=\"2017-11-02T15:26:19-05:00\">2 noviembre, 2017<\/time><\/li><li class=\"rpwe-li rpwe-clearfix\"><h3 class=\"rpwe-title\"><a href=\"http:\/\/www.javeriana.edu.co\/mentalpuntodeapoyo\/?p=799\" title=\"Enlace permanente a Los casos de demencia aumentan en aquellas personas que viven cerca de calles con mucho tr\u00e1fico\" rel=\"bookmark\">Los casos de demencia aumentan en aquellas personas que viven cerca de calles con mucho tr\u00e1fico<\/a><\/h3><time class=\"rpwe-time published\" datetime=\"2017-11-02T15:20:21-05:00\">2 noviembre, 2017<\/time><\/li><li class=\"rpwe-li rpwe-clearfix\"><h3 class=\"rpwe-title\"><a href=\"http:\/\/www.javeriana.edu.co\/mentalpuntodeapoyo\/?p=794\" title=\"Enlace permanente a El m\u00e9dico y psiquiatra Luis Alejandro C\u00e1rdenas: vida y obra al servicio de la psiquiatr\u00eda\" rel=\"bookmark\">El m\u00e9dico y psiquiatra Luis Alejandro C\u00e1rdenas: vida y obra al servicio de la psiquiatr\u00eda<\/a><\/h3><time class=\"rpwe-time published\" datetime=\"2017-11-02T15:12:42-05:00\">2 noviembre, 2017<\/time><\/li><li class=\"rpwe-li rpwe-clearfix\"><h3 class=\"rpwe-title\"><a href=\"http:\/\/www.javeriana.edu.co\/mentalpuntodeapoyo\/?p=774\" title=\"Enlace permanente a El pap\u00e1 que cuida al beb\u00e9 no \u201cayuda\u201d, ejerce la paternidad\" rel=\"bookmark\">El pap\u00e1 que cuida al beb\u00e9 no \u201cayuda\u201d, ejerce la paternidad<\/a><\/h3><time class=\"rpwe-time published\" datetime=\"2017-11-02T15:05:04-05:00\">2 noviembre, 2017<\/time><\/li><li class=\"rpwe-li rpwe-clearfix\"><h3 class=\"rpwe-title\"><a href=\"http:\/\/www.javeriana.edu.co\/mentalpuntodeapoyo\/?p=769\" title=\"Enlace permanente a La depresi\u00f3n: un mal que crece\" rel=\"bookmark\">La depresi\u00f3n: un mal que crece<\/a><\/h3><time class=\"rpwe-time published\" datetime=\"2017-11-02T14:53:40-05:00\">2 noviembre, 2017<\/time><\/li><li class=\"rpwe-li rpwe-clearfix\"><h3 class=\"rpwe-title\"><a href=\"http:\/\/www.javeriana.edu.co\/mentalpuntodeapoyo\/?p=756\" title=\"Enlace permanente a M\u00fasica y teatro para los discapacitados\" rel=\"bookmark\">M\u00fasica y teatro para los discapacitados<\/a><\/h3><time class=\"rpwe-time published\" datetime=\"2017-11-02T14:45:44-05:00\">2 noviembre, 2017<\/time><\/li><li class=\"rpwe-li rpwe-clearfix\"><h3 class=\"rpwe-title\"><a href=\"http:\/\/www.javeriana.edu.co\/mentalpuntodeapoyo\/?p=747\" title=\"Enlace permanente a Los psiquiatras debaten el modelo de rehabilitaci\u00f3n de enfermos mentales\" rel=\"bookmark\">Los psiquiatras debaten el modelo de rehabilitaci\u00f3n de enfermos mentales<\/a><\/h3><time class=\"rpwe-time published\" datetime=\"2017-11-02T14:33:13-05:00\">2 noviembre, 2017<\/time><\/li><\/ul><\/div><!-- Generated by http:\/\/wordpress.org\/plugins\/recent-posts-widget-extended\/ --><\/div><\/div><\/div><\/div>","protected":false},"excerpt":{"rendered":"<p>situs toto situs toto jacktoto link slot link slot situs slot link togel toto togel situs slot jacktoto jacktoto slot resmi jacktoto toto slot situs togel toto slot jacktoto jacktoto toto togel situs toto jacktoto toto togel jacktoto jacktoto toto <a href=\"http:\/\/www.javeriana.edu.co\/mentalpuntodeapoyo\/?p=747\" class=\"read-more\">Read More &#8230;<\/a><\/p>\n","protected":false},"author":1,"featured_media":0,"parent":0,"menu_order":0,"comment_status":"closed","ping_status":"closed","template":"","meta":{"footnotes":""},"yoast_head":"<!-- This site is optimized with the Yoast SEO plugin v23.0 - https:\/\/yoast.com\/wordpress\/plugins\/seo\/ -->\n<title>Boletines y Noticias - APS - Punto de Apoyo<\/title>\n<meta name=\"robots\" content=\"index, follow, max-snippet:-1, max-image-preview:large, max-video-preview:-1\" \/>\n<link rel=\"canonical\" href=\"http:\/\/www.javeriana.edu.co\/mentalpuntodeapoyo\/?page_id=324\" \/>\n<meta property=\"og:locale\" content=\"es_ES\" \/>\n<meta property=\"og:type\" content=\"article\" \/>\n<meta property=\"og:title\" content=\"Boletines y Noticias - APS - Punto de Apoyo\" \/>\n<meta property=\"og:description\" content=\"situs toto situs toto jacktoto link slot link slot situs slot link togel toto togel situs slot jacktoto jacktoto slot resmi jacktoto toto slot situs togel toto slot jacktoto jacktoto toto togel situs toto jacktoto toto togel jacktoto jacktoto toto Read More ...\" \/>\n<meta property=\"og:url\" content=\"http:\/\/www.javeriana.edu.co\/mentalpuntodeapoyo\/?page_id=324\" \/>\n<meta property=\"og:site_name\" content=\"APS - Punto de Apoyo\" \/>\n<meta property=\"article:modified_time\" content=\"2026-04-28T13:18:37+00:00\" \/>\n<meta name=\"twitter:card\" content=\"summary_large_image\" \/>\n<meta name=\"twitter:label1\" content=\"Tiempo de lectura\" \/>\n\t<meta name=\"twitter:data1\" content=\"1 minuto\" \/>\n<script type=\"application\/ld+json\" class=\"yoast-schema-graph\">{\"@context\":\"https:\/\/schema.org\",\"@graph\":[{\"@type\":\"WebPage\",\"@id\":\"http:\/\/www.javeriana.edu.co\/mentalpuntodeapoyo\/?page_id=324\",\"url\":\"http:\/\/www.javeriana.edu.co\/mentalpuntodeapoyo\/?page_id=324\",\"name\":\"Boletines y Noticias - APS - Punto de Apoyo\",\"isPartOf\":{\"@id\":\"https:\/\/www.javeriana.edu.co\/mentalpuntodeapoyo\/#website\"},\"datePublished\":\"2017-10-25T08:54:40+00:00\",\"dateModified\":\"2026-04-28T13:18:37+00:00\",\"breadcrumb\":{\"@id\":\"http:\/\/www.javeriana.edu.co\/mentalpuntodeapoyo\/?page_id=324#breadcrumb\"},\"inLanguage\":\"es\",\"potentialAction\":[{\"@type\":\"ReadAction\",\"target\":[\"http:\/\/www.javeriana.edu.co\/mentalpuntodeapoyo\/?page_id=324\"]}]},{\"@type\":\"BreadcrumbList\",\"@id\":\"http:\/\/www.javeriana.edu.co\/mentalpuntodeapoyo\/?page_id=324#breadcrumb\",\"itemListElement\":[{\"@type\":\"ListItem\",\"position\":1,\"name\":\"Portada\",\"item\":\"http:\/\/www.javeriana.edu.co\/mentalpuntodeapoyo\/\"},{\"@type\":\"ListItem\",\"position\":2,\"name\":\"Boletines y Noticias\"}]},{\"@type\":\"WebSite\",\"@id\":\"https:\/\/www.javeriana.edu.co\/mentalpuntodeapoyo\/#website\",\"url\":\"https:\/\/www.javeriana.edu.co\/mentalpuntodeapoyo\/\",\"name\":\"APS - Punto de Apoyo\",\"description\":\"Programa Intervenciones en Salud Mental PUHJ-HUSI\",\"publisher\":{\"@id\":\"https:\/\/www.javeriana.edu.co\/mentalpuntodeapoyo\/#organization\"},\"alternateName\":\"APS - Punto de Apoyo\",\"potentialAction\":[{\"@type\":\"SearchAction\",\"target\":{\"@type\":\"EntryPoint\",\"urlTemplate\":\"https:\/\/www.javeriana.edu.co\/mentalpuntodeapoyo\/?s={search_term_string}\"},\"query-input\":\"required name=search_term_string\"}],\"inLanguage\":\"es\"},{\"@type\":\"Organization\",\"@id\":\"https:\/\/www.javeriana.edu.co\/mentalpuntodeapoyo\/#organization\",\"name\":\"APS - Punto de Apoyo\",\"alternateName\":\"APS - Punto de Apoyo\",\"url\":\"https:\/\/www.javeriana.edu.co\/mentalpuntodeapoyo\/\",\"logo\":{\"@type\":\"ImageObject\",\"inLanguage\":\"es\",\"@id\":\"https:\/\/www.javeriana.edu.co\/mentalpuntodeapoyo\/#\/schema\/logo\/image\/\",\"url\":\"http:\/\/www.javeriana.edu.co\/mentalpuntodeapoyo\/wp-content\/uploads\/2018\/01\/cropped-logoFooter-2.png\",\"contentUrl\":\"http:\/\/www.javeriana.edu.co\/mentalpuntodeapoyo\/wp-content\/uploads\/2018\/01\/cropped-logoFooter-2.png\",\"width\":92,\"height\":92,\"caption\":\"APS - Punto de Apoyo\"},\"image\":{\"@id\":\"https:\/\/www.javeriana.edu.co\/mentalpuntodeapoyo\/#\/schema\/logo\/image\/\"}}]}<\/script>\n<!-- \/ Yoast SEO plugin. -->","yoast_head_json":{"title":"Boletines y Noticias - APS - Punto de Apoyo","robots":{"index":"index","follow":"follow","max-snippet":"max-snippet:-1","max-image-preview":"max-image-preview:large","max-video-preview":"max-video-preview:-1"},"canonical":"http:\/\/www.javeriana.edu.co\/mentalpuntodeapoyo\/?page_id=324","og_locale":"es_ES","og_type":"article","og_title":"Boletines y Noticias - APS - Punto de Apoyo","og_description":"situs toto situs toto jacktoto link slot link slot situs slot link togel toto togel situs slot jacktoto jacktoto slot resmi jacktoto toto slot situs togel toto slot jacktoto jacktoto toto togel situs toto jacktoto toto togel jacktoto jacktoto toto Read More ...","og_url":"http:\/\/www.javeriana.edu.co\/mentalpuntodeapoyo\/?page_id=324","og_site_name":"APS - Punto de Apoyo","article_modified_time":"2026-04-28T13:18:37+00:00","twitter_card":"summary_large_image","twitter_misc":{"Tiempo de lectura":"1 minuto"},"schema":{"@context":"https:\/\/schema.org","@graph":[{"@type":"WebPage","@id":"http:\/\/www.javeriana.edu.co\/mentalpuntodeapoyo\/?page_id=324","url":"http:\/\/www.javeriana.edu.co\/mentalpuntodeapoyo\/?page_id=324","name":"Boletines y Noticias - APS - Punto de Apoyo","isPartOf":{"@id":"https:\/\/www.javeriana.edu.co\/mentalpuntodeapoyo\/#website"},"datePublished":"2017-10-25T08:54:40+00:00","dateModified":"2026-04-28T13:18:37+00:00","breadcrumb":{"@id":"http:\/\/www.javeriana.edu.co\/mentalpuntodeapoyo\/?page_id=324#breadcrumb"},"inLanguage":"es","potentialAction":[{"@type":"ReadAction","target":["http:\/\/www.javeriana.edu.co\/mentalpuntodeapoyo\/?page_id=324"]}]},{"@type":"BreadcrumbList","@id":"http:\/\/www.javeriana.edu.co\/mentalpuntodeapoyo\/?page_id=324#breadcrumb","itemListElement":[{"@type":"ListItem","position":1,"name":"Portada","item":"http:\/\/www.javeriana.edu.co\/mentalpuntodeapoyo\/"},{"@type":"ListItem","position":2,"name":"Boletines y Noticias"}]},{"@type":"WebSite","@id":"https:\/\/www.javeriana.edu.co\/mentalpuntodeapoyo\/#website","url":"https:\/\/www.javeriana.edu.co\/mentalpuntodeapoyo\/","name":"APS - Punto de Apoyo","description":"Programa Intervenciones en Salud Mental PUHJ-HUSI","publisher":{"@id":"https:\/\/www.javeriana.edu.co\/mentalpuntodeapoyo\/#organization"},"alternateName":"APS - Punto de Apoyo","potentialAction":[{"@type":"SearchAction","target":{"@type":"EntryPoint","urlTemplate":"https:\/\/www.javeriana.edu.co\/mentalpuntodeapoyo\/?s={search_term_string}"},"query-input":"required name=search_term_string"}],"inLanguage":"es"},{"@type":"Organization","@id":"https:\/\/www.javeriana.edu.co\/mentalpuntodeapoyo\/#organization","name":"APS - Punto de Apoyo","alternateName":"APS - Punto de Apoyo","url":"https:\/\/www.javeriana.edu.co\/mentalpuntodeapoyo\/","logo":{"@type":"ImageObject","inLanguage":"es","@id":"https:\/\/www.javeriana.edu.co\/mentalpuntodeapoyo\/#\/schema\/logo\/image\/","url":"http:\/\/www.javeriana.edu.co\/mentalpuntodeapoyo\/wp-content\/uploads\/2018\/01\/cropped-logoFooter-2.png","contentUrl":"http:\/\/www.javeriana.edu.co\/mentalpuntodeapoyo\/wp-content\/uploads\/2018\/01\/cropped-logoFooter-2.png","width":92,"height":92,"caption":"APS - Punto de Apoyo"},"image":{"@id":"https:\/\/www.javeriana.edu.co\/mentalpuntodeapoyo\/#\/schema\/logo\/image\/"}}]}},"_links":{"self":[{"href":"http:\/\/www.javeriana.edu.co\/mentalpuntodeapoyo\/index.php?rest_route=\/wp\/v2\/pages\/324"}],"collection":[{"href":"http:\/\/www.javeriana.edu.co\/mentalpuntodeapoyo\/index.php?rest_route=\/wp\/v2\/pages"}],"about":[{"href":"http:\/\/www.javeriana.edu.co\/mentalpuntodeapoyo\/index.php?rest_route=\/wp\/v2\/types\/page"}],"author":[{"embeddable":true,"href":"http:\/\/www.javeriana.edu.co\/mentalpuntodeapoyo\/index.php?rest_route=\/wp\/v2\/users\/1"}],"replies":[{"embeddable":true,"href":"http:\/\/www.javeriana.edu.co\/mentalpuntodeapoyo\/index.php?rest_route=%2Fwp%2Fv2%2Fcomments&post=324"}],"version-history":[{"count":149,"href":"http:\/\/www.javeriana.edu.co\/mentalpuntodeapoyo\/index.php?rest_route=\/wp\/v2\/pages\/324\/revisions"}],"predecessor-version":[{"id":97380,"href":"http:\/\/www.javeriana.edu.co\/mentalpuntodeapoyo\/index.php?rest_route=\/wp\/v2\/pages\/324\/revisions\/97380"}],"wp:attachment":[{"href":"http:\/\/www.javeriana.edu.co\/mentalpuntodeapoyo\/index.php?rest_route=%2Fwp%2Fv2%2Fmedia&parent=324"}],"curies":[{"name":"wp","href":"https:\/\/api.w.org\/{rel}","templated":true}]}}