{"id":2023,"date":"2020-10-26T18:38:27","date_gmt":"2020-10-26T23:38:27","guid":{"rendered":"https:\/\/www.javeriana.edu.co\/muestrasartesjaveriana\/?page_id=2023"},"modified":"2021-02-18T15:02:07","modified_gmt":"2021-02-18T20:02:07","slug":"ii-congreso-latinoamericano-de-vientos-y-percusion","status":"publish","type":"page","link":"https:\/\/www.javeriana.edu.co\/muestrasartesjaveriana\/ii-congreso-latinoamericano-de-vientos-y-percusion\/","title":{"rendered":"II CONGRESO LATINOAMERICANO DE VIENTOS Y PERCUSION"},"content":{"rendered":"\t\t<div data-elementor-type=\"wp-page\" data-elementor-id=\"2023\" class=\"elementor elementor-2023\">\n\t\t\t\t\t\t<section class=\"elementor-section elementor-top-section elementor-element elementor-element-e5372e6 elementor-section-boxed elementor-section-height-default elementor-section-height-default\" data-id=\"e5372e6\" data-element_type=\"section\">\n\t\t\t\t\t\t<div class=\"elementor-container elementor-column-gap-wide\">\n\t\t\t\t\t<div class=\"elementor-column elementor-col-100 elementor-top-column elementor-element elementor-element-e889168\" data-id=\"e889168\" data-element_type=\"column\">\n\t\t\t<div class=\"elementor-widget-wrap elementor-element-populated\">\n\t\t\t\t\t\t<div class=\"elementor-element elementor-element-da21d74 elementor-widget elementor-widget-image\" data-id=\"da21d74\" data-element_type=\"widget\" data-widget_type=\"image.default\">\n\t\t\t\t<div class=\"elementor-widget-container\">\n\t\t\t\t\t\t\t\t\t\t\t\t\t\t\t<img fetchpriority=\"high\" decoding=\"async\" width=\"1920\" height=\"1080\" src=\"https:\/\/www.javeriana.edu.co\/muestrasartesjaveriana\/wp-content\/uploads\/2020\/11\/portada.jpg\" class=\"attachment-full size-full wp-image-2102\" alt=\"\" srcset=\"https:\/\/www.javeriana.edu.co\/muestrasartesjaveriana\/wp-content\/uploads\/2020\/11\/portada.jpg 1920w, https:\/\/www.javeriana.edu.co\/muestrasartesjaveriana\/wp-content\/uploads\/2020\/11\/portada-300x169.jpg 300w, https:\/\/www.javeriana.edu.co\/muestrasartesjaveriana\/wp-content\/uploads\/2020\/11\/portada-1024x576.jpg 1024w, https:\/\/www.javeriana.edu.co\/muestrasartesjaveriana\/wp-content\/uploads\/2020\/11\/portada-768x432.jpg 768w, https:\/\/www.javeriana.edu.co\/muestrasartesjaveriana\/wp-content\/uploads\/2020\/11\/portada-1536x864.jpg 1536w\" sizes=\"(max-width: 1920px) 100vw, 1920px\" \/>\t\t\t\t\t\t\t\t\t\t\t\t\t\t\t<\/div>\n\t\t\t\t<\/div>\n\t\t\t\t\t<\/div>\n\t\t<\/div>\n\t\t\t\t<div class=\"elementor-column elementor-col-100 elementor-top-column elementor-element elementor-element-30d1200\" data-id=\"30d1200\" data-element_type=\"column\">\n\t\t\t<div class=\"elementor-widget-wrap elementor-element-populated\">\n\t\t\t\t\t\t<div class=\"elementor-element elementor-element-8808d5e elementor-widget elementor-widget-text-editor\" data-id=\"8808d5e\" data-element_type=\"widget\" data-widget_type=\"text-editor.default\">\n\t\t\t\t<div class=\"elementor-widget-container\">\n\t\t\t\t\t\t\t\t\t<p style=\"padding-left: 40px; text-align: left;\"><span style=\"letter-spacing: 0.1px;\">\u00a0<\/span><\/p><p><span style=\"letter-spacing: 0.1px;\">El\u00a0<\/span><strong style=\"letter-spacing: 0.1px;\"><em>II\u00a0Congreso\u00a0Latinoamericano de Vientos y Percusi\u00f3n<\/em><\/strong><span style=\"letter-spacing: 0.1px;\">\u00a0de la Pontificia Universidad Javeriana (Bogot\u00e1, Colombia) constituye un escenario de encuentro, reflexi\u00f3n y proyecci\u00f3n del universo sonoro latinoamericano en vientos y percusi\u00f3n, con especial \u00e9nfasis en los procesos de creaci\u00f3n y circulaci\u00f3n de conocimiento, sonidos, est\u00e9ticas y experiencias educativas que configuran la potencia regional de esta pr\u00e1ctica en nuestro continente.\u00a0\u00a0<\/span><\/p><p>El II Congreso se desarrolla a\u00a0trav\u00e9s\u00a0de un objetivo en com\u00fan centrado en el repertorio de banda\u00a0y\u00a0visto desde la perspectiva de: el educador, el director, el compositor, el investigador y el int\u00e9rprete.\u00a0\u00a0<\/p><p>Las actividades propuestas incluyen ponencias y paneles con la participaci\u00f3n de reconocidos especialistas en el \u00e1rea de bandas.\u00a0 Representantes de Estados Unidos, Argentina, Brasil y Colombia\u00a0compartir\u00e1n\u00a0sus experiencias y trayectoria en cada una de las \u00e1reas relacionadas con la formaci\u00f3n de\u00a0bandas tanto a nivel pedag\u00f3gico como art\u00edstico.<\/p>\t\t\t\t\t\t\t\t<\/div>\n\t\t\t\t<\/div>\n\t\t\t\t\t<\/div>\n\t\t<\/div>\n\t\t\t\t\t<\/div>\n\t\t<\/section>\n\t\t\t\t<section class=\"elementor-section elementor-top-section elementor-element elementor-element-31c3e9a elementor-section-boxed elementor-section-height-default elementor-section-height-default\" data-id=\"31c3e9a\" data-element_type=\"section\" data-settings=\"{&quot;background_background&quot;:&quot;classic&quot;}\">\n\t\t\t\t\t\t<div class=\"elementor-container elementor-column-gap-default\">\n\t\t\t\t\t<div class=\"elementor-column elementor-col-100 elementor-top-column elementor-element elementor-element-78a5abe\" data-id=\"78a5abe\" data-element_type=\"column\">\n\t\t\t<div class=\"elementor-widget-wrap elementor-element-populated\">\n\t\t\t\t\t\t<div class=\"elementor-element elementor-element-2843dac elementor-tabs-view-horizontal elementor-widget elementor-widget-tabs\" data-id=\"2843dac\" data-element_type=\"widget\" data-widget_type=\"tabs.default\">\n\t\t\t\t<div class=\"elementor-widget-container\">\n\t\t\t\t\t\t\t<div class=\"elementor-tabs\">\n\t\t\t<div class=\"elementor-tabs-wrapper\" role=\"tablist\" >\n\t\t\t\t\t\t\t\t\t<div id=\"elementor-tab-title-4221\" class=\"elementor-tab-title elementor-tab-desktop-title\" aria-selected=\"true\" data-tab=\"1\" role=\"tab\" tabindex=\"0\" aria-controls=\"elementor-tab-content-4221\" aria-expanded=\"false\">Lunes 9 de Noviembre  <\/div>\n\t\t\t\t\t\t\t\t\t<div id=\"elementor-tab-title-4222\" class=\"elementor-tab-title elementor-tab-desktop-title\" aria-selected=\"false\" data-tab=\"2\" role=\"tab\" tabindex=\"-1\" aria-controls=\"elementor-tab-content-4222\" aria-expanded=\"false\">Martes 10 de Noviembre <\/div>\n\t\t\t\t\t\t\t\t\t<div id=\"elementor-tab-title-4223\" class=\"elementor-tab-title elementor-tab-desktop-title\" aria-selected=\"false\" data-tab=\"3\" role=\"tab\" tabindex=\"-1\" aria-controls=\"elementor-tab-content-4223\" aria-expanded=\"false\">Mi\u00e9rcoles 11 de Noviembre <\/div>\n\t\t\t\t\t\t\t\t\t<div id=\"elementor-tab-title-4224\" class=\"elementor-tab-title elementor-tab-desktop-title\" aria-selected=\"false\" data-tab=\"4\" role=\"tab\" tabindex=\"-1\" aria-controls=\"elementor-tab-content-4224\" aria-expanded=\"false\">Jueves 12 de Noviembre <\/div>\n\t\t\t\t\t\t\t<\/div>\n\t\t\t<div class=\"elementor-tabs-content-wrapper\" role=\"tablist\" aria-orientation=\"vertical\">\n\t\t\t\t\t\t\t\t\t<div class=\"elementor-tab-title elementor-tab-mobile-title\" aria-selected=\"true\" data-tab=\"1\" role=\"tab\" tabindex=\"0\" aria-controls=\"elementor-tab-content-4221\" aria-expanded=\"false\">Lunes 9 de Noviembre  <\/div>\n\t\t\t\t\t<div id=\"elementor-tab-content-4221\" class=\"elementor-tab-content elementor-clearfix\" data-tab=\"1\" role=\"tabpanel\" aria-labelledby=\"elementor-tab-title-4221\" tabindex=\"0\" hidden=\"false\"><p>5:00-6:30 p.m.\u00a0<strong>Metodolog\u00edas\u00a0de\u00a0formaci\u00f3n\u00a0para banda\u00a0en Colombia<\/strong> <br \/>Panelistas: C\u00e9sar Cano &#8211; Bogot\u00e1, Jairo Machado \u2013 Caldas, Andrey Ramos &#8211; Cundinamarca\u00a0<br \/>Modera: Gustavo Velandia (4 personas en Zoom)\u00a0<\/p><p style=\"padding-left: 40px;\">Experiencia\u00a0pedag\u00f3gica\u00a0de\u00a0tres\u00a0maestros\u00a0directores\u00a0de\u00a0bandas\u00a0quienes\u00a0han\u00a0desarrollo\u00a0m\u00e9todos propios\u00a0de\u00a0formaci\u00f3n\u00a0musical para\u00a0banda.\u00a0<\/p><p>6:30-8:00 p.m.\u00a0<strong>M\u00e9todos\u00a0colectivos\u00a0de\u00a0formaci\u00f3n\u00a0musical para\u00a0banda<\/strong>\u00a0<br \/>Ponente: Dra. Elizabeth Peterson &#8211; USA\u00a0<br \/>Presenta: Patricia Vanegas\u00a0(2\u00a0personas en Zoom)\u00a0<\/p><p style=\"padding-left: 40px;\">Presentaci\u00f3n\u00a0y\u00a0aplicaci\u00f3n\u00a0de\u00a0m\u00e9todos\u00a0colectivos\u00a0de\u00a0banda\u00a0utilizados\u00a0actualmente\u00a0en\u00a0Estados Unidos a\u00a0nivel\u00a0escolar.\u00a0<\/p><\/div>\n\t\t\t\t\t\t\t\t\t<div class=\"elementor-tab-title elementor-tab-mobile-title\" aria-selected=\"false\" data-tab=\"2\" role=\"tab\" tabindex=\"-1\" aria-controls=\"elementor-tab-content-4222\" aria-expanded=\"false\">Martes 10 de Noviembre <\/div>\n\t\t\t\t\t<div id=\"elementor-tab-content-4222\" class=\"elementor-tab-content elementor-clearfix\" data-tab=\"2\" role=\"tabpanel\" aria-labelledby=\"elementor-tab-title-4222\" tabindex=\"0\" hidden=\"hidden\"><p>5:00-6:30 p.m.\u00a0<strong>Foro\u00a0de\u00a0compositores \u00a1Presenta\u00a0tu\u00a0obra!<\/strong>\u00a0<br \/>Modera: Victoriano Valencia (5 personas en Zoom)\u00a0<\/p><p style=\"padding-left: 40px;\">Presentaci\u00f3n de nueva m\u00fasica para banda, elegida por convocatoria p\u00fablica y dirigida a compositores con obras para banda recientes.\u00a0\u00a0<\/p><p>6:30-8:00 p.m. <strong>La salvaguardia del patrimonio musical colombiano como se ve en el Concurso Nacional de Bandas en Paipa-Boyac\u00e1: una gu\u00eda de interpretaci\u00f3n estil\u00edstica<br \/><\/strong>Ponente: Patricia Vanegas\u00a0\u00a0<br \/>(1 persona en Zoom)\u00a0<\/p><p style=\"padding-left: 40px;\">Presentaci\u00f3n de\u00a0tesis\u00a0de\u00a0grado\u00a0de\u00a0Doctorado\u00a0en\u00a0Direcci\u00f3n\u00a0de Banda\u00a0para la Universidad de Illinois.<\/p><\/div>\n\t\t\t\t\t\t\t\t\t<div class=\"elementor-tab-title elementor-tab-mobile-title\" aria-selected=\"false\" data-tab=\"3\" role=\"tab\" tabindex=\"-1\" aria-controls=\"elementor-tab-content-4223\" aria-expanded=\"false\">Mi\u00e9rcoles 11 de Noviembre <\/div>\n\t\t\t\t\t<div id=\"elementor-tab-content-4223\" class=\"elementor-tab-content elementor-clearfix\" data-tab=\"3\" role=\"tabpanel\" aria-labelledby=\"elementor-tab-title-4223\" tabindex=\"0\" hidden=\"hidden\"><p>5:00-6:30 p.m.\u00a0\u00a0<b>Reflexiones sobre la literatura band\u00edstica con un enfoque en Am\u00e9rica Latina<br \/><\/b><span style=\"color: var( --e-global-color-text ); letter-spacing: 0.1px;\">Ponente: Miguel Etchegoncelay-Argentina\u00a0<\/span><\/p><p>Presenta: Patricia Vanegas (2 personas en Zoom)\u00a0<\/p><p style=\"padding-left: 80px;\">Entre los compositores m\u00e1s relevantes de Am\u00e9rica Latina que hayan escrito para banda, podemos mencionar a Heitor Villa-Lobos, Silvestre Revueltas, Carlos Chavez, Leo Brouwer, Mauricio Kagel o al maestro Blas Emilio Atehourtua. Estos maestros, proven\u00edan de una formaci\u00f3n erudita y sublimaron los elementos marcantes de sus culturas en obras de car\u00e1cter universal. Paradojicamente, la gran mayor\u00eda de las bandas no abordan este repertorio. Otros antes que ellos, incluso ligados a la m\u00fasica para vientos, como Camargo Guarnieri, Alberto Williams o Manuel Ponce, no dejaron en su producci\u00f3n obras originales, aunque sus obras m\u00e1s populares fueron transcriptas para banda y siguen formando parte del repertorio tradicional. Muchos compositores de las generaciones m\u00e1s recientes, continuan con el legado de sus maestros, escribiendo m\u00fasica original, aunque usualmente ligada a las expresiones folkl\u00f3ricas vern\u00e1culas. La charla remontar\u00e1 brevemente el historial de la banda en Am\u00e9rica Latina para introducir la tem\u00e1tica del repertorio en sentido amplio, su evoluci\u00f3n, su legado, su situacion actual, su impacto en el acerbo cultural y su importancia pedag\u00f3gica de cara a la formaci\u00f3n de las futuras generaciones de m\u00fasicos.\u00a0<\/p><p>6:30-8:00 p.m.\u00a0<strong>M\u00fasica\u00a0brasilera\u00a0para\u00a0banda<\/strong>\u00a0<br \/><span style=\"color: var( --e-global-color-text ); letter-spacing: 0.1px;\">Ponente: Hudson Nogueira-Brasil\u00a0<br \/><\/span><span style=\"color: var( --e-global-color-text ); letter-spacing: 0.1px;\">Presentan: Leonor Convers y Jose Luis Gallo (3 personas en Zoom)\u00a0<\/span><\/p><p style=\"padding-left: 40px;\">Adem\u00e1s,\u00a0hablar\u00e1\u00a0sobre\u00a0dichas\u00a0composiciones\u00a0y\u00a0sobre\u00a0trabajos\u00a0para\u00a0otros\u00a0formatos\u00a0musicales.\u00a0<\/p><p style=\"padding-left: 40px;\">El maestro Nogueira presentar\u00e1 sus composiciones para bandas en formaci\u00f3n y bandas profesionales.\u00a0 Adem\u00e1s, expondr\u00e1 sus trabajos para otros formatos musicales y compartir\u00e1 sus experiencias como artista en otras partes del mundo.<\/p><\/div>\n\t\t\t\t\t\t\t\t\t<div class=\"elementor-tab-title elementor-tab-mobile-title\" aria-selected=\"false\" data-tab=\"4\" role=\"tab\" tabindex=\"-1\" aria-controls=\"elementor-tab-content-4224\" aria-expanded=\"false\">Jueves 12 de Noviembre <\/div>\n\t\t\t\t\t<div id=\"elementor-tab-content-4224\" class=\"elementor-tab-content elementor-clearfix\" data-tab=\"4\" role=\"tabpanel\" aria-labelledby=\"elementor-tab-title-4224\" tabindex=\"0\" hidden=\"hidden\"><p>5:00-6:30 p.m.\u00a0<strong>Otros\u00a0repertorios,\u00a0otras\u00a0estrategias,\u00a0otras\u00a0bandas<\/strong>\u00a0<br \/>Panelistas: Santiago Botero, Sebasti\u00e1n Rozo\u00a0<br \/>Modera: Patricia Vanegas\u00a0(3\u00a0personas en Zoom)\u00a0<\/p><p style=\"padding-left: 40px;\">Presentaci\u00f3n de\u00a0otras\u00a0estrategias\u00a0de\u00a0trabajo\u00a0colectivo\u00a0con\u00a0grupos\u00a0instrumentales\u00a0diversos.\u00a0<\/p><p>6:30-8:00 p.m.\u00a0<strong>Perspectivas\u00a0de\u00a0formaci\u00f3n\u00a0instrumental del\u00a0m\u00fasico\u00a0de\u00a0banda<\/strong>\u00a0<br \/>Panelistas: Jos\u00e9 Fernando G\u00f3mez, Juan Fernando Avenda\u00f1o, Mario Sarmiento\u00a0<br \/>Modera: Rafael Rodr\u00edguez (5 personas en Zoom)\u00a0<\/p><p style=\"padding-left: 40px;\">Panel compuesto por maestros del \u00e1rea de vientos y percusi\u00f3n donde se compartir\u00e1n experiencias pedag\u00f3gicas con estudiantes pertenecientes a variados procesos principalmente band\u00edsticos.\u00a0 Los maestros dar\u00e1n sus apreciaciones sobre el proceso de formaci\u00f3n instrumental en banda y la transici\u00f3n hacia la formaci\u00f3n universitaria.<\/p><p>\u00a0<\/p><\/div>\n\t\t\t\t\t\t\t<\/div>\n\t\t<\/div>\n\t\t\t\t\t\t<\/div>\n\t\t\t\t<\/div>\n\t\t\t\t\t<\/div>\n\t\t<\/div>\n\t\t\t\t\t<\/div>\n\t\t<\/section>\n\t\t\t\t<section class=\"elementor-section elementor-top-section elementor-element elementor-element-d3a3712 elementor-section-boxed elementor-section-height-default elementor-section-height-default\" data-id=\"d3a3712\" data-element_type=\"section\" data-settings=\"{&quot;background_background&quot;:&quot;classic&quot;}\">\n\t\t\t\t\t\t<div class=\"elementor-container elementor-column-gap-default\">\n\t\t\t\t\t<div class=\"elementor-column elementor-col-50 elementor-top-column elementor-element elementor-element-43e95af\" data-id=\"43e95af\" data-element_type=\"column\">\n\t\t\t<div class=\"elementor-widget-wrap elementor-element-populated\">\n\t\t\t\t\t\t<div class=\"elementor-element elementor-element-720b955 elementor-align-center elementor-widget elementor-widget-button\" data-id=\"720b955\" data-element_type=\"widget\" data-widget_type=\"button.default\">\n\t\t\t\t<div class=\"elementor-widget-container\">\n\t\t\t\t\t\t\t\t\t<div class=\"elementor-button-wrapper\">\n\t\t\t\t\t<a class=\"elementor-button elementor-button-link elementor-size-sm\" href=\"https:\/\/www.javeriana.edu.co\/muestrasartesjaveriana\/wp-content\/uploads\/2020\/10\/ENSAMBLE-VIENTOS_PROGRAMA_Mesa-de-trabajo-1.png\" download=\"\">\n\t\t\t\t\t\t<span class=\"elementor-button-content-wrapper\">\n\t\t\t\t\t\t\t\t\t<span class=\"elementor-button-text\">DESCARGAR PROGRAMA<\/span>\n\t\t\t\t\t<\/span>\n\t\t\t\t\t<\/a>\n\t\t\t\t<\/div>\n\t\t\t\t\t\t\t\t<\/div>\n\t\t\t\t<\/div>\n\t\t\t\t\t<\/div>\n\t\t<\/div>\n\t\t\t\t<div class=\"elementor-column elementor-col-50 elementor-top-column elementor-element elementor-element-ae56528\" data-id=\"ae56528\" data-element_type=\"column\">\n\t\t\t<div class=\"elementor-widget-wrap\">\n\t\t\t\t\t\t\t<\/div>\n\t\t<\/div>\n\t\t\t\t\t<\/div>\n\t\t<\/section>\n\t\t\t\t<section class=\"elementor-section elementor-top-section elementor-element elementor-element-02e7d49 elementor-section-boxed elementor-section-height-default elementor-section-height-default\" data-id=\"02e7d49\" data-element_type=\"section\">\n\t\t\t\t\t\t<div class=\"elementor-container elementor-column-gap-default\">\n\t\t\t\t\t<div class=\"elementor-column elementor-col-100 elementor-top-column elementor-element elementor-element-1394d8a\" data-id=\"1394d8a\" data-element_type=\"column\">\n\t\t\t<div class=\"elementor-widget-wrap elementor-element-populated\">\n\t\t\t\t\t\t<div class=\"elementor-element elementor-element-cfe2e5f elementor-widget elementor-widget-heading\" data-id=\"cfe2e5f\" data-element_type=\"widget\" data-widget_type=\"heading.default\">\n\t\t\t\t<div class=\"elementor-widget-container\">\n\t\t\t\t\t<h2 class=\"elementor-heading-title elementor-size-default\">PONENTES INTERNACIONALES<\/h2>\t\t\t\t<\/div>\n\t\t\t\t<\/div>\n\t\t\t\t\t<\/div>\n\t\t<\/div>\n\t\t\t\t\t<\/div>\n\t\t<\/section>\n\t\t\t\t<section class=\"elementor-section elementor-top-section elementor-element elementor-element-12f8eca elementor-section-boxed elementor-section-height-default elementor-section-height-default\" data-id=\"12f8eca\" data-element_type=\"section\" data-settings=\"{&quot;background_background&quot;:&quot;slideshow&quot;,&quot;background_slideshow_gallery&quot;:[{&quot;id&quot;:2047,&quot;url&quot;:&quot;https:\\\/\\\/www.javeriana.edu.co\\\/muestrasartesjaveriana\\\/wp-content\\\/uploads\\\/2020\\\/10\\\/Fondo-10-1.png&quot;}],&quot;background_slideshow_loop&quot;:&quot;yes&quot;,&quot;background_slideshow_slide_duration&quot;:5000,&quot;background_slideshow_slide_transition&quot;:&quot;fade&quot;,&quot;background_slideshow_transition_duration&quot;:500}\">\n\t\t\t\t\t\t<div class=\"elementor-container elementor-column-gap-default\">\n\t\t\t\t\t<div class=\"elementor-column elementor-col-33 elementor-top-column elementor-element elementor-element-8eb823d\" data-id=\"8eb823d\" data-element_type=\"column\">\n\t\t\t<div class=\"elementor-widget-wrap elementor-element-populated\">\n\t\t\t\t\t\t<div class=\"elementor-element elementor-element-a318ca2 elementor-widget elementor-widget-image\" data-id=\"a318ca2\" data-element_type=\"widget\" data-widget_type=\"image.default\">\n\t\t\t\t<div class=\"elementor-widget-container\">\n\t\t\t\t\t\t\t\t\t\t\t\t\t\t\t<img decoding=\"async\" width=\"311\" height=\"436\" src=\"https:\/\/www.javeriana.edu.co\/muestrasartesjaveriana\/wp-content\/uploads\/2020\/10\/ELIZABETH-PETERSON.png\" class=\"attachment-large size-large wp-image-2030\" alt=\"\" srcset=\"https:\/\/www.javeriana.edu.co\/muestrasartesjaveriana\/wp-content\/uploads\/2020\/10\/ELIZABETH-PETERSON.png 311w, https:\/\/www.javeriana.edu.co\/muestrasartesjaveriana\/wp-content\/uploads\/2020\/10\/ELIZABETH-PETERSON-214x300.png 214w\" sizes=\"(max-width: 311px) 100vw, 311px\" \/>\t\t\t\t\t\t\t\t\t\t\t\t\t\t\t<\/div>\n\t\t\t\t<\/div>\n\t\t\t\t<div class=\"elementor-element elementor-element-c17e225 elementor-widget elementor-widget-spacer\" data-id=\"c17e225\" data-element_type=\"widget\" data-widget_type=\"spacer.default\">\n\t\t\t\t<div class=\"elementor-widget-container\">\n\t\t\t\t\t\t\t<div class=\"elementor-spacer\">\n\t\t\t<div class=\"elementor-spacer-inner\"><\/div>\n\t\t<\/div>\n\t\t\t\t\t\t<\/div>\n\t\t\t\t<\/div>\n\t\t\t\t<div class=\"elementor-element elementor-element-aebb2ac elementor-widget elementor-widget-image\" data-id=\"aebb2ac\" data-element_type=\"widget\" data-widget_type=\"image.default\">\n\t\t\t\t<div class=\"elementor-widget-container\">\n\t\t\t\t\t\t\t\t\t\t\t\t\t\t\t<img decoding=\"async\" width=\"290\" height=\"436\" src=\"https:\/\/www.javeriana.edu.co\/muestrasartesjaveriana\/wp-content\/uploads\/2020\/10\/HUDSON-NOGUEIRA.png\" class=\"attachment-large size-large wp-image-2032\" alt=\"\" srcset=\"https:\/\/www.javeriana.edu.co\/muestrasartesjaveriana\/wp-content\/uploads\/2020\/10\/HUDSON-NOGUEIRA.png 290w, https:\/\/www.javeriana.edu.co\/muestrasartesjaveriana\/wp-content\/uploads\/2020\/10\/HUDSON-NOGUEIRA-200x300.png 200w\" sizes=\"(max-width: 290px) 100vw, 290px\" \/>\t\t\t\t\t\t\t\t\t\t\t\t\t\t\t<\/div>\n\t\t\t\t<\/div>\n\t\t\t\t<div class=\"elementor-element elementor-element-5facd9d elementor-widget elementor-widget-spacer\" data-id=\"5facd9d\" data-element_type=\"widget\" data-widget_type=\"spacer.default\">\n\t\t\t\t<div class=\"elementor-widget-container\">\n\t\t\t\t\t\t\t<div class=\"elementor-spacer\">\n\t\t\t<div class=\"elementor-spacer-inner\"><\/div>\n\t\t<\/div>\n\t\t\t\t\t\t<\/div>\n\t\t\t\t<\/div>\n\t\t\t\t<div class=\"elementor-element elementor-element-93fa100 elementor-widget elementor-widget-image\" data-id=\"93fa100\" data-element_type=\"widget\" data-widget_type=\"image.default\">\n\t\t\t\t<div class=\"elementor-widget-container\">\n\t\t\t\t\t\t\t\t\t\t\t\t\t\t\t<img loading=\"lazy\" decoding=\"async\" width=\"289\" height=\"435\" src=\"https:\/\/www.javeriana.edu.co\/muestrasartesjaveriana\/wp-content\/uploads\/2020\/10\/MIGUEL-ETCHEGONCELAY-.png\" class=\"attachment-large size-large wp-image-2033\" alt=\"\" srcset=\"https:\/\/www.javeriana.edu.co\/muestrasartesjaveriana\/wp-content\/uploads\/2020\/10\/MIGUEL-ETCHEGONCELAY-.png 289w, https:\/\/www.javeriana.edu.co\/muestrasartesjaveriana\/wp-content\/uploads\/2020\/10\/MIGUEL-ETCHEGONCELAY--199x300.png 199w\" sizes=\"(max-width: 289px) 100vw, 289px\" \/>\t\t\t\t\t\t\t\t\t\t\t\t\t\t\t<\/div>\n\t\t\t\t<\/div>\n\t\t\t\t<div class=\"elementor-element elementor-element-94fd02a elementor-widget elementor-widget-spacer\" data-id=\"94fd02a\" data-element_type=\"widget\" data-widget_type=\"spacer.default\">\n\t\t\t\t<div class=\"elementor-widget-container\">\n\t\t\t\t\t\t\t<div class=\"elementor-spacer\">\n\t\t\t<div class=\"elementor-spacer-inner\"><\/div>\n\t\t<\/div>\n\t\t\t\t\t\t<\/div>\n\t\t\t\t<\/div>\n\t\t\t\t<div class=\"elementor-element elementor-element-f543cce elementor-widget elementor-widget-spacer\" data-id=\"f543cce\" data-element_type=\"widget\" data-widget_type=\"spacer.default\">\n\t\t\t\t<div class=\"elementor-widget-container\">\n\t\t\t\t\t\t\t<div class=\"elementor-spacer\">\n\t\t\t<div class=\"elementor-spacer-inner\"><\/div>\n\t\t<\/div>\n\t\t\t\t\t\t<\/div>\n\t\t\t\t<\/div>\n\t\t\t\t<div class=\"elementor-element elementor-element-a018c2f elementor-widget elementor-widget-image\" data-id=\"a018c2f\" data-element_type=\"widget\" data-widget_type=\"image.default\">\n\t\t\t\t<div class=\"elementor-widget-container\">\n\t\t\t\t\t\t\t\t\t\t\t\t\t\t\t<img loading=\"lazy\" decoding=\"async\" width=\"214\" height=\"234\" src=\"https:\/\/www.javeriana.edu.co\/muestrasartesjaveriana\/wp-content\/uploads\/2020\/10\/PATRICIA-VANEGAS-RUIZ.png\" class=\"attachment-large size-large wp-image-2034\" alt=\"\" \/>\t\t\t\t\t\t\t\t\t\t\t\t\t\t\t<\/div>\n\t\t\t\t<\/div>\n\t\t\t\t\t<\/div>\n\t\t<\/div>\n\t\t\t\t<div class=\"elementor-column elementor-col-66 elementor-top-column elementor-element elementor-element-9c1a360\" data-id=\"9c1a360\" data-element_type=\"column\">\n\t\t\t<div class=\"elementor-widget-wrap elementor-element-populated\">\n\t\t\t\t\t\t<div class=\"elementor-element elementor-element-d46de41 elementor-widget elementor-widget-heading\" data-id=\"d46de41\" data-element_type=\"widget\" data-widget_type=\"heading.default\">\n\t\t\t\t<div class=\"elementor-widget-container\">\n\t\t\t\t\t<h2 class=\"elementor-heading-title elementor-size-default\">ELIZABETH PETERSON<\/h2>\t\t\t\t<\/div>\n\t\t\t\t<\/div>\n\t\t\t\t<div class=\"elementor-element elementor-element-63f6454 elementor-widget elementor-widget-text-editor\" data-id=\"63f6454\" data-element_type=\"widget\" data-widget_type=\"text-editor.default\">\n\t\t\t\t<div class=\"elementor-widget-container\">\n\t\t\t\t\t\t\t\t\t<p>La Dra. Elizabeth Peterson, formadora de directores y directora asociada de bandas, se uni\u00f3 a la facultad de la Universidad de Illinois en el oto\u00f1o de 2015. La Dra. Peterson dirige la Orquesta de Viento de Illinois, sirve como coordinadora de pasant\u00edas para los estudiantes de educaci\u00f3n y ense\u00f1a cursos de direcci\u00f3n instrumental. Antes de su nombramiento en la Universidad de Illinois, Peterson fue profesora titular de educaci\u00f3n musical en el Ithaca College School of Music. Durante los diecisiete a\u00f1os que pas\u00f3 en el Ithaca College, Peterson dirigi\u00f3 numerosos conjuntos, incluyendo la Banda Sinf\u00f3nica, el Ensamble de Cobres y la Banda del Campus. Imparti\u00f3 cursos de direcci\u00f3n, cursos de pregrado y posgrado en educaci\u00f3n musical, y supervis\u00f3 a profesores del \u00e1rea de educaci\u00f3n. Peterson fue codirectora de la Ithaca Concert Band (banda comunitaria) durante quince a\u00f1os. La investigaci\u00f3n actual de la Dra. Peterson se centra en las experiencias de los maestros directores del \u00e1rea de educaci\u00f3n en su primer a\u00f1o de trabajo.<br \/><br \/>La Dra. Peterson es activa como directora invitada, juez y consultora de m\u00fasica escolar en los Estados Unidos y Canad\u00e1. Es asesora a nivel local, estatal y nacional en el campo de la educaci\u00f3n musical. Los dos libros de Peterson, &#8220;The Music Teachers First Year: Tales of Challenge Joy and Triumph&#8221;, y &#8220;The Music Teacher&#8217;s Later Years: Reflection with Wisdom&#8221; son publicados por Meredith Music.\u00a0 La Dra. Peterson recibi\u00f3 una Licenciatura en Educaci\u00f3n Musical y una Licenciatura en Literatura, Ciencias y Artes de la Universidad de Michigan, donde estudi\u00f3 trompeta con Armando Ghitalla. Recibi\u00f3 el t\u00edtulo de Maestr\u00eda en M\u00fasica en Educaci\u00f3n Musical e Interpretaci\u00f3n de Trompeta de la Universidad Northwestern, donde estudi\u00f3 trompeta con Vincent Cichowicz, y actu\u00f3 en la North Shore Community Band bajo la direcci\u00f3n del maestro John P. Paynter. Obtuvo un Doctorado en Artes Musicales en Educaci\u00f3n Musical del Conservatorio de Shenandoah.\u00a0 Antes de su nombramiento en Ithaca College, Peterson fue administradora de artes y directora de bandas en escuelas p\u00fablicas de Ohio e Illinois. La Dra. Peterson es miembro profesional de, el College Band Directors National Association, The National Association for Music Education, Mu Phi Epsilon, Phi Kappa Phi y Pi Kappa Lambda. Peterson es miembro de la American Bandmasters Association y de la Junta Directiva de Midwest Clinic.\u00a0<\/p>\t\t\t\t\t\t\t\t<\/div>\n\t\t\t\t<\/div>\n\t\t\t\t<div class=\"elementor-element elementor-element-5d67d1d elementor-widget elementor-widget-spacer\" data-id=\"5d67d1d\" data-element_type=\"widget\" data-widget_type=\"spacer.default\">\n\t\t\t\t<div class=\"elementor-widget-container\">\n\t\t\t\t\t\t\t<div class=\"elementor-spacer\">\n\t\t\t<div class=\"elementor-spacer-inner\"><\/div>\n\t\t<\/div>\n\t\t\t\t\t\t<\/div>\n\t\t\t\t<\/div>\n\t\t\t\t<div class=\"elementor-element elementor-element-96ab513 elementor-widget elementor-widget-heading\" data-id=\"96ab513\" data-element_type=\"widget\" data-widget_type=\"heading.default\">\n\t\t\t\t<div class=\"elementor-widget-container\">\n\t\t\t\t\t<h2 class=\"elementor-heading-title elementor-size-default\">HUDSON NOGUEIRA<\/h2>\t\t\t\t<\/div>\n\t\t\t\t<\/div>\n\t\t\t\t<div class=\"elementor-element elementor-element-eb6639b elementor-widget elementor-widget-text-editor\" data-id=\"eb6639b\" data-element_type=\"widget\" data-widget_type=\"text-editor.default\">\n\t\t\t\t<div class=\"elementor-widget-container\">\n\t\t\t\t\t\t\t\t\t<p>Licenciado en clarinete del Colegio Mozarteum de Sao Paulo, estudi\u00f3 saxof\u00f3n con Jos\u00e9 Carlos Prandini y composici\u00f3n con Edmundo Villani. Como clarinetista, form\u00f3 parte de la Banda Sinf\u00f3nica del Estado de Sao Paulo durante siete a\u00f1os, y como saxofonista fue miembro de la Banda Savana. Particip\u00f3 en los &#8220;Proyectos Organizadores&#8221; actuando con los Maestros Moacir Santos, Cip\u00f3, Duda do Recife, Jos\u00e9 Roberto Branco entre otros. En 2005, hizo varias actuaciones en Jap\u00f3n como solista invitado interpretando sus composiciones dentro del marco del I Festival de clarinete celebrado por primera vez en Asia.<\/p><p>Ha escrito arreglos para: Marvin Stamm, Leila Pinheiro, Bete Carvalho, Nana Caymmi, Ivan Lins, Jane Duboc, Guilherme Arantes, Toquinho, Gilberto Gil, Moraes Moreira, Boca Livre, Milton Nascimento, Sujeito a Guincho, Banda Savana, Banda Sinf\u00f3nica Jovem do Estado de Sao Paulo, Banda Sinf\u00f3nica del Estado de Sao Paulo, Orquesta de vientos del Brasil, y Orquesta Paulista entre otros. Entre varios artistas, grupos e instituciones para los que ha compuesto est\u00e1n: Fernando Dissenha, Dale Underwood, Fred Mills, Paulo S\u00e9rgio Santos, James Gourlay,\u00a0 \u00a0 Eugene Rousseau, Madeira de Vento, Quinteto Villa-Lobos, Osland Saxophone Quartet, Universidad\u00a0 de Minnesota, Universidad de Georgia, Universidad de Florida Central y Universidad de St. Thomas.<\/p><p>Particip\u00f3 como arreglista y compositor del PROYECTO Serie de m\u00fasica brasilera para banda llevada a cabo por FUNARTE, adem\u00e1s de escribir un art\u00edculo sobre arreglos para la 1a Gu\u00eda Pr\u00e1ctica para Bandas de M\u00fasica dentro del mismo proyecto. Sus arreglos y composiciones est\u00e1n presentes en m\u00e1s de 20 CDs registrados en Brasil y en el extranjero.<\/p><p>Escribi\u00f3 arreglos para los m\u00e9todos, Flute Easy No. 2 y Clarinet Easy, ambos publicados por Vitale. Actualmente posee m\u00e1s de cuarenta obras en su cat\u00e1logo, escritas para diversos formatos musicales, publicadas en el extranjero por Ruh Music, filial de Americana Barnhouse en Europa y Brazilian Music Publications en los Estados Unidos. Sus obras han sido ejecutadas en Argentina, Paraguay, Costa Rica, Colombia, Hungr\u00eda, Ucrania, Suiza, Noruega, Portugal, Espa\u00f1a, Italia, Francia, Alemania, Rusia, Jap\u00f3n y Estados Unidos.<\/p><p>Desde 1998 se desempe\u00f1a como profesor de arreglos en el Conservatorio Dram\u00e1tico y Musical Dr. Carlos de Campos en Tatu\u00ed, Brasil.\u00a0<\/p>\t\t\t\t\t\t\t\t<\/div>\n\t\t\t\t<\/div>\n\t\t\t\t<div class=\"elementor-element elementor-element-425cd27 elementor-widget elementor-widget-spacer\" data-id=\"425cd27\" data-element_type=\"widget\" data-widget_type=\"spacer.default\">\n\t\t\t\t<div class=\"elementor-widget-container\">\n\t\t\t\t\t\t\t<div class=\"elementor-spacer\">\n\t\t\t<div class=\"elementor-spacer-inner\"><\/div>\n\t\t<\/div>\n\t\t\t\t\t\t<\/div>\n\t\t\t\t<\/div>\n\t\t\t\t<div class=\"elementor-element elementor-element-adb5863 elementor-widget elementor-widget-heading\" data-id=\"adb5863\" data-element_type=\"widget\" data-widget_type=\"heading.default\">\n\t\t\t\t<div class=\"elementor-widget-container\">\n\t\t\t\t\t<h2 class=\"elementor-heading-title elementor-size-default\">MIGUEL ETCHEGONCELAY <\/h2>\t\t\t\t<\/div>\n\t\t\t\t<\/div>\n\t\t\t\t<div class=\"elementor-element elementor-element-ceb9a48 elementor-widget elementor-widget-text-editor\" data-id=\"ceb9a48\" data-element_type=\"widget\" data-widget_type=\"text-editor.default\">\n\t\t\t\t<div class=\"elementor-widget-container\">\n\t\t\t\t\t\t\t\t\t<p>Nace en un peque\u00f1o pueblo en el centro de Argentina en 1970. Despu\u00e9s de tocar la trompeta en banda durante muchos a\u00f1os, estudi\u00f3 composici\u00f3n y direcci\u00f3n en su pa\u00eds de origen, as\u00ed como en Italia, Suiza y Francia, donde vive desde 2002.\u00a0Tiene maestr\u00edas de los conservatorios de Z\u00farich y Basilea, as\u00ed como una maestr\u00eda en pol\u00edtica y gesti\u00f3n cultural del Instituto de Estudios Pol\u00edticos de la Universidad de Estrasburgo. Otros estudios lo han llevado al\u00a0Instituto Superior\u00a0e Bandistico Europeo (ISEB), en Trento,\u00a0Italia. Entre sus profesores estaban Franco Cesarini, F\u00e9lix Hauswirth, Jan Cober, Eugene Corporon y Tim Reynish.<br \/><br \/>Trabaja regularmente como director invitado, asesor y adjudicador en Francia, Italia, Alemania, Suiza, Espa\u00f1a,\u00a0Holanda\u00a0y Eslovenia, as\u00ed como en Am\u00e9rica Latina y Estados Unidos.\u00a0Algunos de los grupos con los que ha colaborado son\u00a0Aulos\u00a0Blasorchester, Musique Landwehr\u00a0de\u00a0Fribourg, Ad-Hoc\u00a0Blasorchester\u00a0Nordwestschweiz\u00a0(Suiza); Proyecto Mundial de Orquesta de Viento Juvenil, Proyecto Mundial de Orquesta de Viento de Adultos (Austria); Banda de Lal\u00edn, Banda de J\u00f3venes de la Provincia de Arag\u00f3n, Banda de M\u00fasica de Pontevedra, Banda Municipal de Barcelona (Espa\u00f1a); UPOL University\u00a0Winds\u00a0(Eslovenia); Orquesta de viento de\u00a0Rovereto, Banda\u00a0della\u00a0Federazione\u00a0di Udine (Italia); Orchestre National de Jeunes de France, Orchestre Philarmonique de Strasbourg, Orchestre\u00a0de\u00a0Mulhouse\u00a0Brass, Grand Endemble de Cuivres d\u00c1lsace GECA Brass (Francia); Bl\u00e4serphilharmmonie Aachen, Landes Blasorchester Baden-W\u00fcrtenberg, Freiburger Blasorchester (Alemania); Banda Sinf\u00f3nica de C\u00f3rdoba (Argentina); Banda del Estado de Oaxaca (M\u00e9xico); Conjunto de viento de la Universidad de Duke.<\/p><p>Como profesor invitado, ha ense\u00f1ado en el Festival Mid-Europe (Austria); Bundesakademie Trossingen, Landesverband der Musikschulen Baden-W\u00fcrttenbergs (Alemania); Conseil D\u00e9partamental pour la Musique et la Culture, F\u00e9deration Musicale de Franche-Cont\u00e9, Associoation Deparamentale d\u00b4Information et d\u00b4actions musicales et choreographiques du Bas-Rhin, Confederation Musicales de France (Francia); Istituto Superiore Bandistico ISEB (Italia); Festival Musiques en Terres de Cr\u00fcilla, Acad\u00e9mica de Val d\u00b4Albaida, Federaci\u00f3 Catalana de Societats Musicals (Espa\u00f1a); as\u00ed como en muchos talleres y masterclasses alrededor del mundo.<\/p><p>Ha participado en concursos como\u00a0el Flicorno\u00a0D&#8217;Oro\u00a0Concorso\u00a0Internazionale\u00a0di Riva del\u00a0Garda\u00a0(Italia),\u00a0F\u00eate\u00a0F\u00e9d\u00e9rale\u00a0Suisse\u00a0(Suiza);\u00a0Deutsches\u00a0Musik\u00a0Fest\u00a0(Alemania); Festival Internacional de Bandas de Viento\u00a0MidEurope\u00a0(Austria); Concurso de La\u00a0S\u00e9nia\u00a0(Espa\u00f1a) y el Concurso de M\u00fasica del Mundo de Kerkrade (Holanda).<\/p><p>D\u00e1 clases de direcci\u00f3n orquestal en\u00a0el\u00a0\u00a0Conservatoire\u00a0de Musique de\u00a0Strasbourg y\u00a0en la\u00a0 Haute\u00a0Ecole\u00a0des\u00a0Arts\u00a0du\u00a0Rhin\u00a0(HEAR),\u00a0 donde dirige el Conjunto de Vientos y otros proyectos como la Orquesta Sinf\u00f3nica, el Ensamble de m\u00fasica contempor\u00e1nea, Producciones Esc\u00e9nicas, y los conjuntos de metales, y de percusi\u00f3n.<\/p>\t\t\t\t\t\t\t\t<\/div>\n\t\t\t\t<\/div>\n\t\t\t\t<div class=\"elementor-element elementor-element-8ae94fd elementor-widget elementor-widget-spacer\" data-id=\"8ae94fd\" data-element_type=\"widget\" data-widget_type=\"spacer.default\">\n\t\t\t\t<div class=\"elementor-widget-container\">\n\t\t\t\t\t\t\t<div class=\"elementor-spacer\">\n\t\t\t<div class=\"elementor-spacer-inner\"><\/div>\n\t\t<\/div>\n\t\t\t\t\t\t<\/div>\n\t\t\t\t<\/div>\n\t\t\t\t<div class=\"elementor-element elementor-element-dcca1cc elementor-widget elementor-widget-heading\" data-id=\"dcca1cc\" data-element_type=\"widget\" data-widget_type=\"heading.default\">\n\t\t\t\t<div class=\"elementor-widget-container\">\n\t\t\t\t\t<h2 class=\"elementor-heading-title elementor-size-default\">PATRICIA VANEGAS RUIZ<\/h2>\t\t\t\t<\/div>\n\t\t\t\t<\/div>\n\t\t\t\t<div class=\"elementor-element elementor-element-c3c3200 elementor-widget elementor-widget-text-editor\" data-id=\"c3c3200\" data-element_type=\"widget\" data-widget_type=\"text-editor.default\">\n\t\t\t\t<div class=\"elementor-widget-container\">\n\t\t\t\t\t\t\t\t\t<p>Estudi\u00f3 m\u00fasica en la Facultad de Artes de la Universidad Javeriana y recibi\u00f3 su t\u00edtulo de Maestro en M\u00fasica, con \u00e9nfasis en Flauta en 1998. Durante este tiempo particip\u00f3 en talleres de direcci\u00f3n con los Maestros Alejandro Zuleta y Ricardo Jaramillo. Despu\u00e9s de una vinculaci\u00f3n como Profesora de la Carrera de Estudios Musicales y directora de la Banda del Programa Infantil y Juvenil de la Universidad Javeriana, viaj\u00f3 a Alemania en el 2000 donde estudi\u00f3 Direcci\u00f3n de Banda. Posteriormente se traslad\u00f3 a Maastricht-Holanda donde estudi\u00f3 con el maestro Jan Cober recibiendo el t\u00edtulo de Directora de Banda en el 2005. En el Instituto Superior Europeo Band\u00edstico con sede en Trento, Italia, curs\u00f3 la maestr\u00eda en Direcci\u00f3n de Banda, con Maestros de reconocido prestigio en Europa, como F\u00e9lix Hauswirth, Jan Cober, Franco Cesarini y el compositor Carlo Pirola. En 2013 particip\u00f3 en el Midwest Clinic en la ciudad de Chicago con la Banda Sinf\u00f3nica Javeriana, realizando un concierto de m\u00fasica colombiana para el cierre del congreso. Ha dirigido la banda de Depaul University en Chicago, y la Virginia Winds en la ciudad de Norfolk y particip\u00f3 como directora invitada con la Banda Filarm\u00f3nica Juvenil en 2019. En agosto de 2020 recibi\u00f3 el t\u00edtulo de Doctor en Artes en Direcci\u00f3n de Banda de la Universidad de Illinois donde estudi\u00f3 con el Dr. Stephen Peterson. Ha asistido a varios Ha dictado talleres en diversas ciudades de Colombia, y ha participado como jurado en concurso de banda a nivel nacional.\u00a0 Tambi\u00e9n ha dirigido bandas en Espa\u00f1a, Holanda, Alemania, Italia, Estados Unidos y Colombia. Actualmente es profesora de planta de la Universidad Javeriana donde dirige la Banda Sinf\u00f3nica Javeriana y realiza talleres de direcci\u00f3n para el proyecto de Teolog\u00eda y M\u00fasica.<\/p>\t\t\t\t\t\t\t\t<\/div>\n\t\t\t\t<\/div>\n\t\t\t\t\t<\/div>\n\t\t<\/div>\n\t\t\t\t\t<\/div>\n\t\t<\/section>\n\t\t\t\t<\/div>\n\t\t","protected":false},"excerpt":{"rendered":"<p>\u00a0 El\u00a0II\u00a0Congreso\u00a0Latinoamericano de Vientos y Percusi\u00f3n\u00a0de la Pontificia Universidad Javeriana (Bogot\u00e1, Colombia) constituye un escenario de encuentro, reflexi\u00f3n y proyecci\u00f3n del universo sonoro latinoamericano en vientos y percusi\u00f3n, con especial \u00e9nfasis en los procesos de creaci\u00f3n y circulaci\u00f3n de conocimiento, sonidos, est\u00e9ticas y experiencias educativas que configuran la potencia regional de esta pr\u00e1ctica en nuestro&hellip;&nbsp;<a href=\"https:\/\/www.javeriana.edu.co\/muestrasartesjaveriana\/ii-congreso-latinoamericano-de-vientos-y-percusion\/\" class=\"\" rel=\"bookmark\">Leer m\u00e1s &raquo;<span class=\"screen-reader-text\">II CONGRESO LATINOAMERICANO DE VIENTOS Y PERCUSION<\/span><\/a><\/p>\n","protected":false},"author":1,"featured_media":0,"parent":0,"menu_order":0,"comment_status":"closed","ping_status":"closed","template":"page-templates\/template-pagebuilder-full-width.php","meta":{"_coblocks_attr":"","_coblocks_dimensions":"","_coblocks_responsive_height":"","_coblocks_accordion_ie_support":"","neve_meta_sidebar":"full-width","neve_meta_container":"","neve_meta_enable_content_width":"on","neve_meta_content_width":100,"neve_meta_title_alignment":"","neve_meta_author_avatar":"","neve_post_elements_order":"","neve_meta_disable_header":"","neve_meta_disable_footer":"","neve_meta_disable_title":"on","footnotes":""},"_links":{"self":[{"href":"https:\/\/www.javeriana.edu.co\/muestrasartesjaveriana\/wp-json\/wp\/v2\/pages\/2023"}],"collection":[{"href":"https:\/\/www.javeriana.edu.co\/muestrasartesjaveriana\/wp-json\/wp\/v2\/pages"}],"about":[{"href":"https:\/\/www.javeriana.edu.co\/muestrasartesjaveriana\/wp-json\/wp\/v2\/types\/page"}],"author":[{"embeddable":true,"href":"https:\/\/www.javeriana.edu.co\/muestrasartesjaveriana\/wp-json\/wp\/v2\/users\/1"}],"replies":[{"embeddable":true,"href":"https:\/\/www.javeriana.edu.co\/muestrasartesjaveriana\/wp-json\/wp\/v2\/comments?post=2023"}],"version-history":[{"count":24,"href":"https:\/\/www.javeriana.edu.co\/muestrasartesjaveriana\/wp-json\/wp\/v2\/pages\/2023\/revisions"}],"predecessor-version":[{"id":5447,"href":"https:\/\/www.javeriana.edu.co\/muestrasartesjaveriana\/wp-json\/wp\/v2\/pages\/2023\/revisions\/5447"}],"wp:attachment":[{"href":"https:\/\/www.javeriana.edu.co\/muestrasartesjaveriana\/wp-json\/wp\/v2\/media?parent=2023"}],"curies":[{"name":"wp","href":"https:\/\/api.w.org\/{rel}","templated":true}]}}