{"id":5368,"date":"2020-12-18T10:41:40","date_gmt":"2020-12-18T15:41:40","guid":{"rendered":"https:\/\/www.javeriana.edu.co\/muestrasartesjaveriana\/?page_id=5368"},"modified":"2021-02-18T12:51:22","modified_gmt":"2021-02-18T17:51:22","slug":"dia-3_18dic","status":"publish","type":"page","link":"https:\/\/www.javeriana.edu.co\/muestrasartesjaveriana\/dia-3_18dic\/","title":{"rendered":"DIA 3_18DIC"},"content":{"rendered":"\t\t<div data-elementor-type=\"wp-page\" data-elementor-id=\"5368\" class=\"elementor elementor-5368\">\n\t\t\t\t\t\t<section class=\"elementor-section elementor-top-section elementor-element elementor-element-321e935 elementor-section-boxed elementor-section-height-default elementor-section-height-default\" data-id=\"321e935\" data-element_type=\"section\">\n\t\t\t\t\t\t<div class=\"elementor-container elementor-column-gap-no\">\n\t\t\t\t\t<div class=\"elementor-column elementor-col-100 elementor-top-column elementor-element elementor-element-96d52ad\" data-id=\"96d52ad\" data-element_type=\"column\">\n\t\t\t<div class=\"elementor-widget-wrap elementor-element-populated\">\n\t\t\t\t\t\t<div class=\"elementor-element elementor-element-3afe4d3 elementor-widget elementor-widget-spacer\" data-id=\"3afe4d3\" data-element_type=\"widget\" data-widget_type=\"spacer.default\">\n\t\t\t\t<div class=\"elementor-widget-container\">\n\t\t\t\t\t\t\t<div class=\"elementor-spacer\">\n\t\t\t<div class=\"elementor-spacer-inner\"><\/div>\n\t\t<\/div>\n\t\t\t\t\t\t<\/div>\n\t\t\t\t<\/div>\n\t\t\t\t<div class=\"elementor-element elementor-element-cd1d002 elementor-widget elementor-widget-image\" data-id=\"cd1d002\" data-element_type=\"widget\" data-widget_type=\"image.default\">\n\t\t\t\t<div class=\"elementor-widget-container\">\n\t\t\t\t\t\t\t\t\t\t\t\t\t\t\t<img fetchpriority=\"high\" decoding=\"async\" width=\"768\" height=\"432\" src=\"https:\/\/www.javeriana.edu.co\/muestrasartesjaveriana\/wp-content\/uploads\/2020\/12\/dia-3_Mesa-de-trabajo-1-768x432.png\" class=\"attachment-medium_large size-medium_large wp-image-5370\" alt=\"\" srcset=\"https:\/\/www.javeriana.edu.co\/muestrasartesjaveriana\/wp-content\/uploads\/2020\/12\/dia-3_Mesa-de-trabajo-1-768x432.png 768w, https:\/\/www.javeriana.edu.co\/muestrasartesjaveriana\/wp-content\/uploads\/2020\/12\/dia-3_Mesa-de-trabajo-1-300x169.png 300w, https:\/\/www.javeriana.edu.co\/muestrasartesjaveriana\/wp-content\/uploads\/2020\/12\/dia-3_Mesa-de-trabajo-1-1024x576.png 1024w, https:\/\/www.javeriana.edu.co\/muestrasartesjaveriana\/wp-content\/uploads\/2020\/12\/dia-3_Mesa-de-trabajo-1-1536x864.png 1536w, https:\/\/www.javeriana.edu.co\/muestrasartesjaveriana\/wp-content\/uploads\/2020\/12\/dia-3_Mesa-de-trabajo-1-2048x1152.png 2048w\" sizes=\"(max-width: 768px) 100vw, 768px\" \/>\t\t\t\t\t\t\t\t\t\t\t\t\t\t\t<\/div>\n\t\t\t\t<\/div>\n\t\t\t\t<div class=\"elementor-element elementor-element-4bde80c elementor-widget elementor-widget-spacer\" data-id=\"4bde80c\" data-element_type=\"widget\" data-widget_type=\"spacer.default\">\n\t\t\t\t<div class=\"elementor-widget-container\">\n\t\t\t\t\t\t\t<div class=\"elementor-spacer\">\n\t\t\t<div class=\"elementor-spacer-inner\"><\/div>\n\t\t<\/div>\n\t\t\t\t\t\t<\/div>\n\t\t\t\t<\/div>\n\t\t\t\t<section class=\"elementor-section elementor-inner-section elementor-element elementor-element-a186fe1 elementor-section-boxed elementor-section-height-default elementor-section-height-default\" data-id=\"a186fe1\" data-element_type=\"section\">\n\t\t\t\t\t\t<div class=\"elementor-container elementor-column-gap-default\">\n\t\t\t\t\t<div class=\"elementor-column elementor-col-50 elementor-inner-column elementor-element elementor-element-4930425\" data-id=\"4930425\" data-element_type=\"column\">\n\t\t\t<div class=\"elementor-widget-wrap elementor-element-populated\">\n\t\t\t\t\t\t<div class=\"elementor-element elementor-element-0f9ee5c elementor-widget elementor-widget-video\" data-id=\"0f9ee5c\" data-element_type=\"widget\" data-settings=\"{&quot;video_type&quot;:&quot;vimeo&quot;}\" data-widget_type=\"video.default\">\n\t\t\t\t<div class=\"elementor-widget-container\">\n\t\t\t\t\t\t\t<div class=\"elementor-wrapper elementor-open-inline\">\n\t\t\t<iframe class=\"elementor-video-iframe\" allowfullscreen allow=\"clipboard-write\" title=\"Reproductor de v\u00eddeo vimeo\" src=\"https:\/\/player.vimeo.com\/video\/492630229?color&amp;autopause=0&amp;loop=0&amp;muted=0&amp;title=1&amp;portrait=1&amp;byline=1&amp;h=ff615632f6#t=\"><\/iframe>\t\t<\/div>\n\t\t\t\t\t\t<\/div>\n\t\t\t\t<\/div>\n\t\t\t\t\t<\/div>\n\t\t<\/div>\n\t\t\t\t<div class=\"elementor-column elementor-col-50 elementor-inner-column elementor-element elementor-element-5b12023\" data-id=\"5b12023\" data-element_type=\"column\">\n\t\t\t<div class=\"elementor-widget-wrap elementor-element-populated\">\n\t\t\t\t\t\t<div class=\"elementor-element elementor-element-89774fb elementor-widget elementor-widget-heading\" data-id=\"89774fb\" data-element_type=\"widget\" data-widget_type=\"heading.default\">\n\t\t\t\t<div class=\"elementor-widget-container\">\n\t\t\t\t\t<h2 class=\"elementor-heading-title elementor-size-default\">Camerata Javeriana<\/h2>\t\t\t\t<\/div>\n\t\t\t\t<\/div>\n\t\t\t\t<div class=\"elementor-element elementor-element-1bf4ad9 elementor-widget elementor-widget-heading\" data-id=\"1bf4ad9\" data-element_type=\"widget\" data-widget_type=\"heading.default\">\n\t\t\t\t<div class=\"elementor-widget-container\">\n\t\t\t\t\t<h2 class=\"elementor-heading-title elementor-size-default\">B. Martinu: Promenades, 1. Poco Allegro<\/h2>\t\t\t\t<\/div>\n\t\t\t\t<\/div>\n\t\t\t\t<div class=\"elementor-element elementor-element-8d51ee3 elementor-widget elementor-widget-heading\" data-id=\"8d51ee3\" data-element_type=\"widget\" data-widget_type=\"heading.default\">\n\t\t\t\t<div class=\"elementor-widget-container\">\n\t\t\t\t\t<h2 class=\"elementor-heading-title elementor-size-default\">J. Ibert: Aria <\/h2>\t\t\t\t<\/div>\n\t\t\t\t<\/div>\n\t\t\t\t\t<\/div>\n\t\t<\/div>\n\t\t\t\t\t<\/div>\n\t\t<\/section>\n\t\t\t\t<section class=\"elementor-section elementor-inner-section elementor-element elementor-element-98984e1 elementor-section-boxed elementor-section-height-default elementor-section-height-default\" data-id=\"98984e1\" data-element_type=\"section\">\n\t\t\t\t\t\t<div class=\"elementor-container elementor-column-gap-default\">\n\t\t\t\t\t<div class=\"elementor-column elementor-col-50 elementor-inner-column elementor-element elementor-element-698e98f\" data-id=\"698e98f\" data-element_type=\"column\">\n\t\t\t<div class=\"elementor-widget-wrap elementor-element-populated\">\n\t\t\t\t\t\t<div class=\"elementor-element elementor-element-9037d4c elementor-widget elementor-widget-video\" data-id=\"9037d4c\" data-element_type=\"widget\" data-settings=\"{&quot;video_type&quot;:&quot;vimeo&quot;}\" data-widget_type=\"video.default\">\n\t\t\t\t<div class=\"elementor-widget-container\">\n\t\t\t\t\t\t\t<div class=\"elementor-wrapper elementor-open-inline\">\n\t\t\t<iframe class=\"elementor-video-iframe\" allowfullscreen allow=\"clipboard-write\" title=\"Reproductor de v\u00eddeo vimeo\" src=\"https:\/\/player.vimeo.com\/video\/492632066?color&amp;autopause=0&amp;loop=0&amp;muted=0&amp;title=1&amp;portrait=1&amp;byline=1&amp;h=004a35685e#t=\"><\/iframe>\t\t<\/div>\n\t\t\t\t\t\t<\/div>\n\t\t\t\t<\/div>\n\t\t\t\t\t<\/div>\n\t\t<\/div>\n\t\t\t\t<div class=\"elementor-column elementor-col-50 elementor-inner-column elementor-element elementor-element-c881f26\" data-id=\"c881f26\" data-element_type=\"column\">\n\t\t\t<div class=\"elementor-widget-wrap elementor-element-populated\">\n\t\t\t\t\t\t<div class=\"elementor-element elementor-element-33023ed elementor-widget elementor-widget-heading\" data-id=\"33023ed\" data-element_type=\"widget\" data-widget_type=\"heading.default\">\n\t\t\t\t<div class=\"elementor-widget-container\">\n\t\t\t\t\t<h2 class=\"elementor-heading-title elementor-size-default\">Viol\u00edn solo y Viol\u00edn con Piano.<\/h2>\t\t\t\t<\/div>\n\t\t\t\t<\/div>\n\t\t\t\t<div class=\"elementor-element elementor-element-f5e55e1 elementor-widget elementor-widget-heading\" data-id=\"f5e55e1\" data-element_type=\"widget\" data-widget_type=\"heading.default\">\n\t\t\t\t<div class=\"elementor-widget-container\">\n\t\t\t\t\t<h2 class=\"elementor-heading-title elementor-size-default\">J.S. Bach: Preludio de la Partita No.3 en Mi Mayor para viol\u00edn solo<\/h2>\t\t\t\t<\/div>\n\t\t\t\t<\/div>\n\t\t\t\t<div class=\"elementor-element elementor-element-f378126 elementor-widget elementor-widget-heading\" data-id=\"f378126\" data-element_type=\"widget\" data-widget_type=\"heading.default\">\n\t\t\t\t<div class=\"elementor-widget-container\">\n\t\t\t\t\t<h2 class=\"elementor-heading-title elementor-size-default\">G. Faur\u00e9: Sonata No.1, Op.13 para viol\u00edn y piano \u2013 1. Allegro molto<\/h2>\t\t\t\t<\/div>\n\t\t\t\t<\/div>\n\t\t\t\t\t<\/div>\n\t\t<\/div>\n\t\t\t\t\t<\/div>\n\t\t<\/section>\n\t\t\t\t<div class=\"elementor-element elementor-element-56f372a elementor-widget elementor-widget-spacer\" data-id=\"56f372a\" data-element_type=\"widget\" data-widget_type=\"spacer.default\">\n\t\t\t\t<div class=\"elementor-widget-container\">\n\t\t\t\t\t\t\t<div class=\"elementor-spacer\">\n\t\t\t<div class=\"elementor-spacer-inner\"><\/div>\n\t\t<\/div>\n\t\t\t\t\t\t<\/div>\n\t\t\t\t<\/div>\n\t\t\t\t<div class=\"elementor-element elementor-element-df0eb6f elementor-button-info elementor-align-center elementor-widget elementor-widget-button\" data-id=\"df0eb6f\" data-element_type=\"widget\" data-widget_type=\"button.default\">\n\t\t\t\t<div class=\"elementor-widget-container\">\n\t\t\t\t\t\t\t\t\t<div class=\"elementor-button-wrapper\">\n\t\t\t\t\t<a class=\"elementor-button elementor-button-link elementor-size-xs\" href=\"https:\/\/www.javeriana.edu.co\/muestrasartesjaveriana\/estudios-musicales\/\" target=\"_blank\">\n\t\t\t\t\t\t<span class=\"elementor-button-content-wrapper\">\n\t\t\t\t\t\t\t\t\t<span class=\"elementor-button-text\">VER<\/span>\n\t\t\t\t\t<\/span>\n\t\t\t\t\t<\/a>\n\t\t\t\t<\/div>\n\t\t\t\t\t\t\t\t<\/div>\n\t\t\t\t<\/div>\n\t\t\t\t\t<\/div>\n\t\t<\/div>\n\t\t\t\t\t<\/div>\n\t\t<\/section>\n\t\t\t\t<\/div>\n\t\t","protected":false},"excerpt":{"rendered":"<p>Camerata Javeriana B. Martinu: Promenades, 1. Poco Allegro J. Ibert: Aria Viol\u00edn solo y Viol\u00edn con Piano. J.S. Bach: Preludio de la Partita No.3 en Mi Mayor para viol\u00edn solo G. Faur\u00e9: Sonata No.1, Op.13 para viol\u00edn y piano \u2013 1. Allegro molto VER<\/p>\n","protected":false},"author":1,"featured_media":0,"parent":0,"menu_order":0,"comment_status":"closed","ping_status":"closed","template":"page-templates\/template-pagebuilder-full-width.php","meta":{"_coblocks_attr":"","_coblocks_dimensions":"","_coblocks_responsive_height":"","_coblocks_accordion_ie_support":"","neve_meta_sidebar":"full-width","neve_meta_container":"","neve_meta_enable_content_width":"on","neve_meta_content_width":100,"neve_meta_title_alignment":"","neve_meta_author_avatar":"","neve_post_elements_order":"","neve_meta_disable_header":"","neve_meta_disable_footer":"","neve_meta_disable_title":"on","footnotes":""},"_links":{"self":[{"href":"https:\/\/www.javeriana.edu.co\/muestrasartesjaveriana\/wp-json\/wp\/v2\/pages\/5368"}],"collection":[{"href":"https:\/\/www.javeriana.edu.co\/muestrasartesjaveriana\/wp-json\/wp\/v2\/pages"}],"about":[{"href":"https:\/\/www.javeriana.edu.co\/muestrasartesjaveriana\/wp-json\/wp\/v2\/types\/page"}],"author":[{"embeddable":true,"href":"https:\/\/www.javeriana.edu.co\/muestrasartesjaveriana\/wp-json\/wp\/v2\/users\/1"}],"replies":[{"embeddable":true,"href":"https:\/\/www.javeriana.edu.co\/muestrasartesjaveriana\/wp-json\/wp\/v2\/comments?post=5368"}],"version-history":[{"count":7,"href":"https:\/\/www.javeriana.edu.co\/muestrasartesjaveriana\/wp-json\/wp\/v2\/pages\/5368\/revisions"}],"predecessor-version":[{"id":5431,"href":"https:\/\/www.javeriana.edu.co\/muestrasartesjaveriana\/wp-json\/wp\/v2\/pages\/5368\/revisions\/5431"}],"wp:attachment":[{"href":"https:\/\/www.javeriana.edu.co\/muestrasartesjaveriana\/wp-json\/wp\/v2\/media?parent=5368"}],"curies":[{"name":"wp","href":"https:\/\/api.w.org\/{rel}","templated":true}]}}