{"id":1871,"date":"2020-08-09T12:01:23","date_gmt":"2020-08-09T17:01:23","guid":{"rendered":"http:\/\/www.javeriana.edu.co\/profesores\/?page_id=1871"},"modified":"2021-08-11T11:00:45","modified_gmt":"2021-08-11T16:00:45","slug":"metodologias","status":"publish","type":"page","link":"http:\/\/www.javeriana.edu.co\/profesores\/metodologias\/","title":{"rendered":"Metodolog\u00edas"},"content":{"rendered":"<p>[vc_row full_width=&#8221;stretch_row&#8221; content_placement=&#8221;middle&#8221; bg_type=&#8221;image&#8221; parallax_style=&#8221;vcpb-default&#8221; bg_image_new=&#8221;id^2221|url^https:\/\/www.javeriana.edu.co\/profesores\/wp-content\/uploads\/2020\/08\/Metodologia.jpg|caption^null|alt^null|title^Metodologia|description^null&#8221; bg_override=&#8221;full&#8221; enable_overlay=&#8221;enable_overlay_value&#8221; overlay_color=&#8221;rgba(0,0,0,0.4)&#8221; css=&#8221;.vc_custom_1598490957606{padding-top: 50px !important;padding-bottom: 50px !important;}&#8221;][vc_column width=&#8221;1\/2&#8243;][ultimate_heading main_heading=&#8221;Metodolog\u00edas&#8221; main_heading_color=&#8221;#ffffff&#8221; sub_heading_color=&#8221;#ffffff&#8221; alignment=&#8221;left&#8221; main_heading_font_size=&#8221;desktop:56px;tablet:36px;tablet_portrait:32px;mobile_landscape:28px;mobile:28px;&#8221; main_heading_line_height=&#8221;desktop:62px;tablet:42px;tablet_portrait:38px;mobile_landscape:34px;mobile:34px;&#8221; sub_heading_font_size=&#8221;desktop:22px;&#8221; sub_heading_line_height=&#8221;desktop:30px;&#8221; main_heading_margin=&#8221;margin-bottom:10px;&#8221; sub_heading_margin=&#8221;margin-bottom:30px;&#8221; main_heading_font_family=&#8221;font_family:Source Sans Pro|font_call:Source+Sans+Pro|variant:600&#8243; main_heading_style=&#8221;font-weight:600;&#8221;]Estrategias metodol\u00f3gicas en contextos remotos y combinados para favorecer el desarrollo de los resultados de aprendizaje de los estudiantes[\/ultimate_heading][\/vc_column][vc_column width=&#8221;1\/2&#8243;][\/vc_column][\/vc_row][vc_row][vc_column][vc_raw_html]JTNDZGl2JTIwc3R5bGUlM0QlMjJ3aWR0aCUzQSUyMDEwMCUyNSUzQiUyMiUzRSUzQ2RpdiUyMHN0eWxlJTNEJTIycG9zaXRpb24lM0ElMjByZWxhdGl2ZSUzQiUyMHBhZGRpbmctYm90dG9tJTNBJTIwNTYuMjUlMjUlM0IlMjBwYWRkaW5nLXRvcCUzQSUyMDAlM0IlMjBoZWlnaHQlM0ElMjAwJTNCJTIyJTNFJTNDaWZyYW1lJTIwZnJhbWVib3JkZXIlM0QlMjIwJTIyJTIwd2lkdGglM0QlMjIxMjAwJTIyJTIwaGVpZ2h0JTNEJTIyNjc1JTIyJTIwc3R5bGUlM0QlMjJwb3NpdGlvbiUzQSUyMGFic29sdXRlJTNCJTIwdG9wJTNBJTIwMCUzQiUyMGxlZnQlM0ElMjAwJTNCJTIwd2lkdGglM0ElMjAxMDAlMjUlM0IlMjBoZWlnaHQlM0ElMjAxMDAlMjUlM0IlMjIlMjBzcmMlM0QlMjJodHRwcyUzQSUyRiUyRnZpZXcuZ2VuaWFsLmx5JTJGNjEwMDM1ZGM4ODA0N2MwZDE1NzlhZTMwJTIyJTIwdHlwZSUzRCUyMnRleHQlMkZodG1sJTIyJTIwYWxsb3dzY3JpcHRhY2Nlc3MlM0QlMjJhbHdheXMlMjIlMjBhbGxvd2Z1bGxzY3JlZW4lM0QlMjJ0cnVlJTIyJTIwc2Nyb2xsaW5nJTNEJTIyeWVzJTIyJTIwYWxsb3duZXR3b3JraW5nJTNEJTIyYWxsJTIyJTNFJTNDJTJGaWZyYW1lJTNFJTIwJTNDJTJGZGl2JTNFJTIwJTNDJTJGZGl2JTNF[\/vc_raw_html][\/vc_column][vc_column][vc_column_text]<\/p>\n<div style=\"width: 100%;\">\n<div style=\"position: relative; padding-bottom: 56.25%; padding-top: 0; height: 0;\"><iframe loading=\"lazy\" style=\"position: absolute; top: 0; left: 0; width: 100%; height: 100%;\" src=\"https:\/\/view.genial.ly\/5f3c12042aedff0d806ba1a1\" width=\"1200px\" height=\"675px\" frameborder=\"0\" scrolling=\"yes\" allowfullscreen=\"allowfullscreen\"><\/iframe><\/div>\n<\/div>\n<p>[\/vc_column_text][\/vc_column][\/vc_row][vc_row full_width=&#8221;stretch_row&#8221; bg_type=&#8221;bg_color&#8221; bg_override=&#8221;full&#8221; css=&#8221;.vc_custom_1598986023789{padding-top: 40px !important;padding-bottom: 40px !important;background-color: #ffffff !important;}&#8221; bg_color_value=&#8221;#f4f4f4&#8243;][vc_column width=&#8221;1\/2&#8243;][apress_heading sub_title=&#8221;A partir de los aprendizajes recogidos desde el 2020, ponemos a disposici\u00f3n de los profesores este espacio para conversar sobre las caracter\u00edsticas y principios del modo de ense\u00f1anza combinado y ofrecer algunas orientaciones para aprovechar sus potencialidades, afrontar algunos de sus desaf\u00edos y fomentar los aprendizajes e interacciones entre estudiantes y profesores.&#8221; content_alignment=&#8221;left&#8221; delimiter_line_height=&#8221;3&#8243; delimiter_line_width=&#8221;80&#8243; delimiter_margin=&#8221;margin-top:20|margin-bottom:30&#8243; color_scheme=&#8221;design_your_own&#8221; main_heading_color=&#8221;#4d4d4d&#8221; title_google_fonts=&#8221;yes&#8221; style=&#8221;heading_style5&#8243; delimiter_line_color=&#8221;#8cb71d&#8221; title_font_options=&#8221;tag:h2|font_size:28|line_height:28&#8243; subtitle_font_options=&#8221;tag:div|font_size:18|line_height:27&#8243; title_custom_fonts=&#8221;font_family:Source%20Sans%20Pro%3A200%2C200italic%2C300%2C300italic%2Cregular%2Citalic%2C600%2C600italic%2C700%2C700italic%2C900%2C900italic|font_style:600%20bold%20regular%3A600%3Anormal&#8221; heading_margin=&#8221;margin-bottom:10&#8243;]Ense\u00f1ar en modo combinado[\/apress_heading][\/vc_column][vc_column width=&#8221;1\/2&#8243;][vc_row_inner][vc_column_inner][ult_buttons btn_title=&#8221;Webinar&#8221; btn_link=&#8221;url:https%3A%2F%2Fyoutu.be%2F_ITpr4jvXbI||target:%20_blank|&#8221; btn_align=&#8221;ubtn-right&#8221; btn_size=&#8221;ubtn-block&#8221; btn_title_color=&#8221;#8cb71d&#8221; btn_bg_color=&#8221;&#8221; btn_title_color_hover=&#8221;#747474&#8243; icon=&#8221;Defaults-file-movie-o file-video-o&#8221; icon_size=&#8221;28&#8243; icon_color=&#8221;#8cb71d&#8221; btn_icon_pos=&#8221;ubtn-sep-icon-at-left&#8221; btn_font_size=&#8221;desktop:16px;&#8221; btn_line_height=&#8221;desktop:21px;&#8221; btn_font_family=&#8221;font_family:Source Sans Pro|font_call:Source+Sans+Pro&#8221;][\/vc_column_inner][\/vc_row_inner][\/vc_column][\/vc_row][vc_row full_width=&#8221;stretch_row&#8221; bg_type=&#8221;bg_color&#8221; bg_override=&#8221;full&#8221; css=&#8221;.vc_custom_1598986023789{padding-top: 40px !important;padding-bottom: 40px !important;background-color: #ffffff !important;}&#8221; bg_color_value=&#8221;#f4f4f4&#8243;][vc_column width=&#8221;1\/2&#8243;][apress_heading sub_title=&#8221;El aula invertida es una estrategia de ense\u00f1anza que aprovecha las Tecnolog\u00edas de Informaci\u00f3n y Comunicaci\u00f3n (TIC) para favorecer los aprendizajes de los estudiantes. Desde esta perspectiva, se les ofrecen otras formas de aproximarse al conocimiento antes de la clase presencial, llev\u00e1ndolos a preparar las clases de manera aut\u00f3noma. As\u00ed, durante la clase presencial se realizan actividades que privilegien la orientaci\u00f3n, resoluci\u00f3n de dudas y retroalimentaci\u00f3n.&#8221; content_alignment=&#8221;left&#8221; delimiter_line_height=&#8221;3&#8243; delimiter_line_width=&#8221;80&#8243; delimiter_margin=&#8221;margin-top:20|margin-bottom:30&#8243; color_scheme=&#8221;design_your_own&#8221; main_heading_color=&#8221;#4d4d4d&#8221; title_google_fonts=&#8221;yes&#8221; style=&#8221;heading_style5&#8243; delimiter_line_color=&#8221;#8cb71d&#8221; title_font_options=&#8221;tag:h2|font_size:28|line_height:28&#8243; subtitle_font_options=&#8221;tag:div|font_size:18|line_height:27&#8243; title_custom_fonts=&#8221;font_family:Source%20Sans%20Pro%3A200%2C200italic%2C300%2C300italic%2Cregular%2Citalic%2C600%2C600italic%2C700%2C700italic%2C900%2C900italic|font_style:600%20bold%20regular%3A600%3Anormal&#8221; heading_margin=&#8221;margin-bottom:10&#8243;]Dise\u00f1o de Aula Invertida 2.0[\/apress_heading][\/vc_column][vc_column width=&#8221;1\/2&#8243;][vc_row_inner][vc_column_inner][ult_buttons btn_title=&#8221;Presentaci\u00f3n&#8221; btn_link=&#8221;url:https%3A%2F%2Fview.genial.ly%2F60944dea8229c10d7ded8225%2Fpresentation-aula-invertida||target:%20_blank|&#8221; btn_align=&#8221;ubtn-right&#8221; btn_size=&#8221;ubtn-block&#8221; btn_title_color=&#8221;#8cb71d&#8221; btn_bg_color=&#8221;&#8221; btn_title_color_hover=&#8221;#747474&#8243; icon=&#8221;Defaults-plus-square&#8221; icon_size=&#8221;28&#8243; icon_color=&#8221;#8cb71d&#8221; btn_icon_pos=&#8221;ubtn-sep-icon-at-left&#8221; ult_btn_custom_onclick=&#8221;true&#8221; btn_font_size=&#8221;desktop:16px;&#8221; btn_line_height=&#8221;desktop:21px;&#8221; btn_font_family=&#8221;font_family:Source Sans Pro|font_call:Source+Sans+Pro&#8221; ult_btn_custom_onclick_code=&#8221;https:\/\/view.genial.ly\/5f5241ec1f2e6d0d7df47469\/horizontal-infographic-review-semestre-2020-3&#8243;][ult_buttons btn_title=&#8221;Webinar&#8221; btn_link=&#8221;url:https%3A%2F%2Fyoutu.be%2FVXKziqKX-GE||target:%20_blank|&#8221; btn_align=&#8221;ubtn-right&#8221; btn_size=&#8221;ubtn-block&#8221; btn_title_color=&#8221;#8cb71d&#8221; btn_bg_color=&#8221;&#8221; btn_title_color_hover=&#8221;#747474&#8243; icon=&#8221;Defaults-file-movie-o file-video-o&#8221; icon_size=&#8221;28&#8243; icon_color=&#8221;#8cb71d&#8221; btn_icon_pos=&#8221;ubtn-sep-icon-at-left&#8221; btn_font_size=&#8221;desktop:16px;&#8221; btn_line_height=&#8221;desktop:21px;&#8221; btn_font_family=&#8221;font_family:Source Sans Pro|font_call:Source+Sans+Pro&#8221;][\/vc_column_inner][\/vc_row_inner][\/vc_column][\/vc_row][vc_row full_width=&#8221;stretch_row&#8221; bg_type=&#8221;bg_color&#8221; bg_override=&#8221;full&#8221; css=&#8221;.vc_custom_1598986023789{padding-top: 40px !important;padding-bottom: 40px !important;background-color: #ffffff !important;}&#8221; bg_color_value=&#8221;#f4f4f4&#8243;][vc_column width=&#8221;1\/2&#8243;][apress_heading sub_title=&#8221;Con el uso del aprendizaje basado en casos, los estudiantes desarrollan pensamiento anal\u00edtico y la capacidad de reflexionar sobre una situaci\u00f3n a trav\u00e9s de la lectura y discusi\u00f3n de escenarios complejos de la vida real. En este webinario se revisar\u00e1n aspectos claves para el dise\u00f1o, implementaci\u00f3n y evaluaci\u00f3n del estudio de casos como estrategia de ense\u00f1anza.&#8221; content_alignment=&#8221;left&#8221; delimiter_line_height=&#8221;3&#8243; delimiter_line_width=&#8221;80&#8243; delimiter_margin=&#8221;margin-top:20|margin-bottom:30&#8243; color_scheme=&#8221;design_your_own&#8221; main_heading_color=&#8221;#4d4d4d&#8221; title_google_fonts=&#8221;yes&#8221; style=&#8221;heading_style5&#8243; delimiter_line_color=&#8221;#8cb71d&#8221; title_font_options=&#8221;tag:h2|font_size:28|line_height:28&#8243; subtitle_font_options=&#8221;tag:div|font_size:18|line_height:27&#8243; title_custom_fonts=&#8221;font_family:Source%20Sans%20Pro%3A200%2C200italic%2C300%2C300italic%2Cregular%2Citalic%2C600%2C600italic%2C700%2C700italic%2C900%2C900italic|font_style:600%20bold%20regular%3A600%3Anormal&#8221; heading_margin=&#8221;margin-bottom:10&#8243;]Estudios de caso como estrategia de ense\u00f1anza y evaluaci\u00f3n[\/apress_heading][\/vc_column][vc_column width=&#8221;1\/2&#8243;][vc_row_inner][vc_column_inner][ult_buttons btn_title=&#8221;Webinar&#8221; btn_link=&#8221;url:https%3A%2F%2Fyoutu.be%2FG3UunHMNd4Q||target:%20_blank|&#8221; btn_align=&#8221;ubtn-right&#8221; btn_size=&#8221;ubtn-block&#8221; btn_title_color=&#8221;#8cb71d&#8221; btn_bg_color=&#8221;&#8221; btn_title_color_hover=&#8221;#747474&#8243; icon=&#8221;Defaults-file-movie-o file-video-o&#8221; icon_size=&#8221;28&#8243; icon_color=&#8221;#8cb71d&#8221; btn_icon_pos=&#8221;ubtn-sep-icon-at-left&#8221; btn_font_size=&#8221;desktop:16px;&#8221; btn_line_height=&#8221;desktop:21px;&#8221; btn_font_family=&#8221;font_family:Source Sans Pro|font_call:Source+Sans+Pro&#8221;][\/vc_column_inner][\/vc_row_inner][\/vc_column][\/vc_row][vc_row full_width=&#8221;stretch_row&#8221; bg_type=&#8221;bg_color&#8221; bg_override=&#8221;full&#8221; css=&#8221;.vc_custom_1598986023789{padding-top: 40px !important;padding-bottom: 40px !important;background-color: #ffffff !important;}&#8221; bg_color_value=&#8221;#f4f4f4&#8243;][vc_column width=&#8221;1\/2&#8243;][apress_heading sub_title=&#8221;En la Pontificia Universidad Javeriana, la modalidad combinada se caracteriza porque las sesiones de clase se desarrollan en un aula f\u00edsica del campus y las asisten simult\u00e1neamente el profesor y dos grupos de estudiantes: uno, que interact\u00faa presencialmente en el aula y otro que lo hace de manera remota. Con el fin de apoyarlos en la planeaci\u00f3n y desarrollo sus clases combinadas, ponemos a su disposici\u00f3n este conjunto de recursos que buscan atender sus necesidades referentes a la planeaci\u00f3n, las metodolog\u00edas, la evaluaci\u00f3n y las consideraciones necesarias sobre los apoyos t\u00e9cnicos y tecnol\u00f3gicos.&#8221; content_alignment=&#8221;left&#8221; delimiter_line_height=&#8221;3&#8243; delimiter_line_width=&#8221;80&#8243; delimiter_margin=&#8221;margin-top:20|margin-bottom:30&#8243; color_scheme=&#8221;design_your_own&#8221; main_heading_color=&#8221;#4d4d4d&#8221; title_google_fonts=&#8221;yes&#8221; style=&#8221;heading_style5&#8243; delimiter_line_color=&#8221;#8cb71d&#8221; title_font_options=&#8221;tag:h2|font_size:28|line_height:28&#8243; subtitle_font_options=&#8221;tag:div|font_size:18|line_height:27&#8243; title_custom_fonts=&#8221;font_family:Source%20Sans%20Pro%3A200%2C200italic%2C300%2C300italic%2Cregular%2Citalic%2C600%2C600italic%2C700%2C700italic%2C900%2C900italic|font_style:600%20bold%20regular%3A600%3Anormal&#8221; heading_margin=&#8221;margin-bottom:10&#8243;]Modalidad remota y combinada[\/apress_heading][\/vc_column][vc_column width=&#8221;1\/2&#8243;][vc_row_inner][vc_column_inner][ult_buttons btn_title=&#8221;Recursos&#8221; btn_link=&#8221;url:https%3A%2F%2Fview.genial.ly%2F5f5241ec1f2e6d0d7df47469%2Fhorizontal-infographic-review-semestre-2020-3||target:%20_blank|&#8221; btn_align=&#8221;ubtn-right&#8221; btn_size=&#8221;ubtn-block&#8221; btn_title_color=&#8221;#8cb71d&#8221; btn_bg_color=&#8221;&#8221; btn_title_color_hover=&#8221;#747474&#8243; icon=&#8221;Defaults-plus-square&#8221; icon_size=&#8221;28&#8243; icon_color=&#8221;#8cb71d&#8221; btn_icon_pos=&#8221;ubtn-sep-icon-at-left&#8221; ult_btn_custom_onclick=&#8221;true&#8221; btn_font_size=&#8221;desktop:16px;&#8221; btn_line_height=&#8221;desktop:21px;&#8221; btn_font_family=&#8221;font_family:Source Sans Pro|font_call:Source+Sans+Pro&#8221; ult_btn_custom_onclick_code=&#8221;https:\/\/view.genial.ly\/5f5241ec1f2e6d0d7df47469\/horizontal-infographic-review-semestre-2020-3&#8243;][ult_buttons btn_title=&#8221;Entrevista Prof. \u00c1ngela Echeverry | Facultad de Estudios Ambientales y Rurales&#8221; btn_link=&#8221;url:https%3A%2F%2Fyoutu.be%2FXhkYiHq-3Yc||target:%20_blank|&#8221; btn_align=&#8221;ubtn-right&#8221; btn_size=&#8221;ubtn-block&#8221; btn_title_color=&#8221;#8cb71d&#8221; btn_bg_color=&#8221;&#8221; btn_title_color_hover=&#8221;#747474&#8243; icon=&#8221;Defaults-file-movie-o file-video-o&#8221; icon_size=&#8221;28&#8243; icon_color=&#8221;#8cb71d&#8221; btn_icon_pos=&#8221;ubtn-sep-icon-at-left&#8221; btn_font_size=&#8221;desktop:16px;&#8221; btn_line_height=&#8221;desktop:21px;&#8221; btn_font_family=&#8221;font_family:Source Sans Pro|font_call:Source+Sans+Pro&#8221;][ult_buttons btn_title=&#8221;Entrevista Prof. Jaime Cata\u00f1o | Facultad de Ciencias Jur\u00eddicas&#8221; btn_link=&#8221;url:https%3A%2F%2Fyoutu.be%2FGJM7a9gyCes||target:%20_blank|&#8221; btn_align=&#8221;ubtn-right&#8221; btn_size=&#8221;ubtn-block&#8221; btn_title_color=&#8221;#8cb71d&#8221; btn_bg_color=&#8221;&#8221; btn_title_color_hover=&#8221;#747474&#8243; icon=&#8221;Defaults-file-movie-o file-video-o&#8221; icon_size=&#8221;28&#8243; icon_color=&#8221;#8cb71d&#8221; btn_icon_pos=&#8221;ubtn-sep-icon-at-left&#8221; btn_font_size=&#8221;desktop:16px;&#8221; btn_line_height=&#8221;desktop:21px;&#8221; btn_font_family=&#8221;font_family:Source Sans Pro|font_call:Source+Sans+Pro&#8221;][\/vc_column_inner][\/vc_row_inner][\/vc_column][\/vc_row][vc_row full_width=&#8221;stretch_row&#8221; bg_type=&#8221;bg_color&#8221; bg_override=&#8221;full&#8221; css=&#8221;.vc_custom_1596996215872{padding-top: 40px !important;padding-bottom: 40px !important;background-color: #ffffff !important;}&#8221; bg_color_value=&#8221;#ffffff&#8221;][vc_column width=&#8221;1\/2&#8243;][apress_heading sub_title=&#8221;En ese seminario se brindar\u00e1n orientaciones para la definici\u00f3n o fortalecimiento de estrategias de ense\u00f1anza en modalidad remota.&#8221; content_alignment=&#8221;left&#8221; delimiter_line_height=&#8221;3&#8243; delimiter_line_width=&#8221;80&#8243; delimiter_margin=&#8221;margin-top:20|margin-bottom:30&#8243; color_scheme=&#8221;design_your_own&#8221; main_heading_color=&#8221;#4d4d4d&#8221; title_google_fonts=&#8221;yes&#8221; style=&#8221;heading_style5&#8243; delimiter_line_color=&#8221;#8cb71d&#8221; title_font_options=&#8221;tag:h2|font_size:28|line_height:28&#8243; subtitle_font_options=&#8221;tag:div|font_size:18|line_height:27&#8243; title_custom_fonts=&#8221;font_family:Source%20Sans%20Pro%3A200%2C200italic%2C300%2C300italic%2Cregular%2Citalic%2C600%2C600italic%2C700%2C700italic%2C900%2C900italic|font_style:600%20bold%20regular%3A600%3Anormal&#8221; heading_margin=&#8221;margin-bottom:10&#8243;]Estrategias de ense\u00f1anza y herramientas de interacci\u00f3n en asignaturas remotas[\/apress_heading][\/vc_column][vc_column width=&#8221;1\/2&#8243;][vc_row_inner][vc_column_inner][ult_buttons btn_title=&#8221;Orientaciones para la gesti\u00f3n y acompa\u00f1amiento de asignaturas&#8221; btn_link=&#8221;url:https%3A%2F%2Fwww.javeriana.edu.co%2Fprofesores%2Fwp-content%2Fuploads%2F2021%2F01%2FM4.1_Orientaciones-para-la-gestio%CC%81n-y-el-acompan%CC%83amiento-de-asignaturas.pdf||target:%20_blank|&#8221; btn_align=&#8221;ubtn-right&#8221; btn_size=&#8221;ubtn-block&#8221; btn_title_color=&#8221;#8cb71d&#8221; btn_bg_color=&#8221;&#8221; btn_title_color_hover=&#8221;#747474&#8243; icon=&#8221;Defaults-file-pdf-o&#8221; icon_size=&#8221;28&#8243; icon_color=&#8221;#8cb71d&#8221; btn_icon_pos=&#8221;ubtn-sep-icon-at-left&#8221; btn_font_size=&#8221;desktop:16px;&#8221; btn_line_height=&#8221;desktop:21px;&#8221; btn_font_family=&#8221;font_family:Source Sans Pro|font_call:Source+Sans+Pro&#8221;][ult_buttons btn_title=&#8221;Gu\u00eda de aprendizaje&#8221; btn_link=&#8221;url:https%3A%2F%2Fwww.javeriana.edu.co%2Fprofesores%2Fwp-content%2Fuploads%2F2021%2F01%2FM4.1_Gui%CC%81a-de-aprendizaje.pdf||target:%20_blank|&#8221; btn_align=&#8221;ubtn-right&#8221; btn_size=&#8221;ubtn-block&#8221; btn_title_color=&#8221;#8cb71d&#8221; btn_bg_color=&#8221;&#8221; btn_title_color_hover=&#8221;#747474&#8243; icon=&#8221;Defaults-file-pdf-o&#8221; icon_size=&#8221;28&#8243; icon_color=&#8221;#8cb71d&#8221; btn_icon_pos=&#8221;ubtn-sep-icon-at-left&#8221; btn_font_size=&#8221;desktop:16px;&#8221; btn_line_height=&#8221;desktop:21px;&#8221; btn_font_family=&#8221;font_family:Source Sans Pro|font_call:Source+Sans+Pro&#8221;][ult_buttons btn_title=&#8221;Webinar&#8221; btn_link=&#8221;url:https%3A%2F%2Fwww.youtube.com%2Fwatch%3Fv%3DjfBTWjWSL2U%26feature%3Dyoutu.be||target:%20_blank|&#8221; btn_align=&#8221;ubtn-right&#8221; btn_size=&#8221;ubtn-block&#8221; btn_title_color=&#8221;#8cb71d&#8221; btn_bg_color=&#8221;&#8221; btn_title_color_hover=&#8221;#747474&#8243; icon=&#8221;Defaults-file-movie-o file-video-o&#8221; icon_size=&#8221;28&#8243; icon_color=&#8221;#8cb71d&#8221; btn_icon_pos=&#8221;ubtn-sep-icon-at-left&#8221; btn_font_size=&#8221;desktop:16px;&#8221; btn_line_height=&#8221;desktop:21px;&#8221; btn_font_family=&#8221;font_family:Source Sans Pro|font_call:Source+Sans+Pro&#8221;][\/vc_column_inner][\/vc_row_inner][\/vc_column][\/vc_row][vc_row full_width=&#8221;stretch_row&#8221; bg_type=&#8221;bg_color&#8221; bg_override=&#8221;full&#8221; css=&#8221;.vc_custom_1598986023789{padding-top: 40px !important;padding-bottom: 40px !important;background-color: #ffffff !important;}&#8221; bg_color_value=&#8221;#f4f4f4&#8243;][vc_column width=&#8221;1\/2&#8243;][apress_heading sub_title=&#8221;En este espacio se brindar\u00e1n orientaciones para la definici\u00f3n o fortalecimiento de estrategias de ense\u00f1anza en modalidad combinada.&#8221; content_alignment=&#8221;left&#8221; delimiter_line_height=&#8221;3&#8243; delimiter_line_width=&#8221;80&#8243; delimiter_margin=&#8221;margin-top:20|margin-bottom:30&#8243; color_scheme=&#8221;design_your_own&#8221; main_heading_color=&#8221;#4d4d4d&#8221; title_google_fonts=&#8221;yes&#8221; style=&#8221;heading_style5&#8243; delimiter_line_color=&#8221;#8cb71d&#8221; title_font_options=&#8221;tag:h2|font_size:28|line_height:28&#8243; subtitle_font_options=&#8221;tag:div|font_size:18|line_height:27&#8243; title_custom_fonts=&#8221;font_family:Source%20Sans%20Pro%3A200%2C200italic%2C300%2C300italic%2Cregular%2Citalic%2C600%2C600italic%2C700%2C700italic%2C900%2C900italic|font_style:600%20bold%20regular%3A600%3Anormal&#8221; heading_margin=&#8221;margin-bottom:10&#8243;]Estrategias de ense\u00f1anza y herramientas de interacci\u00f3n en asignaturas combinadas[\/apress_heading][\/vc_column][vc_column width=&#8221;1\/2&#8243;][vc_row_inner][vc_column_inner][ult_buttons btn_title=&#8221;Estrategias de ense\u00f1anza y herramientas de interacci\u00f3n en asignaturas combinadas&#8221; btn_link=&#8221;url:https%3A%2F%2Fwww.javeriana.edu.co%2Fprofesores%2Fwp-content%2Fuploads%2F2021%2F01%2FM4.2_Estrategias-de-ensen%CC%83anza-y-herramientas-de-interaccio%CC%81n-en-asignaturas-combinadas.pdf||target:%20_blank|&#8221; btn_align=&#8221;ubtn-right&#8221; btn_size=&#8221;ubtn-block&#8221; btn_title_color=&#8221;#8cb71d&#8221; btn_bg_color=&#8221;&#8221; btn_title_color_hover=&#8221;#747474&#8243; icon=&#8221;Defaults-file-pdf-o&#8221; icon_size=&#8221;28&#8243; icon_color=&#8221;#8cb71d&#8221; btn_icon_pos=&#8221;ubtn-sep-icon-at-left&#8221; btn_font_size=&#8221;desktop:16px;&#8221; btn_line_height=&#8221;desktop:21px;&#8221; btn_font_family=&#8221;font_family:Source Sans Pro|font_call:Source+Sans+Pro&#8221;][ult_buttons btn_title=&#8221;Gu\u00eda Desarrollo de actividades acad\u00e9micas&#8221; btn_link=&#8221;url:https%3A%2F%2Fwww.javeriana.edu.co%2Fprofesores%2Fwp-content%2Fuploads%2F2021%2F01%2FM4.2_Gui%CC%81a-Desarrollo-de-actividades-acade%CC%81micas-de-docencia-en-modalidad-remota-o-combinada.pdf||target:%20_blank|&#8221; btn_align=&#8221;ubtn-right&#8221; btn_size=&#8221;ubtn-block&#8221; btn_title_color=&#8221;#8cb71d&#8221; btn_bg_color=&#8221;&#8221; btn_title_color_hover=&#8221;#747474&#8243; icon=&#8221;Defaults-file-pdf-o&#8221; icon_size=&#8221;28&#8243; icon_color=&#8221;#8cb71d&#8221; btn_icon_pos=&#8221;ubtn-sep-icon-at-left&#8221; btn_font_size=&#8221;desktop:16px;&#8221; btn_line_height=&#8221;desktop:21px;&#8221; btn_font_family=&#8221;font_family:Source Sans Pro|font_call:Source+Sans+Pro&#8221;][ult_buttons btn_title=&#8221;Gu\u00eda de aprendizaje&#8221; btn_link=&#8221;url:https%3A%2F%2Fwww.javeriana.edu.co%2Fprofesores%2Fwp-content%2Fuploads%2F2021%2F01%2FM4.1_Gui%CC%81a-de-aprendizaje.pdf||target:%20_blank|&#8221; btn_align=&#8221;ubtn-right&#8221; btn_size=&#8221;ubtn-block&#8221; btn_title_color=&#8221;#8cb71d&#8221; btn_bg_color=&#8221;&#8221; btn_title_color_hover=&#8221;#747474&#8243; icon=&#8221;Defaults-file-pdf-o&#8221; icon_size=&#8221;28&#8243; icon_color=&#8221;#8cb71d&#8221; btn_icon_pos=&#8221;ubtn-sep-icon-at-left&#8221; btn_font_size=&#8221;desktop:16px;&#8221; btn_line_height=&#8221;desktop:21px;&#8221; btn_font_family=&#8221;font_family:Source Sans Pro|font_call:Source+Sans+Pro&#8221;][ult_buttons btn_title=&#8221;Experiencia Prof. Juan Pablo Caballero&#8221; btn_link=&#8221;url:https%3A%2F%2Fyoutu.be%2FOaTvk4tk7WQ||target:%20_blank|&#8221; btn_align=&#8221;ubtn-right&#8221; btn_size=&#8221;ubtn-block&#8221; btn_title_color=&#8221;#8cb71d&#8221; btn_bg_color=&#8221;&#8221; btn_title_color_hover=&#8221;#747474&#8243; icon=&#8221;Defaults-video-camera&#8221; icon_size=&#8221;28&#8243; icon_color=&#8221;#8cb71d&#8221; btn_icon_pos=&#8221;ubtn-sep-icon-at-left&#8221; btn_font_size=&#8221;desktop:16px;&#8221; btn_line_height=&#8221;desktop:21px;&#8221; btn_font_family=&#8221;font_family:Source Sans Pro|font_call:Source+Sans+Pro&#8221;][ult_buttons btn_title=&#8221;Webinar&#8221; btn_link=&#8221;url:https%3A%2F%2Fwww.youtube.com%2Fwatch%3Fv%3DjIFk_wX9Thw%26feature%3Dyoutu.be||target:%20_blank|&#8221; btn_align=&#8221;ubtn-right&#8221; btn_size=&#8221;ubtn-block&#8221; btn_title_color=&#8221;#8cb71d&#8221; btn_bg_color=&#8221;&#8221; btn_title_color_hover=&#8221;#747474&#8243; icon=&#8221;Defaults-file-movie-o file-video-o&#8221; icon_size=&#8221;28&#8243; icon_color=&#8221;#8cb71d&#8221; btn_icon_pos=&#8221;ubtn-sep-icon-at-left&#8221; btn_font_size=&#8221;desktop:16px;&#8221; btn_line_height=&#8221;desktop:21px;&#8221; btn_font_family=&#8221;font_family:Source Sans Pro|font_call:Source+Sans+Pro&#8221;][\/vc_column_inner][\/vc_row_inner][\/vc_column][\/vc_row][vc_row full_width=&#8221;stretch_row&#8221; bg_type=&#8221;bg_color&#8221; bg_override=&#8221;full&#8221; css=&#8221;.vc_custom_1596996215872{padding-top: 40px !important;padding-bottom: 40px !important;background-color: #ffffff !important;}&#8221; bg_color_value=&#8221;#ffffff&#8221;][vc_column width=&#8221;1\/2&#8243;][apress_heading sub_title=&#8221;En este espacio se ofrecer\u00e1n pautas para la identificaci\u00f3n de criterios \u00fatiles para definir estrategias de ense\u00f1anza y su desarrollo soportado en TIC.&#8221; content_alignment=&#8221;left&#8221; delimiter_line_height=&#8221;3&#8243; delimiter_line_width=&#8221;80&#8243; delimiter_margin=&#8221;margin-top:20|margin-bottom:30&#8243; color_scheme=&#8221;design_your_own&#8221; main_heading_color=&#8221;#4d4d4d&#8221; title_google_fonts=&#8221;yes&#8221; style=&#8221;heading_style5&#8243; delimiter_line_color=&#8221;#8cb71d&#8221; title_font_options=&#8221;tag:h2|font_size:28|line_height:28&#8243; subtitle_font_options=&#8221;tag:div|font_size:18|line_height:27&#8243; title_custom_fonts=&#8221;font_family:Source%20Sans%20Pro%3A200%2C200italic%2C300%2C300italic%2Cregular%2Citalic%2C600%2C600italic%2C700%2C700italic%2C900%2C900italic|font_style:600%20bold%20regular%3A600%3Anormal&#8221; heading_margin=&#8221;margin-bottom:10&#8243;]Las estrategias de ense\u00f1anza y su uso en las aulas de clase[\/apress_heading][\/vc_column][vc_column width=&#8221;1\/2&#8243;][vc_row_inner][vc_column_inner][ult_buttons btn_title=&#8221;Estrategias de ense\u00f1anza y su uso en el aula de clase&#8221; btn_link=&#8221;url:%20https%3A%2F%2Fwww.javeriana.edu.co%2Fprofesores%2Fwp-content%2Fuploads%2F2021%2F01%2FM5_Estrategias-y-herramientas-.pdf||target:%20_blank|&#8221; btn_align=&#8221;ubtn-right&#8221; btn_size=&#8221;ubtn-block&#8221; btn_title_color=&#8221;#8cb71d&#8221; btn_bg_color=&#8221;&#8221; btn_title_color_hover=&#8221;#747474&#8243; icon=&#8221;Defaults-file-pdf-o&#8221; icon_size=&#8221;28&#8243; icon_color=&#8221;#8cb71d&#8221; btn_icon_pos=&#8221;ubtn-sep-icon-at-left&#8221; btn_font_size=&#8221;desktop:16px;&#8221; btn_line_height=&#8221;desktop:21px;&#8221; btn_font_family=&#8221;font_family:Source Sans Pro|font_call:Source+Sans+Pro&#8221;][ult_buttons btn_title=&#8221;Herramientas web para el aprendizaje colaborativo&#8221; btn_link=&#8221;url:https%3A%2F%2Fwww.javeriana.edu.co%2Fprofesores%2Fwp-content%2Fuploads%2F2021%2F01%2FM5_Gui%CC%81a-de-herramientas-web-para-el-aprendizaje-colaborativo..pdf||target:%20_blank|&#8221; btn_align=&#8221;ubtn-right&#8221; btn_size=&#8221;ubtn-block&#8221; btn_title_color=&#8221;#8cb71d&#8221; btn_bg_color=&#8221;&#8221; btn_title_color_hover=&#8221;#747474&#8243; icon=&#8221;Defaults-file-pdf-o&#8221; icon_size=&#8221;28&#8243; icon_color=&#8221;#8cb71d&#8221; btn_icon_pos=&#8221;ubtn-sep-icon-at-left&#8221; btn_font_size=&#8221;desktop:16px;&#8221; btn_line_height=&#8221;desktop:21px;&#8221; btn_font_family=&#8221;font_family:Source Sans Pro|font_call:Source+Sans+Pro&#8221;][ult_buttons btn_title=&#8221;Actividades y evaluaciones usando la tecnolog\u00eda&#8221; btn_link=&#8221;url:https%3A%2F%2Fwww.javeriana.edu.co%2Fprofesores%2Fwp-content%2Fuploads%2F2021%2F01%2FM5_Banco-de-herramientas-para-el-disen%CC%83o-de-actividades-usando-tecnologi%CC%81as.pdf||target:%20_blank|&#8221; btn_align=&#8221;ubtn-right&#8221; btn_size=&#8221;ubtn-block&#8221; btn_title_color=&#8221;#8cb71d&#8221; btn_bg_color=&#8221;&#8221; btn_title_color_hover=&#8221;#747474&#8243; icon=&#8221;Defaults-file-pdf-o&#8221; icon_size=&#8221;28&#8243; icon_color=&#8221;#8cb71d&#8221; btn_icon_pos=&#8221;ubtn-sep-icon-at-left&#8221; btn_font_size=&#8221;desktop:16px;&#8221; btn_line_height=&#8221;desktop:21px;&#8221; btn_font_family=&#8221;font_family:Source Sans Pro|font_call:Source+Sans+Pro&#8221;][ult_buttons btn_title=&#8221;Webinar&#8221; btn_link=&#8221;url:%23||target:%20_blank|&#8221; btn_align=&#8221;ubtn-right&#8221; btn_size=&#8221;ubtn-block&#8221; btn_title_color=&#8221;#8cb71d&#8221; btn_bg_color=&#8221;&#8221; btn_title_color_hover=&#8221;#747474&#8243; icon=&#8221;Defaults-file-movie-o file-video-o&#8221; icon_size=&#8221;28&#8243; icon_color=&#8221;#8cb71d&#8221; btn_icon_pos=&#8221;ubtn-sep-icon-at-left&#8221; btn_font_size=&#8221;desktop:16px;&#8221; btn_line_height=&#8221;desktop:21px;&#8221; btn_font_family=&#8221;font_family:Source Sans Pro|font_call:Source+Sans+Pro&#8221; el_class=&#8221;oculto&#8221;][\/vc_column_inner][\/vc_row_inner][\/vc_column][\/vc_row][vc_row full_width=&#8221;stretch_row&#8221; bg_type=&#8221;bg_color&#8221; bg_override=&#8221;full&#8221; css=&#8221;.vc_custom_1599089429832{padding-top: 40px !important;padding-bottom: 40px !important;background-color: #ffffff !important;}&#8221; bg_color_value=&#8221;#f4f4f4&#8243;][vc_column width=&#8221;1\/2&#8243;][apress_heading sub_title=&#8221;&#8221; content_alignment=&#8221;left&#8221; delimiter_line_height=&#8221;3&#8243; delimiter_line_width=&#8221;80&#8243; delimiter_margin=&#8221;margin-top:20|margin-bottom:30&#8243; color_scheme=&#8221;design_your_own&#8221; main_heading_color=&#8221;#4d4d4d&#8221; title_google_fonts=&#8221;yes&#8221; style=&#8221;heading_style5&#8243; delimiter_line_color=&#8221;#8cb71d&#8221; title_font_options=&#8221;tag:h2|font_size:28|line_height:28&#8243; subtitle_font_options=&#8221;tag:div|font_size:18|line_height:27&#8243; title_custom_fonts=&#8221;font_family:Source%20Sans%20Pro%3A200%2C200italic%2C300%2C300italic%2Cregular%2Citalic%2C600%2C600italic%2C700%2C700italic%2C900%2C900italic|font_style:600%20bold%20regular%3A600%3Anormal&#8221; heading_margin=&#8221;margin-bottom:10&#8243;]Estrategias metodol\u00f3gicas[\/apress_heading][\/vc_column][vc_column width=&#8221;1\/2&#8243;][vc_row_inner][vc_column_inner][ult_buttons btn_title=&#8221;\u00bfQu\u00e9 es una estrategia did\u00e1ctica?&#8221; btn_link=&#8221;url:https%3A%2F%2Fwww.javeriana.edu.co%2Fprofesores%2Fwp-content%2Fuploads%2F2021%2F01%2FM6_Que%CC%81-es-una-estrategia-pedago%CC%81gica.pdf||target:%20_blank|&#8221; btn_align=&#8221;ubtn-right&#8221; btn_size=&#8221;ubtn-block&#8221; btn_title_color=&#8221;#8cb71d&#8221; btn_bg_color=&#8221;&#8221; btn_title_color_hover=&#8221;#747474&#8243; icon=&#8221;Defaults-file-pdf-o&#8221; icon_size=&#8221;28&#8243; icon_color=&#8221;#8cb71d&#8221; btn_icon_pos=&#8221;ubtn-sep-icon-at-left&#8221; btn_font_size=&#8221;desktop:16px;&#8221; btn_line_height=&#8221;desktop:21px;&#8221; btn_font_family=&#8221;font_family:Source Sans Pro|font_call:Source+Sans+Pro&#8221;][\/vc_column_inner][\/vc_row_inner][vc_row_inner][vc_column_inner][\/vc_column_inner][\/vc_row_inner][\/vc_column][\/vc_row][vc_row bg_type=&#8221;image&#8221; parallax_style=&#8221;vcpb-vz-jquery&#8221; bg_image_new=&#8221;id^2161|url^https:\/\/www.javeriana.edu.co\/profesores\/wp-content\/uploads\/2020\/08\/Footer2.jpg|caption^null|alt^null|title^Footer2|description^null&#8221; bg_image_repeat=&#8221;no-repeat&#8221; bg_override=&#8221;full&#8221; css=&#8221;.vc_custom_1598468192590{padding-top: 100px !important;padding-bottom: 100px !important;}&#8221;][vc_column][\/vc_column][\/vc_row]<\/p>\n","protected":false},"excerpt":{"rendered":"<p>[vc_row full_width=&#8221;stretch_row&#8221; content_placement=&#8221;middle&#8221; bg_type=&#8221;image&#8221; parallax_style=&#8221;vcpb-default&#8221; bg_image_new=&#8221;id^2221|url^https:\/\/www.javeriana.edu.co\/profesores\/wp-content\/uploads\/2020\/08\/Metodologia.jpg|caption^null|alt^null|title^Metodologia|description^null&#8221; bg_override=&#8221;full&#8221; enable_overlay=&#8221;enable_overlay_value&#8221; overlay_color=&#8221;rgba(0,0,0,0.4)&#8221; css=&#8221;.vc_custom_1598490957606{padding-top: 50px !important;padding-bottom: 50px !important;}&#8221;][vc_column width=&#8221;1\/2&#8243;][ultimate_heading main_heading=&#8221;Metodolog\u00edas&#8221; main_heading_color=&#8221;#ffffff&#8221; sub_heading_color=&#8221;#ffffff&#8221; alignment=&#8221;left&#8221; main_heading_font_size=&#8221;desktop:56px;tablet:36px;tablet_portrait:32px;mobile_landscape:28px;mobile:28px;&#8221; main_heading_line_height=&#8221;desktop:62px;tablet:42px;tablet_portrait:38px;mobile_landscape:34px;mobile:34px;&#8221; sub_heading_font_size=&#8221;desktop:22px;&#8221; sub_heading_line_height=&#8221;desktop:30px;&#8221; main_heading_margin=&#8221;margin-bottom:10px;&#8221; sub_heading_margin=&#8221;margin-bottom:30px;&#8221; main_heading_font_family=&#8221;font_family:Source Sans Pro|font_call:Source+Sans+Pro|variant:600&#8243; main_heading_style=&#8221;font-weight:600;&#8221;]Estrategias metodol\u00f3gicas en contextos remotos y combinados para favorecer el desarrollo de<span class=\"read_more_area\"><a class=\"read-more\" href=\"http:\/\/www.javeriana.edu.co\/profesores\/metodologias\/\"> Seguir leyendo <\/a><\/span><\/p>\n","protected":false},"author":1,"featured_media":0,"parent":0,"menu_order":0,"comment_status":"closed","ping_status":"closed","template":"","meta":{"footnotes":""},"class_list":["post-1871","page","type-page","status-publish","hentry"],"_links":{"self":[{"href":"http:\/\/www.javeriana.edu.co\/profesores\/wp-json\/wp\/v2\/pages\/1871","targetHints":{"allow":["GET"]}}],"collection":[{"href":"http:\/\/www.javeriana.edu.co\/profesores\/wp-json\/wp\/v2\/pages"}],"about":[{"href":"http:\/\/www.javeriana.edu.co\/profesores\/wp-json\/wp\/v2\/types\/page"}],"author":[{"embeddable":true,"href":"http:\/\/www.javeriana.edu.co\/profesores\/wp-json\/wp\/v2\/users\/1"}],"replies":[{"embeddable":true,"href":"http:\/\/www.javeriana.edu.co\/profesores\/wp-json\/wp\/v2\/comments?post=1871"}],"version-history":[{"count":77,"href":"http:\/\/www.javeriana.edu.co\/profesores\/wp-json\/wp\/v2\/pages\/1871\/revisions"}],"predecessor-version":[{"id":3325,"href":"http:\/\/www.javeriana.edu.co\/profesores\/wp-json\/wp\/v2\/pages\/1871\/revisions\/3325"}],"wp:attachment":[{"href":"http:\/\/www.javeriana.edu.co\/profesores\/wp-json\/wp\/v2\/media?parent=1871"}],"curies":[{"name":"wp","href":"https:\/\/api.w.org\/{rel}","templated":true}]}}