{"id":2012,"date":"2020-08-12T10:13:20","date_gmt":"2020-08-12T15:13:20","guid":{"rendered":"http:\/\/www.javeriana.edu.co\/profesores\/?page_id=2012"},"modified":"2021-07-22T08:46:56","modified_gmt":"2021-07-22T13:46:56","slug":"experiencias-reflexiones","status":"publish","type":"page","link":"http:\/\/www.javeriana.edu.co\/profesores\/experiencias-reflexiones\/","title":{"rendered":"Experiencias y reflexiones"},"content":{"rendered":"<p>[vc_row full_width=&#8221;stretch_row&#8221; content_placement=&#8221;middle&#8221; bg_type=&#8221;image&#8221; parallax_style=&#8221;vcpb-default&#8221; bg_image_new=&#8221;id^2255|url^https:\/\/www.javeriana.edu.co\/profesores\/wp-content\/uploads\/2020\/08\/Experiencias_03.jpg|caption^null|alt^null|title^Experiencias_03|description^null&#8221; bg_override=&#8221;full&#8221; enable_overlay=&#8221;enable_overlay_value&#8221; overlay_color=&#8221;rgba(0,0,0,0.4)&#8221; css=&#8221;.vc_custom_1598540040236{padding-top: 40px !important;padding-bottom: 50px !important;}&#8221;][vc_column width=&#8221;1\/2&#8243;][apress_heading sub_title=&#8221;Este es un espacio para que los profesores de la Universidad compartan sus reflexiones acad\u00e9micas sobre temas relevantes de la actualidad; los hallazgos derivados de la investigaci\u00f3n sobre la ense\u00f1anza de las disciplinas, y en general, su producci\u00f3n acad\u00e9mica y cient\u00edfica sobre la ense\u00f1anza y el aprendizaje en Educaci\u00f3n Superior.&#8221; content_alignment=&#8221;left&#8221; enable_delimiter=&#8221;&#8221; color_scheme=&#8221;design_your_own&#8221; main_heading_color=&#8221;#ffffff&#8221; title_google_fonts=&#8221;yes&#8221; style=&#8221;heading_style5&#8243; title_font_options=&#8221;tag:h1|font_size:50|line_height:56&#8243; subtitle_font_options=&#8221;tag:h4|font_size:20|color:%23ffffff|line_height:27&#8243; title_custom_fonts=&#8221;font_family:Source%20Sans%20Pro%3A200%2C200italic%2C300%2C300italic%2Cregular%2Citalic%2C600%2C600italic%2C700%2C700italic%2C900%2C900italic|font_style:600%20bold%20regular%3A600%3Anormal&#8221; heading_margin=&#8221;margin-bottom:10&#8243;]Experiencias y reflexiones[\/apress_heading][\/vc_column][vc_column width=&#8221;1\/2&#8243;][\/vc_column][\/vc_row][vc_row full_width=&#8221;stretch_row&#8221; css=&#8221;.vc_custom_1596942466893{padding-top: 40px !important;padding-bottom: 40px !important;background-color: #ffffff !important;}&#8221;][vc_column width=&#8221;1\/2&#8243;][apress_heading sub_title=&#8221;Orientan: Prof. Tatiana Manrique de la Facultad de Psicolog\u00eda y Prof. Miguel Torres de la Facultad de Ingenier\u00eda&#8221; content_alignment=&#8221;left&#8221; delimiter_line_height=&#8221;3&#8243; delimiter_line_width=&#8221;80&#8243; delimiter_margin=&#8221;margin-top:20|margin-bottom:30&#8243; color_scheme=&#8221;design_your_own&#8221; main_heading_color=&#8221;#4d4d4d&#8221; title_google_fonts=&#8221;yes&#8221; style=&#8221;heading_style5&#8243; delimiter_line_color=&#8221;#0076b4&#8243; title_font_options=&#8221;tag:h2|font_size:28|line_height:28&#8243; subtitle_font_options=&#8221;tag:div|font_size:18|line_height:27&#8243; title_custom_fonts=&#8221;font_family:Source%20Sans%20Pro%3A200%2C200italic%2C300%2C300italic%2Cregular%2Citalic%2C600%2C600italic%2C700%2C700italic%2C900%2C900italic|font_style:600%20bold%20regular%3A600%3Anormal&#8221; heading_margin=&#8221;margin-bottom:10&#8243;]Conversatorio | Uso de pizarras digitales y procesos de aprendizaje[\/apress_heading][\/vc_column][vc_column width=&#8221;1\/2&#8243;][vc_row_inner][vc_column_inner width=&#8221;1\/2&#8243;][ult_buttons btn_title=&#8221;Video&#8221; btn_link=&#8221;url:https%3A%2F%2Fyoutu.be%2F5PtenQYa1bY||target:%20_blank|&#8221; btn_align=&#8221;ubtn-right&#8221; btn_size=&#8221;ubtn-block&#8221; btn_title_color=&#8221;#0076b4&#8243; btn_bg_color=&#8221;&#8221; btn_title_color_hover=&#8221;#747474&#8243; icon=&#8221;Defaults-file-movie-o file-video-o&#8221; icon_size=&#8221;28&#8243; icon_color=&#8221;#0076b4&#8243; btn_icon_pos=&#8221;ubtn-sep-icon-at-left&#8221; btn_font_size=&#8221;desktop:16px;&#8221; btn_line_height=&#8221;desktop:21px;&#8221; btn_font_family=&#8221;font_family:Source Sans Pro|font_call:Source+Sans+Pro&#8221;][\/vc_column_inner][vc_column_inner width=&#8221;1\/2&#8243;][\/vc_column_inner][\/vc_row_inner][\/vc_column][\/vc_row][vc_row full_width=&#8221;stretch_row&#8221; css=&#8221;.vc_custom_1596942466893{padding-top: 40px !important;padding-bottom: 40px !important;background-color: #ffffff !important;}&#8221;][vc_column width=&#8221;1\/2&#8243;][apress_heading sub_title=&#8221;. En este espacio se quiere promover el di\u00e1logo y la reflexi\u00f3n sobre las interacciones que se generan en los espacios formativos mediados por tecnolog\u00eda.&#8221; content_alignment=&#8221;left&#8221; delimiter_line_height=&#8221;3&#8243; delimiter_line_width=&#8221;80&#8243; delimiter_margin=&#8221;margin-top:20|margin-bottom:30&#8243; color_scheme=&#8221;design_your_own&#8221; main_heading_color=&#8221;#4d4d4d&#8221; title_google_fonts=&#8221;yes&#8221; style=&#8221;heading_style5&#8243; delimiter_line_color=&#8221;#0076b4&#8243; title_font_options=&#8221;tag:h2|font_size:28|line_height:28&#8243; subtitle_font_options=&#8221;tag:div|font_size:18|line_height:27&#8243; title_custom_fonts=&#8221;font_family:Source%20Sans%20Pro%3A200%2C200italic%2C300%2C300italic%2Cregular%2Citalic%2C600%2C600italic%2C700%2C700italic%2C900%2C900italic|font_style:600%20bold%20regular%3A600%3Anormal&#8221; heading_margin=&#8221;margin-bottom:10&#8243;]Conversatorio | Aulas sin muros: interacciones, ense\u00f1anza y aprendizaje en 2D[\/apress_heading][\/vc_column][vc_column width=&#8221;1\/2&#8243;][vc_row_inner][vc_column_inner width=&#8221;1\/2&#8243;][ult_buttons btn_title=&#8221;Video&#8221; btn_link=&#8221;url:https%3A%2F%2Fyoutu.be%2FGvrk40tlSCc||target:%20_blank|&#8221; btn_align=&#8221;ubtn-right&#8221; btn_size=&#8221;ubtn-block&#8221; btn_title_color=&#8221;#0076b4&#8243; btn_bg_color=&#8221;&#8221; btn_title_color_hover=&#8221;#747474&#8243; icon=&#8221;Defaults-file-movie-o file-video-o&#8221; icon_size=&#8221;28&#8243; icon_color=&#8221;#0076b4&#8243; btn_icon_pos=&#8221;ubtn-sep-icon-at-left&#8221; btn_font_size=&#8221;desktop:16px;&#8221; btn_line_height=&#8221;desktop:21px;&#8221; btn_font_family=&#8221;font_family:Source Sans Pro|font_call:Source+Sans+Pro&#8221;][\/vc_column_inner][vc_column_inner width=&#8221;1\/2&#8243;][\/vc_column_inner][\/vc_row_inner][\/vc_column][\/vc_row][vc_row full_width=&#8221;stretch_row&#8221; css=&#8221;.vc_custom_1596942466893{padding-top: 40px !important;padding-bottom: 40px !important;background-color: #ffffff !important;}&#8221;][vc_column width=&#8221;1\/2&#8243;][apress_heading sub_title=&#8221; Un espacio de conversaci\u00f3n en torno a experiencias y pr\u00e1cticas de ense\u00f1anza y aprendizaje de nuestros profesores.&#8221; content_alignment=&#8221;left&#8221; delimiter_line_height=&#8221;3&#8243; delimiter_line_width=&#8221;80&#8243; delimiter_margin=&#8221;margin-top:20|margin-bottom:30&#8243; color_scheme=&#8221;design_your_own&#8221; main_heading_color=&#8221;#4d4d4d&#8221; title_google_fonts=&#8221;yes&#8221; style=&#8221;heading_style5&#8243; delimiter_line_color=&#8221;#0076b4&#8243; title_font_options=&#8221;tag:h2|font_size:28|line_height:28&#8243; subtitle_font_options=&#8221;tag:div|font_size:18|line_height:27&#8243; title_custom_fonts=&#8221;font_family:Source%20Sans%20Pro%3A200%2C200italic%2C300%2C300italic%2Cregular%2Citalic%2C600%2C600italic%2C700%2C700italic%2C900%2C900italic|font_style:600%20bold%20regular%3A600%3Anormal&#8221; heading_margin=&#8221;margin-bottom:10&#8243;]Conversatorio: &#8220;Uso de dispositivos digitales para la ense\u00f1anza&#8221;[\/apress_heading][\/vc_column][vc_column width=&#8221;1\/2&#8243;][vc_row_inner][vc_column_inner width=&#8221;1\/2&#8243;][ult_buttons btn_title=&#8221;Webinar&#8221; btn_link=&#8221;url:%20https%3A%2F%2Fyoutu.be%2F9FFfObrb8OY||target:%20_blank|&#8221; btn_align=&#8221;ubtn-right&#8221; btn_size=&#8221;ubtn-block&#8221; btn_title_color=&#8221;#0076b4&#8243; btn_bg_color=&#8221;&#8221; btn_title_color_hover=&#8221;#747474&#8243; icon=&#8221;Defaults-file-movie-o file-video-o&#8221; icon_size=&#8221;28&#8243; icon_color=&#8221;#0076b4&#8243; btn_icon_pos=&#8221;ubtn-sep-icon-at-left&#8221; btn_font_size=&#8221;desktop:16px;&#8221; btn_line_height=&#8221;desktop:21px;&#8221; btn_font_family=&#8221;font_family:Source Sans Pro|font_call:Source+Sans+Pro&#8221;][\/vc_column_inner][vc_column_inner width=&#8221;1\/2&#8243;][\/vc_column_inner][\/vc_row_inner][\/vc_column][\/vc_row][vc_row full_width=&#8221;stretch_row&#8221; css=&#8221;.vc_custom_1596942466893{padding-top: 40px !important;padding-bottom: 40px !important;background-color: #ffffff !important;}&#8221;][vc_column width=&#8221;1\/2&#8243;][apress_heading sub_title=&#8221;Este espacio busca propiciar reflexiones sobre la autonom\u00eda de los estudiantes teniendo en cuenta que las formas de ense\u00f1anza y aprendizaje desde lo remoto y lo combinado, le est\u00e1 implicando al estudiante asumir nuevos retos para afrontar las nuevas modalidades de ense\u00f1anza. Dirigido por el padre Vicente Dur\u00e1n S.J.&#8221; content_alignment=&#8221;left&#8221; delimiter_line_height=&#8221;3&#8243; delimiter_line_width=&#8221;80&#8243; delimiter_margin=&#8221;margin-top:20|margin-bottom:30&#8243; color_scheme=&#8221;design_your_own&#8221; main_heading_color=&#8221;#4d4d4d&#8221; title_google_fonts=&#8221;yes&#8221; style=&#8221;heading_style5&#8243; delimiter_line_color=&#8221;#0076b4&#8243; title_font_options=&#8221;tag:h2|font_size:28|line_height:28&#8243; subtitle_font_options=&#8221;tag:div|font_size:18|line_height:27&#8243; title_custom_fonts=&#8221;font_family:Source%20Sans%20Pro%3A200%2C200italic%2C300%2C300italic%2Cregular%2Citalic%2C600%2C600italic%2C700%2C700italic%2C900%2C900italic|font_style:600%20bold%20regular%3A600%3Anormal&#8221; heading_margin=&#8221;margin-bottom:10&#8243;]Reflexiones sobre la autonom\u00eda de los estudiantes[\/apress_heading][\/vc_column][vc_column width=&#8221;1\/2&#8243;][vc_row_inner][vc_column_inner width=&#8221;1\/2&#8243;][ult_buttons btn_title=&#8221;Webinar&#8221; btn_link=&#8221;url:https%3A%2F%2Fwww.youtube.com%2Fwatch%3Fv%3Dy7RVPjUBznw%26feature%3Dyoutu.be||target:%20_blank|&#8221; btn_align=&#8221;ubtn-right&#8221; btn_size=&#8221;ubtn-block&#8221; btn_title_color=&#8221;#0076b4&#8243; btn_bg_color=&#8221;&#8221; btn_title_color_hover=&#8221;#747474&#8243; icon=&#8221;Defaults-file-movie-o file-video-o&#8221; icon_size=&#8221;28&#8243; icon_color=&#8221;#0076b4&#8243; btn_icon_pos=&#8221;ubtn-sep-icon-at-left&#8221; btn_font_size=&#8221;desktop:16px;&#8221; btn_line_height=&#8221;desktop:21px;&#8221; btn_font_family=&#8221;font_family:Source Sans Pro|font_call:Source+Sans+Pro&#8221;][\/vc_column_inner][vc_column_inner width=&#8221;1\/2&#8243;][\/vc_column_inner][\/vc_row_inner][\/vc_column][\/vc_row][vc_row full_width=&#8221;stretch_row&#8221; bg_type=&#8221;bg_color&#8221; bg_override=&#8221;full&#8221; css=&#8221;.vc_custom_1596995626995{padding-top: 40px !important;padding-bottom: 40px !important;background-color: #ffffff !important;}&#8221; bg_color_value=&#8221;#f4f4f4&#8243;][vc_column width=&#8221;1\/2&#8243;][apress_heading sub_title=&#8221;Un homenaje, cinco escenarios, m\u00e1s retos y conclusiones. Experiencia del Prof. Jaime Alejandro Rodr\u00edguez Ruiz de la Facultad de Ciencias Sociales.&#8221; content_alignment=&#8221;left&#8221; delimiter_line_height=&#8221;3&#8243; delimiter_line_width=&#8221;80&#8243; delimiter_margin=&#8221;margin-top:20|margin-bottom:30&#8243; color_scheme=&#8221;design_your_own&#8221; main_heading_color=&#8221;#4d4d4d&#8221; title_google_fonts=&#8221;yes&#8221; style=&#8221;heading_style5&#8243; delimiter_line_color=&#8221;#0076b4&#8243; title_font_options=&#8221;tag:h2|font_size:28|line_height:28&#8243; subtitle_font_options=&#8221;tag:div|font_size:18|line_height:27&#8243; title_custom_fonts=&#8221;font_family:Source%20Sans%20Pro%3A200%2C200italic%2C300%2C300italic%2Cregular%2Citalic%2C600%2C600italic%2C700%2C700italic%2C900%2C900italic|font_style:600%20bold%20regular%3A600%3Anormal&#8221; heading_margin=&#8221;margin-bottom:10&#8243;]Los retos de la Universidad en su transformaci\u00f3n digital[\/apress_heading][\/vc_column][vc_column width=&#8221;1\/2&#8243;][vc_row_inner][vc_column_inner width=&#8221;1\/2&#8243;][ult_buttons btn_title=&#8221;Presentaci\u00f3n&#8221; btn_link=&#8221;url:https%3A%2F%2Flivejaverianaedu-my.sharepoint.com%2F%3Ab%3A%2Fg%2Fpersonal%2Fcaee_javeriana_edu_co%2FES0jpXn7YgdNh3a1ohNr4Z0BH9mDd6fSbIcOhmnFfiPHVQ%3Fe%3D6zRMJI||target:%20_blank|&#8221; btn_align=&#8221;ubtn-right&#8221; btn_size=&#8221;ubtn-block&#8221; btn_title_color=&#8221;#0076b4&#8243; btn_bg_color=&#8221;&#8221; btn_title_color_hover=&#8221;#747474&#8243; icon=&#8221;Defaults-file-powerpoint-o&#8221; icon_size=&#8221;28&#8243; icon_color=&#8221;#0076b4&#8243; btn_icon_pos=&#8221;ubtn-sep-icon-at-left&#8221; btn_font_size=&#8221;desktop:16px;&#8221; btn_line_height=&#8221;desktop:21px;&#8221; btn_font_family=&#8221;font_family:Source Sans Pro|font_call:Source+Sans+Pro&#8221;][\/vc_column_inner][vc_column_inner width=&#8221;1\/2&#8243;][ult_buttons btn_title=&#8221;Video&#8221; btn_link=&#8221;url:https%3A%2F%2Fwww.youtube.com%2Fwatch%3Fv%3Dnu0vXDWTcx0%26feature%3Dyoutu.be||target:%20_blank|&#8221; btn_align=&#8221;ubtn-right&#8221; btn_size=&#8221;ubtn-block&#8221; btn_title_color=&#8221;#0076b4&#8243; btn_bg_color=&#8221;&#8221; btn_title_color_hover=&#8221;#747474&#8243; icon=&#8221;Defaults-file-movie-o file-video-o&#8221; icon_size=&#8221;28&#8243; icon_color=&#8221;#0076b4&#8243; btn_icon_pos=&#8221;ubtn-sep-icon-at-left&#8221; btn_font_size=&#8221;desktop:16px;&#8221; btn_line_height=&#8221;desktop:21px;&#8221; btn_font_family=&#8221;font_family:Source Sans Pro|font_call:Source+Sans+Pro&#8221;][\/vc_column_inner][\/vc_row_inner][vc_row_inner][vc_column_inner width=&#8221;1\/2&#8243;][ult_buttons btn_title=&#8221;Video&#8221; btn_link=&#8221;url:https%3A%2F%2Fwww.rtve.es%2Falacarta%2Fvideos%2Fla-aventura-del-saber%2Faventura-del-saber-antonio-rodriguez-heras%2F2211701%2F||target:%20_blank|&#8221; btn_align=&#8221;ubtn-right&#8221; btn_size=&#8221;ubtn-block&#8221; btn_title_color=&#8221;#0076b4&#8243; btn_bg_color=&#8221;&#8221; btn_title_color_hover=&#8221;#747474&#8243; icon=&#8221;Defaults-file-movie-o file-video-o&#8221; icon_size=&#8221;28&#8243; icon_color=&#8221;#0076b4&#8243; btn_icon_pos=&#8221;ubtn-sep-icon-at-left&#8221; btn_font_size=&#8221;desktop:16px;&#8221; btn_line_height=&#8221;desktop:21px;&#8221; btn_font_family=&#8221;font_family:Source Sans Pro|font_call:Source+Sans+Pro&#8221;][\/vc_column_inner][vc_column_inner width=&#8221;1\/2&#8243;][ult_buttons btn_title=&#8221;Presentaci\u00f3n&#8221; btn_link=&#8221;url:https%3A%2F%2Fprezi.com%2Flpv0y_uf7hk2%2Fretos-de-la-educacion-en-la-era-digital%2F||target:%20_blank|&#8221; btn_align=&#8221;ubtn-right&#8221; btn_size=&#8221;ubtn-block&#8221; btn_title_color=&#8221;#0076b4&#8243; btn_bg_color=&#8221;&#8221; btn_title_color_hover=&#8221;#747474&#8243; icon=&#8221;Defaults-file-powerpoint-o&#8221; icon_size=&#8221;28&#8243; icon_color=&#8221;#0076b4&#8243; btn_icon_pos=&#8221;ubtn-sep-icon-at-left&#8221; btn_font_size=&#8221;desktop:16px;&#8221; btn_line_height=&#8221;desktop:21px;&#8221; btn_font_family=&#8221;font_family:Source Sans Pro|font_call:Source+Sans+Pro&#8221;][\/vc_column_inner][\/vc_row_inner][vc_row_inner][vc_column_inner width=&#8221;1\/2&#8243;][ult_buttons btn_title=&#8221;Webinar&#8221; btn_link=&#8221;url:https%3A%2F%2Fyoutu.be%2FZ3EQPF2pHn0||target:%20_blank|&#8221; btn_align=&#8221;ubtn-right&#8221; btn_size=&#8221;ubtn-block&#8221; btn_title_color=&#8221;#0076b4&#8243; btn_bg_color=&#8221;&#8221; btn_title_color_hover=&#8221;#747474&#8243; icon=&#8221;Defaults-file-movie-o file-video-o&#8221; icon_size=&#8221;28&#8243; icon_color=&#8221;#0076b4&#8243; btn_icon_pos=&#8221;ubtn-sep-icon-at-left&#8221; btn_font_size=&#8221;desktop:16px;&#8221; btn_line_height=&#8221;desktop:21px;&#8221; btn_font_family=&#8221;font_family:Source Sans Pro|font_call:Source+Sans+Pro&#8221;][\/vc_column_inner][vc_column_inner width=&#8221;1\/2&#8243;][\/vc_column_inner][\/vc_row_inner][\/vc_column][\/vc_row][vc_row full_width=&#8221;stretch_row&#8221; bg_type=&#8221;bg_color&#8221; bg_override=&#8221;full&#8221; css=&#8221;.vc_custom_1597250945306{padding-top: 40px !important;padding-bottom: 40px !important;background-color: #ffffff !important;}&#8221; bg_color_value=&#8221;#ffffff&#8221;][vc_column width=&#8221;1\/2&#8243;][apress_heading sub_title=&#8221;Un di\u00e1logo pedag\u00f3gico sobre los dise\u00f1os did\u00e1cticos y de ambientes de aprendizaje propicios para habitar en el contexto de incertidumbre que atraviesa lo educativo en la actualidad y el futuro pr\u00f3ximo. Experiencia del Prof. Eduardo Guti\u00e9rrez de la Facultad de Comunicaci\u00f3n y Lenguaje.&#8221; content_alignment=&#8221;left&#8221; delimiter_line_height=&#8221;3&#8243; delimiter_line_width=&#8221;80&#8243; delimiter_margin=&#8221;margin-top:20|margin-bottom:30&#8243; color_scheme=&#8221;design_your_own&#8221; main_heading_color=&#8221;#4d4d4d&#8221; title_google_fonts=&#8221;yes&#8221; style=&#8221;heading_style5&#8243; delimiter_line_color=&#8221;#0076b4&#8243; title_font_options=&#8221;tag:h2|font_size:28|line_height:28&#8243; subtitle_font_options=&#8221;tag:div|font_size:18|line_height:27&#8243; title_custom_fonts=&#8221;font_family:Source%20Sans%20Pro%3A200%2C200italic%2C300%2C300italic%2Cregular%2Citalic%2C600%2C600italic%2C700%2C700italic%2C900%2C900italic|font_style:600%20bold%20regular%3A600%3Anormal&#8221; heading_margin=&#8221;margin-bottom:10&#8243;]Pedagog\u00edas de la presencia y la incertidumbre: puentes entre la tecnolog\u00eda intensiva y la humanidad expansiva[\/apress_heading][\/vc_column][vc_column width=&#8221;1\/2&#8243;][vc_row_inner][vc_column_inner width=&#8221;1\/2&#8243;][ult_buttons btn_title=&#8221;Presentaci\u00f3n&#8221; btn_link=&#8221;url:https%3A%2F%2Flivejaverianaedu-my.sharepoint.com%2F%3Ai%3A%2Fg%2Fpersonal%2Fcaee_javeriana_edu_co%2FEehJkgSlxQ9Ou3kl3-IXqPIB-Qu9D4AucNvrhO2LSJd87A%3Fe%3DHpQqEY||target:%20_blank|&#8221; btn_align=&#8221;ubtn-right&#8221; btn_size=&#8221;ubtn-block&#8221; btn_title_color=&#8221;#0076b4&#8243; btn_bg_color=&#8221;&#8221; btn_title_color_hover=&#8221;#747474&#8243; icon=&#8221;Defaults-file-powerpoint-o&#8221; icon_size=&#8221;28&#8243; icon_color=&#8221;#0076b4&#8243; btn_icon_pos=&#8221;ubtn-sep-icon-at-left&#8221; btn_font_size=&#8221;desktop:16px;&#8221; btn_line_height=&#8221;desktop:21px;&#8221; btn_font_family=&#8221;font_family:Source Sans Pro|font_call:Source+Sans+Pro&#8221;][\/vc_column_inner][vc_column_inner width=&#8221;1\/2&#8243;][\/vc_column_inner][\/vc_row_inner][vc_row_inner][vc_column_inner width=&#8221;1\/2&#8243;][ult_buttons btn_title=&#8221;Link&#8221; btn_link=&#8221;url:https%3A%2F%2Ftransmedialiteracy.org%2F||target:%20_blank|&#8221; btn_align=&#8221;ubtn-right&#8221; btn_size=&#8221;ubtn-block&#8221; btn_title_color=&#8221;#0076b4&#8243; btn_bg_color=&#8221;&#8221; btn_title_color_hover=&#8221;#747474&#8243; icon=&#8221;Defaults-chain link&#8221; icon_size=&#8221;28&#8243; icon_color=&#8221;#0076b4&#8243; btn_icon_pos=&#8221;ubtn-sep-icon-at-left&#8221; btn_font_size=&#8221;desktop:16px;&#8221; btn_line_height=&#8221;desktop:21px;&#8221; btn_font_family=&#8221;font_family:Source Sans Pro|font_call:Source+Sans+Pro&#8221;][\/vc_column_inner][vc_column_inner width=&#8221;1\/2&#8243;][\/vc_column_inner][\/vc_row_inner][vc_row_inner][vc_column_inner width=&#8221;1\/2&#8243;][ult_buttons btn_title=&#8221;Webinar&#8221; btn_link=&#8221;url:https%3A%2F%2Fyoutu.be%2FrdRug9da2Sg||target:%20_blank|&#8221; btn_align=&#8221;ubtn-right&#8221; btn_size=&#8221;ubtn-block&#8221; btn_title_color=&#8221;#0076b4&#8243; btn_bg_color=&#8221;&#8221; btn_title_color_hover=&#8221;#747474&#8243; icon=&#8221;Defaults-file-movie-o file-video-o&#8221; icon_size=&#8221;28&#8243; icon_color=&#8221;#0076b4&#8243; btn_icon_pos=&#8221;ubtn-sep-icon-at-left&#8221; btn_font_size=&#8221;desktop:16px;&#8221; btn_line_height=&#8221;desktop:21px;&#8221; btn_font_family=&#8221;font_family:Source Sans Pro|font_call:Source+Sans+Pro&#8221;][\/vc_column_inner][vc_column_inner width=&#8221;1\/2&#8243;][\/vc_column_inner][\/vc_row_inner][\/vc_column][\/vc_row][vc_row bg_type=&#8221;image&#8221; parallax_style=&#8221;vcpb-vz-jquery&#8221; bg_image_new=&#8221;id^2161|url^https:\/\/www.javeriana.edu.co\/profesores\/wp-content\/uploads\/2020\/08\/Footer2.jpg|caption^null|alt^null|title^Footer2|description^null&#8221; bg_image_repeat=&#8221;no-repeat&#8221; bg_override=&#8221;full&#8221; css=&#8221;.vc_custom_1598466947166{padding-top: 100px !important;padding-bottom: 100px !important;}&#8221;][vc_column][\/vc_column][\/vc_row]<\/p>\n","protected":false},"excerpt":{"rendered":"<p>[vc_row full_width=&#8221;stretch_row&#8221; content_placement=&#8221;middle&#8221; bg_type=&#8221;image&#8221; parallax_style=&#8221;vcpb-default&#8221; bg_image_new=&#8221;id^2255|url^https:\/\/www.javeriana.edu.co\/profesores\/wp-content\/uploads\/2020\/08\/Experiencias_03.jpg|caption^null|alt^null|title^Experiencias_03|description^null&#8221; bg_override=&#8221;full&#8221; enable_overlay=&#8221;enable_overlay_value&#8221; overlay_color=&#8221;rgba(0,0,0,0.4)&#8221; css=&#8221;.vc_custom_1598540040236{padding-top: 40px !important;padding-bottom: 50px !important;}&#8221;][vc_column width=&#8221;1\/2&#8243;][apress_heading sub_title=&#8221;Este es un espacio para que los profesores de la Universidad compartan sus reflexiones acad\u00e9micas sobre temas relevantes de la actualidad; los hallazgos derivados de<span class=\"read_more_area\"><a class=\"read-more\" href=\"http:\/\/www.javeriana.edu.co\/profesores\/experiencias-reflexiones\/\"> Seguir leyendo <\/a><\/span><\/p>\n","protected":false},"author":1,"featured_media":0,"parent":0,"menu_order":0,"comment_status":"closed","ping_status":"closed","template":"","meta":{"footnotes":""},"class_list":["post-2012","page","type-page","status-publish","hentry"],"_links":{"self":[{"href":"http:\/\/www.javeriana.edu.co\/profesores\/wp-json\/wp\/v2\/pages\/2012","targetHints":{"allow":["GET"]}}],"collection":[{"href":"http:\/\/www.javeriana.edu.co\/profesores\/wp-json\/wp\/v2\/pages"}],"about":[{"href":"http:\/\/www.javeriana.edu.co\/profesores\/wp-json\/wp\/v2\/types\/page"}],"author":[{"embeddable":true,"href":"http:\/\/www.javeriana.edu.co\/profesores\/wp-json\/wp\/v2\/users\/1"}],"replies":[{"embeddable":true,"href":"http:\/\/www.javeriana.edu.co\/profesores\/wp-json\/wp\/v2\/comments?post=2012"}],"version-history":[{"count":31,"href":"http:\/\/www.javeriana.edu.co\/profesores\/wp-json\/wp\/v2\/pages\/2012\/revisions"}],"predecessor-version":[{"id":3216,"href":"http:\/\/www.javeriana.edu.co\/profesores\/wp-json\/wp\/v2\/pages\/2012\/revisions\/3216"}],"wp:attachment":[{"href":"http:\/\/www.javeriana.edu.co\/profesores\/wp-json\/wp\/v2\/media?parent=2012"}],"curies":[{"name":"wp","href":"https:\/\/api.w.org\/{rel}","templated":true}]}}