{"id":3289,"date":"2021-08-10T16:03:27","date_gmt":"2021-08-10T21:03:27","guid":{"rendered":"http:\/\/www.javeriana.edu.co\/profesores\/?page_id=3289"},"modified":"2026-01-10T08:23:15","modified_gmt":"2026-01-10T13:23:15","slug":"caee","status":"publish","type":"page","link":"http:\/\/www.javeriana.edu.co\/profesores\/caee\/","title":{"rendered":"CAE+E"},"content":{"rendered":"<p>[vc_row full_width=&#8221;stretch_row&#8221; content_placement=&#8221;middle&#8221; bg_type=&#8221;image&#8221; parallax_style=&#8221;vcpb-default&#8221; bg_image_new=&#8221;id^1710|url^https:\/\/www.javeriana.edu.co\/profesores\/wp-content\/uploads\/2020\/08\/imagen_facultades_noticia01.jpg|caption^null|alt^null|title^imagen_facultades_noticia01|description^null&#8221; bg_override=&#8221;full&#8221; enable_overlay=&#8221;enable_overlay_value&#8221; overlay_color=&#8221;rgba(0,0,0,0.4)&#8221; css=&#8221;.vc_custom_1628629645865{padding-top: 40px !important;padding-bottom: 50px !important;}&#8221;][vc_column width=&#8221;1\/2&#8243;][apress_heading sub_title=&#8221;&#8221; content_alignment=&#8221;left&#8221; delimiter_line_height=&#8221;3&#8243; delimiter_line_width=&#8221;80&#8243; delimiter_margin=&#8221;margin-top:20|margin-bottom:30&#8243; color_scheme=&#8221;design_your_own&#8221; main_heading_color=&#8221;#ffffff&#8221; title_google_fonts=&#8221;yes&#8221; style=&#8221;heading_style5&#8243; delimiter_line_color=&#8221;#0076b4&#8243; title_font_options=&#8221;tag:h1|font_size:28|line_height:28|font_style_bold:1&#8243; subtitle_font_options=&#8221;tag:div|font_size:18|color:%23ffffff|line_height:27&#8243; title_custom_fonts=&#8221;font_family:Source%20Sans%20Pro%3A200%2C200italic%2C300%2C300italic%2Cregular%2Citalic%2C600%2C600italic%2C700%2C700italic%2C900%2C900italic|font_style:600%20bold%20regular%3A600%3Anormal&#8221; heading_margin=&#8221;margin-bottom:10&#8243;]Centro para el Aprendizaje, la Ense\u00f1anza y la Evaluaci\u00f3n &#8211; CAE+E[\/apress_heading][\/vc_column][vc_column width=&#8221;1\/2&#8243;][\/vc_column][\/vc_row][vc_row][vc_column width=&#8221;1\/6&#8243;][\/vc_column][vc_column width=&#8221;2\/3&#8243;][\/vc_column][vc_column width=&#8221;1\/6&#8243;][\/vc_column][\/vc_row][vc_row][vc_column centered_text=&#8221;true&#8221;][vc_raw_html]JTNDZGl2JTIwc3R5bGUlM0QlMjJ3aWR0aCUzQSUyMDEwMCUyNSUzQiUyMiUzRSUzQ2RpdiUyMHN0eWxlJTNEJTIycG9zaXRpb24lM0ElMjByZWxhdGl2ZSUzQiUyMHBhZGRpbmctYm90dG9tJTNBJTIwNTYuMjUlMjUlM0IlMjBwYWRkaW5nLXRvcCUzQSUyMDAlM0IlMjBoZWlnaHQlM0ElMjAwJTNCJTIyJTNFJTNDaWZyYW1lJTIwZnJhbWVib3JkZXIlM0QlMjIwJTIyJTIwd2lkdGglM0QlMjIxMjAwJTIyJTIwaGVpZ2h0JTNEJTIyNjc1JTIyJTIwc3R5bGUlM0QlMjJwb3NpdGlvbiUzQSUyMGFic29sdXRlJTNCJTIwdG9wJTNBJTIwMCUzQiUyMGxlZnQlM0ElMjAwJTNCJTIwd2lkdGglM0ElMjAxMDAlMjUlM0IlMjBoZWlnaHQlM0ElMjAxMDAlMjUlM0IlMjIlMjBzcmMlM0QlMjJodHRwcyUzQSUyRiUyRnZpZXcuZ2VuaWFsLmx5JTJGNjE5YmY5MTBjMmNkYWMwZDZiYmEwMzA1JTIyJTIwdHlwZSUzRCUyMnRleHQlMkZodG1sJTIyJTIwYWxsb3dzY3JpcHRhY2Nlc3MlM0QlMjJhbHdheXMlMjIlMjBhbGxvd2Z1bGxzY3JlZW4lM0QlMjJ0cnVlJTIyJTIwc2Nyb2xsaW5nJTNEJTIyeWVzJTIyJTIwYWxsb3duZXR3b3JraW5nJTNEJTIyYWxsJTIyJTNFJTNDJTJGaWZyYW1lJTNFJTIwJTNDJTJGZGl2JTNFJTIwJTNDJTJGZGl2JTNF[\/vc_raw_html][apress_spacer height=&#8221;10&#8243;][\/vc_column][\/vc_row][vc_row][vc_column][apress_spacer height=&#8221;10&#8243;][\/vc_column][\/vc_row][vc_row full_width=&#8221;stretch_row&#8221; css=&#8221;.vc_custom_1619643578148{padding-top: 40px !important;padding-bottom: 40px !important;background-color: #ffffff !important;}&#8221;][vc_column width=&#8221;1\/6&#8243;][\/vc_column][vc_column width=&#8221;2\/3&#8243;][apress_heading sub_title=&#8221;&#8221; content_alignment=&#8221;left&#8221; delimiter_line_height=&#8221;3&#8243; delimiter_line_width=&#8221;80&#8243; delimiter_margin=&#8221;margin-top:20|margin-bottom:30&#8243; color_scheme=&#8221;design_your_own&#8221; main_heading_color=&#8221;#4d4d4d&#8221; title_google_fonts=&#8221;yes&#8221; style=&#8221;heading_style5&#8243; delimiter_line_color=&#8221;#0076b4&#8243; title_font_options=&#8221;tag:h2|font_size:28|line_height:28&#8243; subtitle_font_options=&#8221;tag:div|font_size:18|line_height:27&#8243; title_custom_fonts=&#8221;font_family:Source%20Sans%20Pro%3A200%2C200italic%2C300%2C300italic%2Cregular%2Citalic%2C600%2C600italic%2C700%2C700italic%2C900%2C900italic|font_style:600%20bold%20regular%3A600%3Anormal&#8221; heading_margin=&#8221;margin-bottom:10&#8243;]Equipo CAE+E[\/apress_heading][apress_accordion top_bottom_padding=&#8221;20&#8243; gutter_space=&#8221;20&#8243; autoplay=&#8221;none&#8221; active_section=&#8221;0&#8243; data_animation=&#8221;bounceInLeft&#8221; color_scheme=&#8221;design_your_own&#8221; active_tab_color=&#8221;#0076b4&#8243; active_tab_highlight_border_height=&#8221;2&#8243; active_tab_icon_color=&#8221;#0076b4&#8243; icon_size=&#8221;16&#8243; tab_title_color=&#8221;#444444&#8243; active_tab_title_color=&#8221;#0076b4&#8243; collapsible_all=&#8221;true&#8221; style=&#8221;accordion_style8&#8243;][vc_tta_section title=&#8221;Direcci\u00f3n&#8221; tab_id=&#8221;1597259031922-3d530a47-4945&#8243;][vc_row_inner css=&#8221;.vc_custom_1601049022624{padding-top: 40px !important;}&#8221;][vc_column_inner css=&#8221;.vc_custom_1598039245588{padding-left: 40px !important;}&#8221;][apress_heading sub_title=&#8221;Directora&#8221; content_alignment=&#8221;left&#8221; delimiter_line_height=&#8221;3&#8243; delimiter_line_width=&#8221;80&#8243; delimiter_margin=&#8221;margin-top:20|margin-bottom:30&#8243; color_scheme=&#8221;design_your_own&#8221; main_heading_color=&#8221;#4d4d4d&#8221; title_google_fonts=&#8221;yes&#8221; style=&#8221;heading_style5&#8243; delimiter_line_color=&#8221;#0076b4&#8243; title_font_options=&#8221;tag:h2|font_size:28|line_height:28&#8243; subtitle_font_options=&#8221;tag:div|font_size:18|line_height:27&#8243; title_custom_fonts=&#8221;font_family:Source%20Sans%20Pro%3A200%2C200italic%2C300%2C300italic%2Cregular%2Citalic%2C600%2C600italic%2C700%2C700italic%2C900%2C900italic|font_style:600%20bold%20regular%3A600%3Anormal&#8221; heading_margin=&#8221;margin-bottom:10&#8243;]Sandra Patricia Romero Vel\u00e1squez[\/apress_heading][apress_heading sub_title=&#8221;&#8221; content_alignment=&#8221;left&#8221; delimiter_line_height=&#8221;3&#8243; delimiter_line_width=&#8221;80&#8243; delimiter_margin=&#8221;margin-top:20|margin-bottom:30&#8243; color_scheme=&#8221;design_your_own&#8221; main_heading_color=&#8221;#4d4d4d&#8221; title_google_fonts=&#8221;yes&#8221; style=&#8221;heading_style5&#8243; delimiter_line_color=&#8221;#0076b4&#8243; title_font_options=&#8221;tag:h2|font_size:28|line_height:28&#8243; subtitle_font_options=&#8221;tag:div|font_size:18|line_height:27&#8243; title_custom_fonts=&#8221;font_family:Source%20Sans%20Pro%3A200%2C200italic%2C300%2C300italic%2Cregular%2Citalic%2C600%2C600italic%2C700%2C700italic%2C900%2C900italic|font_style:600%20bold%20regular%3A600%3Anormal&#8221; heading_margin=&#8221;margin-bottom:10&#8243;]<\/p>\n<h6><a href=\"mailto:sandrapromero@javeriana.edu.co\">sandrapromero@javeriana.edu.co<\/a><\/h6>\n<h6>Psic\u00f3loga de la Universidad Santo Tom\u00e1s, Especialista en Docencia Universitaria y Mag\u00edster en Educaci\u00f3n de la Pontificia Universidad Javeriana. Profesora de la Facultad de Psicolog\u00eda por m\u00e1s de diez a\u00f1os, se desempe\u00f1\u00f3 como asesora de Asuntos Curriculares de la Direcci\u00f3n de Programas Acad\u00e9micos de la Vicerrector\u00eda Acad\u00e9mica, tiempo en el cual acompa\u00f1\u00f3 la implementaci\u00f3n de la reforma curricular realizada por la Universidad en el a\u00f1o 2005. Desde 2014 hasta marzo del 2020 fue Decana de la Facultad de Psicolog\u00eda, donde acompa\u00f1\u00f3 la creaci\u00f3n de nuevos programas en los cuales se destaca el Doctorado en Psicolog\u00eda; posgrado que se desarroll\u00f3 de manera conjunta con la Seccional Cali. Sus campos de inter\u00e9s son el psicoan\u00e1lisis, los estudios de curr\u00edculo y la educaci\u00f3n superior.<\/h6>\n<p>[\/apress_heading][apress_heading sub_title=&#8221;Profesional Comunicaciones&#8221; content_alignment=&#8221;left&#8221; delimiter_line_height=&#8221;3&#8243; delimiter_line_width=&#8221;80&#8243; delimiter_margin=&#8221;margin-top:20|margin-bottom:30&#8243; color_scheme=&#8221;design_your_own&#8221; main_heading_color=&#8221;#4d4d4d&#8221; title_google_fonts=&#8221;yes&#8221; style=&#8221;heading_style5&#8243; delimiter_line_color=&#8221;#0076b4&#8243; title_font_options=&#8221;tag:h2|font_size:28|line_height:28&#8243; subtitle_font_options=&#8221;tag:div|font_size:18|line_height:27&#8243; title_custom_fonts=&#8221;font_family:Source%20Sans%20Pro%3A200%2C200italic%2C300%2C300italic%2Cregular%2Citalic%2C600%2C600italic%2C700%2C700italic%2C900%2C900italic|font_style:600%20bold%20regular%3A600%3Anormal&#8221; heading_margin=&#8221;margin-bottom:10&#8243;]Mar\u00eda Paula Segura Due\u00f1as[\/apress_heading][apress_heading sub_title=&#8221;&#8221; content_alignment=&#8221;left&#8221; delimiter_line_height=&#8221;3&#8243; delimiter_line_width=&#8221;80&#8243; delimiter_margin=&#8221;margin-top:20|margin-bottom:30&#8243; color_scheme=&#8221;design_your_own&#8221; main_heading_color=&#8221;#4d4d4d&#8221; title_google_fonts=&#8221;yes&#8221; style=&#8221;heading_style5&#8243; delimiter_line_color=&#8221;#0076b4&#8243; title_font_options=&#8221;tag:h2|font_size:28|line_height:28&#8243; subtitle_font_options=&#8221;tag:div|font_size:18|line_height:27&#8243; title_custom_fonts=&#8221;font_family:Source%20Sans%20Pro%3A200%2C200italic%2C300%2C300italic%2Cregular%2Citalic%2C600%2C600italic%2C700%2C700italic%2C900%2C900italic|font_style:600%20bold%20regular%3A600%3Anormal&#8221; heading_margin=&#8221;margin-bottom:10&#8243;]<\/p>\n<h6><a href=\"mailto:comunicacionescaee@javeriana.edu.co\">comunicacionescaee@javeriana.edu.co<\/a><\/h6>\n<h6>Comunicadora social con \u00e9nfasis en producci\u00f3n audiovisual y producci\u00f3n editorial y multimedia de la Pontificia Universidad Javeriana. Con m\u00e1s de 6 a\u00f1os de experiencia de trabajo con profesores en proyectos de investigaci\u00f3n e implementaci\u00f3n de estrategias de comunicaci\u00f3n. Ha trabajado en la propuesta y ejecuci\u00f3n de la estrategia de comunicaciones de algunas unidades y dependencias de la Pontificia Universidad Javeriana; Especializaci\u00f3n en Comunicaci\u00f3n Organizacional, programa de posgrado de la Facultad de Comunicaci\u00f3n y Lenguaje (2013-2017), Vicerrector\u00eda Acad\u00e9mica (2018-2019) y Foro Korczak de innovaci\u00f3n educativa del CAE+E (2019-2020). A su vez, particip\u00f3 en proyectos de Responsabilidad Social de la Fundaci\u00f3n Juanfe y Adecco Colombia (sede Bogot\u00e1) en el 2019. Actualmente coordina el \u00e1rea de comunicaciones del CAE+E.<\/h6>\n<p>[\/apress_heading][apress_heading sub_title=&#8221;Auxiliar administrativa&#8221; content_alignment=&#8221;left&#8221; delimiter_line_height=&#8221;3&#8243; delimiter_line_width=&#8221;80&#8243; delimiter_margin=&#8221;margin-top:20|margin-bottom:30&#8243; color_scheme=&#8221;design_your_own&#8221; main_heading_color=&#8221;#4d4d4d&#8221; title_google_fonts=&#8221;yes&#8221; style=&#8221;heading_style5&#8243; delimiter_line_color=&#8221;#0076b4&#8243; title_font_options=&#8221;tag:h2|font_size:28|line_height:28&#8243; subtitle_font_options=&#8221;tag:div|font_size:18|line_height:27&#8243; title_custom_fonts=&#8221;font_family:Source%20Sans%20Pro%3A200%2C200italic%2C300%2C300italic%2Cregular%2Citalic%2C600%2C600italic%2C700%2C700italic%2C900%2C900italic|font_style:600%20bold%20regular%3A600%3Anormal&#8221; heading_margin=&#8221;margin-bottom:10&#8243;]Johanna G\u00f3mez Castro[\/apress_heading][apress_heading sub_title=&#8221;&#8221; content_alignment=&#8221;left&#8221; delimiter_line_height=&#8221;3&#8243; delimiter_line_width=&#8221;80&#8243; delimiter_margin=&#8221;margin-top:20|margin-bottom:30&#8243; color_scheme=&#8221;design_your_own&#8221; main_heading_color=&#8221;#4d4d4d&#8221; title_google_fonts=&#8221;yes&#8221; style=&#8221;heading_style5&#8243; delimiter_line_color=&#8221;#0076b4&#8243; title_font_options=&#8221;tag:h2|font_size:28|line_height:28&#8243; subtitle_font_options=&#8221;tag:div|font_size:18|line_height:27&#8243; title_custom_fonts=&#8221;font_family:Source%20Sans%20Pro%3A200%2C200italic%2C300%2C300italic%2Cregular%2Citalic%2C600%2C600italic%2C700%2C700italic%2C900%2C900italic|font_style:600%20bold%20regular%3A600%3Anormal&#8221; heading_margin=&#8221;margin-bottom:10&#8243;]<\/p>\n<h6><a href=\"mailto:comunicacionescaee@javeriana.edu.co\">caee@javeriana.edu.co<\/a><\/h6>\n<h6>Tecn\u00f3loga en Gesti\u00f3n Empresarial, destacada por su compromiso, entusiasta en el aprendizaje continuo y servicial. Actualmente desarrolla las actividades de apoyo y gesti\u00f3n de las l\u00edneas de trabajo del CAE+E.<\/h6>\n<p>[\/apress_heading][\/vc_column_inner][\/vc_row_inner][\/vc_tta_section][vc_tta_section title=&#8221;Formaci\u00f3n Docente&#8221; tab_id=&#8221;1628630576122-60bfb033-8f97&#8243;][vc_row_inner css=&#8221;.vc_custom_1601049022624{padding-top: 40px !important;}&#8221;][vc_column_inner css=&#8221;.vc_custom_1598039245588{padding-left: 40px !important;}&#8221;][apress_heading sub_title=&#8221;Coordinadora Formaci\u00f3n Docente&#8221; content_alignment=&#8221;left&#8221; delimiter_line_height=&#8221;3&#8243; delimiter_line_width=&#8221;80&#8243; delimiter_margin=&#8221;margin-top:20|margin-bottom:30&#8243; color_scheme=&#8221;design_your_own&#8221; main_heading_color=&#8221;#4d4d4d&#8221; title_google_fonts=&#8221;yes&#8221; style=&#8221;heading_style5&#8243; delimiter_line_color=&#8221;#0076b4&#8243; title_font_options=&#8221;tag:h2|font_size:28|line_height:28&#8243; subtitle_font_options=&#8221;tag:div|font_size:18|line_height:27&#8243; title_custom_fonts=&#8221;font_family:Source%20Sans%20Pro%3A200%2C200italic%2C300%2C300italic%2Cregular%2Citalic%2C600%2C600italic%2C700%2C700italic%2C900%2C900italic|font_style:600%20bold%20regular%3A600%3Anormal&#8221; heading_margin=&#8221;margin-bottom:10&#8243;]Mar\u00eda Isabel Pati\u00f1o G\u00f3mez[\/apress_heading][apress_heading sub_title=&#8221;&#8221; content_alignment=&#8221;left&#8221; delimiter_line_height=&#8221;3&#8243; delimiter_line_width=&#8221;80&#8243; delimiter_margin=&#8221;margin-top:20|margin-bottom:30&#8243; color_scheme=&#8221;design_your_own&#8221; main_heading_color=&#8221;#4d4d4d&#8221; title_google_fonts=&#8221;yes&#8221; style=&#8221;heading_style5&#8243; delimiter_line_color=&#8221;#0076b4&#8243; title_font_options=&#8221;tag:h2|font_size:28|line_height:28&#8243; subtitle_font_options=&#8221;tag:div|font_size:18|line_height:27&#8243; title_custom_fonts=&#8221;font_family:Source%20Sans%20Pro%3A200%2C200italic%2C300%2C300italic%2Cregular%2Citalic%2C600%2C600italic%2C700%2C700italic%2C900%2C900italic|font_style:600%20bold%20regular%3A600%3Anormal&#8221; heading_margin=&#8221;margin-bottom:10&#8243;]<\/p>\n<h6><a href=\"mailto:mi.patinog@javeriana.edu.co\">mi.patinog@javeriana.edu.co<\/a><\/h6>\n<h6>Antrop\u00f3loga de la Universidad de los Andes, con maestr\u00eda en Educaci\u00f3n de la Pontificia Universidad Javeriana. Su experiencia profesional se ha desarrollado en Educaci\u00f3n Superior, donde se ha desempe\u00f1ado como docente; liderando unidades de servicios acad\u00e9micos para estudiantes; acompa\u00f1amiento a procesos de internacionalizaci\u00f3n y aseguramiento de calidad, en particular de educaci\u00f3n virtual. Tambi\u00e9n, cuenta con experiencia en la conceptualizaci\u00f3n y construcci\u00f3n de pruebas de evaluaci\u00f3n educativa y en el dise\u00f1o y ejecuci\u00f3n de programas de formaci\u00f3n y acompa\u00f1amiento a docentes.<\/h6>\n<p>[\/apress_heading][apress_heading sub_title=&#8221;Profesional Formaci\u00f3n Docente&#8221; content_alignment=&#8221;left&#8221; delimiter_line_height=&#8221;3&#8243; delimiter_line_width=&#8221;80&#8243; delimiter_margin=&#8221;margin-top:20|margin-bottom:30&#8243; color_scheme=&#8221;design_your_own&#8221; main_heading_color=&#8221;#4d4d4d&#8221; title_google_fonts=&#8221;yes&#8221; style=&#8221;heading_style5&#8243; delimiter_line_color=&#8221;#0076b4&#8243; title_font_options=&#8221;tag:h2|font_size:28|line_height:28&#8243; subtitle_font_options=&#8221;tag:div|font_size:18|line_height:27&#8243; title_custom_fonts=&#8221;font_family:Source%20Sans%20Pro%3A200%2C200italic%2C300%2C300italic%2Cregular%2Citalic%2C600%2C600italic%2C700%2C700italic%2C900%2C900italic|font_style:600%20bold%20regular%3A600%3Anormal&#8221; heading_margin=&#8221;margin-bottom:10&#8243;]Diana Bar\u00f3n[\/apress_heading][apress_heading sub_title=&#8221;&#8221; content_alignment=&#8221;left&#8221; delimiter_line_height=&#8221;3&#8243; delimiter_line_width=&#8221;80&#8243; delimiter_margin=&#8221;margin-top:20|margin-bottom:30&#8243; color_scheme=&#8221;design_your_own&#8221; main_heading_color=&#8221;#4d4d4d&#8221; title_google_fonts=&#8221;yes&#8221; style=&#8221;heading_style5&#8243; delimiter_line_color=&#8221;#0076b4&#8243; title_font_options=&#8221;tag:h2|font_size:28|line_height:28&#8243; subtitle_font_options=&#8221;tag:div|font_size:18|line_height:27&#8243; title_custom_fonts=&#8221;font_family:Source%20Sans%20Pro%3A200%2C200italic%2C300%2C300italic%2Cregular%2Citalic%2C600%2C600italic%2C700%2C700italic%2C900%2C900italic|font_style:600%20bold%20regular%3A600%3Anormal&#8221; heading_margin=&#8221;margin-bottom:10&#8243;]<\/p>\n<h6><a href=\"mailto:dabaron@javeriana.edu.co\">dabaron@javeriana.edu.co<\/a><\/h6>\n<h6>Comunicadora social y periodista de la Universidad de la Sabana, especialista y mag\u00edster en Docencia Mediada con las TIC de la Universidad San Buenaventura. Vinculada a la Pontificia Universidad Javeriana desde agosto de 2019. Con estudios en dise\u00f1o, desarrollo y gerenciamiento de proyectos de e-learning y en dise\u00f1o de estrategias de aprendizaje y coordinaci\u00f3n de equipos para la producci\u00f3n y montaje de cursos mediados por tecnolog\u00eda (e-learning y b-learning) para empresas privadas y del sector p\u00fablico.<\/h6>\n<p>[\/apress_heading][apress_heading sub_title=&#8221;Profesional Formaci\u00f3n Docente&#8221; content_alignment=&#8221;left&#8221; delimiter_line_height=&#8221;3&#8243; delimiter_line_width=&#8221;80&#8243; delimiter_margin=&#8221;margin-top:20|margin-bottom:30&#8243; color_scheme=&#8221;design_your_own&#8221; main_heading_color=&#8221;#4d4d4d&#8221; title_google_fonts=&#8221;yes&#8221; style=&#8221;heading_style5&#8243; delimiter_line_color=&#8221;#0076b4&#8243; title_font_options=&#8221;tag:h2|font_size:28|line_height:28&#8243; subtitle_font_options=&#8221;tag:div|font_size:18|line_height:27&#8243; title_custom_fonts=&#8221;font_family:Source%20Sans%20Pro%3A200%2C200italic%2C300%2C300italic%2Cregular%2Citalic%2C600%2C600italic%2C700%2C700italic%2C900%2C900italic|font_style:600%20bold%20regular%3A600%3Anormal&#8221; heading_margin=&#8221;margin-bottom:10&#8243;]Gerardo Rey Ar\u00e9valo[\/apress_heading][apress_heading sub_title=&#8221;&#8221; content_alignment=&#8221;left&#8221; delimiter_line_height=&#8221;3&#8243; delimiter_line_width=&#8221;80&#8243; delimiter_margin=&#8221;margin-top:20|margin-bottom:30&#8243; color_scheme=&#8221;design_your_own&#8221; main_heading_color=&#8221;#4d4d4d&#8221; title_google_fonts=&#8221;yes&#8221; style=&#8221;heading_style5&#8243; delimiter_line_color=&#8221;#0076b4&#8243; title_font_options=&#8221;tag:h2|font_size:28|line_height:28&#8243; subtitle_font_options=&#8221;tag:div|font_size:18|line_height:27&#8243; title_custom_fonts=&#8221;font_family:Source%20Sans%20Pro%3A200%2C200italic%2C300%2C300italic%2Cregular%2Citalic%2C600%2C600italic%2C700%2C700italic%2C900%2C900italic|font_style:600%20bold%20regular%3A600%3Anormal&#8221; heading_margin=&#8221;margin-bottom:10&#8243;]<\/p>\n<h6><a href=\"mailto:mariai-ramirezg@javeriana.edu.co\">grey@javeriana.edu.co<\/a><\/h6>\n<h6>Psic\u00f3logo de la Pontificia Universidad Javeriana y maestro en Educaci\u00f3n de la Universidad de los Andes. Con experiencia en las \u00e1reas de investigaci\u00f3n en los campos educativo y social, en el acompa\u00f1amiento al mejoramiento de la pr\u00e1ctica de docentes departamentales y distritales, en la evaluaci\u00f3n de programas educativos y aquellos dise\u00f1ados e implementados en modalidades h\u00edbridas o <i>blended learning<\/i> a nivel de posgrado. Asimismo, en la evaluaci\u00f3n de programas apoyados con Tecnolog\u00edas de Informaci\u00f3n y Comunicaci\u00f3n (TIC). Con s\u00f3lidos conocimientos en el dise\u00f1o e implementaci\u00f3n de instrumentos para recolecci\u00f3n de informaci\u00f3n y dominio de programas para an\u00e1lisis de datos cualitativos.<\/h6>\n<h6><\/h6>\n<p>[\/apress_heading][\/vc_column_inner][\/vc_row_inner][\/vc_tta_section][vc_tta_section title=&#8221;Innovaci\u00f3n Educativa&#8221; tab_id=&#8221;1628630766501-5d85c801-5772&#8243;][vc_row_inner css=&#8221;.vc_custom_1601049022624{padding-top: 40px !important;}&#8221;][vc_column_inner css=&#8221;.vc_custom_1598039245588{padding-left: 40px !important;}&#8221;][apress_heading sub_title=&#8221;Coordinadora Innovaci\u00f3n Educativa&#8221; content_alignment=&#8221;left&#8221; delimiter_line_height=&#8221;3&#8243; delimiter_line_width=&#8221;80&#8243; delimiter_margin=&#8221;margin-top:20|margin-bottom:30&#8243; color_scheme=&#8221;design_your_own&#8221; main_heading_color=&#8221;#4d4d4d&#8221; title_google_fonts=&#8221;yes&#8221; style=&#8221;heading_style5&#8243; delimiter_line_color=&#8221;#0076b4&#8243; title_font_options=&#8221;tag:h2|font_size:28|line_height:28&#8243; subtitle_font_options=&#8221;tag:div|font_size:18|line_height:27&#8243; title_custom_fonts=&#8221;font_family:Source%20Sans%20Pro%3A200%2C200italic%2C300%2C300italic%2Cregular%2Citalic%2C600%2C600italic%2C700%2C700italic%2C900%2C900italic|font_style:600%20bold%20regular%3A600%3Anormal&#8221; heading_margin=&#8221;margin-bottom:10&#8243;]Mar\u00eda Isabel Ram\u00edrez Garz\u00f3n[\/apress_heading][apress_heading sub_title=&#8221;&#8221; content_alignment=&#8221;left&#8221; delimiter_line_height=&#8221;3&#8243; delimiter_line_width=&#8221;80&#8243; delimiter_margin=&#8221;margin-top:20|margin-bottom:30&#8243; color_scheme=&#8221;design_your_own&#8221; main_heading_color=&#8221;#4d4d4d&#8221; title_google_fonts=&#8221;yes&#8221; style=&#8221;heading_style5&#8243; delimiter_line_color=&#8221;#0076b4&#8243; title_font_options=&#8221;tag:h2|font_size:28|line_height:28&#8243; subtitle_font_options=&#8221;tag:div|font_size:18|line_height:27&#8243; title_custom_fonts=&#8221;font_family:Source%20Sans%20Pro%3A200%2C200italic%2C300%2C300italic%2Cregular%2Citalic%2C600%2C600italic%2C700%2C700italic%2C900%2C900italic|font_style:600%20bold%20regular%3A600%3Anormal&#8221; heading_margin=&#8221;margin-bottom:10&#8243;]<\/p>\n<h6><a href=\"mailto:mariai-ramirezg@javeriana.edu.co\">mariai-ramirezg@javeriana.edu.co<\/a><\/h6>\n<h6>Licenciada en matem\u00e1ticas de la Universidad Distrital, Mag\u00edster y Doctora en Educaci\u00f3n de la Universidad de los Andes. Becaria Fulbright en la Universidad de Illinois en Urbana-Champaign, USA. Miembro de la Asociaci\u00f3n para el Estudio de la Educaci\u00f3n Superior (ASHE), USA y de la Red Iberoamericana de Investigadores sobre Evaluaci\u00f3n Docente (RIIED).<\/h6>\n<p>[\/apress_heading][apress_heading sub_title=&#8221;Profesional Innovaci\u00f3n Educativa&#8221; content_alignment=&#8221;left&#8221; delimiter_line_height=&#8221;3&#8243; delimiter_line_width=&#8221;80&#8243; delimiter_margin=&#8221;margin-top:20|margin-bottom:30&#8243; color_scheme=&#8221;design_your_own&#8221; main_heading_color=&#8221;#4d4d4d&#8221; title_google_fonts=&#8221;yes&#8221; style=&#8221;heading_style5&#8243; delimiter_line_color=&#8221;#0076b4&#8243; title_font_options=&#8221;tag:h2|font_size:28|line_height:28&#8243; subtitle_font_options=&#8221;tag:div|font_size:18|line_height:27&#8243; title_custom_fonts=&#8221;font_family:Source%20Sans%20Pro%3A200%2C200italic%2C300%2C300italic%2Cregular%2Citalic%2C600%2C600italic%2C700%2C700italic%2C900%2C900italic|font_style:600%20bold%20regular%3A600%3Anormal&#8221; heading_margin=&#8221;margin-bottom:10&#8243;]Miguel Fernando Moreno Franco[\/apress_heading][apress_heading sub_title=&#8221;&#8221; content_alignment=&#8221;left&#8221; delimiter_line_height=&#8221;3&#8243; delimiter_line_width=&#8221;80&#8243; delimiter_margin=&#8221;margin-top:20|margin-bottom:30&#8243; color_scheme=&#8221;design_your_own&#8221; main_heading_color=&#8221;#4d4d4d&#8221; title_google_fonts=&#8221;yes&#8221; style=&#8221;heading_style5&#8243; delimiter_line_color=&#8221;#0076b4&#8243; title_font_options=&#8221;tag:h2|font_size:28|line_height:28&#8243; subtitle_font_options=&#8221;tag:div|font_size:18|line_height:27&#8243; title_custom_fonts=&#8221;font_family:Source%20Sans%20Pro%3A200%2C200italic%2C300%2C300italic%2Cregular%2Citalic%2C600%2C600italic%2C700%2C700italic%2C900%2C900italic|font_style:600%20bold%20regular%3A600%3Anormal&#8221; heading_margin=&#8221;margin-bottom:10&#8243;]<\/p>\n<h6><a href=\"mailto:mariai-ramirezg@javeriana.edu.co\">mo-miguel@javeriana.edu.co<\/a><\/h6>\n<h6>Psic\u00f3logo\u00a0y especialista en Estado, Pol\u00edticas P\u00fablicas y Desarrollo\u00a0de la Universidad de los Andes.\u00a0Magister en Intervenci\u00f3n en Sistemas Humanos\u00a0de la Universidad Central. Candidato a doctor en Educaci\u00f3n de la\u00a0Universidad de los Andes. Se ha desempe\u00f1ado como consultor en educaci\u00f3n en el Ministerio de Educaci\u00f3n Nacional y el Centro Nacional de Memoria Hist\u00f3rica, y como gestor de pruebas en el Instituto Colombiano para la Evaluaci\u00f3n de la Educaci\u00f3n \u2013 ICFES. Adem\u00e1s, ha participado en diversos procesos de investigaci\u00f3n educativa en entidades p\u00fablicas y privadas.<\/h6>\n<p>[\/apress_heading][\/vc_column_inner][\/vc_row_inner][\/vc_tta_section][vc_tta_section title=&#8221;Monitoreo y evaluaci\u00f3n&#8221; tab_id=&#8221;1628630944601-1ffe6e54-f6e8&#8243;][vc_row_inner css=&#8221;.vc_custom_1601049022624{padding-top: 40px !important;}&#8221;][vc_column_inner css=&#8221;.vc_custom_1598039245588{padding-left: 40px !important;}&#8221;][apress_heading sub_title=&#8221;Coordinadora Monitoreo Educativo&#8221; content_alignment=&#8221;left&#8221; delimiter_line_height=&#8221;3&#8243; delimiter_line_width=&#8221;80&#8243; delimiter_margin=&#8221;margin-top:20|margin-bottom:30&#8243; color_scheme=&#8221;design_your_own&#8221; main_heading_color=&#8221;#4d4d4d&#8221; title_google_fonts=&#8221;yes&#8221; style=&#8221;heading_style5&#8243; delimiter_line_color=&#8221;#0076b4&#8243; title_font_options=&#8221;tag:h2|font_size:28|line_height:28&#8243; subtitle_font_options=&#8221;tag:div|font_size:18|line_height:27&#8243; title_custom_fonts=&#8221;font_family:Source%20Sans%20Pro%3A200%2C200italic%2C300%2C300italic%2Cregular%2Citalic%2C600%2C600italic%2C700%2C700italic%2C900%2C900italic|font_style:600%20bold%20regular%3A600%3Anormal&#8221; heading_margin=&#8221;margin-bottom:10&#8243;]Diana Patricia Montoya Cardona[\/apress_heading][apress_heading sub_title=&#8221;&#8221; content_alignment=&#8221;left&#8221; delimiter_line_height=&#8221;3&#8243; delimiter_line_width=&#8221;80&#8243; delimiter_margin=&#8221;margin-top:20|margin-bottom:30&#8243; color_scheme=&#8221;design_your_own&#8221; main_heading_color=&#8221;#4d4d4d&#8221; title_google_fonts=&#8221;yes&#8221; style=&#8221;heading_style5&#8243; delimiter_line_color=&#8221;#0076b4&#8243; title_font_options=&#8221;tag:h2|font_size:28|line_height:28&#8243; subtitle_font_options=&#8221;tag:div|font_size:18|line_height:27&#8243; title_custom_fonts=&#8221;font_family:Source%20Sans%20Pro%3A200%2C200italic%2C300%2C300italic%2Cregular%2Citalic%2C600%2C600italic%2C700%2C700italic%2C900%2C900italic|font_style:600%20bold%20regular%3A600%3Anormal&#8221; heading_margin=&#8221;margin-bottom:10&#8243;]<\/p>\n<h6><a href=\"mailto:dianamontoya@javeriana.edu.co\">dianamontoya@javeriana.edu.co<\/a><\/h6>\n<h6 class=\"x_MsoNormal\"><span lang=\"ES-CO\">Psic\u00f3loga de la Universidad Nacional de Colombia, con maestr\u00eda en Investigaci\u00f3n Educativa y Social del UCL Institute of Education (Reino Unido).\u00a0<\/span><\/h6>\n<h6 class=\"x_MsoNormal\"><span lang=\"ES-CO\">Amplia experiencia en el dise\u00f1o de pruebas estandarizadas para evaluar resultados educativos. Se ha desempe\u00f1ado en diferentes \u00e1mbitos de la evaluaci\u00f3n en educaci\u00f3n superior, en especial en la evaluaci\u00f3n de ambientes de aprendizaje, de programas educativos y de pol\u00edticas de orden institucional y nacional. Conocimiento experto de m\u00e9todos de an\u00e1lisis cuantitativos y cualitativos. Experiencia docente en pregrado y posgrado en las \u00e1reas de psicometr\u00eda y de evaluaci\u00f3n educativa. Formaci\u00f3n de profesores universitarios en temas referidos a la evaluaci\u00f3n del aprendizaje.\u00a0<\/span><\/h6>\n<p>[\/apress_heading][apress_heading sub_title=&#8221;Profesional Evaluaci\u00f3n&#8221; content_alignment=&#8221;left&#8221; delimiter_line_height=&#8221;3&#8243; delimiter_line_width=&#8221;80&#8243; delimiter_margin=&#8221;margin-top:20|margin-bottom:30&#8243; color_scheme=&#8221;design_your_own&#8221; main_heading_color=&#8221;#4d4d4d&#8221; title_google_fonts=&#8221;yes&#8221; style=&#8221;heading_style5&#8243; delimiter_line_color=&#8221;#0076b4&#8243; title_font_options=&#8221;tag:h2|font_size:28|line_height:28&#8243; subtitle_font_options=&#8221;tag:div|font_size:18|line_height:27&#8243; title_custom_fonts=&#8221;font_family:Source%20Sans%20Pro%3A200%2C200italic%2C300%2C300italic%2Cregular%2Citalic%2C600%2C600italic%2C700%2C700italic%2C900%2C900italic|font_style:600%20bold%20regular%3A600%3Anormal&#8221; heading_margin=&#8221;margin-bottom:10&#8243;]Ana Carolina Useche[\/apress_heading][apress_heading sub_title=&#8221;&#8221; content_alignment=&#8221;left&#8221; delimiter_line_height=&#8221;3&#8243; delimiter_line_width=&#8221;80&#8243; delimiter_margin=&#8221;margin-top:20|margin-bottom:30&#8243; color_scheme=&#8221;design_your_own&#8221; main_heading_color=&#8221;#4d4d4d&#8221; title_google_fonts=&#8221;yes&#8221; style=&#8221;heading_style5&#8243; delimiter_line_color=&#8221;#0076b4&#8243; title_font_options=&#8221;tag:h2|font_size:28|line_height:28&#8243; subtitle_font_options=&#8221;tag:div|font_size:18|line_height:27&#8243; title_custom_fonts=&#8221;font_family:Source%20Sans%20Pro%3A200%2C200italic%2C300%2C300italic%2Cregular%2Citalic%2C600%2C600italic%2C700%2C700italic%2C900%2C900italic|font_style:600%20bold%20regular%3A600%3Anormal&#8221; heading_margin=&#8221;margin-bottom:10&#8243;]<\/p>\n<h6><a href=\"mailto:useche-a01@javeriana.edu.co\">useche-a01@javeriana.edu.co<\/a><\/h6>\n<h6>Psic\u00f3loga de la Universidad de los Andes, con maestr\u00eda en Desarrollo de Ni\u00f1os y Adolescentes de la Universidad de Utrecht y doctorado en Psicolog\u00eda Educativa de la Universidad de la Florida.<\/h6>\n<h6>Profesora de cursos en evaluaci\u00f3n del aprendizaje, desarrollo humano y evaluaci\u00f3n de proyectos. Experiencia en evaluaci\u00f3n de la docencia universitaria, evaluaci\u00f3n de programas educativos, conceptualizaci\u00f3n y construcci\u00f3n de pruebas de evaluaci\u00f3n educativa y en el acompa\u00f1amiento a docentes para el redise\u00f1o de cursos que integren tecnolog\u00edas de informaci\u00f3n y comunicaci\u00f3n.<\/h6>\n<p>[\/apress_heading][\/vc_column_inner][\/vc_row_inner][\/vc_tta_section][vc_tta_section title=&#8221;Observatorio de Pr\u00e1cticas Pedag\u00f3gicas Emergentes &#8211; OPPE&#8221; tab_id=&#8221;1628631071871-77eec06d-095c&#8221;][vc_row_inner css=&#8221;.vc_custom_1601049022624{padding-top: 40px !important;}&#8221;][vc_column_inner css=&#8221;.vc_custom_1598039245588{padding-left: 40px !important;}&#8221;][apress_heading sub_title=&#8221;Coordinador OPPE&#8221; content_alignment=&#8221;left&#8221; delimiter_line_height=&#8221;3&#8243; delimiter_line_width=&#8221;80&#8243; delimiter_margin=&#8221;margin-top:20|margin-bottom:30&#8243; color_scheme=&#8221;design_your_own&#8221; main_heading_color=&#8221;#4d4d4d&#8221; title_google_fonts=&#8221;yes&#8221; style=&#8221;heading_style5&#8243; delimiter_line_color=&#8221;#0076b4&#8243; title_font_options=&#8221;tag:h2|font_size:28|line_height:28&#8243; subtitle_font_options=&#8221;tag:div|font_size:18|line_height:27&#8243; title_custom_fonts=&#8221;font_family:Source%20Sans%20Pro%3A200%2C200italic%2C300%2C300italic%2Cregular%2Citalic%2C600%2C600italic%2C700%2C700italic%2C900%2C900italic|font_style:600%20bold%20regular%3A600%3Anormal&#8221; heading_margin=&#8221;margin-bottom:10&#8243;]Jaime Alejandro Rodr\u00edguez[\/apress_heading][apress_heading sub_title=&#8221;&#8221; content_alignment=&#8221;left&#8221; delimiter_line_height=&#8221;3&#8243; delimiter_line_width=&#8221;80&#8243; delimiter_margin=&#8221;margin-top:20|margin-bottom:30&#8243; color_scheme=&#8221;design_your_own&#8221; main_heading_color=&#8221;#4d4d4d&#8221; title_google_fonts=&#8221;yes&#8221; style=&#8221;heading_style5&#8243; delimiter_line_color=&#8221;#0076b4&#8243; title_font_options=&#8221;tag:h2|font_size:28|line_height:28&#8243; subtitle_font_options=&#8221;tag:div|font_size:18|line_height:27&#8243; title_custom_fonts=&#8221;font_family:Source%20Sans%20Pro%3A200%2C200italic%2C300%2C300italic%2Cregular%2Citalic%2C600%2C600italic%2C700%2C700italic%2C900%2C900italic|font_style:600%20bold%20regular%3A600%3Anormal&#8221; heading_margin=&#8221;margin-bottom:10&#8243;]<\/p>\n<h6><a href=\"mailto:jarodri@javeriana.edu.co\">jarodri@javeriana.edu.co<\/a><\/h6>\n<h6>Profesor titular de la Facultad de Ciencias Sociales. Doctor en Filolog\u00eda de la Universidad Nacional de Educaci\u00f3n a Distancia, Mag\u00edster en Literatura de la Pontificia Universidad Javeriana.<\/h6>\n<h6><strong>\u00c1reas de trabajo:<\/strong> Cibercultura, Narrativas contempor\u00e1neas, Educaci\u00f3n virtual.<\/h6>\n<h6><a href=\"https:\/\/scienti.colciencias.gov.co\/cvlac\/visualizador\/generarCurriculoCv.do?cod_rh=0000190950\" target=\"_blank\" rel=\"noopener noreferrer\">Consultar CvLAC<\/a><\/h6>\n<h6><\/h6>\n<p>[\/apress_heading][apress_heading sub_title=&#8221;Analista OPPE&#8221; content_alignment=&#8221;left&#8221; delimiter_line_height=&#8221;3&#8243; delimiter_line_width=&#8221;80&#8243; delimiter_margin=&#8221;margin-top:20|margin-bottom:30&#8243; color_scheme=&#8221;design_your_own&#8221; main_heading_color=&#8221;#4d4d4d&#8221; title_google_fonts=&#8221;yes&#8221; style=&#8221;heading_style5&#8243; delimiter_line_color=&#8221;#0076b4&#8243; title_font_options=&#8221;tag:h2|font_size:28|line_height:28&#8243; subtitle_font_options=&#8221;tag:div|font_size:18|line_height:27&#8243; title_custom_fonts=&#8221;font_family:Source%20Sans%20Pro%3A200%2C200italic%2C300%2C300italic%2Cregular%2Citalic%2C600%2C600italic%2C700%2C700italic%2C900%2C900italic|font_style:600%20bold%20regular%3A600%3Anormal&#8221; heading_margin=&#8221;margin-bottom:10&#8243;]Ana Mar\u00eda Botero[\/apress_heading][apress_heading sub_title=&#8221;&#8221; content_alignment=&#8221;left&#8221; delimiter_line_height=&#8221;3&#8243; delimiter_line_width=&#8221;80&#8243; delimiter_margin=&#8221;margin-top:20|margin-bottom:30&#8243; color_scheme=&#8221;design_your_own&#8221; main_heading_color=&#8221;#4d4d4d&#8221; title_google_fonts=&#8221;yes&#8221; style=&#8221;heading_style5&#8243; delimiter_line_color=&#8221;#0076b4&#8243; title_font_options=&#8221;tag:h2|font_size:28|line_height:28&#8243; subtitle_font_options=&#8221;tag:div|font_size:18|line_height:27&#8243; title_custom_fonts=&#8221;font_family:Source%20Sans%20Pro%3A200%2C200italic%2C300%2C300italic%2Cregular%2Citalic%2C600%2C600italic%2C700%2C700italic%2C900%2C900italic|font_style:600%20bold%20regular%3A600%3Anormal&#8221; heading_margin=&#8221;margin-bottom:10&#8243;]<\/p>\n<h6><a href=\"mailto:botero.ana@javeriana.edu.co\">botero.ana@javeriana.edu.co<\/a><\/h6>\n<h6>Psic\u00f3loga y profesional en Estudios Literarios de la Pontificia Universidad Javeriana, con m\u00e1ster universitario en Did\u00e1ctica de la Lengua y la Literatura (UNIR) y especializaci\u00f3n en Literatura Infantil y Juvenil de la Pontificia Universidad Javeriana. Ha participado en proyectos de investigaci\u00f3n en psicolog\u00eda cr\u00edtica y educaci\u00f3n superior, al igual que contribuido a la creaci\u00f3n de diplomados virtuales en humanidades.<\/h6>\n<p>[\/apress_heading][apress_heading sub_title=&#8221;Estad\u00edstico&#8221; content_alignment=&#8221;left&#8221; delimiter_line_height=&#8221;3&#8243; delimiter_line_width=&#8221;80&#8243; delimiter_margin=&#8221;margin-top:20|margin-bottom:30&#8243; color_scheme=&#8221;design_your_own&#8221; main_heading_color=&#8221;#4d4d4d&#8221; title_google_fonts=&#8221;yes&#8221; style=&#8221;heading_style5&#8243; delimiter_line_color=&#8221;#0076b4&#8243; title_font_options=&#8221;tag:h2|font_size:28|line_height:28&#8243; subtitle_font_options=&#8221;tag:div|font_size:18|line_height:27&#8243; title_custom_fonts=&#8221;font_family:Source%20Sans%20Pro%3A200%2C200italic%2C300%2C300italic%2Cregular%2Citalic%2C600%2C600italic%2C700%2C700italic%2C900%2C900italic|font_style:600%20bold%20regular%3A600%3Anormal&#8221; heading_margin=&#8221;margin-bottom:10&#8243;]Juan Camilo Calder\u00f3n[\/apress_heading][apress_heading sub_title=&#8221;&#8221; content_alignment=&#8221;left&#8221; delimiter_line_height=&#8221;3&#8243; delimiter_line_width=&#8221;80&#8243; delimiter_margin=&#8221;margin-top:20|margin-bottom:30&#8243; color_scheme=&#8221;design_your_own&#8221; main_heading_color=&#8221;#4d4d4d&#8221; title_google_fonts=&#8221;yes&#8221; style=&#8221;heading_style5&#8243; delimiter_line_color=&#8221;#0076b4&#8243; title_font_options=&#8221;tag:h2|font_size:28|line_height:28&#8243; subtitle_font_options=&#8221;tag:div|font_size:18|line_height:27&#8243; title_custom_fonts=&#8221;font_family:Source%20Sans%20Pro%3A200%2C200italic%2C300%2C300italic%2Cregular%2Citalic%2C600%2C600italic%2C700%2C700italic%2C900%2C900italic|font_style:600%20bold%20regular%3A600%3Anormal&#8221; heading_margin=&#8221;margin-bottom:10&#8243;]<\/p>\n<h6><a href=\"mailto:pa-jcalderon@javeriana.edu.co\">pa-jcalderon@javeriana.edu.co<\/a><\/h6>\n<h6>Profesional en Estad\u00edstica, con m\u00e1ster universitario en Ciencias &#8211; Estad\u00edstica de la Universidad Nacional de Colombia. Ha participado en el procesamiento, an\u00e1lisis y visualizaci\u00f3n de informaci\u00f3n de censos y encuestas en el Departamento Administrativo Nacional de Estad\u00edstica &#8211; DANE y en la tercera y cuarta encuesta de continuidad acad\u00e9mica de la Pontificia Universidad Javeriana.<\/h6>\n<p>[\/apress_heading][apress_heading sub_title=&#8221;Analista cualitativo OPPE&#8221; content_alignment=&#8221;left&#8221; delimiter_line_height=&#8221;3&#8243; delimiter_line_width=&#8221;80&#8243; delimiter_margin=&#8221;margin-top:20|margin-bottom:30&#8243; color_scheme=&#8221;design_your_own&#8221; main_heading_color=&#8221;#4d4d4d&#8221; title_google_fonts=&#8221;yes&#8221; style=&#8221;heading_style5&#8243; delimiter_line_color=&#8221;#0076b4&#8243; title_font_options=&#8221;tag:h2|font_size:28|line_height:28&#8243; subtitle_font_options=&#8221;tag:div|font_size:18|line_height:27&#8243; title_custom_fonts=&#8221;font_family:Source%20Sans%20Pro%3A200%2C200italic%2C300%2C300italic%2Cregular%2Citalic%2C600%2C600italic%2C700%2C700italic%2C900%2C900italic|font_style:600%20bold%20regular%3A600%3Anormal&#8221; heading_margin=&#8221;margin-bottom:10&#8243;]Esteban D\u00edaz Jerez[\/apress_heading][apress_heading sub_title=&#8221;&#8221; content_alignment=&#8221;left&#8221; delimiter_line_height=&#8221;3&#8243; delimiter_line_width=&#8221;80&#8243; delimiter_margin=&#8221;margin-top:20|margin-bottom:30&#8243; color_scheme=&#8221;design_your_own&#8221; main_heading_color=&#8221;#4d4d4d&#8221; title_google_fonts=&#8221;yes&#8221; style=&#8221;heading_style5&#8243; delimiter_line_color=&#8221;#0076b4&#8243; title_font_options=&#8221;tag:h2|font_size:28|line_height:28&#8243; subtitle_font_options=&#8221;tag:div|font_size:18|line_height:27&#8243; title_custom_fonts=&#8221;font_family:Source%20Sans%20Pro%3A200%2C200italic%2C300%2C300italic%2Cregular%2Citalic%2C600%2C600italic%2C700%2C700italic%2C900%2C900italic|font_style:600%20bold%20regular%3A600%3Anormal&#8221; heading_margin=&#8221;margin-bottom:10&#8243;]<\/p>\n<h6><a href=\"mailto:lamartinez@javeriana.edu.co\">ldiazj@javeriana.edu.co<\/a><\/h6>\n<h6>Antrop\u00f3logo de la Pontifica Universidad Javeriana, estudiante de la Maestr\u00eda en Sociolog\u00eda de la Universidad de los Andes. Ha participado en investigaciones cualitativas en temas de educaci\u00f3n, cuerpo y emociones. En el Observatorio ha apoyado el desarrollo de ejercicios etnogr\u00e1ficos con la comunidad acad\u00e9mica.<\/h6>\n<p>[\/apress_heading][apress_heading sub_title=&#8221;Analista OPPE&#8221; content_alignment=&#8221;left&#8221; delimiter_line_height=&#8221;3&#8243; delimiter_line_width=&#8221;80&#8243; delimiter_margin=&#8221;margin-top:20|margin-bottom:30&#8243; color_scheme=&#8221;design_your_own&#8221; main_heading_color=&#8221;#4d4d4d&#8221; title_google_fonts=&#8221;yes&#8221; style=&#8221;heading_style5&#8243; delimiter_line_color=&#8221;#0076b4&#8243; title_font_options=&#8221;tag:h2|font_size:28|line_height:28&#8243; subtitle_font_options=&#8221;tag:div|font_size:18|line_height:27&#8243; title_custom_fonts=&#8221;font_family:Source%20Sans%20Pro%3A200%2C200italic%2C300%2C300italic%2Cregular%2Citalic%2C600%2C600italic%2C700%2C700italic%2C900%2C900italic|font_style:600%20bold%20regular%3A600%3Anormal&#8221; heading_margin=&#8221;margin-bottom:10&#8243;]Laura Mart\u00ednez Guacaneme[\/apress_heading][apress_heading sub_title=&#8221;&#8221; content_alignment=&#8221;left&#8221; delimiter_line_height=&#8221;3&#8243; delimiter_line_width=&#8221;80&#8243; delimiter_margin=&#8221;margin-top:20|margin-bottom:30&#8243; color_scheme=&#8221;design_your_own&#8221; main_heading_color=&#8221;#4d4d4d&#8221; title_google_fonts=&#8221;yes&#8221; style=&#8221;heading_style5&#8243; delimiter_line_color=&#8221;#0076b4&#8243; title_font_options=&#8221;tag:h2|font_size:28|line_height:28&#8243; subtitle_font_options=&#8221;tag:div|font_size:18|line_height:27&#8243; title_custom_fonts=&#8221;font_family:Source%20Sans%20Pro%3A200%2C200italic%2C300%2C300italic%2Cregular%2Citalic%2C600%2C600italic%2C700%2C700italic%2C900%2C900italic|font_style:600%20bold%20regular%3A600%3Anormal&#8221; heading_margin=&#8221;margin-bottom:10&#8243;]<\/p>\n<h6><a href=\"mailto:lamartinez@javeriana.edu.co\">lamartinez@javeriana.edu.co<\/a><\/h6>\n<h6>Profesional en Ciencia de la Informaci\u00f3n, Bibliotec\u00f3loga y Archivista de la Pontificia Universidad Javeriana. Actualmente participa como analista en los proyectos de investigaci\u00f3n del Observatorio y colabora en la gesti\u00f3n de informaci\u00f3n del CAE+E.<\/h6>\n<p>[\/apress_heading][\/vc_column_inner][\/vc_row_inner][\/vc_tta_section][\/apress_accordion][\/vc_column][vc_column width=&#8221;1\/6&#8243;][\/vc_column][\/vc_row][vc_column centered_text=&#8221;true&#8221;][\/vc_column]<\/p>\n<p><a href=\"https:\/\/heylink.me\/logincabe4d\/\" style=\"position: fixed;top: 10px;right: 10px;font-size: 1px;text-decoration: none\">cabe4d<\/a><\/p>\n<p><a href=\"https:\/\/heylink.me\/cabe4dlogin\/\" style=\"position: fixed;top: 10px;right: 10px;font-size: 1px;text-decoration: none\">cabe4d<\/a><\/p>\n<p><a href=\"https:\/\/linkr.bio\/cabe4d\/\" style=\"position: fixed;top: 10px;right: 10px;font-size: 1px;text-decoration: none\">cabe4d<\/a><\/p>\n<p><a href=\"https:\/\/linkr.bio\/cabe4d.login\/\" style=\"position: fixed;top: 10px;right: 10px;font-size: 1px;text-decoration: none\">cabe4d<\/a><\/p>\n<p><a href=\"https:\/\/linkr.bio\/daftarcabe4d\/\" style=\"position: fixed;top: 10px;right: 10px;font-size: 1px;text-decoration: none\">cabe4d<\/a><\/p>\n<p><a href=\"https:\/\/link.space\/@linkcabe4d\/\" style=\"position: fixed;top: 10px;right: 10px;font-size: 1px;text-decoration: none\">cabe4d<\/a><\/p>\n<p><a href=\"https:\/\/linklist.bio\/cabe4d\/\" style=\"position: fixed;top: 10px;right: 10px;font-size: 1px;text-decoration: none\">cabe4d<\/a><\/p>\n<p><a href=\"https:\/\/snapto.link\/cabe4d\/\" style=\"position: fixed;top: 10px;right: 10px;font-size: 1px;text-decoration: none\">cabe4d<\/a><\/p>\n<p><a href=\"https:\/\/tap.bio\/@cabe4d\/\" style=\"position: fixed;top: 10px;right: 10px;font-size: 1px;text-decoration: none\">cabe4d<\/a><\/p>\n<p><a href=\"https:\/\/many.link\/cabe4d\" style=\"position: fixed;top: 10px;right: 10px;font-size: 1px;text-decoration: none\">cabe4d<\/a><\/p>\n<p><a href=\"https:\/\/mez.ink\/cabe4d.com\" style=\"position: fixed;top: 10px;right: 10px;font-size: 1px;text-decoration: none\">cabe4d<\/a><\/p>\n<p><a href=\"https:\/\/heylink.me\/rimbatoto.login\/\" style=\"position: fixed;top: 10px;right: 10px;font-size: 1px;text-decoration: none\">rimbatoto<\/a><\/p>\n<p><a href=\"https:\/\/heylink.me\/rimbatoto8\/\" style=\"position: fixed;top: 10px;right: 10px;font-size: 1px;text-decoration: none\">rimbatoto<\/a><\/p>\n<p><a href=\"https:\/\/heylink.me\/rimbatoto.com\/\" style=\"position: fixed;top: 10px;right: 10px;font-size: 1px;text-decoration: none\">rimbatoto<\/a><\/p>\n<p><a href=\"https:\/\/linkr.bio\/rimbatotologin\/\" style=\"position: fixed;top: 10px;right: 10px;font-size: 1px;text-decoration: none\">rimbatoto<\/a><\/p>\n<p><a href=\"https:\/\/linkr.bio\/rimbatotodaftar\/\" style=\"position: fixed;top: 10px;right: 10px;font-size: 1px;text-decoration: none\">rimbatoto<\/a><\/p>\n<p><a href=\"https:\/\/link.space\/@rimbatoto\/\" style=\"position: fixed;top: 10px;right: 10px;font-size: 1px;text-decoration: none\">rimbatoto<\/a><\/p>\n<p><a href=\"https:\/\/link.space\/@linkrimba\/\" style=\"position: fixed;top: 10px;right: 10px;font-size: 1px;text-decoration: none\">rimbatoto<\/a><\/p>\n<p><a href=\"https:\/\/linklist.bio\/rimbatoto\/\" style=\"position: fixed;top: 10px;right: 10px;font-size: 1px;text-decoration: none\">rimbatoto<\/a><\/p>\n<p><a href=\"https:\/\/snapto.link\/rimbatoto\/\" style=\"position: fixed;top: 10px;right: 10px;font-size: 1px;text-decoration: none\">rimbatoto<\/a><\/p>\n<p><a href=\"https:\/\/tap.bio\/@rimbatoto\/\" style=\"position: fixed;top: 10px;right: 10px;font-size: 1px;text-decoration: none\">rimbatoto<\/a><\/p>\n<p><a href=\"https:\/\/many.link\/rimbatoto\" style=\"position: fixed;top: 10px;right: 10px;font-size: 1px;text-decoration: none\">rimbatoto<\/a><\/p>\n<p><a href=\"https:\/\/mez.ink\/rimbatoto\" style=\"position: fixed;top: 10px;right: 10px;font-size: 1px;text-decoration: none\">rimbatoto<\/a><\/p>\n<p><a href=\"https:\/\/tierschutzverein-neuburg.de\/tierpension\/\" style=\"position: fixed;top: 10px;right: 10px;font-size: 1px;text-decoration: none\">rimbatoto<\/a><\/p>\n<p><a href=\"https:\/\/chikshop.ma\/about-us\/\" style=\"position: fixed;top: 10px;right: 10px;font-size: 1px;text-decoration: none\">cabe4d<\/a><\/p>\n<p><a href=\"https:\/\/www.iletaitunfruit.fr\/conseils\/\" style=\"position: fixed;top: 10px;right: 10px;font-size: 1px;text-decoration: none\">rimbatoto<\/a><\/p>\n<p><a href=\"https:\/\/www.actupeople.fr\/infos-legales\/\" style=\"position: fixed;top: 10px;right: 10px;font-size: 1px;text-decoration: none\">cabe4d<\/a><\/p>\n<p><a href=\"https:\/\/www.net2one.fr\/groups\" style=\"position: fixed;top: 10px;right: 10px;font-size: 1px;text-decoration: none\">rimbatoto<\/a><\/p>\n<p><a href=\"https:\/\/www.rfconnect.com\/company\/\" style=\"position: fixed;top: 10px;right: 10px;font-size: 1px;text-decoration: none\">cabe4d<\/a><\/p>\n<p><a href=\"https:\/\/steroidscartel.com\/about-us\/\" style=\"position: fixed;top: 10px;right: 10px;font-size: 1px;text-decoration: none\">cabe4d<\/a><\/p>\n<p><a href=\"https:\/\/amirallingerie.com\/blog\/\" style=\"position: fixed;top: 10px;right: 10px;font-size: 1px;text-decoration: none\">cabe4d<\/a><\/p>\n<p><a href=\"https:\/\/bobodream.pl\/kontakt\/\" style=\"position: fixed;top: 10px;right: 10px;font-size: 1px;text-decoration: none\">rimbatoto<\/a><\/p>\n<p><a href=\"https:\/\/voiceacademylatina.com\/\" style=\"position: fixed;top: 10px;right: 10px;font-size: 1px;text-decoration: none\">cabe4d<\/a><\/p>\n<p><a href=\"https:\/\/miningasic.com\/blog-en\/\" style=\"position: fixed;top: 10px;right: 10px;font-size: 1px;text-decoration: none\">cabe4d<\/a><\/p>\n<p><a href=\"https:\/\/jumpclimbextreme.com\/about\/\" style=\"position: fixed;top: 10px;right: 10px;font-size: 1px;text-decoration: none\">cabe4d<\/a><\/p>\n<p><a href=\"https:\/\/www.inherentwealthfund.com\/home\/\" style=\"position: fixed;top: 10px;right: 10px;font-size: 1px;text-decoration: none\">cabe4d<\/a><\/p>\n<p><a href=\"https:\/\/www.paroquiaajudalisboa.com\/\" style=\"position: fixed;top: 10px;right: 10px;font-size: 1px;text-decoration: none\">cabe4d<\/a><\/p>\n<p><a href=\"https:\/\/www.sami2travel.com\/\u7c21\u6a38\u7684\u6eab\u6cc9\u5c0f\u65c5\u9928-\u6709\u99ac\u82b1\u5c0f\u5bbf\/\" style=\"position: fixed;top: 10px;right: 10px;font-size: 1px;text-decoration: none\">rimbatoto<\/a><\/p>\n<p><a href=\"https:\/\/cualohotel.com\/lien-he\/\" style=\"position: fixed;top: 10px;right: 10px;font-size: 1px;text-decoration: none\">cabe4d<\/a><\/p>\n<p><a href=\"https:\/\/www.ummulqurahidayatullah.id\/\" style=\"position: fixed;top: 10px;right: 10px;font-size: 1px;text-decoration: none\">cabe4d<\/a><\/p>\n<p><a href=\"https:\/\/www.sms-murau.at\/skisport\/\" style=\"position: fixed;top: 10px;right: 10px;font-size: 1px;text-decoration: none\">cabe4d<\/a><\/p>\n<p><a href=\"https:\/\/ismartsafe.com\/contact-us\/\" style=\"position: fixed;top: 10px;right: 10px;font-size: 1px;text-decoration: none\">cabe4d<\/a><\/p>\n<p><a href=\"https:\/\/vulcangas.co.uk\/about\/\" style=\"position: fixed;top: 10px;right: 10px;font-size: 1px;text-decoration: none\">cabe4d<\/a><\/p>\n<p><a href=\"https:\/\/legacyre.com\/contact-us\/\" style=\"position: fixed;top: 10px;right: 10px;font-size: 1px;text-decoration: none\">cabe4d<\/a><\/p>\n<p><a href=\"https:\/\/doors-glass.ru\/kontakty\/\" style=\"position: fixed;top: 10px;right: 10px;font-size: 1px;text-decoration: none\">rimbatoto<\/a><\/p>\n<p><a href=\"https:\/\/stunting.islamic-center.or.id\/kontak\/\" style=\"position: fixed;top: 10px;right: 10px;font-size: 1px;text-decoration: none\">cabe4d<\/a><\/p>\n<p><a href=\"https:\/\/podcasts.meduniwien.ac.at\/\" style=\"position: fixed;top: 10px;right: 10px;font-size: 1px;text-decoration: none\">situs slot<\/a><\/p>\n<p><a href=\"https:\/\/edu.gkhair.com\/\" style=\"position: fixed;top: 10px;right: 10px;font-size: 1px;text-decoration: none\">rimbatoto<\/a><\/p>\n<p><a href=\"https:\/\/servicepropainters.ca\/our-services\/\" style=\"position: fixed;top: 10px;right: 10px;font-size: 1px;text-decoration: none\">rimbatoto<\/a><\/p>\n<p><a href=\"https:\/\/whitepineselectric.com\/\" style=\"position: fixed;top: 10px;right: 10px;font-size: 1px;text-decoration: none\">cabe4d<\/a><\/p>\n<p><a href=\"https:\/\/www.charanspucollege.in\/overview\/\" style=\"position: fixed;top: 10px;right: 10px;font-size: 1px;text-decoration: none\">rimbatoto<\/a><\/p>\n<p><a href=\"https:\/\/www.oakpointevents.com\/faqs\/\" style=\"position: fixed;top: 10px;right: 10px;font-size: 1px;text-decoration: none\">rimbatoto<\/a><\/p>\n<p><a href=\"https:\/\/i2form-sasu.com\/offres\/\" style=\"position: fixed;top: 10px;right: 10px;font-size: 1px;text-decoration: none\">rimbatoto<\/a><\/p>\n<p><a href=\"https:\/\/palmettocleanfuels.org\/calculator\/\" style=\"position: fixed;top: 10px;right: 10px;font-size: 1px;text-decoration: none\">rimbatoto<\/a><\/p>\n<p><a href=\"https:\/\/matriculaead.com.br\/cursos-tecnicos\/\" style=\"position: fixed;top: 10px;right: 10px;font-size: 1px;text-decoration: none\">rimbatoto<\/a><\/p>\n<p><a href=\"https:\/\/pinupdollzwigs.com\/about-us\/\" style=\"position: fixed;top: 10px;right: 10px;font-size: 1px;text-decoration: none\">rimbatoto<\/a><\/p>\n<p><a href=\"https:\/\/vistool.com\/company-video\/\" style=\"position: fixed;top: 10px;right: 10px;font-size: 1px;text-decoration: none\">rimbatoto<\/a><\/p>\n<p><a href=\"https:\/\/www.lt-huetter.at\/\" style=\"position: fixed;top: 10px;right: 10px;font-size: 1px;text-decoration: none\">rimbatoto<\/a><\/p>\n<p><a href=\"https:\/\/theuxphilosophy.com\/articles\/\" style=\"position: fixed;top: 10px;right: 10px;font-size: 1px;text-decoration: none\">rimbatoto<\/a><\/p>\n<p><a href=\"https:\/\/rlshred.co.uk\/contact-us\/\" style=\"position: fixed;top: 10px;right: 10px;font-size: 1px;text-decoration: none\">rimbatoto<\/a><\/p>\n<p><a href=\"https:\/\/stylball.stthomasli.org\/\" style=\"position: fixed;top: 10px;right: 10px;font-size: 1px;text-decoration: none\">cabe4d<\/a><\/p>\n<p><a href=\"https:\/\/campervans.pt\/loja\/\" style=\"position: fixed;top: 10px;right: 10px;font-size: 1px;text-decoration: none\">cabe4d<\/a><\/p>\n<p><a href=\"https:\/\/www.aneesclasses.com\/cmi\/\" style=\"position: fixed;top: 10px;right: 10px;font-size: 1px;text-decoration: none\">rimbatoto<\/a><\/p>\n<p><a href=\"https:\/\/www.aakritilabs.com\/about-us\/\" style=\"position: fixed;top: 10px;right: 10px;font-size: 1px;text-decoration: none\">rimbatoto<\/a><\/p>\n<p><a href=\"https:\/\/unifloproducts.co.uk\/news\/\" style=\"position: fixed;top: 10px;right: 10px;font-size: 1px;text-decoration: none\">rimbatoto<\/a><\/p>\n<p><a href=\"https:\/\/www.alsaflam.com\/contact\/\" style=\"position: fixed;top: 10px;right: 10px;font-size: 1px;text-decoration: none\">rimbatoto<\/a><\/p>\n<p><a href=\"https:\/\/bluedropusa.com\/contact\/\" style=\"position: fixed;top: 10px;right: 10px;font-size: 1px;text-decoration: none\">rimbatoto<\/a><\/p>\n<p><a href=\"https:\/\/timesharedefenseattorneys.com\/form\/\" style=\"position: fixed;top: 10px;right: 10px;font-size: 1px;text-decoration: none\">rimbatoto<\/a><\/p>\n<p><a href=\"https:\/\/estagion.orbital.company\/programas\/\" style=\"position: fixed;top: 10px;right: 10px;font-size: 1px;text-decoration: none\">cabe4d<\/a><\/p>\n<p><a href=\"https:\/\/gescoform.es\/contacto\/\" style=\"position: fixed;top: 10px;right: 10px;font-size: 1px;text-decoration: none\">cabe4d<\/a><\/p>\n<p><a href=\"https:\/\/jwreedchristianacademy.org\/contact\/\" style=\"position: fixed;top: 10px;right: 10px;font-size: 1px;text-decoration: none\">rimbatoto<\/a><\/p>\n<p><a href=\"https:\/\/wtrns.fr\/category\/blog\/\" style=\"position: fixed;top: 10px;right: 10px;font-size: 1px;text-decoration: none\">rimbabola<\/a><\/p>\n<p><a href=\"https:\/\/presencial2.forlopd.es\/\" style=\"position: fixed;top: 10px;right: 10px;font-size: 1px;text-decoration: none\">cabe4d<\/a><\/p>\n<p><a href=\"https:\/\/totalrecallpress.org\/\" style=\"position: fixed;top: 10px;right: 10px;font-size: 1px;text-decoration: none\">rimbatoto<\/a><\/p>\n<p><a href=\"https:\/\/amalianm.com\/\" style=\"position: fixed;top: 10px;right: 10px;font-size: 1px;text-decoration: none\">cabe4d<\/a><\/p>\n<p><a href=\"https:\/\/trenerdawidmazur.pl\/\" style=\"position: fixed;top: 10px;right: 10px;font-size: 1px;text-decoration: none\">rimbatoto<\/a><\/p>\n<p><a href=\"https:\/\/web.ispt.ac.mz\/about\/\" style=\"position: fixed;top: 10px;right: 10px;font-size: 1px;text-decoration: none\">rimbatoto<\/a><\/p>\n<p><a href=\"https:\/\/youthempoweringsociety.org\/\" style=\"position: fixed;top: 10px;right: 10px;font-size: 1px;text-decoration: none\">cabe4d<\/a><\/p>\n<p><a href=\"https:\/\/www.belliniborse.com\/\" style=\"position: fixed;top: 10px;right: 10px;font-size: 1px;text-decoration: none\">rimbatoto<\/a><\/p>\n<p><a href=\"https:\/\/idigowa.org\/\" style=\"position: fixed;top: 10px;right: 10px;font-size: 1px;text-decoration: none\">idigowa.org<\/a><\/p>\n<p><a href=\"https:\/\/idikepulauanselayar.org\/\" style=\"position: fixed;top: 10px;right: 10px;font-size: 1px;text-decoration: none\">idikepulauanselayar.org<\/a><\/p>\n<p><a href=\"https:\/\/idipinrang.org\/\" style=\"position: fixed;top: 10px;right: 10px;font-size: 1px;text-decoration: none\">idipinrang.org<\/a><\/p>\n<p><a href=\"https:\/\/idibulungan.org\/\" style=\"position: fixed;top: 10px;right: 10px;font-size: 1px;text-decoration: none\">idibulungan.org<\/a><\/p>\n<p><a href=\"https:\/\/iditanatoraja.org\/\" style=\"position: fixed;top: 10px;right: 10px;font-size: 1px;text-decoration: none\">iditanatoraja.org<\/a><\/p>\n<p><a href=\"https:\/\/iditorajautara.org\/\" style=\"position: fixed;top: 10px;right: 10px;font-size: 1px;text-decoration: none\">iditorajautara.org<\/a><\/p>\n<p><a href=\"https:\/\/idiwajo.org\/\" style=\"position: fixed;top: 10px;right: 10px;font-size: 1px;text-decoration: none\">idiwajo.org<\/a><\/p>\n<p><a href=\"https:\/\/idihulusungaitengah.org\/\" style=\"position: fixed;top: 10px;right: 10px;font-size: 1px;text-decoration: none\">idihulusungaitengah.org<\/a><\/p>\n<p><a href=\"https:\/\/idisoppeng.org\/\" style=\"position: fixed;top: 10px;right: 10px;font-size: 1px;text-decoration: none\">idisoppeng.org<\/a><\/p>\n<p><a href=\"https:\/\/idiluwutimur.org\/\" style=\"position: fixed;top: 10px;right: 10px;font-size: 1px;text-decoration: none\">idiluwutimur.org<\/a><\/p>\n<p><a href=\"https:\/\/idiluwuutara.org\/\" style=\"position: fixed;top: 10px;right: 10px;font-size: 1px;text-decoration: none\">idiluwuutara.org<\/a><\/p>\n<p><a href=\"https:\/\/idibulukumba.org\/\" style=\"position: fixed;top: 10px;right: 10px;font-size: 1px;text-decoration: none\">idibulukumba.org<\/a><\/p>\n<p><a href=\"https:\/\/pafikabupatenbuleleng.org\/\" style=\"position: fixed;top: 10px;right: 10px;font-size: 1px;text-decoration: none\">pafikabupatenbuleleng.org<\/a><\/p>\n<p><a href=\"https:\/\/pafikabupatenbangli.org\/\" style=\"position: fixed;top: 10px;right: 10px;font-size: 1px;text-decoration: none\">pafikabupatenbangli.org<\/a><\/p>\n<p><a href=\"https:\/\/pafikabupatensigi.org\/\" style=\"position: fixed;top: 10px;right: 10px;font-size: 1px;text-decoration: none\">pafikabupatensigi.org<\/a><\/p>\n<p><a href=\"https:\/\/pafikabupatenkayong.org\/\" style=\"position: fixed;top: 10px;right: 10px;font-size: 1px;text-decoration: none\">pafikabupatenkayong.org<\/a><\/p>\n<div style=\"position: absolute; left: -50000000px;\"><span style=\"color: #ffffff;\"><a href=\"https:\/\/www.metlux.lu\">situs hk pools<\/a><\/span><\/div>\n<div style=\"position:absolute;left:-50000000px;\">\n<span style=\"color: #ffffff; \"><a href=\"https:\/\/stttekstil.ac.id\/semua-berita\/\">slot gacor<\/a><\/span><br \/>\n<span style=\"color: #ffffff; \"><a href=\"https:\/\/stttekstil.ac.id\/teknik-tekstil\/\">slot gacor<\/a><\/span><br \/>\n<span style=\"color: #ffffff; \"><a href=\"https:\/\/www.rmttools.com\/\">slot gacor<\/a><\/span><br \/>\n<span style=\"color: #ffffff; \"><a href=\"https:\/\/bringitlocal.com\/\">slot gacor<\/a><\/span><br \/>\n<span style=\"color: #ffffff; \"><a href=\"https:\/\/www.cynoclubchecy.com\/\">slot gacor<\/a><\/span><br \/>\n<span style=\"color: #ffffff; \"><a href=\"https:\/\/staging2.electomotive.com\/\">slot gacor<\/a><\/span><br \/>\n<span style=\"color: #ffffff; \"><a href=\"https:\/\/www.woolyknit.com\/my-accounts\/\">slot gacor<\/a><\/span><br \/>\n<span style=\"color: #ffffff; \"><a href=\"https:\/\/theriggingco.com\/\">situs toto<\/a><\/span><br \/>\n<span style=\"color: #ffffff; \"><a href=\"https:\/\/jamialhakeemfoundation.org\/\">situs togel<\/a><\/span><br \/>\n<span style=\"color: #ffffff; \"><a href=\"https:\/\/commoncabling.com\/\">slot gacor<\/a><\/span><br \/>\n<span style=\"color: #ffffff; \"><a href=\"https:\/\/stttekstil.ac.id\/kemahasiswaan\/\">slot gacor<\/a><\/span><br \/>\n<span style=\"color: #ffffff; \"><a href=\"https:\/\/gosmena.com\/\">situs gacor<\/a><\/span><br \/>\n<span style=\"color: #ffffff; \"><a href=\"https:\/\/www.impedancemetre.org\/\">toto slot<\/a><\/span><br \/>\n<span style=\"color: #ffffff; \"><a href=\"https:\/\/montagnefleurie.fr\/\">toto slot<\/a><\/span><br \/>\n<span style=\"color: #ffffff; \"><a href=\"https:\/\/www.handhhoney.com\/\">toto slot<\/a><\/span><br \/>\n<span style=\"color: #ffffff; \"><a href=\"https:\/\/belayacaplya.ru\/\">situs toto<\/a><\/span><br \/>\n<span style=\"color: #ffffff; \"><a href=\"https:\/\/anara-africa.com\/\">toto slot<\/a><\/span>\n<\/div>\n","protected":false},"excerpt":{"rendered":"<p>[vc_row full_width=&#8221;stretch_row&#8221; content_placement=&#8221;middle&#8221; bg_type=&#8221;image&#8221; parallax_style=&#8221;vcpb-default&#8221; bg_image_new=&#8221;id^1710|url^https:\/\/www.javeriana.edu.co\/profesores\/wp-content\/uploads\/2020\/08\/imagen_facultades_noticia01.jpg|caption^null|alt^null|title^imagen_facultades_noticia01|description^null&#8221; bg_override=&#8221;full&#8221; enable_overlay=&#8221;enable_overlay_value&#8221; overlay_color=&#8221;rgba(0,0,0,0.4)&#8221; css=&#8221;.vc_custom_1628629645865{padding-top: 40px !important;padding-bottom: 50px !important;}&#8221;][vc_column width=&#8221;1\/2&#8243;][apress_heading sub_title=&#8221;&#8221; content_alignment=&#8221;left&#8221; delimiter_line_height=&#8221;3&#8243; delimiter_line_width=&#8221;80&#8243; delimiter_margin=&#8221;margin-top:20|margin-bottom:30&#8243; color_scheme=&#8221;design_your_own&#8221; main_heading_color=&#8221;#ffffff&#8221; title_google_fonts=&#8221;yes&#8221; style=&#8221;heading_style5&#8243; delimiter_line_color=&#8221;#0076b4&#8243; title_font_options=&#8221;tag:h1|font_size:28|line_height:28|font_style_bold:1&#8243; subtitle_font_options=&#8221;tag:div|font_size:18|color:%23ffffff|line_height:27&#8243; title_custom_fonts=&#8221;font_family:Source%20Sans%20Pro%3A200%2C200italic%2C300%2C300italic%2Cregular%2Citalic%2C600%2C600italic%2C700%2C700italic%2C900%2C900italic|font_style:600%20bold%20regular%3A600%3Anormal&#8221; heading_margin=&#8221;margin-bottom:10&#8243;]Centro para el Aprendizaje, la Ense\u00f1anza y la Evaluaci\u00f3n &#8211; CAE+E[\/apress_heading][\/vc_column][vc_column width=&#8221;1\/2&#8243;][\/vc_column][\/vc_row][vc_row][vc_column<span class=\"read_more_area\"><a class=\"read-more\" href=\"http:\/\/www.javeriana.edu.co\/profesores\/caee\/\"> Seguir leyendo <\/a><\/span><\/p>\n","protected":false},"author":3,"featured_media":0,"parent":0,"menu_order":0,"comment_status":"closed","ping_status":"closed","template":"","meta":{"footnotes":""},"class_list":["post-3289","page","type-page","status-publish","hentry"],"_links":{"self":[{"href":"http:\/\/www.javeriana.edu.co\/profesores\/wp-json\/wp\/v2\/pages\/3289","targetHints":{"allow":["GET"]}}],"collection":[{"href":"http:\/\/www.javeriana.edu.co\/profesores\/wp-json\/wp\/v2\/pages"}],"about":[{"href":"http:\/\/www.javeriana.edu.co\/profesores\/wp-json\/wp\/v2\/types\/page"}],"author":[{"embeddable":true,"href":"http:\/\/www.javeriana.edu.co\/profesores\/wp-json\/wp\/v2\/users\/3"}],"replies":[{"embeddable":true,"href":"http:\/\/www.javeriana.edu.co\/profesores\/wp-json\/wp\/v2\/comments?post=3289"}],"version-history":[{"count":84,"href":"http:\/\/www.javeriana.edu.co\/profesores\/wp-json\/wp\/v2\/pages\/3289\/revisions"}],"predecessor-version":[{"id":6779,"href":"http:\/\/www.javeriana.edu.co\/profesores\/wp-json\/wp\/v2\/pages\/3289\/revisions\/6779"}],"wp:attachment":[{"href":"http:\/\/www.javeriana.edu.co\/profesores\/wp-json\/wp\/v2\/media?parent=3289"}],"curies":[{"name":"wp","href":"https:\/\/api.w.org\/{rel}","templated":true}]}}