{"id":1853,"date":"2018-12-06T20:14:09","date_gmt":"2018-12-07T01:14:09","guid":{"rendered":"https:\/\/masifica.co\/hoyenlajaveriana\/?page_id=1853"},"modified":"2023-07-14T11:47:10","modified_gmt":"2023-07-14T16:47:10","slug":"grupo","status":"publish","type":"page","link":"https:\/\/www.javeriana.edu.co\/repositorio-hoy-en-la-javeriana\/grupo\/","title":{"rendered":"Grupo editorial"},"content":{"rendered":"<div id=\"pl-1853\"  class=\"panel-layout\" ><div id=\"pg-1853-0\"  class=\"panel-grid panel-has-style\" ><div class=\"panel-row-style panel-row-style-for-1853-0\" ><div id=\"pgc-1853-0-0\"  class=\"panel-grid-cell\" ><div id=\"panel-1853-0-0-0\" class=\"so-panel widget widget_ink-person panel-first-child panel-last-child\" data-index=\"0\" ><div\n\t\t\t\n\t\t\tclass=\"so-widget-ink-person so-widget-ink-person-person-a13822b33152-1853\"\n\t\t\t\n\t\t>\n\t<div class=\"iw-so-person  iw-so-person-above\">\n\n\t\t<div class=\"iw-so-person-img\">\n\t\t\t<img loading=\"lazy\" decoding=\"async\" width=\"573\" height=\"344\" src=\"https:\/\/www.javeriana.edu.co\/repositorio-hoy-en-la-javeriana\/wp-content\/uploads\/2023\/07\/Padre-Luis-Fernando-Munera-web.jpg\" class=\"attachment-full size-full\" alt=\"\" srcset=\"https:\/\/www.javeriana.edu.co\/repositorio-hoy-en-la-javeriana\/wp-content\/uploads\/2023\/07\/Padre-Luis-Fernando-Munera-web.jpg 573w, https:\/\/www.javeriana.edu.co\/repositorio-hoy-en-la-javeriana\/wp-content\/uploads\/2023\/07\/Padre-Luis-Fernando-Munera-web-500x300.jpg 500w\" sizes=\"auto, (max-width: 573px) 100vw, 573px\" \/>\t\t\t\t\t\t<div class=\"iw-so-person-ol\">\n\t\t\t\t\t\t\t\t\t<p class=\"iw-so-person-about iw-text-center\"><\/p>\n\t\t\t\t\t\t\t\t\t\t\t<\/div>\n\t\t<\/div>\n\n\t\t<div class=\"iw-so-person-content\">\n\t\t\t<h4 class=\"iw-so-person-name iw-text-center\">P. Luis Fernando M\u00fanera Congote, S.J.<\/h4>\n\t\t\t<p class=\"iw-so-person-desig iw-text-center\">Rector de la Javeriana y Director del Comit\u00e9 Editorial<\/p>\n\t\t\t\t\t\t\t\t\t\t\t\t\t\t\t<\/div>\n\n\t<\/div>\n\n<\/div><\/div><\/div><div id=\"pgc-1853-0-1\"  class=\"panel-grid-cell\" ><div id=\"panel-1853-0-1-0\" class=\"so-panel widget widget_ink-person panel-first-child panel-last-child\" data-index=\"1\" ><div\n\t\t\t\n\t\t\tclass=\"so-widget-ink-person so-widget-ink-person-person-a13822b33152-1853\"\n\t\t\t\n\t\t>\n\t<div class=\"iw-so-person  iw-so-person-above\">\n\n\t\t<div class=\"iw-so-person-img\">\n\t\t\t<img loading=\"lazy\" decoding=\"async\" width=\"573\" height=\"344\" src=\"https:\/\/www.javeriana.edu.co\/repositorio-hoy-en-la-javeriana\/wp-content\/uploads\/2023\/07\/P.-Libardo-Valderrama-Centeno-web.jpg\" class=\"attachment-full size-full\" alt=\"\" srcset=\"https:\/\/www.javeriana.edu.co\/repositorio-hoy-en-la-javeriana\/wp-content\/uploads\/2023\/07\/P.-Libardo-Valderrama-Centeno-web.jpg 573w, https:\/\/www.javeriana.edu.co\/repositorio-hoy-en-la-javeriana\/wp-content\/uploads\/2023\/07\/P.-Libardo-Valderrama-Centeno-web-500x300.jpg 500w\" sizes=\"auto, (max-width: 573px) 100vw, 573px\" \/>\t\t\t\t\t\t<div class=\"iw-so-person-ol\">\n\t\t\t\t\t\t\t\t\t<p class=\"iw-so-person-about iw-text-center\"><\/p>\n\t\t\t\t\t\t\t\t\t\t\t<\/div>\n\t\t<\/div>\n\n\t\t<div class=\"iw-so-person-content\">\n\t\t\t<h4 class=\"iw-so-person-name iw-text-center\">P. Libardo Valderrama Centeno, S.J.<\/h4>\n\t\t\t<p class=\"iw-so-person-desig iw-text-center\">Vicerrector del Medio Universitario - Miembro del Comit\u00e9 Editorial<\/p>\n\t\t\t\t\t\t\t\t\t\t\t\t\t\t\t<\/div>\n\n\t<\/div>\n\n<\/div><\/div><\/div><div id=\"pgc-1853-0-2\"  class=\"panel-grid-cell\" ><div id=\"panel-1853-0-2-0\" class=\"so-panel widget widget_ink-person panel-first-child panel-last-child\" data-index=\"2\" ><div\n\t\t\t\n\t\t\tclass=\"so-widget-ink-person so-widget-ink-person-person-a13822b33152-1853\"\n\t\t\t\n\t\t>\n\t<div class=\"iw-so-person  iw-so-person-above\">\n\n\t\t<div class=\"iw-so-person-img\">\n\t\t\t<img loading=\"lazy\" decoding=\"async\" width=\"573\" height=\"344\" src=\"https:\/\/www.javeriana.edu.co\/repositorio-hoy-en-la-javeriana\/wp-content\/uploads\/2023\/07\/Valentina-Restrepo-Tobon-web.jpg\" class=\"attachment-full size-full\" alt=\"\" srcset=\"https:\/\/www.javeriana.edu.co\/repositorio-hoy-en-la-javeriana\/wp-content\/uploads\/2023\/07\/Valentina-Restrepo-Tobon-web.jpg 573w, https:\/\/www.javeriana.edu.co\/repositorio-hoy-en-la-javeriana\/wp-content\/uploads\/2023\/07\/Valentina-Restrepo-Tobon-web-500x300.jpg 500w\" sizes=\"auto, (max-width: 573px) 100vw, 573px\" \/>\t\t\t\t\t\t<div class=\"iw-so-person-ol\">\n\t\t\t\t\t\t\t\t\t<p class=\"iw-so-person-about iw-text-center\"><\/p>\n\t\t\t\t\t\t\t\t\t\t\t<\/div>\n\t\t<\/div>\n\n\t\t<div class=\"iw-so-person-content\">\n\t\t\t<h4 class=\"iw-so-person-name iw-text-center\">Valentina Restrepo Tob\u00f3n<\/h4>\n\t\t\t<p class=\"iw-so-person-desig iw-text-center\">Directora de Comunicaciones - Miembro del Comit\u00e9 Editorial<\/p>\n\t\t\t\t\t\t\t\t\t\t\t\t\t\t\t<\/div>\n\n\t<\/div>\n\n<\/div><\/div><\/div><div id=\"pgc-1853-0-3\"  class=\"panel-grid-cell\" ><div id=\"panel-1853-0-3-0\" class=\"so-panel widget widget_ink-person panel-first-child panel-last-child\" data-index=\"3\" ><div\n\t\t\t\n\t\t\tclass=\"so-widget-ink-person so-widget-ink-person-person-a13822b33152-1853\"\n\t\t\t\n\t\t>\n\t<div class=\"iw-so-person  iw-so-person-above\">\n\n\t\t<div class=\"iw-so-person-img\">\n\t\t\t<img loading=\"lazy\" decoding=\"async\" width=\"573\" height=\"344\" src=\"https:\/\/www.javeriana.edu.co\/repositorio-hoy-en-la-javeriana\/wp-content\/uploads\/2023\/07\/Martha-Juliana-Diaz-Granados-web.jpg\" class=\"attachment-full size-full\" alt=\"\" srcset=\"https:\/\/www.javeriana.edu.co\/repositorio-hoy-en-la-javeriana\/wp-content\/uploads\/2023\/07\/Martha-Juliana-Diaz-Granados-web.jpg 573w, https:\/\/www.javeriana.edu.co\/repositorio-hoy-en-la-javeriana\/wp-content\/uploads\/2023\/07\/Martha-Juliana-Diaz-Granados-web-500x300.jpg 500w\" sizes=\"auto, (max-width: 573px) 100vw, 573px\" \/>\t\t\t\t\t\t<div class=\"iw-so-person-ol\">\n\t\t\t\t\t\t\t\t\t<p class=\"iw-so-person-about iw-text-center\"><\/p>\n\t\t\t\t\t\t\t\t\t\t\t<\/div>\n\t\t<\/div>\n\n\t\t<div class=\"iw-so-person-content\">\n\t\t\t<h4 class=\"iw-so-person-name iw-text-center\">Martha Juliana D\u00edaz Le\u00f3n<\/h4>\n\t\t\t<p class=\"iw-so-person-desig iw-text-center\">Secretaria privada del rector - Miembro del Comit\u00e9 Editorial<\/p>\n\t\t\t\t\t\t\t\t\t\t\t\t\t\t\t<\/div>\n\n\t<\/div>\n\n<\/div><\/div><\/div><\/div><\/div><div id=\"pg-1853-1\"  class=\"panel-grid panel-no-style\" ><div id=\"pgc-1853-1-0\"  class=\"panel-grid-cell\" ><div id=\"panel-1853-1-0-0\" class=\"so-panel widget widget_ink-person panel-first-child panel-last-child\" data-index=\"4\" ><div\n\t\t\t\n\t\t\tclass=\"so-widget-ink-person so-widget-ink-person-person-a13822b33152-1853\"\n\t\t\t\n\t\t>\n\t<div class=\"iw-so-person  iw-so-person-above\">\n\n\t\t<div class=\"iw-so-person-img\">\n\t\t\t<img loading=\"lazy\" decoding=\"async\" width=\"573\" height=\"344\" src=\"https:\/\/www.javeriana.edu.co\/repositorio-hoy-en-la-javeriana\/wp-content\/uploads\/2023\/07\/Luz-Beatriz-Baquero-Ceron-web.jpg\" class=\"attachment-full size-full\" alt=\"\" srcset=\"https:\/\/www.javeriana.edu.co\/repositorio-hoy-en-la-javeriana\/wp-content\/uploads\/2023\/07\/Luz-Beatriz-Baquero-Ceron-web.jpg 573w, https:\/\/www.javeriana.edu.co\/repositorio-hoy-en-la-javeriana\/wp-content\/uploads\/2023\/07\/Luz-Beatriz-Baquero-Ceron-web-500x300.jpg 500w\" sizes=\"auto, (max-width: 573px) 100vw, 573px\" \/>\t\t\t\t\t\t<div class=\"iw-so-person-ol\">\n\t\t\t\t\t\t\t\t\t<p class=\"iw-so-person-about iw-text-center\"><\/p>\n\t\t\t\t\t\t\t\t\t\t\t<\/div>\n\t\t<\/div>\n\n\t\t<div class=\"iw-so-person-content\">\n\t\t\t<h4 class=\"iw-so-person-name iw-text-center\">Luz Beatriz Baquero Cer\u00f3n<\/h4>\n\t\t\t<p class=\"iw-so-person-desig iw-text-center\">Directora de Relaciones con Egresados - Miembro del Comit\u00e9 Editorial<\/p>\n\t\t\t\t\t\t\t\t\t\t\t\t\t\t\t<\/div>\n\n\t<\/div>\n\n<\/div><\/div><\/div><div id=\"pgc-1853-1-1\"  class=\"panel-grid-cell\" ><div id=\"panel-1853-1-1-0\" class=\"so-panel widget widget_ink-person panel-first-child panel-last-child\" data-index=\"5\" ><div\n\t\t\t\n\t\t\tclass=\"so-widget-ink-person so-widget-ink-person-person-a13822b33152-1853\"\n\t\t\t\n\t\t>\n\t<div class=\"iw-so-person  iw-so-person-above\">\n\n\t\t<div class=\"iw-so-person-img\">\n\t\t\t<img loading=\"lazy\" decoding=\"async\" width=\"573\" height=\"344\" src=\"https:\/\/www.javeriana.edu.co\/repositorio-hoy-en-la-javeriana\/wp-content\/uploads\/2023\/07\/Karem-Diaz-web.jpg\" class=\"attachment-full size-full\" alt=\"\" srcset=\"https:\/\/www.javeriana.edu.co\/repositorio-hoy-en-la-javeriana\/wp-content\/uploads\/2023\/07\/Karem-Diaz-web.jpg 573w, https:\/\/www.javeriana.edu.co\/repositorio-hoy-en-la-javeriana\/wp-content\/uploads\/2023\/07\/Karem-Diaz-web-500x300.jpg 500w\" sizes=\"auto, (max-width: 573px) 100vw, 573px\" \/>\t\t\t\t\t\t<div class=\"iw-so-person-ol\">\n\t\t\t\t\t\t\t\t\t<p class=\"iw-so-person-about iw-text-center\"><\/p>\n\t\t\t\t\t\t\t\t\t\t\t<\/div>\n\t\t<\/div>\n\n\t\t<div class=\"iw-so-person-content\">\n\t\t\t<h4 class=\"iw-so-person-name iw-text-center\">Karem Priscila D\u00edaz D\u00edaz<\/h4>\n\t\t\t<p class=\"iw-so-person-desig iw-text-center\">Coordinadora de Comunicaci\u00f3n Institucional - Miembro del Comit\u00e9 Editorial<\/p>\n\t\t\t\t\t\t\t\t\t\t\t\t\t\t\t<\/div>\n\n\t<\/div>\n\n<\/div><\/div><\/div><div id=\"pgc-1853-1-2\"  class=\"panel-grid-cell panel-grid-cell-mobile-last\" ><div id=\"panel-1853-1-2-0\" class=\"so-panel widget widget_ink-person panel-first-child panel-last-child\" data-index=\"6\" ><div\n\t\t\t\n\t\t\tclass=\"so-widget-ink-person so-widget-ink-person-person-a13822b33152-1853\"\n\t\t\t\n\t\t>\n\t<div class=\"iw-so-person  iw-so-person-above\">\n\n\t\t<div class=\"iw-so-person-img\">\n\t\t\t<img loading=\"lazy\" decoding=\"async\" width=\"573\" height=\"344\" src=\"https:\/\/www.javeriana.edu.co\/repositorio-hoy-en-la-javeriana\/wp-content\/uploads\/2023\/07\/Karen-Gonzalez-Pena-web.jpg\" class=\"attachment-full size-full\" alt=\"\" srcset=\"https:\/\/www.javeriana.edu.co\/repositorio-hoy-en-la-javeriana\/wp-content\/uploads\/2023\/07\/Karen-Gonzalez-Pena-web.jpg 573w, https:\/\/www.javeriana.edu.co\/repositorio-hoy-en-la-javeriana\/wp-content\/uploads\/2023\/07\/Karen-Gonzalez-Pena-web-500x300.jpg 500w\" sizes=\"auto, (max-width: 573px) 100vw, 573px\" \/>\t\t\t\t\t\t<div class=\"iw-so-person-ol\">\n\t\t\t\t\t\t\t\t\t<p class=\"iw-so-person-about iw-text-center\"><\/p>\n\t\t\t\t\t\t\t\t\t\t\t<\/div>\n\t\t<\/div>\n\n\t\t<div class=\"iw-so-person-content\">\n\t\t\t<h4 class=\"iw-so-person-name iw-text-center\">Karen Gonz\u00e1lez Pe\u00f1a<\/h4>\n\t\t\t<p class=\"iw-so-person-desig iw-text-center\">Directora (e) de Mercadeo de programas acad\u00e9micos - Miembro del Comit\u00e9 Editorial<\/p>\n\t\t\t\t\t\t\t\t\t\t\t\t\t\t\t<\/div>\n\n\t<\/div>\n\n<\/div><\/div><\/div><div id=\"pgc-1853-1-3\"  class=\"panel-grid-cell panel-grid-cell-empty\" ><\/div><\/div><div id=\"pg-1853-2\"  class=\"panel-grid panel-no-style\" ><div id=\"pgc-1853-2-0\"  class=\"panel-grid-cell\" ><div id=\"panel-1853-2-0-0\" class=\"so-panel widget widget_sow-editor panel-first-child panel-last-child\" data-index=\"7\" ><div\n\t\t\t\n\t\t\tclass=\"so-widget-sow-editor so-widget-sow-editor-base\"\n\t\t\t\n\t\t>\n<div class=\"siteorigin-widget-tinymce textwidget\">\n\t<p style=\"text-align: center;\"><strong>Editora y Redactora:<\/strong>\u00a0Karem Priscila D\u00edaz D\u00edaz\u00a0 | <strong>Fotograf\u00eda:<\/strong> Alexander Marroqu\u00edn Moreno<\/p>\n<p class=\"textos\" style=\"text-align: center;\"><em>Dise\u00f1o y Diagramaci\u00f3n: Carlos Vargas - Kilka Dise\u00f1o Gr\u00e1fico. Direcci\u00f3n: Cra. 7 nro. 40-62 | Tel\u00e9fono: 320 8320 Ext.: 2049 | Fax: 320 8320 Ext.: 2007 e-mail: <a href=\"mailto:pimentel@javeriana.edu.co\">valentina.restrepo@javeriana.edu.co<\/a>,\u00a0<a href=\"mailto:pedro.mejia@javeriana.edu.co\">diaz.k@javeriana.edu.co<\/a><\/em><\/p>\n<\/div>\n<\/div><\/div><\/div><\/div><\/div>","protected":false},"excerpt":{"rendered":"<p>P. Luis Fernando M\u00fanera Congote, S.J. Rector de la Javeriana y Director del Comit\u00e9 Editorial P. Libardo Valderrama Centeno, S.J. Vicerrector del Medio Universitario &#8211; Miembro del Comit\u00e9 Editorial Valentina Restrepo Tob\u00f3n Directora de Comunicaciones &#8211; Miembro del Comit\u00e9 Editorial Martha Juliana D\u00edaz Le\u00f3n Secretaria privada del rector &#8211; Miembro del Comit\u00e9 Editorial Luz Beatriz Baquero Cer\u00f3n Directora de Relaciones con Egresados &#8211; Miembro del Comit\u00e9 Editorial Karem Priscila D\u00edaz D\u00edaz Coordinadora de Comunicaci\u00f3n Institucional &#8211; Miembro del Comit\u00e9 Editorial Karen Gonz\u00e1lez Pe\u00f1a Directora (e) de Mercadeo de programas acad\u00e9micos &#8211; Miembro del Comit\u00e9 Editorial Editora y Redactora:\u00a0Karem Priscila D\u00edaz D\u00edaz\u00a0 | Fotograf\u00eda: Alexander Marroqu\u00edn Moreno Dise\u00f1o y Diagramaci\u00f3n: Carlos Vargas &#8211; Kilka Dise\u00f1o Gr\u00e1fico. Direcci\u00f3n: Cra. 7 nro. 40-62[&hellip;]<\/p>\n","protected":false},"author":1,"featured_media":0,"parent":0,"menu_order":0,"comment_status":"closed","ping_status":"closed","template":"","meta":{"footnotes":""},"tags":[],"class_list":["post-1853","page","type-page","status-publish","hentry"],"acf":[],"_links":{"self":[{"href":"https:\/\/www.javeriana.edu.co\/repositorio-hoy-en-la-javeriana\/wp-json\/wp\/v2\/pages\/1853","targetHints":{"allow":["GET"]}}],"collection":[{"href":"https:\/\/www.javeriana.edu.co\/repositorio-hoy-en-la-javeriana\/wp-json\/wp\/v2\/pages"}],"about":[{"href":"https:\/\/www.javeriana.edu.co\/repositorio-hoy-en-la-javeriana\/wp-json\/wp\/v2\/types\/page"}],"author":[{"embeddable":true,"href":"https:\/\/www.javeriana.edu.co\/repositorio-hoy-en-la-javeriana\/wp-json\/wp\/v2\/users\/1"}],"replies":[{"embeddable":true,"href":"https:\/\/www.javeriana.edu.co\/repositorio-hoy-en-la-javeriana\/wp-json\/wp\/v2\/comments?post=1853"}],"version-history":[{"count":11,"href":"https:\/\/www.javeriana.edu.co\/repositorio-hoy-en-la-javeriana\/wp-json\/wp\/v2\/pages\/1853\/revisions"}],"predecessor-version":[{"id":25977,"href":"https:\/\/www.javeriana.edu.co\/repositorio-hoy-en-la-javeriana\/wp-json\/wp\/v2\/pages\/1853\/revisions\/25977"}],"wp:attachment":[{"href":"https:\/\/www.javeriana.edu.co\/repositorio-hoy-en-la-javeriana\/wp-json\/wp\/v2\/media?parent=1853"}],"wp:term":[{"taxonomy":"post_tag","embeddable":true,"href":"https:\/\/www.javeriana.edu.co\/repositorio-hoy-en-la-javeriana\/wp-json\/wp\/v2\/tags?post=1853"}],"curies":[{"name":"wp","href":"https:\/\/api.w.org\/{rel}","templated":true}]}}