{"id":19,"date":"2018-09-17T16:56:02","date_gmt":"2018-09-17T21:56:02","guid":{"rendered":"http:\/\/masifica.co\/hoyenlajaveriana\/?page_id=19"},"modified":"2020-02-17T22:12:21","modified_gmt":"2020-02-18T03:12:21","slug":"historia","status":"publish","type":"page","link":"https:\/\/www.javeriana.edu.co\/repositorio-hoy-en-la-javeriana\/historia\/","title":{"rendered":"Nuestra Historia"},"content":{"rendered":"<p><span style=\"font-weight: 400;\">El 21 de marzo de 1961 sali\u00f3 el primer n\u00famero de la revista institucional Hoy en la Javeriana. Inici\u00f3 como un bolet\u00edn informativo, dirigido por el padre Jes\u00fas Emilio Ram\u00edrez, S.J. rector entre 1960 y 1966, y redactado por la Escuela Superior de Periodismo y Radiodifusi\u00f3n. \u201cSu fin es informar acerca de los hechos que ocurren en la Universidad\u201d, es el mensaje de presentaci\u00f3n que aparece en el n\u00famero 1 del a\u00f1o 1 de Hoy en la Javeriana.<\/span><\/p>\n<p style=\"text-align: center;\">\n<p><span style=\"font-weight: 400;\">Se trat\u00f3 de una publicaci\u00f3n sencilla, de una sola p\u00e1gina, escrita a m\u00e1quina, en cuyos textos se leen los acontecimientos m\u00e1s relevantes de su d\u00eda a d\u00eda, aquellos que durante d\u00e9cadas han escrito la historia de la Pontificia Universidad Javeriana y permite al lector ver p\u00e1gina tras p\u00e1gina a los javerianos que han dejado huella, la evoluci\u00f3n acad\u00e9mica de la Universidad, su transformaci\u00f3n arquitect\u00f3nica, sus tradiciones e incluso hasta la moda de cada \u00e9poca.<\/span><\/p>\n<p><span style=\"font-weight: 400;\">Es as\u00ed como en sus primeras publicaciones se pueden encontrar notas cortas que daban la bienvenida a los neojaverianos, las cifras de estudiantes extranjeros en cada Facultad, los invitados especiales, conferencias y actividades regulares de profesores y estudiantes.<\/span><\/p>\n<p><span style=\"font-weight: 400;\">La historia de la revista Hoy en la Javeriana ha estado marcada por varios cambios en su formato de presentaci\u00f3n y contenido. Inici\u00f3 en tama\u00f1o oficio con el cabezote a color desde el primer n\u00famero. La hoja informativa de los primeros a\u00f1os fue creciendo poco a poco, luego se convirti\u00f3 en un cuadernillo de ocho p\u00e1ginas con algunas ilustraciones y a principios de los a\u00f1os 80 se mejor\u00f3 en su dise\u00f1o, diagramaci\u00f3n e impresi\u00f3n, y se incluyeron fotograf\u00edas, que en algunas ediciones especiales se publicaron en color.\u00a0<\/span><\/p>\n<p><span style=\"font-weight: 400;\">Desde 1984 se introdujo el columnista invitado y en 1985 se cre\u00f3 el Hoy en la Javeriana para la seccional Cali. El 1 de octubre de 1988, en la edici\u00f3n extraordinaria, apareci\u00f3 con policrom\u00eda en la primera p\u00e1gina.<\/span><\/p>\n<p><span style=\"font-weight: 400;\">Para 1990 el papel bond se cambi\u00f3 por papel de revista en dos ediciones especiales, una en febrero con motivo de la visita del General de la Compa\u00f1\u00eda de Jes\u00fas y Gran Canciller de la Pontificia Universidad Javeriana, Padre Peter-Hans Kolvenbach, S.J. y otra en octubre cuando la Javeriana cumpli\u00f3 60 a\u00f1os de su restablecimiento.<\/span><\/p>\n<p><span style=\"font-weight: 400;\">En 1991 se aument\u00f3 el n\u00famero de p\u00e1ginas, que variaba entre 16 y 24, y la publicaci\u00f3n pas\u00f3 de ser semanal a ser mensual. Y a partir de 1997 su formato empez\u00f3 a ser m\u00e1s parecido al de una revista que el de un bolet\u00edn.<\/span><\/p>\n<p><span style=\"font-weight: 400;\">El dise\u00f1o actual comenz\u00f3 en febrero de 2009, a cargo de Kilka Dise\u00f1o Gr\u00e1fico, que le ha dado una identidad gr\u00e1fica a la revista.<\/span><\/p>\n<p><span style=\"font-weight: 400;\">Ahora, en 2020, a punto de conmemorar los 60 a\u00f1os de Hoy en la Javeriana, la revista da un nuevo paso en su evoluci\u00f3n: manteniendo su presentaci\u00f3n impresa, la comunidad javeriana tambi\u00e9n podr\u00e1 encontrar la revista institucional en formato digital, en un repositorio que permite consultar desde su primer n\u00famero al m\u00e1s reciente. Hacer b\u00fasqueda por palabras claves, temas y fechas. Adem\u00e1s de enlaces de audio que permitir\u00e1n escuchar las entrevistas completas de los art\u00edculos, videos y galer\u00edas fotogr\u00e1ficas que enriquecen cada art\u00edculo de la publicaci\u00f3n.<\/span><\/p>\n","protected":false},"excerpt":{"rendered":"<p>El 21 de marzo de 1961 sali\u00f3 el primer n\u00famero de la revista institucional Hoy en la Javeriana. Inici\u00f3 como un bolet\u00edn informativo, dirigido por el padre Jes\u00fas Emilio Ram\u00edrez, S.J. rector entre 1960 y 1966, y redactado por la Escuela Superior de Periodismo y Radiodifusi\u00f3n. \u201cSu fin es informar acerca de los hechos que ocurren en la Universidad\u201d, es el mensaje de presentaci\u00f3n que aparece en el n\u00famero 1 del a\u00f1o 1 de Hoy en la Javeriana. Se trat\u00f3 de una publicaci\u00f3n sencilla, de una sola p\u00e1gina, escrita a m\u00e1quina, en cuyos textos se leen los acontecimientos m\u00e1s relevantes de su d\u00eda a d\u00eda, aquellos que durante d\u00e9cadas han escrito la historia de la Pontificia Universidad Javeriana y permite[&hellip;]<\/p>\n","protected":false},"author":1,"featured_media":0,"parent":0,"menu_order":0,"comment_status":"closed","ping_status":"closed","template":"","meta":{"footnotes":""},"tags":[],"class_list":["post-19","page","type-page","status-publish","hentry"],"acf":[],"_links":{"self":[{"href":"https:\/\/www.javeriana.edu.co\/repositorio-hoy-en-la-javeriana\/wp-json\/wp\/v2\/pages\/19","targetHints":{"allow":["GET"]}}],"collection":[{"href":"https:\/\/www.javeriana.edu.co\/repositorio-hoy-en-la-javeriana\/wp-json\/wp\/v2\/pages"}],"about":[{"href":"https:\/\/www.javeriana.edu.co\/repositorio-hoy-en-la-javeriana\/wp-json\/wp\/v2\/types\/page"}],"author":[{"embeddable":true,"href":"https:\/\/www.javeriana.edu.co\/repositorio-hoy-en-la-javeriana\/wp-json\/wp\/v2\/users\/1"}],"replies":[{"embeddable":true,"href":"https:\/\/www.javeriana.edu.co\/repositorio-hoy-en-la-javeriana\/wp-json\/wp\/v2\/comments?post=19"}],"version-history":[{"count":0,"href":"https:\/\/www.javeriana.edu.co\/repositorio-hoy-en-la-javeriana\/wp-json\/wp\/v2\/pages\/19\/revisions"}],"wp:attachment":[{"href":"https:\/\/www.javeriana.edu.co\/repositorio-hoy-en-la-javeriana\/wp-json\/wp\/v2\/media?parent=19"}],"wp:term":[{"taxonomy":"post_tag","embeddable":true,"href":"https:\/\/www.javeriana.edu.co\/repositorio-hoy-en-la-javeriana\/wp-json\/wp\/v2\/tags?post=19"}],"curies":[{"name":"wp","href":"https:\/\/api.w.org\/{rel}","templated":true}]}}