{"id":3581,"date":"2021-04-20T22:12:14","date_gmt":"2021-04-21T03:12:14","guid":{"rendered":"https:\/\/www.javeriana.edu.co\/sostenibilidad\/?page_id=3581"},"modified":"2021-07-28T17:24:54","modified_gmt":"2021-07-28T22:24:54","slug":"campus-sustentable","status":"publish","type":"page","link":"https:\/\/www.javeriana.edu.co\/sostenibilidad\/campus-sustentable\/","title":{"rendered":"Campus Sustentable"},"content":{"rendered":"<p>[et_pb_section fb_built=&#8221;1&#8243; fullwidth=&#8221;on&#8221; _builder_version=&#8221;3.22&#8243; da_disable_devices=&#8221;off|off|off&#8221; da_is_popup=&#8221;off&#8221; da_exit_intent=&#8221;off&#8221; da_has_close=&#8221;on&#8221; da_alt_close=&#8221;off&#8221; da_dark_close=&#8221;off&#8221; da_not_modal=&#8221;on&#8221; da_is_singular=&#8221;off&#8221; da_with_loader=&#8221;off&#8221; da_has_shadow=&#8221;on&#8221;][et_pb_fullwidth_image src=&#8221;https:\/\/www.javeriana.edu.co\/sostenibilidad\/wp-content\/uploads\/2021\/04\/Pagina-Javeriana-Sostenible_26.jpg&#8221; _builder_version=&#8221;3.19.13&#8243;][\/et_pb_fullwidth_image][\/et_pb_section][et_pb_section fb_built=&#8221;1&#8243; _builder_version=&#8221;3.22&#8243; da_disable_devices=&#8221;off|off|off&#8221; da_is_popup=&#8221;off&#8221; da_exit_intent=&#8221;off&#8221; da_has_close=&#8221;on&#8221; da_alt_close=&#8221;off&#8221; da_dark_close=&#8221;off&#8221; da_not_modal=&#8221;on&#8221; da_is_singular=&#8221;off&#8221; da_with_loader=&#8221;off&#8221; da_has_shadow=&#8221;on&#8221;][et_pb_row _builder_version=&#8221;4.9.4&#8243; custom_padding=&#8221;27.4219px|0px|11px|0px|false|false&#8221;][et_pb_column type=&#8221;4_4&#8243; _builder_version=&#8221;3.25&#8243; custom_padding=&#8221;|||&#8221; custom_padding__hover=&#8221;|||&#8221;][et_pb_text _builder_version=&#8221;4.9.4&#8243; border_width_bottom=&#8221;1px&#8221;]<\/p>\n<h2><strong>Campus Sustentable<\/strong><\/h2>\n<p>[\/et_pb_text][\/et_pb_column][\/et_pb_row][et_pb_row column_structure=&#8221;2_3,1_3&#8243; _builder_version=&#8221;3.25&#8243; custom_padding=&#8221;21px|0px|19px|0px|false|false&#8221;][et_pb_column type=&#8221;2_3&#8243; _builder_version=&#8221;3.25&#8243; custom_padding=&#8221;|||&#8221; custom_padding__hover=&#8221;|||&#8221;][et_pb_text _builder_version=&#8221;3.27.4&#8243;]<\/p>\n<div class=\"page\" title=\"Page 4\">\n<div class=\"section\">\n<div class=\"layoutArea\">\n<div class=\"column\">\n<p><span>El compromiso ecolo\u0301gico y ambiental de la Universidad y el cuidado de la Casa Comu\u0301n dentro del Campus Universitario, se basa en implementar esta\u0301ndares y criterios de responsabilidad ecolo\u0301gica y ambiental, que reflejen el manejo adecuado de los recursos, la infraestructura y nuestro compromiso con el entorno. <\/span><\/p>\n<\/div>\n<\/div>\n<\/div>\n<\/div>\n<p>[\/et_pb_text][\/et_pb_column][et_pb_column type=&#8221;1_3&#8243; _builder_version=&#8221;3.25&#8243; custom_padding=&#8221;|||&#8221; custom_padding__hover=&#8221;|||&#8221;][et_pb_image src=&#8221;https:\/\/www.javeriana.edu.co\/sostenibilidad\/wp-content\/uploads\/2021\/04\/Pagina-Javeriana-Sostenible_27.jpg&#8221; align_tablet=&#8221;center&#8221; align_phone=&#8221;&#8221; align_last_edited=&#8221;on|desktop&#8221; _builder_version=&#8221;3.23&#8243;][\/et_pb_image][\/et_pb_column][\/et_pb_row][et_pb_row _builder_version=&#8221;3.25&#8243; custom_padding=&#8221;27.4219px|0px|11px|0px|false|false&#8221;][et_pb_column type=&#8221;4_4&#8243; _builder_version=&#8221;3.25&#8243; custom_padding=&#8221;|||&#8221; custom_padding__hover=&#8221;|||&#8221;][et_pb_text _builder_version=&#8221;4.9.7&#8243; hover_enabled=&#8221;0&#8243; border_width_bottom=&#8221;1px&#8221; admin_label=&#8221;#Programas&#8221; sticky_enabled=&#8221;0&#8243; module_id=&#8221;#Programas&#8221;]<\/p>\n<h2><strong>Programas<\/strong><\/h2>\n<p>[\/et_pb_text][et_pb_image src=&#8221;https:\/\/www.javeriana.edu.co\/sostenibilidad\/wp-content\/uploads\/2021\/04\/Pagina-Javeriana-Sostenible_28.jpg&#8221; align_tablet=&#8221;center&#8221; align_phone=&#8221;&#8221; align_last_edited=&#8221;on|desktop&#8221; _builder_version=&#8221;3.23&#8243;][\/et_pb_image][et_pb_text _builder_version=&#8221;3.27.4&#8243;]<\/p>\n<div class=\"page\" title=\"Page 2\">\n<div class=\"section\">\n<div class=\"layoutArea\">\n<div class=\"column\">\n<div class=\"page\" title=\"Page 4\">\n<div class=\"section\">\n<div class=\"layoutArea\">\n<div class=\"column\">\n<p><span>Nuestro Campus, nuestra Casa Comu\u0301n. Implementar esta\u0301ndares y criterios de responsabilidad ecolo\u0301gica y ambiental, que reflejen el manejo adecuado de los recursos, la infraestructura y nuestro compromiso con el entorno, para consolidar un Campus universitario sustentable <\/span><\/p>\n<\/div>\n<\/div>\n<\/div>\n<\/div>\n<\/div>\n<\/div>\n<\/div>\n<\/div>\n<p>[\/et_pb_text][et_pb_image src=&#8221;https:\/\/www.javeriana.edu.co\/sostenibilidad\/wp-content\/uploads\/2021\/04\/Pagina-Javeriana-Sostenible_29.jpg&#8221; align_tablet=&#8221;center&#8221; align_phone=&#8221;&#8221; align_last_edited=&#8221;on|desktop&#8221; _builder_version=&#8221;3.23&#8243;][\/et_pb_image][et_pb_text _builder_version=&#8221;3.27.4&#8243;]<\/p>\n<div class=\"page\" title=\"Page 2\">\n<div class=\"section\">\n<div class=\"layoutArea\">\n<div class=\"column\">\n<div class=\"page\" title=\"Page 4\">\n<div class=\"section\">\n<div class=\"layoutArea\">\n<div class=\"column\">\n<p><span>La contabilidad ambiental es una herramienta que permite organizar la informacio\u0301n para establecer una relacio\u0301n costo beneficio de la gestio\u0301n ambiental. Disen\u0303ar y gestionar mecanismos financieros sostenibles e innovadores para el fortalecimiento de la toma de decisiones en la inversio\u0301n, ahorro y gasto relacionado con la problema\u0301tica socio ambiental y la gestio\u0301n ambiental de la Universidad Javeriana. <\/span><\/p>\n<\/div>\n<\/div>\n<\/div>\n<\/div>\n<\/div>\n<\/div>\n<\/div>\n<\/div>\n<p>[\/et_pb_text][\/et_pb_column][\/et_pb_row][et_pb_row _builder_version=&#8221;3.25&#8243; custom_padding=&#8221;27.4219px|0px|11px|0px|false|false&#8221;][et_pb_column type=&#8221;4_4&#8243; _builder_version=&#8221;3.25&#8243; custom_padding=&#8221;|||&#8221; custom_padding__hover=&#8221;|||&#8221;][et_pb_text _builder_version=&#8221;3.27.4&#8243; border_width_bottom=&#8221;1px&#8221;]<\/p>\n<h2><strong>Subprogramas<\/strong><\/h2>\n<p>[\/et_pb_text][\/et_pb_column][\/et_pb_row][et_pb_row column_structure=&#8221;1_3,1_3,1_3&#8243; _builder_version=&#8221;3.25&#8243; custom_padding=&#8221;5px|0px|27.4219px|0|false|false&#8221;][et_pb_column type=&#8221;1_3&#8243; _builder_version=&#8221;3.25&#8243; custom_padding=&#8221;|||&#8221; custom_padding__hover=&#8221;|||&#8221;][et_pb_image src=&#8221;https:\/\/www.javeriana.edu.co\/sostenibilidad\/wp-content\/uploads\/2021\/04\/Pagina-Javeriana-Sostenible_30.jpg&#8221; align_tablet=&#8221;center&#8221; align_phone=&#8221;&#8221; align_last_edited=&#8221;on|desktop&#8221; _builder_version=&#8221;3.23&#8243;][\/et_pb_image][et_pb_text _builder_version=&#8221;3.27.4&#8243;]<\/p>\n<h5><span style=\"color: #4f2a62;\"><strong>Historia Verde<\/strong><\/span><\/h5>\n<div class=\"page\" title=\"Page 4\">\n<div class=\"section\">\n<div class=\"layoutArea\">\n<div class=\"column\">\n<p><span>Fortalecer el Programa Historia Verde de la Pontificia Universidad Javeriana. <\/span><\/p>\n<\/div>\n<\/div>\n<\/div>\n<\/div>\n<p>[\/et_pb_text][et_pb_button button_text=&#8221;Ver m\u00e1s&#8221; button_alignment=&#8221;left&#8221; _builder_version=&#8221;3.19.13&#8243; custom_button=&#8221;on&#8221; button_text_size=&#8221;14px&#8221; button_text_color=&#8221;#4f2a62&#8243; button_border_width=&#8221;2px&#8221; button_font=&#8221;||||||||&#8221;][\/et_pb_button][\/et_pb_column][et_pb_column type=&#8221;1_3&#8243; _builder_version=&#8221;3.25&#8243; custom_padding=&#8221;|||&#8221; custom_padding__hover=&#8221;|||&#8221;][et_pb_image src=&#8221;https:\/\/www.javeriana.edu.co\/sostenibilidad\/wp-content\/uploads\/2021\/04\/Pagina-Javeriana-Sostenible_31.jpg&#8221; align_tablet=&#8221;center&#8221; align_phone=&#8221;&#8221; align_last_edited=&#8221;on|desktop&#8221; _builder_version=&#8221;3.23&#8243;][\/et_pb_image][et_pb_text _builder_version=&#8221;4.9.4&#8243; text_font=&#8221;||||||||&#8221; header_font=&#8221;||||||||&#8221; header_2_font=&#8221;||||||||&#8221; header_4_font=&#8221;||||||||&#8221; header_5_font=&#8221;||||||||&#8221; header_5_line_height=&#8221;1.2em&#8221;]<\/p>\n<h5><span style=\"color: #4f2a62;\"><strong>Gesti\u00f3n integral de los residuos s\u00f3lidos, l\u00edquidos, gaseosos y la contaminaci\u00f3n ambiental<\/strong><\/span><\/h5>\n<div class=\"page\" title=\"Page 4\">\n<div class=\"section\">\n<div class=\"layoutArea\">\n<div class=\"column\">\n<p><span>Fortalecer la gestio\u0301n integral de los residuos so\u0301lidos, li\u0301quidos y gaseosos dentro del campus de la Universidad Javeriana. <\/span><\/p>\n<\/div>\n<\/div>\n<\/div>\n<\/div>\n<p>[\/et_pb_text][et_pb_button button_text=&#8221;Ver m\u00e1s&#8221; button_alignment=&#8221;left&#8221; _builder_version=&#8221;3.19.13&#8243; custom_button=&#8221;on&#8221; button_text_size=&#8221;14px&#8221; button_text_color=&#8221;#4f2a62&#8243; button_border_width=&#8221;2px&#8221; button_font=&#8221;||||||||&#8221;][\/et_pb_button][\/et_pb_column][et_pb_column type=&#8221;1_3&#8243; _builder_version=&#8221;3.25&#8243; custom_padding=&#8221;|||&#8221; custom_padding__hover=&#8221;|||&#8221;][et_pb_image src=&#8221;https:\/\/www.javeriana.edu.co\/sostenibilidad\/wp-content\/uploads\/2021\/04\/Pagina-Javeriana-Sostenible_32.jpg&#8221; align_tablet=&#8221;center&#8221; align_phone=&#8221;&#8221; align_last_edited=&#8221;on|desktop&#8221; _builder_version=&#8221;3.23&#8243;][\/et_pb_image][et_pb_text _builder_version=&#8221;3.27.4&#8243;]<\/p>\n<h5><span style=\"color: #4f2a62;\"><strong>Infraestructura Sostenible<\/strong><\/span><\/h5>\n<div class=\"page\" title=\"Page 4\">\n<div class=\"section\">\n<div class=\"layoutArea\">\n<div class=\"column\">\n<p><span>Establecer para\u0301metros ambientalmente sostenibles para el disen\u0303o, la construccio\u0301n y deconstruccio\u0301n de la infraestructura y remodelaciones en el Campus. <\/span><\/p>\n<\/div>\n<\/div>\n<\/div>\n<\/div>\n<p>[\/et_pb_text][et_pb_button button_url=&#8221;https:\/\/www.javeriana.edu.co\/sostenibilidad\/campus-sustentable\/infraestructura-sostenible\/&#8221; button_text=&#8221;Ver m\u00e1s&#8221; button_alignment=&#8221;left&#8221; _builder_version=&#8221;4.9.7&#8243; custom_button=&#8221;on&#8221; button_text_size=&#8221;14px&#8221; button_text_color=&#8221;#4f2a62&#8243; button_border_width=&#8221;2px&#8221; button_font=&#8221;||||||||&#8221;][\/et_pb_button][\/et_pb_column][\/et_pb_row][et_pb_row column_structure=&#8221;1_3,1_3,1_3&#8243; _builder_version=&#8221;3.25&#8243; custom_padding=&#8221;5px|0px|27.4219px|0px|false|false&#8221;][et_pb_column type=&#8221;1_3&#8243; _builder_version=&#8221;3.25&#8243; custom_padding=&#8221;|||&#8221; custom_padding__hover=&#8221;|||&#8221;][et_pb_image src=&#8221;https:\/\/www.javeriana.edu.co\/sostenibilidad\/wp-content\/uploads\/2021\/04\/Pagina-Javeriana-Sostenible_33.jpg&#8221; align_tablet=&#8221;center&#8221; align_phone=&#8221;&#8221; align_last_edited=&#8221;on|desktop&#8221; _builder_version=&#8221;3.23&#8243;][\/et_pb_image][et_pb_text _builder_version=&#8221;3.27.4&#8243;]<\/p>\n<h5><span style=\"color: #4f2a62;\"><strong>Movilidad<\/strong><\/span><\/h5>\n<div class=\"page\" title=\"Page 4\">\n<div class=\"section\">\n<div class=\"layoutArea\">\n<div class=\"column\">\n<p><span>Fortalecer los impactos positivos asociados la movilidad sostenible de la Comunidad Javeriana. <\/span><\/p>\n<\/div>\n<\/div>\n<\/div>\n<\/div>\n<p>[\/et_pb_text][et_pb_button button_url=&#8221;https:\/\/www.javeriana.edu.co\/sostenibilidad\/campus-sustentable\/movilidad-sostenible\/&#8221; button_text=&#8221;Ver m\u00e1s&#8221; button_alignment=&#8221;left&#8221; _builder_version=&#8221;4.9.7&#8243; custom_button=&#8221;on&#8221; button_text_size=&#8221;14px&#8221; button_text_color=&#8221;#4f2a62&#8243; button_border_width=&#8221;2px&#8221; button_font=&#8221;||||||||&#8221;][\/et_pb_button][\/et_pb_column][et_pb_column type=&#8221;1_3&#8243; _builder_version=&#8221;3.25&#8243; custom_padding=&#8221;|||&#8221; custom_padding__hover=&#8221;|||&#8221;][et_pb_image src=&#8221;https:\/\/www.javeriana.edu.co\/sostenibilidad\/wp-content\/uploads\/2021\/04\/Pagina-Javeriana-Sostenible_34.jpg&#8221; align_tablet=&#8221;center&#8221; align_phone=&#8221;&#8221; align_last_edited=&#8221;on|desktop&#8221; _builder_version=&#8221;3.23&#8243;][\/et_pb_image][et_pb_text _builder_version=&#8221;3.27.4&#8243;]<\/p>\n<h5><span style=\"color: #4f2a62;\"><strong>Relaci\u00f3n con el entorno<\/strong><\/span><\/h5>\n<div class=\"page\" title=\"Page 4\">\n<div class=\"section\">\n<div class=\"layoutArea\">\n<div class=\"column\">\n<p><span>Favorecer el desarrollo de acciones tendientes a mejorar nuestras relaciones con el entorno inmediato y que contribuyan a reducir el impacto socio ambiental negativo que se genera en la vecindad del Campus y hacia visitantes no habituales. <\/span><\/p>\n<\/div>\n<\/div>\n<\/div>\n<\/div>\n<p>[\/et_pb_text][et_pb_button button_text=&#8221;Ver m\u00e1s&#8221; button_alignment=&#8221;left&#8221; _builder_version=&#8221;4.9.7&#8243; custom_button=&#8221;on&#8221; button_text_size=&#8221;14px&#8221; button_text_color=&#8221;#4f2a62&#8243; button_border_width=&#8221;2px&#8221; button_font=&#8221;||||||||&#8221; hover_enabled=&#8221;0&#8243; button_url=&#8221;https:\/\/www.javeriana.edu.co\/sostenibilidad\/campus-sustentable\/relacion-con-el-entorno\/&#8221; sticky_enabled=&#8221;0&#8243;][\/et_pb_button][\/et_pb_column][et_pb_column type=&#8221;1_3&#8243; _builder_version=&#8221;3.25&#8243; custom_padding=&#8221;|||&#8221; custom_padding__hover=&#8221;|||&#8221;][et_pb_image src=&#8221;https:\/\/www.javeriana.edu.co\/sostenibilidad\/wp-content\/uploads\/2021\/04\/Pagina-Javeriana-Sostenible_35.jpg&#8221; align_tablet=&#8221;center&#8221; align_phone=&#8221;&#8221; align_last_edited=&#8221;on|desktop&#8221; _builder_version=&#8221;3.23&#8243;][\/et_pb_image][et_pb_text _builder_version=&#8221;4.9.7&#8243; header_5_line_height=&#8221;1.2em&#8221;]<\/p>\n<h5><span style=\"color: #4f2a62;\"><strong>Ahorro y uso eficiente del agua y la energ\u00eda<\/strong><\/span><\/h5>\n<div class=\"page\" title=\"Page 4\">\n<div class=\"section\">\n<div class=\"layoutArea\">\n<div class=\"column\">\n<p>Maximizar el ahorro y uso eficiente del agua en las actividades de docencia, investigacio\u0301n y servicio, en lo administrativo y del Campus universitario. Maximizar la eficiencia energe\u0301tica en las actividades acade\u0301micas y administrativas del Campus.<\/p>\n<\/div>\n<\/div>\n<\/div>\n<\/div>\n<p>[\/et_pb_text][et_pb_button button_url=&#8221;https:\/\/www.javeriana.edu.co\/sostenibilidad\/campus-sustentable\/ahorro-y-uso-eficiente-del-agua-y-la-energia\/&#8221; button_text=&#8221;Ver m\u00e1s&#8221; button_alignment=&#8221;left&#8221; _builder_version=&#8221;4.9.7&#8243; custom_button=&#8221;on&#8221; button_text_size=&#8221;14px&#8221; button_text_color=&#8221;#4f2a62&#8243; button_border_width=&#8221;2px&#8221; button_font=&#8221;||||||||&#8221;][\/et_pb_button][\/et_pb_column][\/et_pb_row][et_pb_row column_structure=&#8221;1_3,1_3,1_3&#8243; _builder_version=&#8221;3.25&#8243; custom_padding=&#8221;5px|0px|27.4219px|0px|false|false&#8221;][et_pb_column type=&#8221;1_3&#8243; _builder_version=&#8221;3.25&#8243; custom_padding=&#8221;|||&#8221; custom_padding__hover=&#8221;|||&#8221;][et_pb_image src=&#8221;https:\/\/www.javeriana.edu.co\/sostenibilidad\/wp-content\/uploads\/2021\/04\/Pagina-Javeriana-Sostenible_36.jpg&#8221; align_tablet=&#8221;center&#8221; align_phone=&#8221;&#8221; align_last_edited=&#8221;on|desktop&#8221; _builder_version=&#8221;3.23&#8243;][\/et_pb_image][et_pb_text _builder_version=&#8221;3.27.4&#8243;]<\/p>\n<h5><span style=\"color: #4f2a62;\"><strong>Calidad de vida y bienestar<\/strong><\/span><\/h5>\n<div class=\"page\" title=\"Page 4\">\n<div class=\"section\">\n<div class=\"layoutArea\">\n<div class=\"column\">\n<p><span>Mejorar las condiciones de calidad de vida y bienestar de la comunidad educativa de la Universidad, a trave\u0301s de una adecuada oferta de bienes y servicios y la generacio\u0301n de espacios de investigacio\u0301n, desarrollo e innovacio\u0301n. <\/span><\/p>\n<\/div>\n<\/div>\n<\/div>\n<\/div>\n<p>[\/et_pb_text][et_pb_button button_text=&#8221;Ver m\u00e1s&#8221; button_alignment=&#8221;left&#8221; _builder_version=&#8221;3.19.13&#8243; custom_button=&#8221;on&#8221; button_text_size=&#8221;14px&#8221; button_text_color=&#8221;#4f2a62&#8243; button_border_width=&#8221;2px&#8221; button_font=&#8221;||||||||&#8221;][\/et_pb_button][\/et_pb_column][et_pb_column type=&#8221;1_3&#8243; _builder_version=&#8221;3.25&#8243; custom_padding=&#8221;|||&#8221; custom_padding__hover=&#8221;|||&#8221;][et_pb_image src=&#8221;https:\/\/www.javeriana.edu.co\/sostenibilidad\/wp-content\/uploads\/2021\/04\/Pagina-Javeriana-Sostenible_37.jpg&#8221; align_tablet=&#8221;center&#8221; align_phone=&#8221;&#8221; align_last_edited=&#8221;on|desktop&#8221; _builder_version=&#8221;3.23&#8243;][\/et_pb_image][et_pb_text _builder_version=&#8221;3.27.4&#8243;]<\/p>\n<h5><span style=\"color: #d07e2a;\"><strong>Contabilidad Ambiental<\/strong><\/span><\/h5>\n<div class=\"page\" title=\"Page 4\">\n<div class=\"section\">\n<div class=\"layoutArea\">\n<div class=\"column\">\n<p><span>Disen\u0303ar y gestionar mecanismos financieros sos- tenibles e innovadores para el fortalecimiento de la toma de decisiones en la inversio\u0301n, ahorro y gasto relacionado con la problema\u0301tica socioambiental y la gestio\u0301n ambiental de la Universidad Javeriana. <\/span><\/p>\n<\/div>\n<\/div>\n<\/div>\n<\/div>\n<p>[\/et_pb_text][et_pb_button button_text=&#8221;Ver m\u00e1s&#8221; button_alignment=&#8221;left&#8221; _builder_version=&#8221;3.19.13&#8243; custom_button=&#8221;on&#8221; button_text_size=&#8221;14px&#8221; button_text_color=&#8221;#d07e2a&#8221; button_border_width=&#8221;2px&#8221; button_font=&#8221;||||||||&#8221;][\/et_pb_button][\/et_pb_column][et_pb_column type=&#8221;1_3&#8243; _builder_version=&#8221;3.25&#8243; custom_padding=&#8221;|||&#8221; custom_padding__hover=&#8221;|||&#8221;][\/et_pb_column][\/et_pb_row][et_pb_row _builder_version=&#8221;3.25&#8243; custom_padding=&#8221;27.4219px|0px|11px|0px|false|false&#8221;][et_pb_column type=&#8221;4_4&#8243; _builder_version=&#8221;3.25&#8243; custom_padding=&#8221;|||&#8221; custom_padding__hover=&#8221;|||&#8221;][et_pb_text _builder_version=&#8221;3.27.4&#8243; border_width_bottom=&#8221;1px&#8221;]<\/p>\n<h2><strong>Iniciativas<\/strong><\/h2>\n<p>[\/et_pb_text][\/et_pb_column][\/et_pb_row][et_pb_row column_structure=&#8221;1_2,1_2&#8243; _builder_version=&#8221;3.25&#8243; module_alignment=&#8221;center&#8221;][et_pb_column type=&#8221;1_2&#8243; _builder_version=&#8221;3.25&#8243; custom_padding=&#8221;|||&#8221; custom_padding__hover=&#8221;|||&#8221;][et_pb_image src=&#8221;https:\/\/www.javeriana.edu.co\/sostenibilidad\/wp-content\/uploads\/2021\/04\/Pagina-Javeriana-Sostenible_Banco-de-Materiales.jpg&#8221; align=&#8221;center&#8221; align_tablet=&#8221;center&#8221; align_phone=&#8221;&#8221; align_last_edited=&#8221;on|desktop&#8221; _builder_version=&#8221;4.9.4&#8243;][\/et_pb_image][et_pb_text _builder_version=&#8221;3.27.4&#8243; text_font=&#8221;||||||||&#8221; link_font=&#8221;||||||||&#8221; ul_font=&#8221;||||||||&#8221; ol_font=&#8221;||||||||&#8221; quote_font=&#8221;||||||||&#8221; header_font=&#8221;||||||||&#8221;]<\/p>\n<h5><span style=\"color: #000000;\"><strong>Bancos de Materiales<\/strong><\/span><\/h5>\n<p>Los bancos de materiales de la universidad ofrecen beneficios econ\u00f3micos, ambientales y culturales a toda la comunidad javeriana. 1) Ahorros econ\u00f3micos para estudiantes en la compra de materiales, 2) Disminuci\u00f3n del impacto ambiental al reutilizar algunos materiales, 3) Ahorros econ\u00f3micos para la universidad en costos asociados a la gesti\u00f3n de residuos y 4) la generaci\u00f3n de conciencia ambiental en la comunidad javeriana.<\/p>\n<p>[\/et_pb_text][et_pb_button button_url=&#8221;@ET-DC@eyJkeW5hbWljIjp0cnVlLCJjb250ZW50IjoicG9zdF9saW5rX3VybF9wb3N0Iiwic2V0dGluZ3MiOnsicG9zdF9pZCI6IjE1ODYifX0=@&#8221; button_text=&#8221;Ver m\u00e1s&#8221; button_alignment=&#8221;left&#8221; _builder_version=&#8221;4.9.4&#8243; _dynamic_attributes=&#8221;button_url&#8221; custom_button=&#8221;on&#8221; button_text_size=&#8221;14px&#8221; button_text_color=&#8221;#000000&#8243; button_border_width=&#8221;2px&#8221; button_font=&#8221;||||||||&#8221;][\/et_pb_button][\/et_pb_column][et_pb_column type=&#8221;1_2&#8243; _builder_version=&#8221;3.25&#8243; custom_padding=&#8221;|||&#8221; custom_padding__hover=&#8221;|||&#8221;][et_pb_image src=&#8221;https:\/\/www.javeriana.edu.co\/sostenibilidad\/wp-content\/uploads\/2021\/04\/Pagina-Javeriana-Sostenible_Certificaciones.jpg&#8221; align=&#8221;center&#8221; align_tablet=&#8221;center&#8221; align_phone=&#8221;&#8221; align_last_edited=&#8221;on|desktop&#8221; _builder_version=&#8221;4.9.4&#8243;][\/et_pb_image][et_pb_text _builder_version=&#8221;3.27.4&#8243; text_font=&#8221;||||||||&#8221; link_font=&#8221;||||||||&#8221; ul_font=&#8221;||||||||&#8221; ol_font=&#8221;||||||||&#8221; quote_font=&#8221;||||||||&#8221; header_font=&#8221;||||||||&#8221;]<\/p>\n<h5><b>Certificaciones Sostenibles<\/b><\/h5>\n<p><span> La Universidad, la Vicerrector\u00eda Administrativa y la Direcci\u00f3n de Recursos F\u00edsicos estan comprometidos con la sostenibilidad y la construcci\u00f3n verde y trabajan d\u00eda a d\u00eda para poder tener ciertas certificaciones que respaldan este compromiso.<\/span><\/p>\n<p>[\/et_pb_text][et_pb_button button_url=&#8221;@ET-DC@eyJkeW5hbWljIjp0cnVlLCJjb250ZW50IjoicG9zdF9saW5rX3VybF9wYWdlIiwic2V0dGluZ3MiOnsicG9zdF9pZCI6IjM0MjYifX0=@&#8221; button_text=&#8221;Ver m\u00e1s&#8221; button_alignment=&#8221;left&#8221; _builder_version=&#8221;4.9.4&#8243; _dynamic_attributes=&#8221;button_url&#8221; custom_button=&#8221;on&#8221; button_text_size=&#8221;14px&#8221; button_text_color=&#8221;#000000&#8243; button_border_width=&#8221;2px&#8221; button_font=&#8221;||||||||&#8221;][\/et_pb_button][\/et_pb_column][\/et_pb_row][et_pb_row column_structure=&#8221;1_2,1_2&#8243; _builder_version=&#8221;3.25&#8243; module_alignment=&#8221;center&#8221;][et_pb_column type=&#8221;1_2&#8243; _builder_version=&#8221;3.25&#8243; custom_padding=&#8221;|||&#8221; custom_padding__hover=&#8221;|||&#8221;][et_pb_image src=&#8221;https:\/\/www.javeriana.edu.co\/sostenibilidad\/wp-content\/uploads\/2021\/04\/Pagina-Javeriana-Sostenible_Javeriana-Verde.jpg&#8221; align=&#8221;center&#8221; align_tablet=&#8221;center&#8221; align_phone=&#8221;&#8221; align_last_edited=&#8221;on|desktop&#8221; _builder_version=&#8221;4.9.4&#8243;][\/et_pb_image][et_pb_text _builder_version=&#8221;3.27.4&#8243; text_font=&#8221;||||||||&#8221; link_font=&#8221;||||||||&#8221; ul_font=&#8221;||||||||&#8221; ol_font=&#8221;||||||||&#8221; quote_font=&#8221;||||||||&#8221; header_font=&#8221;||||||||&#8221;]<\/p>\n<h5><span><strong>Javeriana Verde<\/strong><\/span><\/h5>\n<div class=\"page\" title=\"Page 48\">\n<div class=\"layoutArea\">\n<div class=\"column\"><span>Una serie audiovisual protagonizada por un Jardinero, quien tiene como objetivo sensibilizar a la comunidad Universitaria <\/span><span>acerca de co\u0301mo a trave\u0301s de acciones cotidianas contribuimos a la construccio\u0301n de un mundo sostenible. <\/span><\/div>\n<\/div>\n<\/div>\n<p>[\/et_pb_text][et_pb_button button_url=&#8221;@ET-DC@eyJkeW5hbWljIjp0cnVlLCJjb250ZW50IjoicG9zdF9saW5rX3VybF9wb3N0Iiwic2V0dGluZ3MiOnsicG9zdF9pZCI6IjgwMCJ9fQ==@&#8221; button_text=&#8221;Ver m\u00e1s&#8221; button_alignment=&#8221;left&#8221; _builder_version=&#8221;4.9.4&#8243; _dynamic_attributes=&#8221;button_url&#8221; custom_button=&#8221;on&#8221; button_text_size=&#8221;14px&#8221; button_text_color=&#8221;#000000&#8243; button_border_width=&#8221;2px&#8221; button_font=&#8221;||||||||&#8221;][\/et_pb_button][\/et_pb_column][et_pb_column type=&#8221;1_2&#8243; _builder_version=&#8221;3.25&#8243; custom_padding=&#8221;|||&#8221; custom_padding__hover=&#8221;|||&#8221;][et_pb_image src=&#8221;https:\/\/www.javeriana.edu.co\/sostenibilidad\/wp-content\/uploads\/2021\/04\/Pagina-Javeriana-Sostenible_WoodLab.jpg&#8221; align=&#8221;center&#8221; align_tablet=&#8221;center&#8221; align_phone=&#8221;&#8221; align_last_edited=&#8221;on|desktop&#8221; _builder_version=&#8221;4.9.4&#8243;][\/et_pb_image][et_pb_text _builder_version=&#8221;3.27.4&#8243; text_font=&#8221;||||||||&#8221; link_font=&#8221;||||||||&#8221; ul_font=&#8221;||||||||&#8221; ol_font=&#8221;||||||||&#8221; quote_font=&#8221;||||||||&#8221; header_font=&#8221;||||||||&#8221;]<\/p>\n<h5><span><strong>Woodlab<\/strong><\/span><\/h5>\n<div class=\"page\" title=\"Page 40\">\n<div class=\"layoutArea\">\n<div class=\"column\">\n<div class=\"page\" title=\"Page 40\">\n<div class=\"layoutArea\">\n<div class=\"column\">\n<p><span>Con el objetivo de incluir a la comunidad Javeriana en la creacio\u0301n de espacios de conciencia respecto a la pertinencia del uso adecuado de la madera del Campus como recurso forestal sostenible y de promover espacios interdisciplinarios, se desarrollo\u0301 el Taller WoodLab para usar y aprovechar de manera artesanal la madera del Campus, con la interaccio\u0301n de unidades acade\u0301micas y administrativas. <\/span><\/p>\n<\/div>\n<\/div>\n<\/div>\n<\/div>\n<\/div>\n<\/div>\n<p>[\/et_pb_text][et_pb_button button_text=&#8221;Ver m\u00e1s&#8221; button_alignment=&#8221;left&#8221; _builder_version=&#8221;3.19.13&#8243; custom_button=&#8221;on&#8221; button_text_size=&#8221;14px&#8221; button_text_color=&#8221;#000000&#8243; button_border_width=&#8221;2px&#8221; button_font=&#8221;||||||||&#8221;][\/et_pb_button][\/et_pb_column][\/et_pb_row][et_pb_row column_structure=&#8221;1_2,1_2&#8243; _builder_version=&#8221;3.25&#8243; module_alignment=&#8221;center&#8221;][et_pb_column type=&#8221;1_2&#8243; _builder_version=&#8221;3.25&#8243; custom_padding=&#8221;|||&#8221; custom_padding__hover=&#8221;|||&#8221;][et_pb_image src=&#8221;https:\/\/www.javeriana.edu.co\/sostenibilidad\/wp-content\/uploads\/2021\/04\/Pagina-Javeriana-Sostenible_JaveDatos.jpg&#8221; align=&#8221;center&#8221; align_tablet=&#8221;center&#8221; align_phone=&#8221;&#8221; align_last_edited=&#8221;on|desktop&#8221; _builder_version=&#8221;4.9.4&#8243;][\/et_pb_image][et_pb_text _builder_version=&#8221;3.27.4&#8243; text_font=&#8221;||||||||&#8221; link_font=&#8221;||||||||&#8221; ul_font=&#8221;||||||||&#8221; ol_font=&#8221;||||||||&#8221; quote_font=&#8221;||||||||&#8221; header_font=&#8221;||||||||&#8221;]<\/p>\n<h5><span><strong>#JaveDatos<\/strong><\/span><\/h5>\n<p>Informar a la comunidad Javeriana a trav\u00e9s de los datos, es una estrategia de comunicaci\u00f3n que ha funcionado para difundir acciones que hace la universidad en pro de la sostenibilidad.<\/p>\n<p>[\/et_pb_text][et_pb_button button_text=&#8221;Ver m\u00e1s&#8221; button_alignment=&#8221;left&#8221; _builder_version=&#8221;3.19.13&#8243; custom_button=&#8221;on&#8221; button_text_size=&#8221;14px&#8221; button_text_color=&#8221;#000000&#8243; button_border_width=&#8221;2px&#8221; button_font=&#8221;||||||||&#8221;][\/et_pb_button][\/et_pb_column][et_pb_column type=&#8221;1_2&#8243; _builder_version=&#8221;3.25&#8243; custom_padding=&#8221;|||&#8221; custom_padding__hover=&#8221;|||&#8221;][et_pb_image src=&#8221;https:\/\/www.javeriana.edu.co\/sostenibilidad\/wp-content\/uploads\/2021\/04\/Pagina-Javeriana-Sostenible_Menos-Desechos.jpg&#8221; align=&#8221;center&#8221; align_tablet=&#8221;center&#8221; align_phone=&#8221;&#8221; align_last_edited=&#8221;on|desktop&#8221; _builder_version=&#8221;4.9.4&#8243;][\/et_pb_image][et_pb_text _builder_version=&#8221;3.27.4&#8243; text_font=&#8221;||||||||&#8221; link_font=&#8221;||||||||&#8221; ul_font=&#8221;||||||||&#8221; ol_font=&#8221;||||||||&#8221; quote_font=&#8221;||||||||&#8221; header_font=&#8221;||||||||&#8221;]<\/p>\n<h5><span><strong>\u00a1Menos desechos, m\u00e1s hechos!<\/strong><\/span><\/h5>\n<div class=\"page\" title=\"Page 30\">\n<div class=\"layoutArea\">\n<div class=\"column\">\n<p>Gracias al resultado que tuvo el experimento social &#8220;Menos desechos, m\u00e1s hechos&#8221;, se tom\u00f3 la decisi\u00f3n de eliminar las canecas de varios puntos de la universidad para tener beneficios ambientales y econ\u00f3micos.<\/p>\n<\/div>\n<\/div>\n<\/div>\n<p>[\/et_pb_text][et_pb_button button_url=&#8221;@ET-DC@eyJkeW5hbWljIjp0cnVlLCJjb250ZW50IjoicG9zdF9saW5rX3VybF9wb3N0Iiwic2V0dGluZ3MiOnsicG9zdF9pZCI6IjE1MzkifX0=@&#8221; button_text=&#8221;Ver m\u00e1s&#8221; button_alignment=&#8221;left&#8221; _builder_version=&#8221;4.9.4&#8243; _dynamic_attributes=&#8221;button_url&#8221; custom_button=&#8221;on&#8221; button_text_size=&#8221;14px&#8221; button_text_color=&#8221;#000000&#8243; button_border_width=&#8221;2px&#8221; button_font=&#8221;||||||||&#8221;][\/et_pb_button][\/et_pb_column][\/et_pb_row][et_pb_row _builder_version=&#8221;3.25&#8243; custom_padding=&#8221;27.4219px|0px|11px|0px|false|false&#8221;][et_pb_column type=&#8221;4_4&#8243; _builder_version=&#8221;3.25&#8243; custom_padding=&#8221;|||&#8221; custom_padding__hover=&#8221;|||&#8221;][et_pb_text _builder_version=&#8221;3.27.4&#8243; border_width_bottom=&#8221;1px&#8221;]<\/p>\n<h2><strong>Noticias<\/strong><\/h2>\n<p>[\/et_pb_text][\/et_pb_column][\/et_pb_row][et_pb_row _builder_version=&#8221;3.25&#8243;][et_pb_column type=&#8221;4_4&#8243; _builder_version=&#8221;3.25&#8243; custom_padding=&#8221;|||&#8221; custom_padding__hover=&#8221;|||&#8221;][et_pb_blog fullwidth=&#8221;off&#8221; include_categories=&#8221;16,24&#8243; show_author=&#8221;off&#8221; show_date=&#8221;off&#8221; show_categories=&#8221;off&#8221; show_pagination=&#8221;off&#8221; _builder_version=&#8221;3.19.13&#8243; header_font=&#8221;|700|||||||&#8221; header_font_size=&#8221;15px&#8221; header_line_height=&#8221;1.3em&#8221; body_font=&#8221;||||||||&#8221; body_text_align=&#8221;left&#8221; body_font_size=&#8221;12px&#8221; meta_font=&#8221;||||||||&#8221; meta_text_color=&#8221;rgba(165,165,165,0.84)&#8221; meta_font_size=&#8221;10px&#8221; link_option_url_new_window=&#8221;on&#8221;][\/et_pb_blog][\/et_pb_column][\/et_pb_row][\/et_pb_section][et_pb_section fb_built=&#8221;1&#8243; _builder_version=&#8221;3.22&#8243; background_color=&#8221;#f9cf1c&#8221; custom_padding=&#8221;54px|0px|18px|0px|false|false&#8221; da_disable_devices=&#8221;off|off|off&#8221; box_shadow_style=&#8221;preset1&#8243; box_shadow_blur=&#8221;7px&#8221; global_module=&#8221;3654&#8243; saved_tabs=&#8221;all&#8221; da_is_popup=&#8221;off&#8221; da_exit_intent=&#8221;off&#8221; da_has_close=&#8221;on&#8221; da_alt_close=&#8221;off&#8221; da_dark_close=&#8221;off&#8221; da_not_modal=&#8221;on&#8221; da_is_singular=&#8221;off&#8221; da_with_loader=&#8221;off&#8221; da_has_shadow=&#8221;on&#8221;][et_pb_row column_structure=&#8221;1_3,1_3,1_3&#8243; _builder_version=&#8221;3.25&#8243; custom_padding=&#8221;0px||0px&#8221;][et_pb_column type=&#8221;1_3&#8243; _builder_version=&#8221;3.25&#8243; custom_padding=&#8221;|||&#8221; custom_padding__hover=&#8221;|||&#8221;][et_pb_text _builder_version=&#8221;3.27.4&#8243;]<\/p>\n<div class=\"et_pb_module et_pb_text et_pb_text_29 et_pb_bg_layout_light  et_pb_text_align_left\">\n<p class=\"et_pb_text_inner\"><span style=\"color: #000000;\"><strong>Pontificia Universidad Javeriana<\/strong><\/span><\/p>\n<p class=\"et_pb_text_inner\"><span style=\"color: #000000;\"><strong><\/strong><\/span><\/p>\n<div class=\"et_pb_text_inner\">\n<p class=\"font_9\"><span style=\"color: #000000;\">Bogot\u00e1 D.C.- Colombia<\/span><\/p>\n<p class=\"font_9\"><span style=\"color: #000000;\">Carrera 7 No. 40 &#8211; 62 &#8211; Tel: (57 1) 3208320<\/span><\/p>\n<p class=\"font_9\"><span style=\"text-decoration: underline;\"><span style=\"color: #000000; text-decoration: underline;\"><a href=\"https:\/\/www.javeriana.edu.co\/documents\/10179\/9567882\/Acuerdo+No+657.pdf\" target=\"_blank\" rel=\"nofollow noopener noreferrer\" data-content=\"https:\/\/www.javeriana.edu.co\/documents\/10179\/9567882\/Acuerdo+No+657.pdf\" data-type=\"external\" style=\"color: #000000; text-decoration: underline;\">Pol\u00edtica de protecci\u00f3n de datos personales<\/a><\/span><\/span><\/p>\n<p class=\"font_9\"><span style=\"text-decoration: underline;\"><span style=\"color: #000000; text-decoration: underline;\"><a href=\"https:\/\/www.javeriana.edu.co\/documents\/10179\/0\/Aviso+de+Privacidad+2018\" target=\"_blank\" rel=\"nofollow noopener noreferrer\" data-content=\"https:\/\/www.javeriana.edu.co\/documents\/10179\/0\/Aviso+de+Privacidad+2018\" data-type=\"external\" style=\"color: #000000; text-decoration: underline;\">Aviso de privacidad<\/a><a href=\"https:\/\/www.javeriana.edu.co\/documents\/10179\/0\/Aviso+de+Privacidad+2018\" target=\"_blank\" rel=\"nofollow noopener noreferrer\" data-content=\"https:\/\/www.javeriana.edu.co\/documents\/10179\/0\/Aviso+de+Privacidad+2018\" data-type=\"external\" style=\"color: #000000; text-decoration: underline;\">\u00a0|\u00a0<\/a><a href=\"https:\/\/www.javeriana.edu.co\/documents\/10179\/0\/NOTA+DE+RESERVA+DE+DERECHOS+SITIO+WEB+UNIJAVERIANA.pdf\/50120fbe-e32e-41e1-861f-e77b9e19d694\" target=\"_blank\" rel=\"nofollow noopener noreferrer\" data-content=\"https:\/\/www.javeriana.edu.co\/documents\/10179\/0\/NOTA+DE+RESERVA+DE+DERECHOS+SITIO+WEB+UNIJAVERIANA.pdf\/50120fbe-e32e-41e1-861f-e77b9e19d694\" data-type=\"external\" style=\"color: #000000; text-decoration: underline;\">Condiciones de uso y t\u00e9rminos legales<\/a><\/span><\/span><\/p>\n<\/div>\n<\/div>\n<div class=\"et_pb_module et_pb_text et_pb_text_30 et_pb_bg_layout_light  et_pb_text_align_left\">\n<div class=\"et_pb_text_inner\"><\/div>\n<\/div>\n<p>[\/et_pb_text][\/et_pb_column][et_pb_column type=&#8221;1_3&#8243; _builder_version=&#8221;3.25&#8243; custom_padding=&#8221;|||&#8221; custom_padding__hover=&#8221;|||&#8221;][et_pb_text _builder_version=&#8221;4.9.7&#8243;]<\/p>\n<div class=\"et_pb_module et_pb_text et_pb_text_29 et_pb_bg_layout_light et_pb_text_align_left\">\n<p class=\"et_pb_text_inner\"><span style=\"color: #000000; font-size: 14px;\"><b>Comun\u00edcate con nosotros<\/b><\/span><\/p>\n<p class=\"et_pb_text_inner\"><span style=\"color: #000000;\">pujsostenible@javeriana.edu.co<\/span><\/p>\n<div class=\"et_pb_text_inner\">\u00a0<\/div>\n<\/div>\n<div class=\"et_pb_module et_pb_text et_pb_text_30 et_pb_bg_layout_light et_pb_text_align_left\">\n<div class=\"et_pb_text_inner\">\u00a0<\/div>\n<\/div>\n<p>[\/et_pb_text][et_pb_text _builder_version=&#8221;3.27.4&#8243;]<\/p>\n<div class=\"et_pb_module et_pb_text et_pb_text_29 et_pb_bg_layout_light  et_pb_text_align_left\">\n<p class=\"et_pb_text_inner\"><span style=\"color: #000000; font-size: 14px;\"><b>Enlaces r\u00e1pidos:<\/b><\/span><\/p>\n<ul>\n<li class=\"et_pb_text_inner\"><span style=\"font-size: 14px;\"><a href=\"https:\/\/www.javeriana.edu.co\/vicerrectoria-del-medio-universitario\/historia-verde\"><span style=\"text-decoration: underline;\"><span style=\"color: #000000; text-decoration: underline;\">Historia Verde<\/span><\/span><\/a><\/span><\/li>\n<li class=\"et_pb_text_inner\"><span style=\"text-decoration: underline; font-size: 14px;\"><a href=\"https:\/\/www.javeriana.edu.co\/laudatosi\"><span color=\"#000000\" style=\"color: #000000; text-decoration: underline;\">Simposio Laudato SI&#8217;<\/span><\/a><\/span><\/li>\n<li class=\"et_pb_text_inner\"><span style=\"font-size: 14px;\"><a href=\"https:\/\/www.javeriana.edu.co\/pacto-educativo-global\"><span style=\"text-decoration: underline;\"><span color=\"#000000\" style=\"color: #000000; text-decoration: underline;\">Pacto Educativo Global<\/span><\/span><\/a><\/span><\/li>\n<\/ul>\n<\/div>\n<div class=\"et_pb_module et_pb_text et_pb_text_30 et_pb_bg_layout_light  et_pb_text_align_left\">\n<div class=\"et_pb_text_inner\"><\/div>\n<\/div>\n<p>[\/et_pb_text][\/et_pb_column][et_pb_column type=&#8221;1_3&#8243; _builder_version=&#8221;3.25&#8243; custom_padding=&#8221;|||&#8221; custom_padding__hover=&#8221;|||&#8221;][et_pb_text _builder_version=&#8221;3.27.4&#8243; custom_margin=&#8221;||10px&#8221; custom_padding=&#8221;||0px&#8221;]<\/p>\n<p><span style=\"color: #000000;\"><strong>S\u00edguenos\u00a0en nuestras redes sociales:<\/strong><\/span><\/p>\n<p>[\/et_pb_text][et_pb_social_media_follow _builder_version=&#8221;3.19.13&#8243; text_orientation=&#8221;left&#8221;][et_pb_social_media_follow_network social_network=&#8221;facebook&#8221; url=&#8221;https:\/\/www.facebook.com\/javerianasostenible&#8221; _builder_version=&#8221;3.19.13&#8243; background_color=&#8221;#3b5998&#8243; follow_button=&#8221;off&#8221; url_new_window=&#8221;on&#8221;]facebook[\/et_pb_social_media_follow_network][et_pb_social_media_follow_network social_network=&#8221;twitter&#8221; url=&#8221;https:\/\/twitter.com\/pujsostenible&#8221; _builder_version=&#8221;3.19.13&#8243; background_color=&#8221;#00aced&#8221; follow_button=&#8221;off&#8221; url_new_window=&#8221;on&#8221;]twitter[\/et_pb_social_media_follow_network][et_pb_social_media_follow_network social_network=&#8221;instagram&#8221; url=&#8221;https:\/\/www.instagram.com\/javerianasostenible\/&#8221; _builder_version=&#8221;3.19.13&#8243; background_color=&#8221;#ea2c59&#8243; follow_button=&#8221;off&#8221; url_new_window=&#8221;on&#8221;]instagram[\/et_pb_social_media_follow_network][et_pb_social_media_follow_network social_network=&#8221;youtube&#8221; url=&#8221;https:\/\/www.youtube.com\/channel\/UCPNmg7EnPrHm3mpBIEfAwaQ\/featured?view_as=subscriber&#8221; _builder_version=&#8221;3.19.13&#8243; background_color=&#8221;#a82400&#8243; follow_button=&#8221;off&#8221; url_new_window=&#8221;on&#8221;]youtube[\/et_pb_social_media_follow_network][\/et_pb_social_media_follow][\/et_pb_column][\/et_pb_row][\/et_pb_section]<\/p>\n","protected":false},"excerpt":{"rendered":"<p>Campus Sustentable El compromiso ecolo\u0301gico y ambiental de la Universidad y el cuidado de la Casa Comu\u0301n dentro del Campus Universitario, se basa en implementar esta\u0301ndares y criterios de responsabilidad ecolo\u0301gica y ambiental, que reflejen el manejo adecuado de los recursos, la infraestructura y nuestro compromiso con el entorno. Programas Nuestro Campus, nuestra Casa Comu\u0301n. [&hellip;]<\/p>\n","protected":false},"author":2,"featured_media":0,"parent":0,"menu_order":0,"comment_status":"closed","ping_status":"closed","template":"","meta":{"_et_pb_use_builder":"on","_et_pb_old_content":"","_et_gb_content_width":"","footnotes":""},"class_list":["post-3581","page","type-page","status-publish","hentry"],"_links":{"self":[{"href":"https:\/\/www.javeriana.edu.co\/sostenibilidad\/wp-json\/wp\/v2\/pages\/3581","targetHints":{"allow":["GET"]}}],"collection":[{"href":"https:\/\/www.javeriana.edu.co\/sostenibilidad\/wp-json\/wp\/v2\/pages"}],"about":[{"href":"https:\/\/www.javeriana.edu.co\/sostenibilidad\/wp-json\/wp\/v2\/types\/page"}],"author":[{"embeddable":true,"href":"https:\/\/www.javeriana.edu.co\/sostenibilidad\/wp-json\/wp\/v2\/users\/2"}],"replies":[{"embeddable":true,"href":"https:\/\/www.javeriana.edu.co\/sostenibilidad\/wp-json\/wp\/v2\/comments?post=3581"}],"version-history":[{"count":18,"href":"https:\/\/www.javeriana.edu.co\/sostenibilidad\/wp-json\/wp\/v2\/pages\/3581\/revisions"}],"predecessor-version":[{"id":4464,"href":"https:\/\/www.javeriana.edu.co\/sostenibilidad\/wp-json\/wp\/v2\/pages\/3581\/revisions\/4464"}],"wp:attachment":[{"href":"https:\/\/www.javeriana.edu.co\/sostenibilidad\/wp-json\/wp\/v2\/media?parent=3581"}],"curies":[{"name":"wp","href":"https:\/\/api.w.org\/{rel}","templated":true}]}}