{"id":4306,"date":"2021-07-23T00:22:06","date_gmt":"2021-07-23T05:22:06","guid":{"rendered":"https:\/\/www.javeriana.edu.co\/sostenibilidad\/?page_id=4306"},"modified":"2021-07-27T10:16:07","modified_gmt":"2021-07-27T15:16:07","slug":"ahorro-y-uso-eficiente-del-agua-y-la-energia","status":"publish","type":"page","link":"https:\/\/www.javeriana.edu.co\/sostenibilidad\/campus-sustentable\/ahorro-y-uso-eficiente-del-agua-y-la-energia\/","title":{"rendered":"Ahorro y uso eficiente del agua y la energ\u00eda"},"content":{"rendered":"<p>[et_pb_section fb_built=&#8221;1&#8243; fullwidth=&#8221;on&#8221; _builder_version=&#8221;4.9.4&#8243; _module_preset=&#8221;default&#8221; da_disable_devices=&#8221;off|off|off&#8221; da_is_popup=&#8221;off&#8221; da_exit_intent=&#8221;off&#8221; da_has_close=&#8221;on&#8221; da_alt_close=&#8221;off&#8221; da_dark_close=&#8221;off&#8221; da_not_modal=&#8221;on&#8221; da_is_singular=&#8221;off&#8221; da_with_loader=&#8221;off&#8221; da_has_shadow=&#8221;on&#8221;][et_pb_fullwidth_image src=&#8221;https:\/\/www.javeriana.edu.co\/sostenibilidad\/wp-content\/uploads\/2021\/07\/Agua-y-Energi\u0301a_26-copia-4.jpg&#8221; title_text=&#8221;Agua y Energi\u0301a_26 copia 4&#8243; _builder_version=&#8221;4.9.7&#8243; _module_preset=&#8221;default&#8221;][\/et_pb_fullwidth_image][\/et_pb_section][et_pb_section fb_built=&#8221;1&#8243; _builder_version=&#8221;4.9.7&#8243; use_background_color_gradient=&#8221;on&#8221; background_color_gradient_start=&#8221;#ffffff&#8221; background_color_gradient_end=&#8221;#f7f7f7&#8243; background_color_gradient_direction=&#8221;90deg&#8221; background_color_gradient_start_position=&#8221;50%&#8221; background_color_gradient_end_position=&#8221;50%&#8221; da_disable_devices=&#8221;off|off|off&#8221; da_is_popup=&#8221;off&#8221; da_exit_intent=&#8221;off&#8221; da_has_close=&#8221;on&#8221; da_alt_close=&#8221;off&#8221; da_dark_close=&#8221;off&#8221; da_not_modal=&#8221;on&#8221; da_is_singular=&#8221;off&#8221; da_with_loader=&#8221;off&#8221; da_has_shadow=&#8221;on&#8221;][et_pb_row _builder_version=&#8221;3.25&#8243; custom_padding=&#8221;27.4219px|0px|11px|0px|false|false&#8221;][et_pb_column type=&#8221;4_4&#8243; _builder_version=&#8221;3.25&#8243; custom_padding=&#8221;|||&#8221; custom_padding__hover=&#8221;|||&#8221;][et_pb_button button_text=&#8221;Campus Sustentable&#8221; _builder_version=&#8221;4.9.4&#8243; _module_preset=&#8221;default&#8221; custom_button=&#8221;on&#8221; button_text_size=&#8221;13px&#8221; button_text_color=&#8221;#4f2a62&#8243; button_border_width=&#8221;0px&#8221; button_border_radius=&#8221;0px&#8221; button_font=&#8221;|300|||||||&#8221; button_icon=&#8221;%%2%%&#8221; button_icon_color=&#8221;#4f2a62&#8243; button_icon_placement=&#8221;left&#8221; button_on_hover=&#8221;off&#8221;][\/et_pb_button][\/et_pb_column][\/et_pb_row][et_pb_row column_structure=&#8221;1_2,1_2&#8243; _builder_version=&#8221;3.25&#8243; custom_padding=&#8221;21px|0px|19px|0px|false|false&#8221;][et_pb_column type=&#8221;1_2&#8243; _builder_version=&#8221;3.25&#8243; custom_padding=&#8221;|||&#8221; custom_padding__hover=&#8221;|||&#8221;][et_pb_video src=&#8221;https:\/\/www.youtube.com\/watch?v=9-v_tDSke98&#8243; _builder_version=&#8221;4.9.7&#8243; _module_preset=&#8221;default&#8221;][\/et_pb_video][\/et_pb_column][et_pb_column type=&#8221;1_2&#8243; _builder_version=&#8221;3.25&#8243; custom_padding=&#8221;|||&#8221; custom_padding__hover=&#8221;|||&#8221;][et_pb_video src=&#8221;https:\/\/www.youtube.com\/watch?v=RCE4o5-bQ2M&#8221; _builder_version=&#8221;4.9.7&#8243; _module_preset=&#8221;default&#8221;][\/et_pb_video][\/et_pb_column][\/et_pb_row][et_pb_row column_structure=&#8221;1_2,1_2&#8243; _builder_version=&#8221;4.9.7&#8243; _module_preset=&#8221;default&#8221; border_color_right=&#8221;RGBA(0,0,0,0)&#8221;][et_pb_column type=&#8221;1_2&#8243; _builder_version=&#8221;4.9.7&#8243; _module_preset=&#8221;default&#8221;][et_pb_text _builder_version=&#8221;4.9.7&#8243; border_width_bottom=&#8221;1px&#8221;]<\/p>\n<h2><span style=\"color: #4d1965;\"><b><img loading=\"lazy\" decoding=\"async\" src=\"https:\/\/www.javeriana.edu.co\/sostenibilidad\/wp-content\/uploads\/2021\/07\/001-gota-de-agua.svg\" width=\"30\" height=\"30\" alt=\"\" class=\"wp-image-4314 alignleft size-medium\" \/>Consumo responsable del Agua<\/b><\/span><span><strong><\/strong><\/span><\/h2>\n<p>[\/et_pb_text][et_pb_text _builder_version=&#8221;4.9.7&#8243; _module_preset=&#8221;default&#8221;]<\/p>\n<p style=\"text-align: justify;\">El agua es un recurso vital e indispensable para los seres humanos y el planeta. Por esto y en coherencia con el cuidado de nuestra casa com\u00fan, la Universidad gestiona su consumo de forma responsable y desarrolla acciones en pro del ahorro de \u00e9sta.<\/p>\n<p style=\"text-align: justify;\">Para el consumo de la comunidad y el desarrollo de las actividades del Campus, se utiliza el agua proveniente de la Empresa de Acueducto y Alcantarillado de Bogot\u00e1. Adicionalmente, se tienen tanques de reserva de agua potable y tanques de recolecci\u00f3n de aguas lluvias tal como se relaciona a continuaci\u00f3n:<\/p>\n<p style=\"text-align: justify;\"><strong>-Tanques de reserva de agua potable proveniente del acueducto<\/strong>: Con esta agua se atiende el consumo correspondiente a lavamanos, lavaplatos, cocinas y cocinetas del campus.<\/p>\n<p style=\"text-align: justify;\"><strong>-Tanques de reserva de agua lluvia: <\/strong>se cuenta con tres tanques de almacenamiento de aguas lluvias las cuales son reutilizadas en riego de jardines, lavado de plazoletas y sanitarios.<\/p>\n<p style=\"text-align: justify;\">En cuanto a los vertimientos generados en las actividades y procesos del Campus, la Universidad est\u00e1 conectada al Sistema de Alcantarillado de la ciudad a donde se entregan las aguas residuales dom\u00e9sticas. Las aguas residuales no dom\u00e9sticas contaminadas con sustancias de inter\u00e9s ambiental o sanitario son entregadas a gestores autorizados.<\/p>\n<p style=\"text-align: justify;\">\n<p>Acciones implementadas:<\/p>\n<p>[\/et_pb_text][et_pb_toggle title=&#8221;Programa de conservaci\u00f3n y ahorro de agua&#8221; open_toggle_text_color=&#8221;#4d1965&#8243; open_toggle_background_color=&#8221;#f4f4f4&#8243; closed_toggle_background_color=&#8221;#f4f4f4&#8243; icon_color=&#8221;#4d1965&#8243; _builder_version=&#8221;4.9.7&#8243; _module_preset=&#8221;default&#8221; title_text_color=&#8221;#4d1965&#8243; title_level=&#8221;h4&#8243; title_font=&#8221;|700|||||||&#8221;]<\/p>\n<p style=\"text-align: justify;\">Se han implementado diferentes acciones para el ahorro y preservaci\u00f3n del recurso agua en el campus tales como:<\/p>\n<p style=\"text-align: justify;\">\n<ul>\n<li style=\"text-align: justify;\"><strong>Mantenimiento preventivo y procedimiento de detecci\u00f3n de fugas<\/strong>: desde la Coordinaci\u00f3n de Mantenimiento de Infraestructura de la Oficina de Administraci\u00f3n del Campus, se programan mantenimientos peri\u00f3dicos en los cuales se realizan revisiones para detectar posibles fugas y \/ o da\u00f1os en ba\u00f1os, lavamanos, bebederos, tanques de reserva y diferentes puntos de agua de la Universidad con el fin de evitar p\u00e9rdidas del recurso.<\/li>\n<\/ul>\n<p>&nbsp;<\/p>\n<ul>\n<li style=\"text-align: justify;\"><strong>Lectura de contadores<\/strong>: seguimiento diario a los contadores del Campus con el fin de verificar que no se presenten da\u00f1os o fugas, de ser as\u00ed con este proceso son identificadas r\u00e1pidamente para realizar las reparaciones necesarias.<\/li>\n<\/ul>\n<p>&nbsp;<\/p>\n<ul>\n<li style=\"text-align: justify;\"><strong>Gesti\u00f3n de consumo<\/strong>: Se realiza un seguimiento mensual de cada una de las cuentas de agua con las que cuenta la Universidad en donde se evidencia el consumo (m3) y el costo del mismo. A partir de este programa se toman decisiones para promover el ahorro del recurso h\u00eddrico, as\u00ed como para definir cu\u00e1les edificios son prioridad para trabajar en el ahorro de agua.<\/li>\n<\/ul>\n<p>[\/et_pb_toggle][et_pb_toggle title=&#8221;Sistemas de riego eficientes&#8221; open_toggle_text_color=&#8221;#4d1965&#8243; open_toggle_background_color=&#8221;#f4f4f4&#8243; closed_toggle_background_color=&#8221;#f4f4f4&#8243; icon_color=&#8221;#4d1965&#8243; _builder_version=&#8221;4.9.7&#8243; _module_preset=&#8221;default&#8221; title_text_color=&#8221;#4d1965&#8243; title_level=&#8221;h4&#8243; title_font=&#8221;|700|||||||&#8221;]<\/p>\n<p style=\"text-align: justify;\">La Universidad cuenta con 3 tipos de sistemas de riego los cuales generan ahorro y optimizaci\u00f3n del uso del agua:<\/p>\n<p style=\"text-align: justify;\">\u00a0<strong>Sistema de riego por goteo con apertura manual<\/strong>: el 90% del riego que se realiza en la universidad es por goteo.\u00a0 En el \u00e1rea de la cancha de f\u00fatbol se reutiliza el agua proveniente del humedal artificial para los riegos de esta zona.<\/p>\n<p style=\"text-align: justify;\"><strong>Sistema de riego por goteo con programaci\u00f3n autom\u00e1tica:<\/strong> se utiliza en el muro verde del Edificio Jorge Hoyos S.J., muro verde del Edificio Gabriel Maldonado S.J.-Laboratorios, jard\u00edn exterior de la terraza del Brice\u00f1o, y jard\u00edn exterior de la terraza de la Unidad Biol\u00f3gica Comparativa.<\/p>\n<p style=\"text-align: justify;\"><strong>Sistema de riego por aspersi\u00f3n<\/strong> con programaci\u00f3n autom\u00e1tica el cual se utiliza para el riego del jard\u00edn de la cafeter\u00eda central.<\/p>\n<p>[\/et_pb_toggle][et_pb_toggle title=&#8221;Implementaci\u00f3n de aparatos sanitarios y grifer\u00edas de bajo consumo&#8221; open_toggle_text_color=&#8221;#4d1965&#8243; open_toggle_background_color=&#8221;#f4f4f4&#8243; closed_toggle_background_color=&#8221;#f4f4f4&#8243; icon_color=&#8221;#4d1965&#8243; _builder_version=&#8221;4.9.7&#8243; _module_preset=&#8221;default&#8221; title_text_color=&#8221;#4d1965&#8243; title_level=&#8221;h4&#8243; title_font=&#8221;|700|||||||&#8221;]<\/p>\n<p style=\"text-align: justify;\">La Universidad ha reemplazado los sanitarios y grifos tradicionales por ahorradores que permiten disminuir el consumo de agua. Asimismo ha instalado duchas de bajo consumo en el Centro Javeriano de Formaci\u00f3n Deportiva y lavaplatos con reductores de caudal en los Servicios de Alimentaci\u00f3n y diferentes unidades.<\/p>\n<p>[\/et_pb_toggle][et_pb_toggle title=&#8221;Recolecci\u00f3n de aguas lluvias &#8221; open_toggle_text_color=&#8221;#4d1965&#8243; open_toggle_background_color=&#8221;#f4f4f4&#8243; closed_toggle_background_color=&#8221;#f4f4f4&#8243; icon_color=&#8221;#4d1965&#8243; _builder_version=&#8221;4.9.7&#8243; _module_preset=&#8221;default&#8221; title_text_color=&#8221;#4d1965&#8243; title_level=&#8221;h4&#8243; title_font=&#8221;|700|||||||&#8221;]<\/p>\n<p style=\"text-align: justify;\">Se implement\u00f3 un humedal artificial el cual almacena y trata agua proveniente de la cancha de f\u00fatbol que posteriormente es utilizada para el riego de jardines y el lavado de plazoletas. Tambi\u00e9n, se tiene un tanque en el Edificio Gerardo Arango S.J y en el Edificio Gabriel Maldonado S.J.<\/p>\n<p style=\"text-align: justify;\">El agua recuperada en el edificio Gerardo Arango S.J es usada para los sanitarios y orinales, mientras que el agua del edificio Gabriel Maldonado S.J. es usada en el riego de jardines.<\/p>\n<p>[\/et_pb_toggle][et_pb_toggle title=&#8221;Implementaci\u00f3n de bebederos &#8221; open_toggle_text_color=&#8221;#4d1965&#8243; open_toggle_background_color=&#8221;#f4f4f4&#8243; closed_toggle_background_color=&#8221;#f4f4f4&#8243; icon_color=&#8221;#4d1965&#8243; _builder_version=&#8221;4.9.7&#8243; _module_preset=&#8221;default&#8221; title_text_color=&#8221;#4d1965&#8243; title_level=&#8221;h4&#8243; title_font=&#8221;|700|||||||&#8221;]<\/p>\n<p style=\"text-align: justify;\">La Universidad cuenta con bebederos, los cuales est\u00e1n disponibles para toda la comunidad Javeriana. A partir de esta iniciativa se promueve el consumo de agua y se desestimula la compra de agua embotellada impactando positivamente al ambiente.<\/p>\n<p>[\/et_pb_toggle][et_pb_toggle title=&#8221;Campa\u00f1as de sensibilizaci\u00f3n&#8221; open_toggle_text_color=&#8221;#4d1965&#8243; open_toggle_background_color=&#8221;#f4f4f4&#8243; closed_toggle_background_color=&#8221;#f4f4f4&#8243; icon_color=&#8221;#4d1965&#8243; _builder_version=&#8221;4.9.7&#8243; _module_preset=&#8221;default&#8221; title_text_color=&#8221;#4d1965&#8243; title_level=&#8221;h4&#8243; title_font=&#8221;|700|||||||&#8221;]<\/p>\n<p style=\"text-align: justify;\">La Universidad realiza constantemente campa\u00f1as de sensibilizaci\u00f3n con la comunidad Javeriana enfocada al uso eficiente y el ahorro del agua. Para esto, se utilizan los canales de comunicaci\u00f3n de la Universidad en donde se publican piezas gr\u00e1ficas, videos y dem\u00e1s informaci\u00f3n relacionada con el programa.<\/p>\n<p>[\/et_pb_toggle][\/et_pb_column][et_pb_column type=&#8221;1_2&#8243; _builder_version=&#8221;4.9.7&#8243; _module_preset=&#8221;default&#8221;][et_pb_text _builder_version=&#8221;4.9.7&#8243; border_width_bottom=&#8221;1px&#8221;]<\/p>\n<h2><span style=\"color: #4d1965;\"><b><img loading=\"lazy\" decoding=\"async\" src=\"https:\/\/www.javeriana.edu.co\/sostenibilidad\/wp-content\/uploads\/2021\/07\/002-encendiendo.svg\" width=\"32\" height=\"32\" alt=\"\" class=\"wp-image-4315 alignleft size-medium\" \/>Gesti\u00f3n Energ\u00e9tica<\/b><\/span><\/h2>\n<p>[\/et_pb_text][et_pb_text _builder_version=&#8221;4.9.7&#8243; _module_preset=&#8221;default&#8221;]<\/p>\n<p style=\"text-align: justify;\">El programa de Ahorro y Uso Eficiente de la Energ\u00eda, es un componente importante en los procesos de toma de decisiones relacionadas con el crecimiento y el mantenimiento de la infraestructura del Campus Universitario.<\/p>\n<p style=\"text-align: justify;\">La Universidad ha puesto en marcha una serie de acciones y pol\u00edticas encaminadas al ahorro y la eficiencia energ\u00e9tica, con el fin de disminuir el consumo en sus instalaciones y mantener el indicador lo m\u00e1s estable posible mientras el campus aumenta su \u00e1rea construida obedeciendo a su Plan Maestro de Desarrollo Urban\u00edstico y Arquitect\u00f3nico.<\/p>\n<p style=\"text-align: justify;\">Las actividades enfocadas a la eficiencia energ\u00e9tica son una apuesta m\u00e1s de la Universidad, para lograr que sus actividades y procesos sean sostenibles tanto con el ambiente como con la Comunidad Universitaria.<\/p>\n<p style=\"text-align: justify;\">Es por esto que acciones como las mencionadas a continuaci\u00f3n, vienen aplic\u00e1ndose desde el a\u00f1o 2013:<\/p>\n<p>[\/et_pb_text][et_pb_toggle title=&#8221;Uso de Iluminaci\u00f3n LED&#8221; open_toggle_text_color=&#8221;#4d1965&#8243; open_toggle_background_color=&#8221;#f4f4f4&#8243; closed_toggle_background_color=&#8221;#f4f4f4&#8243; icon_color=&#8221;#4d1965&#8243; _builder_version=&#8221;4.9.7&#8243; _module_preset=&#8221;default&#8221; title_text_color=&#8221;#4d1965&#8243; title_level=&#8221;h4&#8243; title_font=&#8221;|700|||||||&#8221;]<\/p>\n<p style=\"text-align: justify;\">El 98% de la iluminaci\u00f3n del campus es tipo LED, con esto se pas\u00f3 de tener una potencia instalada de 75 kW en l\u00e1mparas de vapor de sodio a tener 28 kW en iluminaci\u00f3n LED, siendo estas \u00faltimas luminarias m\u00e1s eficientes desde el punto de vista lum\u00ednico y energ\u00e9tico, logrando mejores niveles de iluminaci\u00f3n con menor consumo de energ\u00eda.<\/p>\n<p style=\"text-align: justify;\">Adicionalmente, la iluminaci\u00f3n LED es implementada en los nuevos edificios construidos, as\u00ed como en las remodelaciones realizadas. De igual forma se ha realizado un cambio paulatino en los edificios antiguos, logrando a 2020 el 98% de iluminaci\u00f3n LED en el campus.<\/p>\n<p>[\/et_pb_toggle][et_pb_toggle title=&#8221;Uso de sistemas de control de iluminaci\u00f3n&#8221; open_toggle_text_color=&#8221;#4d1965&#8243; open_toggle_background_color=&#8221;#f4f4f4&#8243; closed_toggle_background_color=&#8221;#f4f4f4&#8243; icon_color=&#8221;#4d1965&#8243; _builder_version=&#8221;4.9.7&#8243; _module_preset=&#8221;default&#8221; title_text_color=&#8221;#4d1965&#8243; title_level=&#8221;h4&#8243; title_font=&#8221;|700|||||||&#8221;]<\/p>\n<p style=\"text-align: justify;\">Se cuenta con la plataforma <em>Enterprise Building Integrator-EBI Honeywell<\/em>, la cual es utilizada para monitorear y en algunos casos para controlar los sistemas como puertas, iluminaci\u00f3n, plantas el\u00e9ctricas, medidores de energ\u00eda y temperatura de los transformadores. Estas se\u00f1ales se toman desde cada equipo y se integran a la plataforma para poder remotamente hacer trazabilidad de estos sistemas, tomar acciones de gesti\u00f3n energ\u00e9tica e incluso tomar decisiones remotas sobre los equipos en sitio. Adem\u00e1s, los \u00faltimos 3 edificios construidos cuentan con Software especializado para el control de iluminaci\u00f3n de la firma LUTRON.<\/p>\n<p>[\/et_pb_toggle][et_pb_toggle title=&#8221;Producci\u00f3n de energ\u00edas renovables no convencionales&#8221; open_toggle_text_color=&#8221;#4d1965&#8243; open_toggle_background_color=&#8221;#f4f4f4&#8243; closed_toggle_background_color=&#8221;#f4f4f4&#8243; icon_color=&#8221;#4d1965&#8243; _builder_version=&#8221;4.9.7&#8243; _module_preset=&#8221;default&#8221; title_text_color=&#8221;#4d1965&#8243; title_level=&#8221;h4&#8243; title_font=&#8221;|700|||||||&#8221;]<\/p>\n<p style=\"text-align: justify;\">La Universidad implement\u00f3 un sistema de paneles solares en la cubierta del Edificio de parqueaderos Don Guillermo Castro desde el a\u00f1o 2016. Dicho sistema de paneles solares tiene una capacidad instalada de 13,87 kWp e inyecta directamente a la red de iluminaci\u00f3n del edificio 40 kWh diarios.<\/p>\n<p style=\"text-align: justify;\"><span>\u00a0<\/span>En octubre de 2019 entr\u00f3 en funcionamiento el sistema de generaci\u00f3n solar instalado en la terraza del edificio Jose Gabriel Maldonado S.J., con una capacidad instalada de 20,8 kWp que inyecta diariamente a la red de iluminaci\u00f3n del edificio 65kWh.<\/p>\n<p style=\"text-align: justify;\">El edificio Jose Gabriel Maldonado S,J \u2013 Laboratorios, tambi\u00e9n tiene un sistema de generaci\u00f3n solar que atiende el laboratorio de Inversores de la facultad de Ingenier\u00eda y a su vez inyecta la energ\u00eda generada a la iluminaci\u00f3n del edificio.<\/p>\n<p style=\"text-align: justify;\">Adicionalmente en el campus, se cuenta con 5 estaciones de energ\u00eda solar para la carga de dispositivos m\u00f3viles.<\/p>\n<p>[\/et_pb_toggle][et_pb_toggle title=&#8221;Dise\u00f1o bioclim\u00e1tico en los edificios nuevos&#8221; open_toggle_text_color=&#8221;#4d1965&#8243; open_toggle_background_color=&#8221;#f4f4f4&#8243; closed_toggle_background_color=&#8221;#f4f4f4&#8243; icon_color=&#8221;#4d1965&#8243; _builder_version=&#8221;4.9.7&#8243; _module_preset=&#8221;default&#8221; title_text_color=&#8221;#4d1965&#8243; title_level=&#8221;h4&#8243; title_font=&#8221;|700|||||||&#8221;]<\/p>\n<p style=\"text-align: justify;\">A trav\u00e9s de los dise\u00f1os bioclim\u00e1ticos de los edificios se evita el uso de equipos de refrigeraci\u00f3n y\/o calefacci\u00f3n generando ahorros en el consumo de energ\u00eda y minimizando las emisiones de carbono al ambiente.<\/p>\n<p>[\/et_pb_toggle][et_pb_toggle title=&#8221;Selecci\u00f3n y control de equipos electromec\u00e1nicos favoreciendo a su vez la utilizaci\u00f3n de la ventilaci\u00f3n natural&#8221; open_toggle_text_color=&#8221;#4d1965&#8243; open_toggle_background_color=&#8221;#f4f4f4&#8243; closed_toggle_background_color=&#8221;#f4f4f4&#8243; icon_color=&#8221;#4d1965&#8243; _builder_version=&#8221;4.9.7&#8243; _module_preset=&#8221;default&#8221; title_text_color=&#8221;#4d1965&#8243; title_level=&#8221;h4&#8243; title_font=&#8221;|700|||||||&#8221;][\/et_pb_toggle][et_pb_toggle title=&#8221;Fachadas (vidrios, persianas, segunda piel)&#8221; open_toggle_text_color=&#8221;#4d1965&#8243; open_toggle_background_color=&#8221;#f4f4f4&#8243; closed_toggle_background_color=&#8221;#f4f4f4&#8243; icon_color=&#8221;#4d1965&#8243; _builder_version=&#8221;4.9.7&#8243; _module_preset=&#8221;default&#8221; title_text_color=&#8221;#4d1965&#8243; title_level=&#8221;h4&#8243; title_font=&#8221;|700|||||||&#8221;][\/et_pb_toggle][\/et_pb_column][\/et_pb_row][\/et_pb_section][et_pb_section fb_built=&#8221;1&#8243; _builder_version=&#8221;4.9.7&#8243; _module_preset=&#8221;default&#8221; background_enable_color=&#8221;off&#8221; use_background_color_gradient=&#8221;on&#8221; background_color_gradient_start=&#8221;#4f2a62&#8243; background_color_gradient_end=&#8221;#424242&#8243; background_color_gradient_direction=&#8221;90deg&#8221; background_color_gradient_start_position=&#8221;50%&#8221; background_color_gradient_end_position=&#8221;50%&#8221; background_image=&#8221;https:\/\/www.javeriana.edu.co\/sostenibilidad\/wp-content\/uploads\/2021\/07\/Campus-Sustentable_0005_Javeriana-Sostenible.jpg&#8221; background_blend=&#8221;multiply&#8221; da_disable_devices=&#8221;off|off|off&#8221; da_is_popup=&#8221;off&#8221; da_exit_intent=&#8221;off&#8221; da_has_close=&#8221;on&#8221; da_alt_close=&#8221;off&#8221; da_dark_close=&#8221;off&#8221; da_not_modal=&#8221;on&#8221; da_is_singular=&#8221;off&#8221; da_with_loader=&#8221;off&#8221; da_has_shadow=&#8221;on&#8221;][et_pb_row column_structure=&#8221;1_2,1_2&#8243; _builder_version=&#8221;3.25&#8243; custom_padding=&#8221;27.4219px|0px|11px|0px|false|false&#8221;][et_pb_column type=&#8221;1_2&#8243; _builder_version=&#8221;3.25&#8243; custom_padding=&#8221;|||&#8221; custom_padding__hover=&#8221;|||&#8221;][et_pb_text _builder_version=&#8221;4.9.7&#8243; text_text_color=&#8221;#FFFFFF&#8221; background_layout=&#8221;dark&#8221; border_color_all=&#8221;#FFFFFF&#8221; border_width_bottom=&#8221;1px&#8221;]<\/p>\n<h2 style=\"text-align: center;\"><strong>Metas consumo<\/strong><\/h2>\n<h2 style=\"text-align: center;\"><strong>responsable\u00a0<\/strong><strong>del Agua<\/strong><\/h2>\n<p>[\/et_pb_text][\/et_pb_column][et_pb_column type=&#8221;1_2&#8243; _builder_version=&#8221;3.25&#8243; custom_padding=&#8221;|||&#8221; custom_padding__hover=&#8221;|||&#8221;][et_pb_text _builder_version=&#8221;4.9.7&#8243; text_text_color=&#8221;#FFFFFF&#8221; background_layout=&#8221;dark&#8221; border_color_all=&#8221;#FFFFFF&#8221; border_width_bottom=&#8221;1px&#8221;]<\/p>\n<h2 style=\"text-align: center;\"><strong>Metas Gesti\u00f3n <\/strong><\/h2>\n<h2 style=\"text-align: center;\"><strong>Energ\u00e9tica<\/strong><\/h2>\n<p>[\/et_pb_text][\/et_pb_column][\/et_pb_row][et_pb_row column_structure=&#8221;1_2,1_2&#8243; _builder_version=&#8221;4.9.4&#8243; _module_preset=&#8221;default&#8221;][et_pb_column type=&#8221;1_2&#8243; _builder_version=&#8221;4.9.4&#8243; _module_preset=&#8221;default&#8221;][et_pb_text _builder_version=&#8221;4.9.7&#8243; text_text_color=&#8221;#FFFFFF&#8221; background_layout=&#8221;dark&#8221;]<\/p>\n<ul>\n<li>Mantener en un rango m\u00e1ximo de variaci\u00f3n del 2% el indicador anual de consumo de agua en el campus.<\/li>\n<li>Incrementar en un 50% el uso de los bebederos del campus.<\/li>\n<li>Aumentar en un 10% la captaci\u00f3n y el almacenamiento de agua lluvias para el a\u00f1o 2021.<\/li>\n<\/ul>\n<p>[\/et_pb_text][\/et_pb_column][et_pb_column type=&#8221;1_2&#8243; _builder_version=&#8221;4.9.4&#8243; _module_preset=&#8221;default&#8221;][et_pb_text _builder_version=&#8221;4.9.7&#8243; text_text_color=&#8221;#FFFFFF&#8221; background_layout=&#8221;dark&#8221;]<\/p>\n<ul>\n<li>Mantener incrementos inferiores al 5% en la variaci\u00f3n anual del indicador de Energ\u00eda kWh\/ m<sup>2<\/sup> construido a\u00f1o.<\/li>\n<\/ul>\n<p>[\/et_pb_text][\/et_pb_column][\/et_pb_row][\/et_pb_section][et_pb_section fb_built=&#8221;1&#8243; _builder_version=&#8221;4.9.4&#8243; _module_preset=&#8221;default&#8221; background_color=&#8221;RGBA(0,0,0,0)&#8221; da_disable_devices=&#8221;off|off|off&#8221; da_is_popup=&#8221;off&#8221; da_exit_intent=&#8221;off&#8221; da_has_close=&#8221;on&#8221; da_alt_close=&#8221;off&#8221; da_dark_close=&#8221;off&#8221; da_not_modal=&#8221;on&#8221; da_is_singular=&#8221;off&#8221; da_with_loader=&#8221;off&#8221; da_has_shadow=&#8221;on&#8221;][et_pb_row _builder_version=&#8221;3.25&#8243; custom_padding=&#8221;27.4219px|0px|11px|0px|false|false&#8221;][et_pb_column type=&#8221;4_4&#8243; _builder_version=&#8221;3.25&#8243; custom_padding=&#8221;|||&#8221; custom_padding__hover=&#8221;|||&#8221;][et_pb_text _builder_version=&#8221;4.9.4&#8243; border_width_bottom=&#8221;1px&#8221;]<\/p>\n<h2><span style=\"color: #4d1965;\"><strong>Logros destacados<\/strong><\/span><\/h2>\n<p>[\/et_pb_text][\/et_pb_column][\/et_pb_row][et_pb_row column_structure=&#8221;1_2,1_2&#8243; _builder_version=&#8221;4.9.4&#8243; _module_preset=&#8221;default&#8221;][et_pb_column type=&#8221;1_2&#8243; _builder_version=&#8221;4.9.4&#8243; _module_preset=&#8221;default&#8221;][et_pb_text _builder_version=&#8221;4.9.7&#8243; text_font_size=&#8221;12px&#8221;]<\/p>\n<ul>\n<li style=\"text-align: justify;\">Disminuci\u00f3n del indicador de consumo de agua en un 16% entre el a\u00f1o 2018 y el 2019.<\/li>\n<li style=\"text-align: justify;\">El 90% de los aparatos sanitarios y de grifer\u00eda cuentan con tecnolog\u00eda de ahorro de agua.<\/li>\n<li style=\"text-align: justify;\">Certificaci\u00f3n EDGE preliminar a partir del 44% de ahorro en consumo de agua en la etapa de dise\u00f1o del Edificio Gabriel Maldonado S.J.-Laboratorios.<\/li>\n<li style=\"text-align: justify;\">Certificaci\u00f3n EDGE a partir del 22% de ahorro en consumo de agua en la etapa de dise\u00f1o y construcci\u00f3n del Edificio Gerardo Arango S.J.<\/li>\n<li style=\"text-align: justify;\">Certificaci\u00f3n EDGE Advanced a partir del 39% de ahorro en consumo de agua en la etapa de dise\u00f1o y construcci\u00f3n del Edificio Jorge Hoyos. S.J.<\/li>\n<li style=\"text-align: justify;\">Certificaci\u00f3n EDGE preliminar a partir del 51% de ahorro en consumo de agua en la etapa de dise\u00f1o del Edificio de la Facultad de Ciencias.<\/li>\n<\/ul>\n<p>[\/et_pb_text][\/et_pb_column][et_pb_column type=&#8221;1_2&#8243; _builder_version=&#8221;4.9.4&#8243; _module_preset=&#8221;default&#8221;][et_pb_text _builder_version=&#8221;4.9.7&#8243; text_font_size=&#8221;12px&#8221;]<\/p>\n<ul>\n<li style=\"text-align: justify;\">Implementaci\u00f3n de luminarias 100% LED para atender la Iluminaci\u00f3n exterior del campus.<\/li>\n<li style=\"text-align: justify;\">El indicador de Energ\u00eda \/ m2 construidos a\u00f1o no ha presentado aumentos superiores al 3,8% desde su medici\u00f3n en 2015.<\/li>\n<li style=\"text-align: justify;\">Certificaci\u00f3n EDGE preliminar a partir del 34% de ahorro en energ\u00eda y 40% de menor cantidad de energ\u00eda incorporada en los materiales utilizados en la etapa de dise\u00f1o del Edificio Gabriel Maldonado S.J.-Laboratorios.<\/li>\n<li style=\"text-align: justify;\">Certificaci\u00f3n EDGE plena a partir del 23% de ahorro en energ\u00eda y 44% de menor cantidad de energ\u00eda incorporada en los materiales en la etapa de dise\u00f1o y construcci\u00f3n del Edificio Gerardo Arango S.J.<\/li>\n<li style=\"text-align: justify;\">Certificaci\u00f3n EDGE Advanced a partir del 44% de ahorro en energ\u00eda y 39% de menor cantidad de energ\u00eda incorporada en los materiales en la etapa de dise\u00f1o y construcci\u00f3n del Edificio Jorge Hoyos. S.J.<\/li>\n<li style=\"text-align: justify;\">Certificaci\u00f3n EDGE preliminar a partir del 50% de ahorro en energ\u00eda y 32% de menor cantidad de energ\u00eda incorporada en los materiales en la etapa de dise\u00f1o del Edificio de la Facultad de Ciencias.<\/li>\n<li style=\"text-align: justify;\">Certificaci\u00f3n internacional I-REC por el uso de energ\u00eda 100% renovable para el funcionamiento del campus incluyendo el Hospital Universitario San Ignacio para el a\u00f1o 2020<\/li>\n<\/ul>\n<p>[\/et_pb_text][\/et_pb_column][\/et_pb_row][et_pb_row _builder_version=&#8221;3.25&#8243; custom_padding=&#8221;27.4219px|0px|11px|0px|false|false&#8221;][et_pb_column type=&#8221;4_4&#8243; _builder_version=&#8221;3.25&#8243; custom_padding=&#8221;|||&#8221; custom_padding__hover=&#8221;|||&#8221;][et_pb_text _builder_version=&#8221;4.9.7&#8243; border_width_bottom=&#8221;1px&#8221;]<\/p>\n<h2><span style=\"color: #4d1965;\"><strong>Cifras<\/strong><\/span><\/h2>\n<p>[\/et_pb_text][\/et_pb_column][\/et_pb_row][et_pb_row column_structure=&#8221;1_4,1_4,1_4,1_4&#8243; _builder_version=&#8221;4.9.4&#8243; _module_preset=&#8221;default&#8221;][et_pb_column type=&#8221;1_4&#8243; _builder_version=&#8221;4.9.4&#8243; _module_preset=&#8221;default&#8221;][et_pb_number_counter title=&#8221;de la Energ\u00eda usada en el campus proviene de fuentes renovables.&#8221; number=&#8221;100 &#8221; _builder_version=&#8221;4.9.7&#8243; _module_preset=&#8221;default&#8221; title_text_align=&#8221;center&#8221; title_text_color=&#8221;#4d1965&#8243; title_font_size=&#8221;15px&#8221; number_text_color=&#8221;#4d1965&#8243; number_font_size=&#8221;50px&#8221; hover_enabled=&#8221;0&#8243; sticky_enabled=&#8221;0&#8243;][\/et_pb_number_counter][\/et_pb_column][et_pb_column type=&#8221;1_4&#8243; _builder_version=&#8221;4.9.4&#8243; _module_preset=&#8221;default&#8221;][et_pb_number_counter title=&#8221;kWh\/m2 es el consumo de energ\u00eda promedio del campus al a\u00f1o &#8221; number=&#8221;53.6&#8243; percent_sign=&#8221;off&#8221; _builder_version=&#8221;4.9.7&#8243; _module_preset=&#8221;default&#8221; title_text_align=&#8221;center&#8221; title_text_color=&#8221;#4d1965&#8243; title_font_size=&#8221;15px&#8221; number_text_color=&#8221;#4d1965&#8243; number_font_size=&#8221;50px&#8221;][\/et_pb_number_counter][\/et_pb_column][et_pb_column type=&#8221;1_4&#8243; _builder_version=&#8221;4.9.4&#8243; _module_preset=&#8221;default&#8221;][et_pb_number_counter title=&#8221;kWp es la potencia instalada en generaci\u00f3n solar&#8221; number=&#8221;52.7&#8243; percent_sign=&#8221;off&#8221; _builder_version=&#8221;4.9.7&#8243; _module_preset=&#8221;default&#8221; title_text_align=&#8221;center&#8221; title_text_color=&#8221;#4d1965&#8243; title_font_size=&#8221;15px&#8221; number_text_color=&#8221;#4d1965&#8243; number_font_size=&#8221;50px&#8221;][\/et_pb_number_counter][\/et_pb_column][et_pb_column type=&#8221;1_4&#8243; _builder_version=&#8221;4.9.4&#8243; _module_preset=&#8221;default&#8221;][et_pb_number_counter title=&#8221;de aires acondicionados libres de HCFC&#8221; number=&#8221;100&#8243; _builder_version=&#8221;4.9.7&#8243; _module_preset=&#8221;default&#8221; title_text_align=&#8221;center&#8221; title_text_color=&#8221;#4d1965&#8243; title_font_size=&#8221;15px&#8221; number_text_color=&#8221;#4d1965&#8243; number_font_size=&#8221;50px&#8221; hover_enabled=&#8221;0&#8243; sticky_enabled=&#8221;0&#8243;][\/et_pb_number_counter][\/et_pb_column][\/et_pb_row][et_pb_row column_structure=&#8221;1_4,1_4,1_4,1_4&#8243; _builder_version=&#8221;4.9.4&#8243; _module_preset=&#8221;default&#8221;][et_pb_column type=&#8221;1_4&#8243; _builder_version=&#8221;4.9.4&#8243; _module_preset=&#8221;default&#8221;][et_pb_number_counter title=&#8221;toneladas de CO2 se han dejado de emitir gracias a los sistemas de control de iluminaci\u00f3n y eficiencia energ\u00e9tica&#8221; number=&#8221;900&#8243; percent_sign=&#8221;off&#8221; _builder_version=&#8221;4.9.7&#8243; _module_preset=&#8221;default&#8221; title_text_align=&#8221;center&#8221; title_text_color=&#8221;#4d1965&#8243; title_font_size=&#8221;15px&#8221; number_text_color=&#8221;#4d1965&#8243; number_font_size=&#8221;50px&#8221;][\/et_pb_number_counter][\/et_pb_column][et_pb_column type=&#8221;1_4&#8243; _builder_version=&#8221;4.9.4&#8243; _module_preset=&#8221;default&#8221;][et_pb_number_counter title=&#8221;cuentas contrato de acueducto&#8221; number=&#8221;31&#8243; percent_sign=&#8221;off&#8221; _builder_version=&#8221;4.9.7&#8243; _module_preset=&#8221;default&#8221; title_text_align=&#8221;center&#8221; title_text_color=&#8221;#4d1965&#8243; title_font_size=&#8221;15px&#8221; number_text_color=&#8221;#4d1965&#8243; number_font_size=&#8221;50px&#8221;][\/et_pb_number_counter][\/et_pb_column][et_pb_column type=&#8221;1_4&#8243; _builder_version=&#8221;4.9.4&#8243; _module_preset=&#8221;default&#8221;][et_pb_number_counter title=&#8221;Tanques de reserva de agua de Acueducto&#8221; number=&#8221;36&#8243; percent_sign=&#8221;off&#8221; _builder_version=&#8221;4.9.7&#8243; _module_preset=&#8221;default&#8221; title_text_align=&#8221;center&#8221; title_text_color=&#8221;#4d1965&#8243; title_font_size=&#8221;15px&#8221; number_text_color=&#8221;#4d1965&#8243; number_font_size=&#8221;50px&#8221;][\/et_pb_number_counter][\/et_pb_column][et_pb_column type=&#8221;1_4&#8243; _builder_version=&#8221;4.9.4&#8243; _module_preset=&#8221;default&#8221;][et_pb_number_counter title=&#8221;Tanques de reserva de agua lluvia&#8221; number=&#8221;3&#8243; percent_sign=&#8221;off&#8221; _builder_version=&#8221;4.9.7&#8243; _module_preset=&#8221;default&#8221; title_text_align=&#8221;center&#8221; title_text_color=&#8221;#4d1965&#8243; title_font_size=&#8221;15px&#8221; number_text_color=&#8221;#4d1965&#8243; number_font_size=&#8221;50px&#8221;][\/et_pb_number_counter][\/et_pb_column][\/et_pb_row][et_pb_row column_structure=&#8221;1_4,1_4,1_4,1_4&#8243; _builder_version=&#8221;4.9.4&#8243; _module_preset=&#8221;default&#8221;][et_pb_column type=&#8221;1_4&#8243; _builder_version=&#8221;4.9.4&#8243; _module_preset=&#8221;default&#8221;][et_pb_number_counter title=&#8221;Sanitarios que integran descarga variable o sensor&#8221; number=&#8221;910&#8243; percent_sign=&#8221;off&#8221; _builder_version=&#8221;4.9.7&#8243; _module_preset=&#8221;default&#8221; title_text_align=&#8221;center&#8221; title_text_color=&#8221;#4d1965&#8243; title_font_size=&#8221;15px&#8221; number_text_color=&#8221;#4d1965&#8243; number_font_size=&#8221;50px&#8221;][\/et_pb_number_counter][\/et_pb_column][et_pb_column type=&#8221;1_4&#8243; _builder_version=&#8221;4.9.4&#8243; _module_preset=&#8221;default&#8221;][et_pb_number_counter title=&#8221;orinales ecol\u00f3gicos (secos) que reducen el consumo de agua&#8221; number=&#8221;32&#8243; percent_sign=&#8221;off&#8221; _builder_version=&#8221;4.9.7&#8243; _module_preset=&#8221;default&#8221; title_text_align=&#8221;center&#8221; title_text_color=&#8221;#4d1965&#8243; title_font_size=&#8221;15px&#8221; number_text_color=&#8221;#4d1965&#8243; number_font_size=&#8221;50px&#8221;][\/et_pb_number_counter][\/et_pb_column][et_pb_column type=&#8221;1_4&#8243; _builder_version=&#8221;4.9.4&#8243; _module_preset=&#8221;default&#8221;][et_pb_number_counter title=&#8221;lavamanos con mecanismos de ahorro&#8221; number=&#8221;912&#8243; percent_sign=&#8221;off&#8221; _builder_version=&#8221;4.9.7&#8243; _module_preset=&#8221;default&#8221; title_text_align=&#8221;center&#8221; title_text_color=&#8221;#4d1965&#8243; title_font_size=&#8221;15px&#8221; number_text_color=&#8221;#4d1965&#8243; number_font_size=&#8221;50px&#8221;][\/et_pb_number_counter][\/et_pb_column][et_pb_column type=&#8221;1_4&#8243; _builder_version=&#8221;4.9.4&#8243; _module_preset=&#8221;default&#8221;][et_pb_number_counter title=&#8221;Bebederos con sistema para llenado de botellas&#8221; number=&#8221;28&#8243; percent_sign=&#8221;off&#8221; _builder_version=&#8221;4.9.7&#8243; _module_preset=&#8221;default&#8221; title_text_align=&#8221;center&#8221; title_text_color=&#8221;#4d1965&#8243; title_font_size=&#8221;15px&#8221; number_text_color=&#8221;#4d1965&#8243; number_font_size=&#8221;50px&#8221;][\/et_pb_number_counter][\/et_pb_column][\/et_pb_row][\/et_pb_section][et_pb_section fb_built=&#8221;1&#8243; _builder_version=&#8221;4.9.4&#8243; _module_preset=&#8221;default&#8221; custom_padding=&#8221;||29px|||&#8221; da_disable_devices=&#8221;off|off|off&#8221; da_is_popup=&#8221;off&#8221; da_exit_intent=&#8221;off&#8221; da_has_close=&#8221;on&#8221; da_alt_close=&#8221;off&#8221; da_dark_close=&#8221;off&#8221; da_not_modal=&#8221;on&#8221; da_is_singular=&#8221;off&#8221; da_with_loader=&#8221;off&#8221; da_has_shadow=&#8221;on&#8221;][et_pb_row column_structure=&#8221;1_2,1_2&#8243; _builder_version=&#8221;4.9.7&#8243; _module_preset=&#8221;default&#8221;][et_pb_column type=&#8221;1_2&#8243; _builder_version=&#8221;4.9.7&#8243; _module_preset=&#8221;default&#8221;][et_pb_video src=&#8221;https:\/\/www.youtube.com\/watch?v=fIw-L&#8211;aDyU&#8221; _builder_version=&#8221;4.9.7&#8243; _module_preset=&#8221;default&#8221; src__hover_enabled=&#8221;off|desktop&#8221; image_src__hover_enabled=&#8221;off|hover&#8221;][\/et_pb_video][\/et_pb_column][et_pb_column type=&#8221;1_2&#8243; _builder_version=&#8221;4.9.7&#8243; _module_preset=&#8221;default&#8221;][et_pb_video src=&#8221;https:\/\/www.youtube.com\/watch?v=58LRuyeKa6A&#8221; _builder_version=&#8221;4.9.7&#8243; _module_preset=&#8221;default&#8221;][\/et_pb_video][\/et_pb_column][\/et_pb_row][et_pb_row _builder_version=&#8221;4.9.7&#8243; _module_preset=&#8221;default&#8221; custom_padding=&#8221;||0px|||&#8221;][et_pb_column type=&#8221;4_4&#8243; _builder_version=&#8221;4.9.4&#8243; _module_preset=&#8221;default&#8221;][et_pb_gallery gallery_ids=&#8221;4320,4321,4322,4323,4324&#8243; gallery_orderby=&#8221;rand&#8221; show_title_and_caption=&#8221;off&#8221; zoom_icon_color=&#8221;#FFFFFF&#8221; hover_overlay_color=&#8221;#000000&#8243; hover_icon=&#8221;%%47%%&#8221; _builder_version=&#8221;4.9.7&#8243; _module_preset=&#8221;default&#8221; pagination_text_align=&#8221;center&#8221; pagination_font_size=&#8221;10px&#8221; module_alignment=&#8221;center&#8221; border_style_all=&#8221;none&#8221; border_radii_image=&#8221;on|26px|26px|26px|26px&#8221; border_color_all_image=&#8221;RGBA(0,0,0,0)&#8221; custom_margin__hover_enabled=&#8221;off|desktop&#8221;][\/et_pb_gallery][et_pb_video _builder_version=&#8221;4.9.7&#8243; _module_preset=&#8221;default&#8221;][\/et_pb_video][\/et_pb_column][\/et_pb_row][\/et_pb_section][et_pb_section fb_built=&#8221;1&#8243; _builder_version=&#8221;4.9.4&#8243; _module_preset=&#8221;default&#8221; background_color=&#8221;rgba(79,42,98,0.09)&#8221; da_disable_devices=&#8221;off|off|off&#8221; da_is_popup=&#8221;off&#8221; da_exit_intent=&#8221;off&#8221; da_has_close=&#8221;on&#8221; da_alt_close=&#8221;off&#8221; da_dark_close=&#8221;off&#8221; da_not_modal=&#8221;on&#8221; da_is_singular=&#8221;off&#8221; da_with_loader=&#8221;off&#8221; da_has_shadow=&#8221;on&#8221;][et_pb_row _builder_version=&#8221;3.25&#8243; custom_padding=&#8221;27.4219px|0px|11px|0px|false|false&#8221;][et_pb_column type=&#8221;4_4&#8243; _builder_version=&#8221;3.25&#8243; custom_padding=&#8221;|||&#8221; custom_padding__hover=&#8221;|||&#8221;][et_pb_text _builder_version=&#8221;4.9.7&#8243; border_width_bottom=&#8221;1px&#8221;]<\/p>\n<h2><span style=\"color: #4d1965;\"><span style=\"caret-color: #4d1965;\"><b>Contacto<\/b><\/span><\/span><\/h2>\n<p>[\/et_pb_text][\/et_pb_column][\/et_pb_row][et_pb_row column_structure=&#8221;1_2,1_2&#8243; _builder_version=&#8221;4.9.7&#8243; _module_preset=&#8221;default&#8221;][et_pb_column type=&#8221;1_2&#8243; _builder_version=&#8221;4.9.7&#8243; _module_preset=&#8221;default&#8221;][et_pb_text _builder_version=&#8221;4.9.7&#8243;]<\/p>\n<div title=\"Page 4\">\n<p><strong>Nombre<\/strong>: Heloisa Angarita Lacouture<\/p>\n<p><strong>Tel\u00e9fono<\/strong>: 317 434 8521<\/p>\n<p><strong>Correo<\/strong>: angaritah@javeriana.edu.co<\/p>\n<p><strong>Cargo<\/strong>: Coordinador Infraestructura F\u00edsica<\/p>\n<\/div>\n<p>[\/et_pb_text][\/et_pb_column][et_pb_column type=&#8221;1_2&#8243; _builder_version=&#8221;4.9.7&#8243; _module_preset=&#8221;default&#8221;][et_pb_text _builder_version=&#8221;4.9.7&#8243;]<\/p>\n<div title=\"Page 4\">\n<p><strong>Nombre:<\/strong> Pablo Andr\u00e9s Le\u00f3n Zapata<\/p>\n<p><strong>Tel\u00e9fono:<\/strong> 316 471 8799<\/p>\n<p><strong>Correo:<\/strong> pablo.leon@javeriana.edu.co<\/p>\n<p><strong>Cargo:<\/strong> Coordinador Infraestructura El\u00e9ctrica<\/p>\n<\/div>\n<p>[\/et_pb_text][\/et_pb_column][\/et_pb_row][\/et_pb_section][et_pb_section fb_built=&#8221;1&#8243; _builder_version=&#8221;3.22&#8243; background_color=&#8221;#f9cf1c&#8221; custom_padding=&#8221;54px|0px|18px|0px|false|false&#8221; da_disable_devices=&#8221;off|off|off&#8221; box_shadow_style=&#8221;preset1&#8243; box_shadow_blur=&#8221;7px&#8221; global_module=&#8221;3654&#8243; saved_tabs=&#8221;all&#8221; da_is_popup=&#8221;off&#8221; da_exit_intent=&#8221;off&#8221; da_has_close=&#8221;on&#8221; da_alt_close=&#8221;off&#8221; da_dark_close=&#8221;off&#8221; da_not_modal=&#8221;on&#8221; da_is_singular=&#8221;off&#8221; da_with_loader=&#8221;off&#8221; da_has_shadow=&#8221;on&#8221;][et_pb_row column_structure=&#8221;1_3,1_3,1_3&#8243; _builder_version=&#8221;3.25&#8243; custom_padding=&#8221;0px||0px&#8221;][et_pb_column type=&#8221;1_3&#8243; _builder_version=&#8221;3.25&#8243; custom_padding=&#8221;|||&#8221; custom_padding__hover=&#8221;|||&#8221;][et_pb_text _builder_version=&#8221;3.27.4&#8243;]<\/p>\n<div class=\"et_pb_module et_pb_text et_pb_text_29 et_pb_bg_layout_light  et_pb_text_align_left\">\n<p class=\"et_pb_text_inner\"><span style=\"color: #000000;\"><strong>Pontificia Universidad Javeriana<\/strong><\/span><\/p>\n<p class=\"et_pb_text_inner\"><span style=\"color: #000000;\"><strong><\/strong><\/span><\/p>\n<div class=\"et_pb_text_inner\">\n<p class=\"font_9\"><span style=\"color: #000000;\">Bogot\u00e1 D.C.- Colombia<\/span><\/p>\n<p class=\"font_9\"><span style=\"color: #000000;\">Carrera 7 No. 40 &#8211; 62 &#8211; Tel: (57 1) 3208320<\/span><\/p>\n<p class=\"font_9\"><span style=\"text-decoration: underline;\"><span style=\"color: #000000; text-decoration: underline;\"><a href=\"https:\/\/www.javeriana.edu.co\/documents\/10179\/9567882\/Acuerdo+No+657.pdf\" target=\"_blank\" rel=\"nofollow noopener noreferrer\" data-content=\"https:\/\/www.javeriana.edu.co\/documents\/10179\/9567882\/Acuerdo+No+657.pdf\" data-type=\"external\" style=\"color: #000000; text-decoration: underline;\">Pol\u00edtica de protecci\u00f3n de datos personales<\/a><\/span><\/span><\/p>\n<p class=\"font_9\"><span style=\"text-decoration: underline;\"><span style=\"color: #000000; text-decoration: underline;\"><a href=\"https:\/\/www.javeriana.edu.co\/documents\/10179\/0\/Aviso+de+Privacidad+2018\" target=\"_blank\" rel=\"nofollow noopener noreferrer\" data-content=\"https:\/\/www.javeriana.edu.co\/documents\/10179\/0\/Aviso+de+Privacidad+2018\" data-type=\"external\" style=\"color: #000000; text-decoration: underline;\">Aviso de privacidad<\/a><a href=\"https:\/\/www.javeriana.edu.co\/documents\/10179\/0\/Aviso+de+Privacidad+2018\" target=\"_blank\" rel=\"nofollow noopener noreferrer\" data-content=\"https:\/\/www.javeriana.edu.co\/documents\/10179\/0\/Aviso+de+Privacidad+2018\" data-type=\"external\" style=\"color: #000000; text-decoration: underline;\">\u00a0|\u00a0<\/a><a href=\"https:\/\/www.javeriana.edu.co\/documents\/10179\/0\/NOTA+DE+RESERVA+DE+DERECHOS+SITIO+WEB+UNIJAVERIANA.pdf\/50120fbe-e32e-41e1-861f-e77b9e19d694\" target=\"_blank\" rel=\"nofollow noopener noreferrer\" data-content=\"https:\/\/www.javeriana.edu.co\/documents\/10179\/0\/NOTA+DE+RESERVA+DE+DERECHOS+SITIO+WEB+UNIJAVERIANA.pdf\/50120fbe-e32e-41e1-861f-e77b9e19d694\" data-type=\"external\" style=\"color: #000000; text-decoration: underline;\">Condiciones de uso y t\u00e9rminos legales<\/a><\/span><\/span><\/p>\n<\/div>\n<\/div>\n<div class=\"et_pb_module et_pb_text et_pb_text_30 et_pb_bg_layout_light  et_pb_text_align_left\">\n<div class=\"et_pb_text_inner\"><\/div>\n<\/div>\n<p>[\/et_pb_text][\/et_pb_column][et_pb_column type=&#8221;1_3&#8243; _builder_version=&#8221;3.25&#8243; custom_padding=&#8221;|||&#8221; custom_padding__hover=&#8221;|||&#8221;][et_pb_text _builder_version=&#8221;4.9.7&#8243;]<\/p>\n<div class=\"et_pb_module et_pb_text et_pb_text_29 et_pb_bg_layout_light et_pb_text_align_left\">\n<p class=\"et_pb_text_inner\"><span style=\"color: #000000; font-size: 14px;\"><b>Comun\u00edcate con nosotros<\/b><\/span><\/p>\n<p class=\"et_pb_text_inner\"><span style=\"color: #000000;\">pujsostenible@javeriana.edu.co<\/span><\/p>\n<div class=\"et_pb_text_inner\">\u00a0<\/div>\n<\/div>\n<div class=\"et_pb_module et_pb_text et_pb_text_30 et_pb_bg_layout_light et_pb_text_align_left\">\n<div class=\"et_pb_text_inner\">\u00a0<\/div>\n<\/div>\n<p>[\/et_pb_text][et_pb_text _builder_version=&#8221;3.27.4&#8243;]<\/p>\n<div class=\"et_pb_module et_pb_text et_pb_text_29 et_pb_bg_layout_light  et_pb_text_align_left\">\n<p class=\"et_pb_text_inner\"><span style=\"color: #000000; font-size: 14px;\"><b>Enlaces r\u00e1pidos:<\/b><\/span><\/p>\n<ul>\n<li class=\"et_pb_text_inner\"><span style=\"font-size: 14px;\"><a href=\"https:\/\/www.javeriana.edu.co\/vicerrectoria-del-medio-universitario\/historia-verde\"><span style=\"text-decoration: underline;\"><span style=\"color: #000000; text-decoration: underline;\">Historia Verde<\/span><\/span><\/a><\/span><\/li>\n<li class=\"et_pb_text_inner\"><span style=\"text-decoration: underline; font-size: 14px;\"><a href=\"https:\/\/www.javeriana.edu.co\/laudatosi\"><span color=\"#000000\" style=\"color: #000000; text-decoration: underline;\">Simposio Laudato SI&#8217;<\/span><\/a><\/span><\/li>\n<li class=\"et_pb_text_inner\"><span style=\"font-size: 14px;\"><a href=\"https:\/\/www.javeriana.edu.co\/pacto-educativo-global\"><span style=\"text-decoration: underline;\"><span color=\"#000000\" style=\"color: #000000; text-decoration: underline;\">Pacto Educativo Global<\/span><\/span><\/a><\/span><\/li>\n<\/ul>\n<\/div>\n<div class=\"et_pb_module et_pb_text et_pb_text_30 et_pb_bg_layout_light  et_pb_text_align_left\">\n<div class=\"et_pb_text_inner\"><\/div>\n<\/div>\n<p>[\/et_pb_text][\/et_pb_column][et_pb_column type=&#8221;1_3&#8243; _builder_version=&#8221;3.25&#8243; custom_padding=&#8221;|||&#8221; custom_padding__hover=&#8221;|||&#8221;][et_pb_text _builder_version=&#8221;3.27.4&#8243; custom_margin=&#8221;||10px&#8221; custom_padding=&#8221;||0px&#8221;]<\/p>\n<p><span style=\"color: #000000;\"><strong>S\u00edguenos\u00a0en nuestras redes sociales:<\/strong><\/span><\/p>\n<p>[\/et_pb_text][et_pb_social_media_follow _builder_version=&#8221;3.19.13&#8243; text_orientation=&#8221;left&#8221;][et_pb_social_media_follow_network social_network=&#8221;facebook&#8221; url=&#8221;https:\/\/www.facebook.com\/javerianasostenible&#8221; _builder_version=&#8221;3.19.13&#8243; background_color=&#8221;#3b5998&#8243; follow_button=&#8221;off&#8221; url_new_window=&#8221;on&#8221;]facebook[\/et_pb_social_media_follow_network][et_pb_social_media_follow_network social_network=&#8221;twitter&#8221; url=&#8221;https:\/\/twitter.com\/pujsostenible&#8221; _builder_version=&#8221;3.19.13&#8243; background_color=&#8221;#00aced&#8221; follow_button=&#8221;off&#8221; url_new_window=&#8221;on&#8221;]twitter[\/et_pb_social_media_follow_network][et_pb_social_media_follow_network social_network=&#8221;instagram&#8221; url=&#8221;https:\/\/www.instagram.com\/javerianasostenible\/&#8221; _builder_version=&#8221;3.19.13&#8243; background_color=&#8221;#ea2c59&#8243; follow_button=&#8221;off&#8221; url_new_window=&#8221;on&#8221;]instagram[\/et_pb_social_media_follow_network][et_pb_social_media_follow_network social_network=&#8221;youtube&#8221; url=&#8221;https:\/\/www.youtube.com\/channel\/UCPNmg7EnPrHm3mpBIEfAwaQ\/featured?view_as=subscriber&#8221; _builder_version=&#8221;3.19.13&#8243; background_color=&#8221;#a82400&#8243; follow_button=&#8221;off&#8221; url_new_window=&#8221;on&#8221;]youtube[\/et_pb_social_media_follow_network][\/et_pb_social_media_follow][\/et_pb_column][\/et_pb_row][\/et_pb_section]<\/p>\n","protected":false},"excerpt":{"rendered":"<p>Consumo responsable del AguaEl agua es un recurso vital e indispensable para los seres humanos y el planeta. Por esto y en coherencia con el cuidado de nuestra casa com\u00fan, la Universidad gestiona su consumo de forma responsable y desarrolla acciones en pro del ahorro de \u00e9sta. Para el consumo de la comunidad y el [&hellip;]<\/p>\n","protected":false},"author":2,"featured_media":0,"parent":3581,"menu_order":0,"comment_status":"closed","ping_status":"closed","template":"","meta":{"_et_pb_use_builder":"on","_et_pb_old_content":"","_et_gb_content_width":"","footnotes":""},"class_list":["post-4306","page","type-page","status-publish","hentry"],"_links":{"self":[{"href":"https:\/\/www.javeriana.edu.co\/sostenibilidad\/wp-json\/wp\/v2\/pages\/4306","targetHints":{"allow":["GET"]}}],"collection":[{"href":"https:\/\/www.javeriana.edu.co\/sostenibilidad\/wp-json\/wp\/v2\/pages"}],"about":[{"href":"https:\/\/www.javeriana.edu.co\/sostenibilidad\/wp-json\/wp\/v2\/types\/page"}],"author":[{"embeddable":true,"href":"https:\/\/www.javeriana.edu.co\/sostenibilidad\/wp-json\/wp\/v2\/users\/2"}],"replies":[{"embeddable":true,"href":"https:\/\/www.javeriana.edu.co\/sostenibilidad\/wp-json\/wp\/v2\/comments?post=4306"}],"version-history":[{"count":11,"href":"https:\/\/www.javeriana.edu.co\/sostenibilidad\/wp-json\/wp\/v2\/pages\/4306\/revisions"}],"predecessor-version":[{"id":4420,"href":"https:\/\/www.javeriana.edu.co\/sostenibilidad\/wp-json\/wp\/v2\/pages\/4306\/revisions\/4420"}],"up":[{"embeddable":true,"href":"https:\/\/www.javeriana.edu.co\/sostenibilidad\/wp-json\/wp\/v2\/pages\/3581"}],"wp:attachment":[{"href":"https:\/\/www.javeriana.edu.co\/sostenibilidad\/wp-json\/wp\/v2\/media?parent=4306"}],"curies":[{"name":"wp","href":"https:\/\/api.w.org\/{rel}","templated":true}]}}