{"id":4416,"date":"2021-07-28T16:18:28","date_gmt":"2021-07-28T21:18:28","guid":{"rendered":"https:\/\/www.javeriana.edu.co\/sostenibilidad\/?page_id=4416"},"modified":"2021-07-29T12:00:25","modified_gmt":"2021-07-29T17:00:25","slug":"relacion-con-el-entorno","status":"publish","type":"page","link":"https:\/\/www.javeriana.edu.co\/sostenibilidad\/campus-sustentable\/relacion-con-el-entorno\/","title":{"rendered":"Relaci\u00f3n con el Entorno"},"content":{"rendered":"<p>[et_pb_section fb_built=&#8221;1&#8243; fullwidth=&#8221;on&#8221; _builder_version=&#8221;4.9.4&#8243; _module_preset=&#8221;default&#8221; da_disable_devices=&#8221;off|off|off&#8221; da_is_popup=&#8221;off&#8221; da_exit_intent=&#8221;off&#8221; da_has_close=&#8221;on&#8221; da_alt_close=&#8221;off&#8221; da_dark_close=&#8221;off&#8221; da_not_modal=&#8221;on&#8221; da_is_singular=&#8221;off&#8221; da_with_loader=&#8221;off&#8221; da_has_shadow=&#8221;on&#8221;][et_pb_fullwidth_image src=&#8221;https:\/\/www.javeriana.edu.co\/sostenibilidad\/wp-content\/uploads\/2021\/07\/Pagina-Javeriana-Sostenible_26-copia-5.jpg&#8221; title_text=&#8221;Pagina Javeriana Sostenible_26 copia 5&#8243; _builder_version=&#8221;4.9.7&#8243; _module_preset=&#8221;default&#8221;][\/et_pb_fullwidth_image][\/et_pb_section][et_pb_section fb_built=&#8221;1&#8243; _builder_version=&#8221;4.9.4&#8243; da_disable_devices=&#8221;off|off|off&#8221; da_is_popup=&#8221;off&#8221; da_exit_intent=&#8221;off&#8221; da_has_close=&#8221;on&#8221; da_alt_close=&#8221;off&#8221; da_dark_close=&#8221;off&#8221; da_not_modal=&#8221;on&#8221; da_is_singular=&#8221;off&#8221; da_with_loader=&#8221;off&#8221; da_has_shadow=&#8221;on&#8221;][et_pb_row _builder_version=&#8221;3.25&#8243; custom_padding=&#8221;27.4219px|0px|11px|0px|false|false&#8221;][et_pb_column type=&#8221;4_4&#8243; _builder_version=&#8221;3.25&#8243; custom_padding=&#8221;|||&#8221; custom_padding__hover=&#8221;|||&#8221;][et_pb_button button_text=&#8221;Campus Sustentable&#8221; _builder_version=&#8221;4.9.4&#8243; _module_preset=&#8221;default&#8221; custom_button=&#8221;on&#8221; button_text_size=&#8221;13px&#8221; button_text_color=&#8221;#4f2a62&#8243; button_border_width=&#8221;0px&#8221; button_border_radius=&#8221;0px&#8221; button_font=&#8221;|300|||||||&#8221; button_icon=&#8221;%%2%%&#8221; button_icon_color=&#8221;#4f2a62&#8243; button_icon_placement=&#8221;left&#8221; button_on_hover=&#8221;off&#8221;][\/et_pb_button][et_pb_text _builder_version=&#8221;4.9.7&#8243; border_width_bottom=&#8221;1px&#8221;]<\/p>\n<h2><span style=\"color: #4d1965;\"><b>Relaci\u00f3n con el Entorno<\/b><\/span><\/h2>\n<p>[\/et_pb_text][\/et_pb_column][\/et_pb_row][et_pb_row column_structure=&#8221;1_2,1_2&#8243; _builder_version=&#8221;3.25&#8243; custom_padding=&#8221;21px|0px|19px|0px|false|false&#8221;][et_pb_column type=&#8221;1_2&#8243; _builder_version=&#8221;3.25&#8243; custom_padding=&#8221;|||&#8221; custom_padding__hover=&#8221;|||&#8221;][et_pb_text _builder_version=&#8221;4.9.7&#8243; custom_margin=&#8221;5%||||false|false&#8221;]<\/p>\n<div class=\"page\" title=\"Page 4\">\n<div class=\"section\">\n<div class=\"layoutArea\">\n<div class=\"column\">\n<p style=\"text-align: justify;\">Favorecer el desarrollo de acciones tendientes a mejorar nuestras relaciones con el entorno inmediato y que contribuyan a reducir el impacto socio ambiental negativo que se genera en la vecindad del Campus y hacia visitantes no habituales.<\/p>\n<\/div>\n<\/div>\n<\/div>\n<\/div>\n<p>[\/et_pb_text][\/et_pb_column][et_pb_column type=&#8221;1_2&#8243; _builder_version=&#8221;3.25&#8243; custom_padding=&#8221;|||&#8221; custom_padding__hover=&#8221;|||&#8221;][et_pb_video src=&#8221;https:\/\/www.youtube.com\/watch?v=XTI9PLtUi2A&#8221; _builder_version=&#8221;4.9.7&#8243; _module_preset=&#8221;default&#8221;][\/et_pb_video][\/et_pb_column][\/et_pb_row][\/et_pb_section][et_pb_section fb_built=&#8221;1&#8243; _builder_version=&#8221;4.9.7&#8243; _module_preset=&#8221;default&#8221; background_enable_color=&#8221;off&#8221; use_background_color_gradient=&#8221;on&#8221; background_color_gradient_start=&#8221;#4f2a62&#8243; background_color_gradient_end=&#8221;rgba(79,42,98,0.5)&#8221; background_image=&#8221;https:\/\/www.javeriana.edu.co\/sostenibilidad\/wp-content\/uploads\/2020\/10\/Copia-de-DRON-HOYOS3.jpg&#8221; background_size=&#8221;initial&#8221; background_blend=&#8221;multiply&#8221; da_disable_devices=&#8221;off|off|off&#8221; da_is_popup=&#8221;off&#8221; da_exit_intent=&#8221;off&#8221; da_has_close=&#8221;on&#8221; da_alt_close=&#8221;off&#8221; da_dark_close=&#8221;off&#8221; da_not_modal=&#8221;on&#8221; da_is_singular=&#8221;off&#8221; da_with_loader=&#8221;off&#8221; da_has_shadow=&#8221;on&#8221;][et_pb_row _builder_version=&#8221;3.25&#8243; custom_padding=&#8221;27.4219px|0px|11px|0px|false|false&#8221;][et_pb_column type=&#8221;4_4&#8243; _builder_version=&#8221;3.25&#8243; custom_padding=&#8221;|||&#8221; custom_padding__hover=&#8221;|||&#8221;][et_pb_text _builder_version=&#8221;4.9.4&#8243; text_text_color=&#8221;#FFFFFF&#8221; background_layout=&#8221;dark&#8221; border_color_all=&#8221;#FFFFFF&#8221; border_width_bottom=&#8221;1px&#8221;]<\/p>\n<h2><strong>Metas<\/strong><\/h2>\n<p>[\/et_pb_text][\/et_pb_column][\/et_pb_row][et_pb_row column_structure=&#8221;1_3,1_3,1_3&#8243; _builder_version=&#8221;4.9.4&#8243; _module_preset=&#8221;default&#8221;][et_pb_column type=&#8221;1_3&#8243; _builder_version=&#8221;4.9.4&#8243; _module_preset=&#8221;default&#8221;][et_pb_text _builder_version=&#8221;4.9.7&#8243; text_text_color=&#8221;#FFFFFF&#8221; background_layout=&#8221;dark&#8221;]<\/p>\n<ul>\n<li style=\"text-align: justify;\">Promover la articulaci\u00f3n interinstitucional de entidades p\u00fablicas y privadas entorno a la protecci\u00f3n y el cuidado socio ambiental de la de la ciudad de Bogot\u00e1.<\/li>\n<\/ul>\n<p>[\/et_pb_text][\/et_pb_column][et_pb_column type=&#8221;1_3&#8243; _builder_version=&#8221;4.9.4&#8243; _module_preset=&#8221;default&#8221;][et_pb_text _builder_version=&#8221;4.9.7&#8243; text_text_color=&#8221;#FFFFFF&#8221; background_layout=&#8221;dark&#8221;]<\/p>\n<ul>\n<li style=\"text-align: justify;\">Contribuir a la planeaci\u00f3n ecol\u00f3gica y ambiental, particularmente en la localidad de Chapinero y sus alrededores.<\/li>\n<\/ul>\n<p>[\/et_pb_text][\/et_pb_column][et_pb_column type=&#8221;1_3&#8243; _builder_version=&#8221;4.9.4&#8243; _module_preset=&#8221;default&#8221;][et_pb_text _builder_version=&#8221;4.9.7&#8243; text_text_color=&#8221;#FFFFFF&#8221; background_layout=&#8221;dark&#8221;]<\/p>\n<ul>\n<li style=\"text-align: justify;\">Implementar acciones formativas que fomenten pr\u00e1cticas sostenibles hacia la convivencia, la seguridad y la adecuada movilidad.<\/li>\n<\/ul>\n<p>[\/et_pb_text][\/et_pb_column][\/et_pb_row][\/et_pb_section][et_pb_section fb_built=&#8221;1&#8243; _builder_version=&#8221;4.9.4&#8243; _module_preset=&#8221;default&#8221; background_color=&#8221;RGBA(0,0,0,0)&#8221; da_disable_devices=&#8221;off|off|off&#8221; da_is_popup=&#8221;off&#8221; da_exit_intent=&#8221;off&#8221; da_has_close=&#8221;on&#8221; da_alt_close=&#8221;off&#8221; da_dark_close=&#8221;off&#8221; da_not_modal=&#8221;on&#8221; da_is_singular=&#8221;off&#8221; da_with_loader=&#8221;off&#8221; da_has_shadow=&#8221;on&#8221;][et_pb_row _builder_version=&#8221;3.25&#8243; custom_padding=&#8221;27.4219px|0px|11px|0px|false|false&#8221;][et_pb_column type=&#8221;4_4&#8243; _builder_version=&#8221;3.25&#8243; custom_padding=&#8221;|||&#8221; custom_padding__hover=&#8221;|||&#8221;][et_pb_text _builder_version=&#8221;4.9.7&#8243; border_width_bottom=&#8221;1px&#8221;]<\/p>\n<h2><span style=\"color: #4d1965;\"><strong>Logros destacados<\/strong><\/span><\/h2>\n<p>[\/et_pb_text][\/et_pb_column][\/et_pb_row][et_pb_row column_structure=&#8221;1_3,2_3&#8243; _builder_version=&#8221;4.9.4&#8243; _module_preset=&#8221;default&#8221;][et_pb_column type=&#8221;1_3&#8243; _builder_version=&#8221;4.9.4&#8243; _module_preset=&#8221;default&#8221;][et_pb_image src=&#8221;https:\/\/www.javeriana.edu.co\/sostenibilidad\/wp-content\/uploads\/2021\/07\/Relacio\u0301n-con-el-entorno_0005_Sostenible.jpg&#8221; title_text=&#8221;Pagina Javeriana Sostenible&#8221; align=&#8221;center&#8221; _builder_version=&#8221;4.9.7&#8243; _module_preset=&#8221;default&#8221; width=&#8221;60%&#8221; max_width=&#8221;60%&#8221; module_alignment=&#8221;center&#8221;][\/et_pb_image][\/et_pb_column][et_pb_column type=&#8221;2_3&#8243; _builder_version=&#8221;4.9.4&#8243; _module_preset=&#8221;default&#8221;][et_pb_text _builder_version=&#8221;4.9.7&#8243; text_font_size=&#8221;12px&#8221; custom_margin=&#8221;5%||||false|false&#8221;]<\/p>\n<p style=\"text-align: justify;\">Establecimiento del <strong><em>Acuerdo Ciudadano de Corresponsabilidad Social, Ambiental y Cultural<\/em><\/strong> firmado desde el 2017 por la Polic\u00eda Nacional, Carabineros, el Instituto Distrital de Recreaci\u00f3n y Deporte (IDRD), la comunidad del barrio Sucre, el Jard\u00edn Bot\u00e1nico, la Alcald\u00eda local de Chapinero y la Pontificia Universidad Javeriana para favorecer el buen uso, disfrute, cuidado y apropiaci\u00f3n del Parque Metropolitano Nacional Olaya Herrera por parte de la comunidad.<\/p>\n<p>[\/et_pb_text][\/et_pb_column][\/et_pb_row][et_pb_row column_structure=&#8221;1_3,2_3&#8243; _builder_version=&#8221;4.9.4&#8243; _module_preset=&#8221;default&#8221;][et_pb_column type=&#8221;1_3&#8243; _builder_version=&#8221;4.9.4&#8243; _module_preset=&#8221;default&#8221;][et_pb_image src=&#8221;https:\/\/www.javeriana.edu.co\/sostenibilidad\/wp-content\/uploads\/2021\/07\/Relacio\u0301n-con-el-entorno_0001_Sostenible.jpg&#8221; title_text=&#8221;Pagina Javeriana Sostenible&#8221; align=&#8221;center&#8221; _builder_version=&#8221;4.9.7&#8243; _module_preset=&#8221;default&#8221; width=&#8221;60%&#8221; max_width=&#8221;60%&#8221; module_alignment=&#8221;center&#8221;][\/et_pb_image][\/et_pb_column][et_pb_column type=&#8221;2_3&#8243; _builder_version=&#8221;4.9.4&#8243; _module_preset=&#8221;default&#8221;][et_pb_text _builder_version=&#8221;4.9.7&#8243; text_font_size=&#8221;12px&#8221; custom_margin=&#8221;5%||||false|false&#8221; custom_padding=&#8221;||7px||false|false&#8221;]<\/p>\n<p style=\"text-align: justify;\">Implementaci\u00f3n Piloto Proyecto Nuestro Parque, proyecto mediante el cual se ofreci\u00f3 una parrilla de actividades formativas en el \u00e1mbito cultural, de vida saludable y de construcci\u00f3n de comunidad realizadas en la zona lim\u00edtrofe entre el Parque Nacional Enrique Olaya Herrera y la PUJ durante el primer semestre del 2019. El objetivo de este piloto fue ofrecer alternativas para la sana ocupaci\u00f3n del espacio p\u00fablico en un ambiente seguro y libre de sustancias psicoactivas. En total se ejecutaron 18 intervenciones.<\/p>\n<p>[\/et_pb_text][\/et_pb_column][\/et_pb_row][et_pb_row column_structure=&#8221;1_3,2_3&#8243; _builder_version=&#8221;4.9.4&#8243; _module_preset=&#8221;default&#8221;][et_pb_column type=&#8221;1_3&#8243; _builder_version=&#8221;4.9.4&#8243; _module_preset=&#8221;default&#8221;][et_pb_image src=&#8221;https:\/\/www.javeriana.edu.co\/sostenibilidad\/wp-content\/uploads\/2021\/07\/Relacio\u0301n-con-el-entorno_0000_Sostenible.jpg&#8221; title_text=&#8221;Pagina Javeriana Sostenible&#8221; align=&#8221;center&#8221; _builder_version=&#8221;4.9.7&#8243; _module_preset=&#8221;default&#8221; width=&#8221;60%&#8221; max_width=&#8221;60%&#8221; module_alignment=&#8221;center&#8221;][\/et_pb_image][\/et_pb_column][et_pb_column type=&#8221;2_3&#8243; _builder_version=&#8221;4.9.4&#8243; _module_preset=&#8221;default&#8221;][et_pb_text _builder_version=&#8221;4.9.7&#8243; text_font_size=&#8221;12px&#8221; custom_margin=&#8221;5%||||false|false&#8221;]<\/p>\n<p style=\"text-align: justify;\">En el marco de las acciones formativas se implementaron varias estrategias: salidas de campo con vecinos del entorno externo, exhibici\u00f3n de propuestas de entidades p\u00fablicas dentro del campus, conversatorios, celebraciones del d\u00eda de la tierra y d\u00eda del h\u00e1bitat y publicaciones sobre temas socioambientales.<\/p>\n<p>[\/et_pb_text][\/et_pb_column][\/et_pb_row][et_pb_row column_structure=&#8221;1_3,1_3,1_3&#8243; _builder_version=&#8221;4.9.4&#8243; _module_preset=&#8221;default&#8221;][et_pb_column type=&#8221;1_3&#8243; _builder_version=&#8221;4.9.4&#8243; _module_preset=&#8221;default&#8221;][et_pb_image src=&#8221;https:\/\/www.javeriana.edu.co\/sostenibilidad\/wp-content\/uploads\/2021\/07\/Relacio\u0301n-con-el-entorno_0004_Sostenible.jpg&#8221; title_text=&#8221;Pagina Javeriana Sostenible&#8221; align=&#8221;center&#8221; _builder_version=&#8221;4.9.7&#8243; _module_preset=&#8221;default&#8221; width=&#8221;60%&#8221; max_width=&#8221;60%&#8221; module_alignment=&#8221;center&#8221;][\/et_pb_image][et_pb_text _builder_version=&#8221;4.9.7&#8243; text_font_size=&#8221;12px&#8221;]<\/p>\n<p>Participaci\u00f3n en Diagn\u00f3stico y formulaci\u00f3n del Plan Especial de Manejo y Protecci\u00f3n del Parque Nacional Enrique Olaya Herrera.<a href=\"https:\/\/idpc.gov.co\/pemp\/parque-nacional-olaya-herrera-de-bogota\/\"><\/a><\/p>\n<p>[\/et_pb_text][\/et_pb_column][et_pb_column type=&#8221;1_3&#8243; _builder_version=&#8221;4.9.4&#8243; _module_preset=&#8221;default&#8221;][et_pb_image src=&#8221;https:\/\/www.javeriana.edu.co\/sostenibilidad\/wp-content\/uploads\/2021\/07\/Relacio\u0301n-con-el-entorno_0002_Sostenible.jpg&#8221; title_text=&#8221;Pagina Javeriana Sostenible&#8221; align=&#8221;center&#8221; _builder_version=&#8221;4.9.7&#8243; _module_preset=&#8221;default&#8221; width=&#8221;60%&#8221; max_width=&#8221;60%&#8221; module_alignment=&#8221;center&#8221;][\/et_pb_image][et_pb_text _builder_version=&#8221;4.9.7&#8243; text_font_size=&#8221;12px&#8221;]<\/p>\n<p>Participaci\u00f3n en Comisi\u00f3n Ambiental de la Localidad de Chapinero<\/p>\n<p>[\/et_pb_text][\/et_pb_column][et_pb_column type=&#8221;1_3&#8243; _builder_version=&#8221;4.9.4&#8243; _module_preset=&#8221;default&#8221;][et_pb_image src=&#8221;https:\/\/www.javeriana.edu.co\/sostenibilidad\/wp-content\/uploads\/2021\/07\/Relacio\u0301n-con-el-entorno_0003_Sostenible.jpg&#8221; title_text=&#8221;Pagina Javeriana Sostenible&#8221; align=&#8221;center&#8221; _builder_version=&#8221;4.9.7&#8243; _module_preset=&#8221;default&#8221; width=&#8221;60%&#8221; max_width=&#8221;60%&#8221; module_alignment=&#8221;center&#8221;][\/et_pb_image][et_pb_text _builder_version=&#8221;4.9.7&#8243; text_font_size=&#8221;12px&#8221;]<\/p>\n<p>Consejo Consultivo de Instituciones de Educaci\u00f3n Superior de Chapinero<\/p>\n<p>[\/et_pb_text][\/et_pb_column][\/et_pb_row][et_pb_row _builder_version=&#8221;3.25&#8243; custom_padding=&#8221;27.4219px|0px|11px|0px|false|false&#8221;][et_pb_column type=&#8221;4_4&#8243; _builder_version=&#8221;3.25&#8243; custom_padding=&#8221;|||&#8221; custom_padding__hover=&#8221;|||&#8221;][et_pb_text _builder_version=&#8221;4.9.7&#8243; border_width_bottom=&#8221;1px&#8221;]<\/p>\n<h2><span style=\"color: #4d1965;\"><strong>Relaci\u00f3n con el Entorno en Cifras<\/strong><\/span><\/h2>\n<p>[\/et_pb_text][\/et_pb_column][\/et_pb_row][et_pb_row column_structure=&#8221;1_4,1_4,1_4,1_4&#8243; _builder_version=&#8221;4.9.4&#8243; _module_preset=&#8221;default&#8221;][et_pb_column type=&#8221;1_4&#8243; _builder_version=&#8221;4.9.4&#8243; _module_preset=&#8221;default&#8221;][et_pb_number_counter title=&#8221;Estudiantes que recibieron la charla sobre las acciones sostenibles que realiza la PUJ&#8221; number=&#8221;823&#8243; percent_sign=&#8221;off&#8221; _builder_version=&#8221;4.9.7&#8243; _module_preset=&#8221;default&#8221; title_text_align=&#8221;center&#8221; title_text_color=&#8221;#4d1965&#8243; title_font_size=&#8221;15px&#8221; number_text_color=&#8221;#4d1965&#8243; number_font_size=&#8221;50px&#8221; hover_enabled=&#8221;0&#8243; sticky_enabled=&#8221;0&#8243;][\/et_pb_number_counter][\/et_pb_column][et_pb_column type=&#8221;1_4&#8243; _builder_version=&#8221;4.9.4&#8243; _module_preset=&#8221;default&#8221;][et_pb_number_counter title=&#8221;Individuos arb\u00f3reos sembrados que representan 210 especies, convirtiendo el campus en un laboratorio vivo de aprendizaje experiencial&#8221; number=&#8221;2500&#8243; percent_sign=&#8221;off&#8221; _builder_version=&#8221;4.9.7&#8243; _module_preset=&#8221;default&#8221; title_text_align=&#8221;center&#8221; title_text_color=&#8221;#4d1965&#8243; title_font_size=&#8221;15px&#8221; number_text_color=&#8221;#4d1965&#8243; number_font_size=&#8221;50px&#8221;][\/et_pb_number_counter][\/et_pb_column][et_pb_column type=&#8221;1_4&#8243; _builder_version=&#8221;4.9.4&#8243; _module_preset=&#8221;default&#8221;][et_pb_number_counter title=&#8221;Asistentes en diferentes conversatorios ambientales&#8221; number=&#8221;451&#8243; percent_sign=&#8221;off&#8221; _builder_version=&#8221;4.9.7&#8243; _module_preset=&#8221;default&#8221; title_text_align=&#8221;center&#8221; title_text_color=&#8221;#4d1965&#8243; title_font_size=&#8221;15px&#8221; number_text_color=&#8221;#4d1965&#8243; number_font_size=&#8221;50px&#8221;][\/et_pb_number_counter][\/et_pb_column][et_pb_column type=&#8221;1_4&#8243; _builder_version=&#8221;4.9.4&#8243; _module_preset=&#8221;default&#8221;][et_pb_number_counter title=&#8221;Estudiantes que participaron en nuestras charlas sobre sostenibilidad ambiental&#8221; number=&#8221;1041&#8243; percent_sign=&#8221;off&#8221; _builder_version=&#8221;4.9.7&#8243; _module_preset=&#8221;default&#8221; title_text_align=&#8221;center&#8221; title_text_color=&#8221;#4d1965&#8243; title_font_size=&#8221;15px&#8221; number_text_color=&#8221;#4d1965&#8243; number_font_size=&#8221;50px&#8221;][\/et_pb_number_counter][\/et_pb_column][\/et_pb_row][\/et_pb_section][et_pb_section fb_built=&#8221;1&#8243; _builder_version=&#8221;4.9.7&#8243; _module_preset=&#8221;default&#8221; background_enable_color=&#8221;off&#8221; da_disable_devices=&#8221;off|off|off&#8221; da_is_popup=&#8221;off&#8221; da_exit_intent=&#8221;off&#8221; da_has_close=&#8221;on&#8221; da_alt_close=&#8221;off&#8221; da_dark_close=&#8221;off&#8221; da_not_modal=&#8221;on&#8221; da_is_singular=&#8221;off&#8221; da_with_loader=&#8221;off&#8221; da_has_shadow=&#8221;on&#8221;][et_pb_row _builder_version=&#8221;4.9.7&#8243; _module_preset=&#8221;default&#8221;][et_pb_column type=&#8221;4_4&#8243; _builder_version=&#8221;4.9.4&#8243; _module_preset=&#8221;default&#8221;][et_pb_code _builder_version=&#8221;4.9.7&#8243; _module_preset=&#8221;default&#8221;][dflip id=&#8221;4432&#8243; ][\/dflip]<!-- [et_pb_line_break_holder] -->[\/et_pb_code][et_pb_code _builder_version=&#8221;4.9.7&#8243; _module_preset=&#8221;default&#8221;][dflip id=&#8221;4440&#8243; ][\/dflip][\/et_pb_code][\/et_pb_column][\/et_pb_row][et_pb_row column_structure=&#8221;1_2,1_2&#8243; _builder_version=&#8221;4.9.7&#8243; _module_preset=&#8221;default&#8221;][et_pb_column type=&#8221;1_2&#8243; _builder_version=&#8221;4.9.7&#8243; _module_preset=&#8221;default&#8221;][et_pb_code _builder_version=&#8221;4.9.7&#8243; _module_preset=&#8221;default&#8221;]<iframe loading=\"lazy\" src=\"https:\/\/www.facebook.com\/plugins\/video.php?height=314&#038;href=https%3A%2F%2Fwww.facebook.com%2FInstitutodePatrimonioCultural%2Fvideos%2F3851262448243765%2F&#038;show_text=false&#038;width=560&#038;t=0\" width=\"560\" height=\"314\" style=\"border:none;overflow:hidden\" scrolling=\"no\" frameborder=\"0\" allowfullscreen=\"true\" allow=\"autoplay; clipboard-write; encrypted-media; picture-in-picture; web-share\" allowFullScreen=\"true\"><\/iframe>[\/et_pb_code][\/et_pb_column][et_pb_column type=&#8221;1_2&#8243; _builder_version=&#8221;4.9.7&#8243; _module_preset=&#8221;default&#8221;][et_pb_video src=&#8221;https:\/\/www.youtube.com\/watch?v=RWdUT3Zd9Dg&#8221; _builder_version=&#8221;4.9.7&#8243; _module_preset=&#8221;default&#8221;][\/et_pb_video][\/et_pb_column][\/et_pb_row][\/et_pb_section][et_pb_section fb_built=&#8221;1&#8243; _builder_version=&#8221;4.9.4&#8243; _module_preset=&#8221;default&#8221; background_color=&#8221;rgba(79,42,98,0.09)&#8221; da_disable_devices=&#8221;off|off|off&#8221; da_is_popup=&#8221;off&#8221; da_exit_intent=&#8221;off&#8221; da_has_close=&#8221;on&#8221; da_alt_close=&#8221;off&#8221; da_dark_close=&#8221;off&#8221; da_not_modal=&#8221;on&#8221; da_is_singular=&#8221;off&#8221; da_with_loader=&#8221;off&#8221; da_has_shadow=&#8221;on&#8221;][et_pb_row _builder_version=&#8221;3.25&#8243; custom_padding=&#8221;27.4219px|0px|11px|0px|false|false&#8221;][et_pb_column type=&#8221;4_4&#8243; _builder_version=&#8221;3.25&#8243; custom_padding=&#8221;|||&#8221; custom_padding__hover=&#8221;|||&#8221;][et_pb_text _builder_version=&#8221;4.9.7&#8243; border_width_bottom=&#8221;1px&#8221;]<\/p>\n<h2><span style=\"color: #4d1965;\"><span style=\"caret-color: #4d1965;\"><b>Contacto<\/b><\/span><\/span><\/h2>\n<p>[\/et_pb_text][et_pb_text _builder_version=&#8221;4.9.7&#8243;]<\/p>\n<div title=\"Page 4\">\n<p><strong>Nombre:<\/strong> Liz Franchezca Serrano<\/p>\n<p><strong>Tel\u00e9fono:<\/strong> 304\u00a0426 3077<\/p>\n<p><strong>Correo:<\/strong> serrano.lfranchezca@javeriana.edu.co<\/p>\n<p><strong>Cargo:<\/strong> Coordinadora Programa Cultura y H\u00e1bitat<\/p>\n<\/div>\n<p>[\/et_pb_text][\/et_pb_column][\/et_pb_row][\/et_pb_section][et_pb_section fb_built=&#8221;1&#8243; _builder_version=&#8221;3.22&#8243; background_color=&#8221;#f9cf1c&#8221; custom_padding=&#8221;54px|0px|18px|0px|false|false&#8221; da_disable_devices=&#8221;off|off|off&#8221; box_shadow_style=&#8221;preset1&#8243; box_shadow_blur=&#8221;7px&#8221; global_module=&#8221;3654&#8243; saved_tabs=&#8221;all&#8221; da_is_popup=&#8221;off&#8221; da_exit_intent=&#8221;off&#8221; da_has_close=&#8221;on&#8221; da_alt_close=&#8221;off&#8221; da_dark_close=&#8221;off&#8221; da_not_modal=&#8221;on&#8221; da_is_singular=&#8221;off&#8221; da_with_loader=&#8221;off&#8221; da_has_shadow=&#8221;on&#8221;][et_pb_row column_structure=&#8221;1_3,1_3,1_3&#8243; _builder_version=&#8221;3.25&#8243; custom_padding=&#8221;0px||0px&#8221;][et_pb_column type=&#8221;1_3&#8243; _builder_version=&#8221;3.25&#8243; custom_padding=&#8221;|||&#8221; custom_padding__hover=&#8221;|||&#8221;][et_pb_text _builder_version=&#8221;3.27.4&#8243;]<\/p>\n<div class=\"et_pb_module et_pb_text et_pb_text_29 et_pb_bg_layout_light  et_pb_text_align_left\">\n<p class=\"et_pb_text_inner\"><span style=\"color: #000000;\"><strong>Pontificia Universidad Javeriana<\/strong><\/span><\/p>\n<p class=\"et_pb_text_inner\"><span style=\"color: #000000;\"><strong><\/strong><\/span><\/p>\n<div class=\"et_pb_text_inner\">\n<p class=\"font_9\"><span style=\"color: #000000;\">Bogot\u00e1 D.C.- Colombia<\/span><\/p>\n<p class=\"font_9\"><span style=\"color: #000000;\">Carrera 7 No. 40 &#8211; 62 &#8211; Tel: (57 1) 3208320<\/span><\/p>\n<p class=\"font_9\"><span style=\"text-decoration: underline;\"><span style=\"color: #000000; text-decoration: underline;\"><a href=\"https:\/\/www.javeriana.edu.co\/documents\/10179\/9567882\/Acuerdo+No+657.pdf\" target=\"_blank\" rel=\"nofollow noopener noreferrer\" data-content=\"https:\/\/www.javeriana.edu.co\/documents\/10179\/9567882\/Acuerdo+No+657.pdf\" data-type=\"external\" style=\"color: #000000; text-decoration: underline;\">Pol\u00edtica de protecci\u00f3n de datos personales<\/a><\/span><\/span><\/p>\n<p class=\"font_9\"><span style=\"text-decoration: underline;\"><span style=\"color: #000000; text-decoration: underline;\"><a href=\"https:\/\/www.javeriana.edu.co\/documents\/10179\/0\/Aviso+de+Privacidad+2018\" target=\"_blank\" rel=\"nofollow noopener noreferrer\" data-content=\"https:\/\/www.javeriana.edu.co\/documents\/10179\/0\/Aviso+de+Privacidad+2018\" data-type=\"external\" style=\"color: #000000; text-decoration: underline;\">Aviso de privacidad<\/a><a href=\"https:\/\/www.javeriana.edu.co\/documents\/10179\/0\/Aviso+de+Privacidad+2018\" target=\"_blank\" rel=\"nofollow noopener noreferrer\" data-content=\"https:\/\/www.javeriana.edu.co\/documents\/10179\/0\/Aviso+de+Privacidad+2018\" data-type=\"external\" style=\"color: #000000; text-decoration: underline;\">\u00a0|\u00a0<\/a><a href=\"https:\/\/www.javeriana.edu.co\/documents\/10179\/0\/NOTA+DE+RESERVA+DE+DERECHOS+SITIO+WEB+UNIJAVERIANA.pdf\/50120fbe-e32e-41e1-861f-e77b9e19d694\" target=\"_blank\" rel=\"nofollow noopener noreferrer\" data-content=\"https:\/\/www.javeriana.edu.co\/documents\/10179\/0\/NOTA+DE+RESERVA+DE+DERECHOS+SITIO+WEB+UNIJAVERIANA.pdf\/50120fbe-e32e-41e1-861f-e77b9e19d694\" data-type=\"external\" style=\"color: #000000; text-decoration: underline;\">Condiciones de uso y t\u00e9rminos legales<\/a><\/span><\/span><\/p>\n<\/div>\n<\/div>\n<div class=\"et_pb_module et_pb_text et_pb_text_30 et_pb_bg_layout_light  et_pb_text_align_left\">\n<div class=\"et_pb_text_inner\"><\/div>\n<\/div>\n<p>[\/et_pb_text][\/et_pb_column][et_pb_column type=&#8221;1_3&#8243; _builder_version=&#8221;3.25&#8243; custom_padding=&#8221;|||&#8221; custom_padding__hover=&#8221;|||&#8221;][et_pb_text _builder_version=&#8221;4.9.7&#8243;]<\/p>\n<div class=\"et_pb_module et_pb_text et_pb_text_29 et_pb_bg_layout_light et_pb_text_align_left\">\n<p class=\"et_pb_text_inner\"><span style=\"color: #000000; font-size: 14px;\"><b>Comun\u00edcate con nosotros<\/b><\/span><\/p>\n<p class=\"et_pb_text_inner\"><span style=\"color: #000000;\">pujsostenible@javeriana.edu.co<\/span><\/p>\n<div class=\"et_pb_text_inner\">\u00a0<\/div>\n<\/div>\n<div class=\"et_pb_module et_pb_text et_pb_text_30 et_pb_bg_layout_light et_pb_text_align_left\">\n<div class=\"et_pb_text_inner\">\u00a0<\/div>\n<\/div>\n<p>[\/et_pb_text][et_pb_text _builder_version=&#8221;3.27.4&#8243;]<\/p>\n<div class=\"et_pb_module et_pb_text et_pb_text_29 et_pb_bg_layout_light  et_pb_text_align_left\">\n<p class=\"et_pb_text_inner\"><span style=\"color: #000000; font-size: 14px;\"><b>Enlaces r\u00e1pidos:<\/b><\/span><\/p>\n<ul>\n<li class=\"et_pb_text_inner\"><span style=\"font-size: 14px;\"><a href=\"https:\/\/www.javeriana.edu.co\/vicerrectoria-del-medio-universitario\/historia-verde\"><span style=\"text-decoration: underline;\"><span style=\"color: #000000; text-decoration: underline;\">Historia Verde<\/span><\/span><\/a><\/span><\/li>\n<li class=\"et_pb_text_inner\"><span style=\"text-decoration: underline; font-size: 14px;\"><a href=\"https:\/\/www.javeriana.edu.co\/laudatosi\"><span color=\"#000000\" style=\"color: #000000; text-decoration: underline;\">Simposio Laudato SI&#8217;<\/span><\/a><\/span><\/li>\n<li class=\"et_pb_text_inner\"><span style=\"font-size: 14px;\"><a href=\"https:\/\/www.javeriana.edu.co\/pacto-educativo-global\"><span style=\"text-decoration: underline;\"><span color=\"#000000\" style=\"color: #000000; text-decoration: underline;\">Pacto Educativo Global<\/span><\/span><\/a><\/span><\/li>\n<\/ul>\n<\/div>\n<div class=\"et_pb_module et_pb_text et_pb_text_30 et_pb_bg_layout_light  et_pb_text_align_left\">\n<div class=\"et_pb_text_inner\"><\/div>\n<\/div>\n<p>[\/et_pb_text][\/et_pb_column][et_pb_column type=&#8221;1_3&#8243; _builder_version=&#8221;3.25&#8243; custom_padding=&#8221;|||&#8221; custom_padding__hover=&#8221;|||&#8221;][et_pb_text _builder_version=&#8221;3.27.4&#8243; custom_margin=&#8221;||10px&#8221; custom_padding=&#8221;||0px&#8221;]<\/p>\n<p><span style=\"color: #000000;\"><strong>S\u00edguenos\u00a0en nuestras redes sociales:<\/strong><\/span><\/p>\n<p>[\/et_pb_text][et_pb_social_media_follow _builder_version=&#8221;3.19.13&#8243; text_orientation=&#8221;left&#8221;][et_pb_social_media_follow_network social_network=&#8221;facebook&#8221; url=&#8221;https:\/\/www.facebook.com\/javerianasostenible&#8221; _builder_version=&#8221;3.19.13&#8243; background_color=&#8221;#3b5998&#8243; follow_button=&#8221;off&#8221; url_new_window=&#8221;on&#8221;]facebook[\/et_pb_social_media_follow_network][et_pb_social_media_follow_network social_network=&#8221;twitter&#8221; url=&#8221;https:\/\/twitter.com\/pujsostenible&#8221; _builder_version=&#8221;3.19.13&#8243; background_color=&#8221;#00aced&#8221; follow_button=&#8221;off&#8221; url_new_window=&#8221;on&#8221;]twitter[\/et_pb_social_media_follow_network][et_pb_social_media_follow_network social_network=&#8221;instagram&#8221; url=&#8221;https:\/\/www.instagram.com\/javerianasostenible\/&#8221; _builder_version=&#8221;3.19.13&#8243; background_color=&#8221;#ea2c59&#8243; follow_button=&#8221;off&#8221; url_new_window=&#8221;on&#8221;]instagram[\/et_pb_social_media_follow_network][et_pb_social_media_follow_network social_network=&#8221;youtube&#8221; url=&#8221;https:\/\/www.youtube.com\/channel\/UCPNmg7EnPrHm3mpBIEfAwaQ\/featured?view_as=subscriber&#8221; _builder_version=&#8221;3.19.13&#8243; background_color=&#8221;#a82400&#8243; follow_button=&#8221;off&#8221; url_new_window=&#8221;on&#8221;]youtube[\/et_pb_social_media_follow_network][\/et_pb_social_media_follow][\/et_pb_column][\/et_pb_row][\/et_pb_section]<\/p>\n","protected":false},"excerpt":{"rendered":"<p>Relaci\u00f3n con el Entorno Favorecer el desarrollo de acciones tendientes a mejorar nuestras relaciones con el entorno inmediato y que contribuyan a reducir el impacto socio ambiental negativo que se genera en la vecindad del Campus y hacia visitantes no habituales. Metas Promover la articulaci\u00f3n interinstitucional de entidades p\u00fablicas y privadas entorno a la protecci\u00f3n [&hellip;]<\/p>\n","protected":false},"author":2,"featured_media":0,"parent":3581,"menu_order":0,"comment_status":"closed","ping_status":"closed","template":"","meta":{"_et_pb_use_builder":"on","_et_pb_old_content":"","_et_gb_content_width":"","footnotes":""},"class_list":["post-4416","page","type-page","status-publish","hentry"],"_links":{"self":[{"href":"https:\/\/www.javeriana.edu.co\/sostenibilidad\/wp-json\/wp\/v2\/pages\/4416","targetHints":{"allow":["GET"]}}],"collection":[{"href":"https:\/\/www.javeriana.edu.co\/sostenibilidad\/wp-json\/wp\/v2\/pages"}],"about":[{"href":"https:\/\/www.javeriana.edu.co\/sostenibilidad\/wp-json\/wp\/v2\/types\/page"}],"author":[{"embeddable":true,"href":"https:\/\/www.javeriana.edu.co\/sostenibilidad\/wp-json\/wp\/v2\/users\/2"}],"replies":[{"embeddable":true,"href":"https:\/\/www.javeriana.edu.co\/sostenibilidad\/wp-json\/wp\/v2\/comments?post=4416"}],"version-history":[{"count":17,"href":"https:\/\/www.javeriana.edu.co\/sostenibilidad\/wp-json\/wp\/v2\/pages\/4416\/revisions"}],"predecessor-version":[{"id":4470,"href":"https:\/\/www.javeriana.edu.co\/sostenibilidad\/wp-json\/wp\/v2\/pages\/4416\/revisions\/4470"}],"up":[{"embeddable":true,"href":"https:\/\/www.javeriana.edu.co\/sostenibilidad\/wp-json\/wp\/v2\/pages\/3581"}],"wp:attachment":[{"href":"https:\/\/www.javeriana.edu.co\/sostenibilidad\/wp-json\/wp\/v2\/media?parent=4416"}],"curies":[{"name":"wp","href":"https:\/\/api.w.org\/{rel}","templated":true}]}}